{"id":5822,"date":"2025-02-13T14:38:07","date_gmt":"2025-02-13T13:38:07","guid":{"rendered":"http:\/\/talia-fashion.pl\/produkt\/plaszcz-midi-z-welna-mokka-helena\/"},"modified":"2026-04-13T12:26:09","modified_gmt":"2026-04-13T10:26:09","slug":"plaszcz-midi-z-welna-mokka-helena","status":"publish","type":"product","link":"https:\/\/talia-fashion.pl\/en\/product\/plaszcz-midi-z-welna-mokka-helena\/","title":{"rendered":"Helena mocha wool midi coat"},"content":{"rendered":"<p><span lang=\"DE\">P\u0142aszcz midi z we\u0142n\u0105 mokka Helena to p\u0142aszcz szlafrokowy z raglanowymi r\u0119kawami, zapinany dwurz\u0119dowo na guziki i wi\u0105zany w pasie. Idealna propozycja na przej\u015bciowe pory roku. Uszyli\u015bmy go z mi\u0119sistej tkaniny z przewag\u0105 we\u0142ny o l\u017cejszej gramaturze, w najmodniejszym w tym roku kolorze mokka. Ca\u0142o\u015b\u0107 wyko\u0144czona podszewk\u0105. Jest to d\u0142ugi p\u0142aszcz o bardzo przemy\u015blanym kroju. Zaprojektowany tak, by jednocze\u015bnie podkre\u015bla\u0107 sylwetk\u0119 i zapewni\u0107 komfort noszenia. St\u0105d te\u017c raglanowa konstrukcja r\u0119kawa nadaj\u0105ca mi\u0119kko\u015bci i delikatnego luzu. Kr\u00f3j jest swobodny, ale nie oversizowy. Dlatego mimo dopasowania pomie\u015bci sweterek lub marynark\u0119. Ma klasyczne, wysmuklaj\u0105ce klapy typu rewers, ozdobne pagony na ramionach, rozporek na tyle i dwie, boczne kieszenie wyko\u0144czone listewk\u0105 &#8211; wszystko te detale czyni\u0105 p\u0142aszcz Helena ponadczasowym.<br \/>\n<\/span><\/p>\n<p><span lang=\"DE\">Helena mocha wool midi coat<\/span> daje<span lang=\"DE\"> nieograniczone mo\u017cliwo\u015bci w tworzeniu stylizacji. Z pewno\u015bci\u0105 przyci\u0105gnie uwag\u0119 swoim wyj\u0105tkowym krojem i kolorem niezale\u017cnie od tego czy po\u0142\u0105czysz go ze sportow\u0105 bluz\u0105 czy eleganck\u0105 sukienk\u0105. Jego d\u0142ugo\u015b\u0107 sprawia, \u017ce nadaje si\u0119 zar\u00f3wno na specjalne okazje, jak i na co dzie\u0144. Kolejnym pomys\u0142em jest total look \u2013 czyli stylizacja w jednym kolorze. Aby taka stylizacja nie by\u0142a md\u0142a \u015bmia\u0142o mo\u017cesz \u0142\u0105czy\u0107 r\u00f3\u017cne odcienie koloru przewodniego i r\u00f3\u017cne faktury materia\u0142u. Monochromatyczne stylizacje zawsze s\u0105 niebanalne. Baw si\u0119 i stylizuj go jak chcesz.<br \/>\n<\/span><\/p>\n<p><span lang=\"DE\">Zdj\u0119cie rzeczywiste &#8211; mokka melan\u017c<\/span><\/p>\n<p>Dost\u0119pne kolory: mokka melan\u017c<\/p>\n<p><span lang=\"DE\">The colours are presented in our <a href=\"https:\/\/talia-fashion.pl\/en\/paleta-kolorow\/\">Colour palette<\/a>. If in doubt, please contact us.<\/span><\/p>\n<p>Modelka ma 174cm i rozmiar S.<\/p>\n<p><span lang=\"DE\">Available sizes: XS, S, M, L<\/span><\/p>\n<p><span lang=\"DE\">Indicative dimensions:<\/span><\/p>\n<p>XS - bust: 86-88 \/ hips: 94-96 \/ length: 116 \/ sleeve: 62<br \/>\nS - bust: 90-92 \/ hips: 98-100 \/ length: 116 \/ sleeve: 62<br \/>\nM - bust: 94-96 \/ hips: 102-104 \/ length: 117 \/ sleeve: 62<br \/>\nL - bust: 98-100 \/ hips: 106-108 \/ length: 118 \/ sleeve: 63<br \/>\nXL - bust: 104-106 \/ hips: 112-114 \/ length: 118 \/ sleeve: 64<\/p>\n<p><span lang=\"DE\">What size to choose and how to measure yourself are suggested in our short guide: <a href=\"https:\/\/talia-fashion.pl\/en\/jak-dobrac-rozmiar\/\">How to choose a size?<\/a><\/span><br \/>\n<span lang=\"DE\">The coat has a relaxed but not oversized fit. Due to the sleeve construction, it falls slightly looser, especially in the upper parts. It has a belt with which you can tie to adjust the coat to your silhouette and accentuate your waist. If you are unsure of your size choice, please contact us.<\/span><\/p>\n<p><span lang=\"DE\">Material: 80% wool, 20% polyamide<\/span><br \/>\nLining: 100% acetate<\/p>\n<p>Like viscose, acetate is produced from cellulose. Acetate yarn can also be made from recycled cellulose such as paper. The acetate lining is excellent at absorbing moisture and allowing air to pass through, so it wears well. It is coated with an antistatic apprettee and is OEKOtex\u00ae Standard 100 certified.<\/p>\n<p><span lang=\"DE\">P\u0142aszcz midi z we\u0142ny mokka Helena<\/span>\u00a0powsta\u0142 w naszym rodzinnym zak\u0142adzie krawieckim w Poznaniu, w spos\u00f3b przyjazny dla \u015brodowiska i zgodnie z zasadami Fair Trade<span lang=\"DE\">. Our coat is an artisanal creation in which even the buttons have been sewn by hand. It has been sewn from deadstock material selected by us, previously produced for a well-known brand. The process of finding materials is very labour-intensive, but this allows us to offer very good quality materials at a good price and contribute to reducing global overproduction. Sustainability is very important to us.<\/span><\/p>\n<p><span lang=\"DE\">Plaszcz przej\u015bciowy nale\u017cy czy\u015bci\u0107 chemicznie. Odpowiednia piel\u0119gnacja, wieszanie i unikanie zahacze\u0144 sprawi, \u017ce Tw\u00f3j p\u0142aszcz d\u0142ugo pozostanie pi\u0119kny. Zajrzyj do naszej zak\u0142adki: <a href=\"https:\/\/talia-fashion.pl\/en\/jak-pielegnowac-i-dbac-o-plaszcz\/\">How to nurture and care for the coat?<\/a>, where we have included simple methods for enjoying your coat for a long time. And to refresh your wool frequently, we recommend the following\u00a0<a href=\"https:\/\/talia-fashion.pl\/en\/product\/szczotka-do-czyszczenia-i-pielegnacji-plaszcza\/\">Brush for cleaning and care of the coat<\/a>which can be purchased in our shop.<\/span><\/p>\n<p><span lang=\"DE\">There is also the possibility of <strong>Individual orders<\/strong>The coat can be modified at the customer's request. We can shorten or lengthen sleeves, shorten or lengthen the coat, remove decorative epaulettes and patches. The cost of such a service is determined individually after prior contact and determination of possible options.<\/span><\/p>\n<p><strong>An individual order is not subject to exchange or refund.<\/strong><\/p>\n<p><span lang=\"DE\">The lead time depends on the current stock in the atelier and the availability of the fabric colour in question. If the given coat is available in the atelier, the order will be fulfilled very quickly - 2-5 working days. If it is necessary to sew the coat or individualise the order - making alterations or sewing a new coat - the lead time may be extended, up to a maximum of 2 weeks.<\/span><\/p>\n<p>We practice traditional craftsmanship and each of our coats is sewn by hand. For this reason, we do not sew coats for stock, so please be patient - we need to sew this coat for you. Thank you for supporting a local business.<\/p>\n<p>We invite you to stay with us for longer and to follow our profiles on <a href=\"https:\/\/www.facebook.com\/talia.plaszcze\">Facebook<\/a>\u00a0and\u00a0<a href=\"https:\/\/www.instagram.com\/talia_plaszcze\/\">Instagram<\/a>.<\/p>","protected":false},"excerpt":{"rendered":"<p>D\u0142ugi przej\u015bciowy p\u0142aszcz o klasycznym kroju, uszyty z mi\u0119sistej tkaniny z przewag\u0105 we\u0142ny. W przepi\u0119knym melan\u017cowym odcieniu mokka. Ca\u0142o\u015b\u0107 na podszewce.<\/p>","protected":false},"featured_media":5825,"template":"","meta":{"_acf_changed":false},"product_cat":[31,36],"product_tag":[78,119,34,39,40,80,41,42,43,44,45,46,68,83,47,259,59,122,187,195,85,50,173,69,60,52,97,258,53,88,147],"class_list":{"0":"post-5822","1":"product","2":"type-product","3":"status-publish","4":"has-post-thumbnail","6":"product_cat-nowosci","7":"product_cat-plaszcze-dluzsze","8":"product_tag-dla-roznych-sylwetek","9":"product_tag-dlugi-plaszcz-zimowy","10":"product_tag-handmade","11":"product_tag-klasyczny","12":"product_tag-kolnierz","13":"product_tag-luzny-kroj","14":"product_tag-na-podszewce","15":"product_tag-nowosc","16":"product_tag-plaszcz-damski","17":"product_tag-plaszcz-damski-dlugi","18":"product_tag-plaszcz-dlugi","19":"product_tag-plaszcz-dwurzedowy","20":"product_tag-plaszcz-jesienny","21":"product_tag-plaszcz-luzny","22":"product_tag-plaszcz-na-guziki","23":"product_tag-plaszcz-na-wiosne","24":"product_tag-plaszcz-przejsciowy","25":"product_tag-plaszcz-szlafrokowy","26":"product_tag-plaszcz-trencz","27":"product_tag-plaszcz-typu-basic","28":"product_tag-plaszcz-welniany","29":"product_tag-plaszcz-z-rewersem","30":"product_tag-polski-producent-plaszczy","31":"product_tag-prochowiec","32":"product_tag-producent-plaszczy-damskich","33":"product_tag-szylkretowe-guziki","34":"product_tag-trencz","35":"product_tag-trencz-damski","36":"product_tag-welna","37":"product_tag-wiazany","38":"product_tag-zrownowazona-produkcja","40":"first","41":"instock","42":"shipping-taxable","43":"purchasable","44":"product-type-variable","45":"has-default-attributes"},"acf":[],"yoast_head":"<!-- This site is optimized with the Yoast SEO plugin v25.7 - https:\/\/yoast.com\/wordpress\/plugins\/seo\/ -->\n<title>P\u0142aszcz midi z we\u0142n\u0105 mokka Helena - Talia Fashion - p\u0142aszcze damskie<\/title>\n<meta name=\"description\" content=\"P\u0142aszcz midi z we\u0142n\u0105 mokka - wygodny kr\u00f3j, \u015bwietny materia\u0142. Uszyty w naszej rodzinnej pracowni. Szlafrokowy p\u0142aszcz damski na przej\u015bciowe pory roku.\" \/>\n<meta name=\"robots\" content=\"index, follow, max-snippet:-1, max-image-preview:large, max-video-preview:-1\" \/>\n<link rel=\"canonical\" href=\"https:\/\/talia-fashion.pl\/en\/product\/plaszcz-midi-z-welna-mokka-helena\/\" \/>\n<meta property=\"og:locale\" content=\"en_GB\" \/>\n<meta property=\"og:type\" content=\"article\" \/>\n<meta property=\"og:title\" content=\"P\u0142aszcz midi z we\u0142n\u0105 mokka Helena - Talia Fashion - p\u0142aszcze damskie\" \/>\n<meta property=\"og:description\" content=\"P\u0142aszcz midi z we\u0142n\u0105 mokka - wygodny kr\u00f3j, \u015bwietny materia\u0142. Uszyty w naszej rodzinnej pracowni. Szlafrokowy p\u0142aszcz damski na przej\u015bciowe pory roku.\" \/>\n<meta property=\"og:url\" content=\"https:\/\/talia-fashion.pl\/en\/product\/plaszcz-midi-z-welna-mokka-helena\/\" \/>\n<meta property=\"og:site_name\" content=\"Talia Fashion\" \/>\n<meta property=\"article:modified_time\" content=\"2026-04-13T10:26:09+00:00\" \/>\n<meta property=\"og:image\" content=\"https:\/\/talia-fashion.pl\/wp-content\/uploads\/2025\/07\/plaszcz_damski_wiosenny_jesienny_mokka_melanz_raglanowy_rekaw.jpg\" \/>\n\t<meta property=\"og:image:width\" content=\"1333\" \/>\n\t<meta property=\"og:image:height\" content=\"2000\" \/>\n\t<meta property=\"og:image:type\" content=\"image\/jpeg\" \/>\n<meta name=\"twitter:card\" content=\"summary_large_image\" \/>\n<meta name=\"twitter:label1\" content=\"Estimated reading time\" \/>\n\t<meta name=\"twitter:data1\" content=\"4 minutes\" \/>\n<script type=\"application\/ld+json\" class=\"yoast-schema-graph\">{\"@context\":\"https:\/\/schema.org\",\"@graph\":[{\"@type\":\"WebPage\",\"@id\":\"https:\/\/talia-fashion.pl\/produkt\/plaszcz-midi-z-welna-mokka-helena\/\",\"url\":\"https:\/\/talia-fashion.pl\/produkt\/plaszcz-midi-z-welna-mokka-helena\/\",\"name\":\"P\u0142aszcz midi z we\u0142n\u0105 mokka Helena - Talia Fashion - p\u0142aszcze damskie\",\"isPartOf\":{\"@id\":\"https:\/\/talia-fashion.pl\/#website\"},\"primaryImageOfPage\":{\"@id\":\"https:\/\/talia-fashion.pl\/produkt\/plaszcz-midi-z-welna-mokka-helena\/#primaryimage\"},\"image\":{\"@id\":\"https:\/\/talia-fashion.pl\/produkt\/plaszcz-midi-z-welna-mokka-helena\/#primaryimage\"},\"thumbnailUrl\":\"https:\/\/talia-fashion.pl\/wp-content\/uploads\/2025\/07\/plaszcz_damski_wiosenny_jesienny_mokka_melanz_raglanowy_rekaw.jpg\",\"datePublished\":\"2025-02-13T13:38:07+00:00\",\"dateModified\":\"2026-04-13T10:26:09+00:00\",\"description\":\"P\u0142aszcz midi z we\u0142n\u0105 mokka - wygodny kr\u00f3j, \u015bwietny materia\u0142. Uszyty w naszej rodzinnej pracowni. Szlafrokowy p\u0142aszcz damski na przej\u015bciowe pory roku.\",\"breadcrumb\":{\"@id\":\"https:\/\/talia-fashion.pl\/produkt\/plaszcz-midi-z-welna-mokka-helena\/#breadcrumb\"},\"inLanguage\":\"en-GB\",\"potentialAction\":[{\"@type\":\"ReadAction\",\"target\":[\"https:\/\/talia-fashion.pl\/produkt\/plaszcz-midi-z-welna-mokka-helena\/\"]}]},{\"@type\":\"ImageObject\",\"inLanguage\":\"en-GB\",\"@id\":\"https:\/\/talia-fashion.pl\/produkt\/plaszcz-midi-z-welna-mokka-helena\/#primaryimage\",\"url\":\"https:\/\/talia-fashion.pl\/wp-content\/uploads\/2025\/07\/plaszcz_damski_wiosenny_jesienny_mokka_melanz_raglanowy_rekaw.jpg\",\"contentUrl\":\"https:\/\/talia-fashion.pl\/wp-content\/uploads\/2025\/07\/plaszcz_damski_wiosenny_jesienny_mokka_melanz_raglanowy_rekaw.jpg\",\"width\":1333,\"height\":2000,\"caption\":\"D\u0142ugi p\u0142aszcz szlafrokowy w kolorze mokka melan\u017c. Ciep\u0142y i lekki. Wi\u0105zany. Minimalistyczny kr\u00f3j.\"},{\"@type\":\"BreadcrumbList\",\"@id\":\"https:\/\/talia-fashion.pl\/produkt\/plaszcz-midi-z-welna-mokka-helena\/#breadcrumb\",\"itemListElement\":[{\"@type\":\"ListItem\",\"position\":1,\"name\":\"Strona g\u0142\u00f3wna\",\"item\":\"https:\/\/talia-fashion.pl\/\"},{\"@type\":\"ListItem\",\"position\":2,\"name\":\"Sklep\",\"item\":\"https:\/\/talia-fashion.pl\/sklep\/\"},{\"@type\":\"ListItem\",\"position\":3,\"name\":\"P\u0142aszcz midi z we\u0142n\u0105 mokka Helena\"}]},{\"@type\":\"WebSite\",\"@id\":\"https:\/\/talia-fashion.pl\/#website\",\"url\":\"https:\/\/talia-fashion.pl\/\",\"name\":\"Talia Fashion\",\"description\":\"\",\"potentialAction\":[{\"@type\":\"SearchAction\",\"target\":{\"@type\":\"EntryPoint\",\"urlTemplate\":\"https:\/\/talia-fashion.pl\/?s={search_term_string}\"},\"query-input\":{\"@type\":\"PropertyValueSpecification\",\"valueRequired\":true,\"valueName\":\"search_term_string\"}}],\"inLanguage\":\"en-GB\"}]}<\/script>\n<!-- \/ Yoast SEO plugin. -->","yoast_head_json":{"title":"P\u0142aszcz midi z we\u0142n\u0105 mokka Helena - Talia Fashion - p\u0142aszcze damskie","description":"P\u0142aszcz midi z we\u0142n\u0105 mokka - wygodny kr\u00f3j, \u015bwietny materia\u0142. Uszyty w naszej rodzinnej pracowni. Szlafrokowy p\u0142aszcz damski na przej\u015bciowe pory roku.","robots":{"index":"index","follow":"follow","max-snippet":"max-snippet:-1","max-image-preview":"max-image-preview:large","max-video-preview":"max-video-preview:-1"},"canonical":"https:\/\/talia-fashion.pl\/en\/product\/plaszcz-midi-z-welna-mokka-helena\/","og_locale":"en_GB","og_type":"article","og_title":"P\u0142aszcz midi z we\u0142n\u0105 mokka Helena - Talia Fashion - p\u0142aszcze damskie","og_description":"P\u0142aszcz midi z we\u0142n\u0105 mokka - wygodny kr\u00f3j, \u015bwietny materia\u0142. Uszyty w naszej rodzinnej pracowni. Szlafrokowy p\u0142aszcz damski na przej\u015bciowe pory roku.","og_url":"https:\/\/talia-fashion.pl\/en\/product\/plaszcz-midi-z-welna-mokka-helena\/","og_site_name":"Talia Fashion","article_modified_time":"2026-04-13T10:26:09+00:00","og_image":[{"width":1333,"height":2000,"url":"https:\/\/talia-fashion.pl\/wp-content\/uploads\/2025\/07\/plaszcz_damski_wiosenny_jesienny_mokka_melanz_raglanowy_rekaw.jpg","type":"image\/jpeg"}],"twitter_card":"summary_large_image","twitter_misc":{"Estimated reading time":"4 minutes"},"schema":{"@context":"https:\/\/schema.org","@graph":[{"@type":"WebPage","@id":"https:\/\/talia-fashion.pl\/produkt\/plaszcz-midi-z-welna-mokka-helena\/","url":"https:\/\/talia-fashion.pl\/produkt\/plaszcz-midi-z-welna-mokka-helena\/","name":"P\u0142aszcz midi z we\u0142n\u0105 mokka Helena - Talia Fashion - p\u0142aszcze damskie","isPartOf":{"@id":"https:\/\/talia-fashion.pl\/#website"},"primaryImageOfPage":{"@id":"https:\/\/talia-fashion.pl\/produkt\/plaszcz-midi-z-welna-mokka-helena\/#primaryimage"},"image":{"@id":"https:\/\/talia-fashion.pl\/produkt\/plaszcz-midi-z-welna-mokka-helena\/#primaryimage"},"thumbnailUrl":"https:\/\/talia-fashion.pl\/wp-content\/uploads\/2025\/07\/plaszcz_damski_wiosenny_jesienny_mokka_melanz_raglanowy_rekaw.jpg","datePublished":"2025-02-13T13:38:07+00:00","dateModified":"2026-04-13T10:26:09+00:00","description":"P\u0142aszcz midi z we\u0142n\u0105 mokka - wygodny kr\u00f3j, \u015bwietny materia\u0142. Uszyty w naszej rodzinnej pracowni. Szlafrokowy p\u0142aszcz damski na przej\u015bciowe pory roku.","breadcrumb":{"@id":"https:\/\/talia-fashion.pl\/produkt\/plaszcz-midi-z-welna-mokka-helena\/#breadcrumb"},"inLanguage":"en-GB","potentialAction":[{"@type":"ReadAction","target":["https:\/\/talia-fashion.pl\/produkt\/plaszcz-midi-z-welna-mokka-helena\/"]}]},{"@type":"ImageObject","inLanguage":"en-GB","@id":"https:\/\/talia-fashion.pl\/produkt\/plaszcz-midi-z-welna-mokka-helena\/#primaryimage","url":"https:\/\/talia-fashion.pl\/wp-content\/uploads\/2025\/07\/plaszcz_damski_wiosenny_jesienny_mokka_melanz_raglanowy_rekaw.jpg","contentUrl":"https:\/\/talia-fashion.pl\/wp-content\/uploads\/2025\/07\/plaszcz_damski_wiosenny_jesienny_mokka_melanz_raglanowy_rekaw.jpg","width":1333,"height":2000,"caption":"D\u0142ugi p\u0142aszcz szlafrokowy w kolorze mokka melan\u017c. Ciep\u0142y i lekki. Wi\u0105zany. Minimalistyczny kr\u00f3j."},{"@type":"BreadcrumbList","@id":"https:\/\/talia-fashion.pl\/produkt\/plaszcz-midi-z-welna-mokka-helena\/#breadcrumb","itemListElement":[{"@type":"ListItem","position":1,"name":"Strona g\u0142\u00f3wna","item":"https:\/\/talia-fashion.pl\/"},{"@type":"ListItem","position":2,"name":"Sklep","item":"https:\/\/talia-fashion.pl\/sklep\/"},{"@type":"ListItem","position":3,"name":"P\u0142aszcz midi z we\u0142n\u0105 mokka Helena"}]},{"@type":"WebSite","@id":"https:\/\/talia-fashion.pl\/#website","url":"https:\/\/talia-fashion.pl\/","name":"Talia Fashion","description":"","potentialAction":[{"@type":"SearchAction","target":{"@type":"EntryPoint","urlTemplate":"https:\/\/talia-fashion.pl\/?s={search_term_string}"},"query-input":{"@type":"PropertyValueSpecification","valueRequired":true,"valueName":"search_term_string"}}],"inLanguage":"en-GB"}]}},"_links":{"self":[{"href":"https:\/\/talia-fashion.pl\/en\/wp-json\/wp\/v2\/product\/5822","targetHints":{"allow":["GET"]}}],"collection":[{"href":"https:\/\/talia-fashion.pl\/en\/wp-json\/wp\/v2\/product"}],"about":[{"href":"https:\/\/talia-fashion.pl\/en\/wp-json\/wp\/v2\/types\/product"}],"wp:featuredmedia":[{"embeddable":true,"href":"https:\/\/talia-fashion.pl\/en\/wp-json\/wp\/v2\/media\/5825"}],"wp:attachment":[{"href":"https:\/\/talia-fashion.pl\/en\/wp-json\/wp\/v2\/media?parent=5822"}],"wp:term":[{"taxonomy":"product_cat","embeddable":true,"href":"https:\/\/talia-fashion.pl\/en\/wp-json\/wp\/v2\/product_cat?post=5822"},{"taxonomy":"product_tag","embeddable":true,"href":"https:\/\/talia-fashion.pl\/en\/wp-json\/wp\/v2\/product_tag?post=5822"}],"curies":[{"name":"wp","href":"https:\/\/api.w.org\/{rel}","templated":true}]}}