{"id":5657,"date":"2024-10-09T13:22:35","date_gmt":"2024-10-09T11:22:35","guid":{"rendered":"http:\/\/talia-fashion.pl\/produkt\/plaszczyk-dwurzedowy-do-polowy-uda-melanz-joy\/"},"modified":"2026-02-13T10:35:56","modified_gmt":"2026-02-13T09:35:56","slug":"plaszczyk-dwurzedowy-do-polowy-uda-melanz-joy","status":"publish","type":"product","link":"https:\/\/talia-fashion.pl\/en\/product\/plaszczyk-dwurzedowy-do-polowy-uda-melanz-joy\/","title":{"rendered":"Mid-thigh double-breasted coat melange Joy"},"content":{"rendered":"<p>P\u0142aszczyk dwurz\u0119dowy do po\u0142owy uda melan\u017c Joy to limitowana seria zimowego kr\u00f3tkiego p\u0142aszczyka z obni\u017con\u0105 lini\u0105 ramion. Wygodny, swobodny kr\u00f3j zapinany dwurz\u0119dowo na guziki. Stylowy, wyk\u0142adany, poszerzony ko\u0142nierz rewers, podniesiony &#8211; ochroni przed ch\u0142odnym wiatrem. D\u0142ugo\u015b\u0107 do po\u0142owy uda &#8211; idelna proporcja elegancji, funkcjonalno\u015bci i komfortu u\u017cytkowania. P\u0142aszczyk typu oversize. Ni\u017cej wszywany r\u0119kaw wp\u0142ywa na ca\u0142\u0105 konstrukcj\u0119 p\u0142aszczyka i sprawia, \u017ce wypada szerszy, zw\u0142aszcza w g\u00f3rnej cz\u0119\u015bci. Pomie\u015bci we\u0142niany sweterek, ortalionowy ocieplacz lub marynark\u0119. Je\u015bli jeste\u015b zwolenniczk\u0105 warstwowych stylizacji, to propozycja dla Ciebie. Kurtka zosta\u0142a uszyta z mi\u0119kkiego materia\u0142u z przewag\u0105 we\u0142ny. Dodatkowo, w ca\u0142o\u015bci ocieplana, znakomita na jesie\u0144 i zim\u0119.<\/p>\n<p>P\u0142aszczyk dwurz\u0119dowy do po\u0142owy uda melan\u017c Joy sprawi, \u017ce Tw\u00f3j codzienny dzie\u0144 zyska energii. Ponadczasowy wz\u00f3r jode\u0142ki doskonale komponuje si\u0119 zar\u00f3wno z eleganckimi kozakami jak i z kaloszami. W tym p\u0142aszczyku dobry wygl\u0105d, robi si\u0119 sam! D\u017cinsy, sukienka czy legginsy &#8211; we wszystkim b\u0119dziesz wygl\u0105da\u0107 przepi\u0119knie. Idealnie prezentuje si\u0119 z r\u00f3\u017cnymi dodatkami &#8211; gruby we\u0142niany szal, pikowna shopperka czy sk\u00f3rzany pasek. Cho\u0107 ja preferuj\u0119 go bez paska &#8211; prosto, minimalistycznie, surowo.<\/p>\n<p>We recommend our tips: <a href=\"https:\/\/talia-fashion.pl\/en\/jak-dobrac-plaszcz-do-sylwetki\/\">How do you choose a coat to suit your figure?\u00a0<\/a><\/p>\n<p>Zdj\u0119cie rzeczywiste: szary melan\u017c<\/p>\n<p>P\u0142aszcz dost\u0119pny w nast\u0119puj\u0105cych kolorach: szary melan\u017c, fioletowo-granatowy melan\u017c, burgund melan\u017c<\/p>\n<p>Available sizes: XS, S, M, L<\/p>\n<p>All available colours of materials are presented in the pictures of coats in various models and in our\u00a0<a href=\"https:\/\/talia-fashion.pl\/en\/paleta-kolorow\/\">Colour palette<\/a>. If in doubt, please contact us.<\/p>\n<p>Indicative dimensions:<br \/>\nXS - bust: 86-88 \/ hips: 94-96 \/ length: 86 \/ sleeve: 61<br \/>\nS - bust: 90-92 \/ hips: 98-100 \/ length: 86 \/ sleeve: 62<br \/>\nM - bust: 94-96 \/ hips: 102-104 \/ length: 86 \/ sleeve: 62<br \/>\nL - bust: 98-100 \/ hips: 106-108 \/ length: 87\/ sleeve: 63<br \/>\nJoy to p\u0142aszczyk w stylu oversize \u2013 prosty kr\u00f3j i ni\u017cej wszywane r\u0119kawy sprawiaj\u0105, i\u017c wypada lu\u017aniejszy i wi\u0119kszy. Jak si\u0119 zmierzy\u0107 i dobra\u0107 rozmiar p\u0142aszcza, podpowiadamy w zak\u0142adce <a href=\"https:\/\/talia-fashion.pl\/en\/jak-dobrac-rozmiar\/\">How to choose a size?<\/a>\u00a0 \u00a0W razie w\u0105tpliwo\u015bci, prosimy o kontakt. Je\u015bli preferowany jest bardziej dopasowany p\u0142aszcz, sugerujemy wyb\u00f3r mniejszego rozmiaru.<\/p>\n<p>Materia\u0142: 97% we\u0142na dziewicza, 3% kaszmir<\/p>\n<p>Lining: acetate<\/p>\n<p>Like viscose, acetate is produced from cellulose. Acetate yarn can also be made from recycled cellulose such as paper. The acetate lining is excellent at absorbing moisture and permeable to air. It is coated with an antistatic apprettee and is OEKOtex\u00ae Standard 100 certified.<\/p>\n<p>Insulation: 100% non-woven recycled polyester<br \/>\nOur coats are insulated with a compressed thermo-insulating quilted fleece on the lining. The fleece is made from recycled polyester fibres. The material is lightweight, thin and at the same time perfectly insulating. The insulating fleece we use is resistant to moisture (it retains its insulating properties and warming effect even in damp conditions), stops the wind, is hypoallergenic and breathable. It is OEKOtex\u00ae Standard 100 certified.<\/p>\n<p>P\u0142aszczyk dwurz\u0119dowy do po\u0142owy uda melan\u017c Joy zosta\u0142 zaprojektowany i uszyty w naszej rodzinnej pracowni. Aby wz\u00f3r na ka\u017cdym elemencie p\u0142aszcza pasowa\u0142 do siebie, materia\u0142 jest k\u0142adziony r\u0119cznie. Dzi\u0119ki temu nie tylko powstaje jak najmniejszy odpad, to przede wszystkim mamy pewno\u015b\u0107, i\u017c trafia do was p\u0142aszczyk dopracowany w najdrobniejszym detalu. Wk\u0142adamy w nasz\u0105 prac\u0119 wiele serca, by ka\u017cdy p\u0142aszcz by\u0142 wyj\u0105tkowy,<\/p>\n<p>The jacket should be dry-cleaned. \u00a0<a href=\"https:\/\/talia-fashion.pl\/en\/jak-pielegnowac-i-dbac-o-plaszcz\/\">How do you look after your coat?<\/a> &#8211; podpowiadamy w naszej zak\u0142adce. Do samodzielnego od\u015bwie\u017cania we\u0142ny polecamy <a href=\"https:\/\/talia-fashion.pl\/en\/product\/szczotka-do-czyszczenia-i-pielegnacji-plaszcza\/\">Brush for cleaning and care of the coat,<\/a> kt\u00f3r\u0105 mo\u017cna kupi\u0107 w naszym sklepie. Dbanie o odzie\u017c i przed\u0142u\u017canie jej \u017cywotno\u015bci, to r\u00f3wnie\u017c wyraz troski o \u015brodowisko.<\/p>\n<p><strong>Individual order - <\/strong>Some modifications can be made at the client's request: shortening, lengthening of the sleeve, shortening and lengthening of the coat. Cost to be determined individually, after prior contact.<br \/>\n<strong>An individual order is not subject to exchange or refund.<\/strong><\/p>\n<p>Czas realizacji uzale\u017cniamy od aktualnego stanu magazynowego w firmie oraz dost\u0119pno\u015bci danego koloru materia\u0142u. Je\u015bli dany p\u0142aszcz jest dost\u0119pny w pracowni realizacja zam\u00f3wienia nast\u0105pi bardzo szybko 2-5 dni roboczych. Je\u015bli konieczna jest indywidualizacja zam\u00f3wienia \u2013 wykonanie przer\u00f3bki lub uszycie nowego p\u0142aszcza \u2013 czas realizacji zam\u00f3wienia mo\u017ce ulec wyd\u0142u\u017ceniu, maksymalnie do 2 tygodni.<\/p>\n<p>We practice traditional craftsmanship and do not sew coats for stock, so please be patient while waiting for your order. We make every effort to sew this coat for you as soon as possible.<\/p>\n<p>Thank you for supporting local crafts and please follow us on<a href=\"https:\/\/www.facebook.com\/talia.plaszcze\"> Facebook<\/a> i <a href=\"https:\/\/www.instagram.com\/talia_plaszcze\/\">Instagram<\/a>.<\/p>","protected":false},"excerpt":{"rendered":"<p>P\u0142aszczyk dwurz\u0119dowy do po\u0142owy uda melan\u017c Joy to limitowana seria zimowego kr\u00f3tkiego p\u0142aszczyka z obni\u017con\u0105 lini\u0105 ramion. Wygodny, swobodny kr\u00f3j zapinany dwurz\u0119dowo&hellip;<\/p>","protected":false},"featured_media":5658,"template":"","meta":{"_acf_changed":false},"product_cat":[55],"product_tag":[89,78,33,34,231,40,65,93,80,42,67,43,91,46,68,83,47,75,84,181,95,86,51,53,63],"class_list":{"0":"post-5657","1":"product","2":"type-product","3":"status-publish","4":"has-post-thumbnail","6":"product_cat-plaszcze-krotsze","7":"product_tag-cieply","8":"product_tag-dla-roznych-sylwetek","9":"product_tag-dwurzedowy","10":"product_tag-handmade","11":"product_tag-jodelka","12":"product_tag-kolnierz","13":"product_tag-kurtka-ocieplana","14":"product_tag-kurtka-zimowa","15":"product_tag-luzny-kroj","16":"product_tag-nowosc","17":"product_tag-ocieplany","18":"product_tag-plaszcz-damski","19":"product_tag-plaszcz-damski-zimowy","20":"product_tag-plaszcz-dwurzedowy","21":"product_tag-plaszcz-jesienny","22":"product_tag-plaszcz-luzny","23":"product_tag-plaszcz-na-guziki","24":"product_tag-plaszcz-ocieplany","25":"product_tag-plaszcz-oversizowy","26":"product_tag-plaszcz-w-jodelke","27":"product_tag-plaszcz-zimowy","28":"product_tag-plaszcz-zimowy-ocieplany","29":"product_tag-prosty","30":"product_tag-welna","31":"product_tag-welniany","33":"first","34":"instock","35":"shipping-taxable","36":"purchasable","37":"product-type-variable","38":"has-default-attributes"},"acf":[],"yoast_head":"<!-- This site is optimized with the Yoast SEO plugin v25.7 - https:\/\/yoast.com\/wordpress\/plugins\/seo\/ -->\n<title>P\u0142aszczyk dwurz\u0119dowy do po\u0142owy uda melan\u017c Joy - Talia Fashion - kurtka zimowa<\/title>\n<meta name=\"description\" content=\"P\u0142aszczyk dwurz\u0119dowy do po\u0142owy uda melan\u017c to wersja limitowana kr\u00f3tkiego p\u0142aszczyka zimowego. Stylowy i funkcjonalny. Ciep\u0142y i bardzo wygodny.\" \/>\n<meta name=\"robots\" content=\"index, follow, max-snippet:-1, max-image-preview:large, max-video-preview:-1\" \/>\n<link rel=\"canonical\" href=\"https:\/\/talia-fashion.pl\/en\/product\/plaszczyk-dwurzedowy-do-polowy-uda-melanz-joy\/\" \/>\n<meta property=\"og:locale\" content=\"en_GB\" \/>\n<meta property=\"og:type\" content=\"article\" \/>\n<meta property=\"og:title\" content=\"P\u0142aszczyk dwurz\u0119dowy do po\u0142owy uda melan\u017c Joy - Talia Fashion - kurtka zimowa\" \/>\n<meta property=\"og:description\" content=\"P\u0142aszczyk dwurz\u0119dowy do po\u0142owy uda melan\u017c to wersja limitowana kr\u00f3tkiego p\u0142aszczyka zimowego. Stylowy i funkcjonalny. Ciep\u0142y i bardzo wygodny.\" \/>\n<meta property=\"og:url\" content=\"https:\/\/talia-fashion.pl\/en\/product\/plaszczyk-dwurzedowy-do-polowy-uda-melanz-joy\/\" \/>\n<meta property=\"og:site_name\" content=\"Talia Fashion\" \/>\n<meta property=\"article:modified_time\" content=\"2026-02-13T09:35:56+00:00\" \/>\n<meta property=\"og:image\" content=\"https:\/\/talia-fashion.pl\/wp-content\/uploads\/2025\/07\/welniany-plaszczyk-do-polowy-uda-dwurzedowy-szary-melanz-scaled-1.jpeg\" \/>\n\t<meta property=\"og:image:width\" content=\"1920\" \/>\n\t<meta property=\"og:image:height\" content=\"2560\" \/>\n\t<meta property=\"og:image:type\" content=\"image\/jpeg\" \/>\n<meta name=\"twitter:card\" content=\"summary_large_image\" \/>\n<meta name=\"twitter:label1\" content=\"Estimated reading time\" \/>\n\t<meta name=\"twitter:data1\" content=\"4 minutes\" \/>\n<script type=\"application\/ld+json\" class=\"yoast-schema-graph\">{\"@context\":\"https:\/\/schema.org\",\"@graph\":[{\"@type\":\"WebPage\",\"@id\":\"https:\/\/talia-fashion.pl\/produkt\/plaszczyk-dwurzedowy-do-polowy-uda-melanz-joy\/\",\"url\":\"https:\/\/talia-fashion.pl\/produkt\/plaszczyk-dwurzedowy-do-polowy-uda-melanz-joy\/\",\"name\":\"P\u0142aszczyk dwurz\u0119dowy do po\u0142owy uda melan\u017c Joy - Talia Fashion - kurtka zimowa\",\"isPartOf\":{\"@id\":\"https:\/\/talia-fashion.pl\/#website\"},\"primaryImageOfPage\":{\"@id\":\"https:\/\/talia-fashion.pl\/produkt\/plaszczyk-dwurzedowy-do-polowy-uda-melanz-joy\/#primaryimage\"},\"image\":{\"@id\":\"https:\/\/talia-fashion.pl\/produkt\/plaszczyk-dwurzedowy-do-polowy-uda-melanz-joy\/#primaryimage\"},\"thumbnailUrl\":\"https:\/\/talia-fashion.pl\/wp-content\/uploads\/2025\/07\/welniany-plaszczyk-do-polowy-uda-dwurzedowy-szary-melanz-scaled-1.jpeg\",\"datePublished\":\"2024-10-09T11:22:35+00:00\",\"dateModified\":\"2026-02-13T09:35:56+00:00\",\"description\":\"P\u0142aszczyk dwurz\u0119dowy do po\u0142owy uda melan\u017c to wersja limitowana kr\u00f3tkiego p\u0142aszczyka zimowego. Stylowy i funkcjonalny. Ciep\u0142y i bardzo wygodny.\",\"breadcrumb\":{\"@id\":\"https:\/\/talia-fashion.pl\/produkt\/plaszczyk-dwurzedowy-do-polowy-uda-melanz-joy\/#breadcrumb\"},\"inLanguage\":\"en-GB\",\"potentialAction\":[{\"@type\":\"ReadAction\",\"target\":[\"https:\/\/talia-fashion.pl\/produkt\/plaszczyk-dwurzedowy-do-polowy-uda-melanz-joy\/\"]}]},{\"@type\":\"ImageObject\",\"inLanguage\":\"en-GB\",\"@id\":\"https:\/\/talia-fashion.pl\/produkt\/plaszczyk-dwurzedowy-do-polowy-uda-melanz-joy\/#primaryimage\",\"url\":\"https:\/\/talia-fashion.pl\/wp-content\/uploads\/2025\/07\/welniany-plaszczyk-do-polowy-uda-dwurzedowy-szary-melanz-scaled-1.jpeg\",\"contentUrl\":\"https:\/\/talia-fashion.pl\/wp-content\/uploads\/2025\/07\/welniany-plaszczyk-do-polowy-uda-dwurzedowy-szary-melanz-scaled-1.jpeg\",\"width\":1920,\"height\":2560,\"caption\":\"We\u0142niany p\u0142aszczyk do po\u0142owy uda zapinany dwurz\u0119dowo. Oversizowy. Uszyty z we\u0142ny dziewiczej i kaszmiru.\"},{\"@type\":\"BreadcrumbList\",\"@id\":\"https:\/\/talia-fashion.pl\/produkt\/plaszczyk-dwurzedowy-do-polowy-uda-melanz-joy\/#breadcrumb\",\"itemListElement\":[{\"@type\":\"ListItem\",\"position\":1,\"name\":\"Strona g\u0142\u00f3wna\",\"item\":\"https:\/\/talia-fashion.pl\/\"},{\"@type\":\"ListItem\",\"position\":2,\"name\":\"Sklep\",\"item\":\"https:\/\/talia-fashion.pl\/sklep\/\"},{\"@type\":\"ListItem\",\"position\":3,\"name\":\"P\u0142aszczyk dwurz\u0119dowy do po\u0142owy uda melan\u017c Joy\"}]},{\"@type\":\"WebSite\",\"@id\":\"https:\/\/talia-fashion.pl\/#website\",\"url\":\"https:\/\/talia-fashion.pl\/\",\"name\":\"Talia Fashion\",\"description\":\"\",\"potentialAction\":[{\"@type\":\"SearchAction\",\"target\":{\"@type\":\"EntryPoint\",\"urlTemplate\":\"https:\/\/talia-fashion.pl\/?s={search_term_string}\"},\"query-input\":{\"@type\":\"PropertyValueSpecification\",\"valueRequired\":true,\"valueName\":\"search_term_string\"}}],\"inLanguage\":\"en-GB\"}]}<\/script>\n<!-- \/ Yoast SEO plugin. -->","yoast_head_json":{"title":"P\u0142aszczyk dwurz\u0119dowy do po\u0142owy uda melan\u017c Joy - Talia Fashion - kurtka zimowa","description":"P\u0142aszczyk dwurz\u0119dowy do po\u0142owy uda melan\u017c to wersja limitowana kr\u00f3tkiego p\u0142aszczyka zimowego. Stylowy i funkcjonalny. Ciep\u0142y i bardzo wygodny.","robots":{"index":"index","follow":"follow","max-snippet":"max-snippet:-1","max-image-preview":"max-image-preview:large","max-video-preview":"max-video-preview:-1"},"canonical":"https:\/\/talia-fashion.pl\/en\/product\/plaszczyk-dwurzedowy-do-polowy-uda-melanz-joy\/","og_locale":"en_GB","og_type":"article","og_title":"P\u0142aszczyk dwurz\u0119dowy do po\u0142owy uda melan\u017c Joy - Talia Fashion - kurtka zimowa","og_description":"P\u0142aszczyk dwurz\u0119dowy do po\u0142owy uda melan\u017c to wersja limitowana kr\u00f3tkiego p\u0142aszczyka zimowego. Stylowy i funkcjonalny. Ciep\u0142y i bardzo wygodny.","og_url":"https:\/\/talia-fashion.pl\/en\/product\/plaszczyk-dwurzedowy-do-polowy-uda-melanz-joy\/","og_site_name":"Talia Fashion","article_modified_time":"2026-02-13T09:35:56+00:00","og_image":[{"width":1920,"height":2560,"url":"https:\/\/talia-fashion.pl\/wp-content\/uploads\/2025\/07\/welniany-plaszczyk-do-polowy-uda-dwurzedowy-szary-melanz-scaled-1.jpeg","type":"image\/jpeg"}],"twitter_card":"summary_large_image","twitter_misc":{"Estimated reading time":"4 minutes"},"schema":{"@context":"https:\/\/schema.org","@graph":[{"@type":"WebPage","@id":"https:\/\/talia-fashion.pl\/produkt\/plaszczyk-dwurzedowy-do-polowy-uda-melanz-joy\/","url":"https:\/\/talia-fashion.pl\/produkt\/plaszczyk-dwurzedowy-do-polowy-uda-melanz-joy\/","name":"P\u0142aszczyk dwurz\u0119dowy do po\u0142owy uda melan\u017c Joy - Talia Fashion - kurtka zimowa","isPartOf":{"@id":"https:\/\/talia-fashion.pl\/#website"},"primaryImageOfPage":{"@id":"https:\/\/talia-fashion.pl\/produkt\/plaszczyk-dwurzedowy-do-polowy-uda-melanz-joy\/#primaryimage"},"image":{"@id":"https:\/\/talia-fashion.pl\/produkt\/plaszczyk-dwurzedowy-do-polowy-uda-melanz-joy\/#primaryimage"},"thumbnailUrl":"https:\/\/talia-fashion.pl\/wp-content\/uploads\/2025\/07\/welniany-plaszczyk-do-polowy-uda-dwurzedowy-szary-melanz-scaled-1.jpeg","datePublished":"2024-10-09T11:22:35+00:00","dateModified":"2026-02-13T09:35:56+00:00","description":"P\u0142aszczyk dwurz\u0119dowy do po\u0142owy uda melan\u017c to wersja limitowana kr\u00f3tkiego p\u0142aszczyka zimowego. Stylowy i funkcjonalny. Ciep\u0142y i bardzo wygodny.","breadcrumb":{"@id":"https:\/\/talia-fashion.pl\/produkt\/plaszczyk-dwurzedowy-do-polowy-uda-melanz-joy\/#breadcrumb"},"inLanguage":"en-GB","potentialAction":[{"@type":"ReadAction","target":["https:\/\/talia-fashion.pl\/produkt\/plaszczyk-dwurzedowy-do-polowy-uda-melanz-joy\/"]}]},{"@type":"ImageObject","inLanguage":"en-GB","@id":"https:\/\/talia-fashion.pl\/produkt\/plaszczyk-dwurzedowy-do-polowy-uda-melanz-joy\/#primaryimage","url":"https:\/\/talia-fashion.pl\/wp-content\/uploads\/2025\/07\/welniany-plaszczyk-do-polowy-uda-dwurzedowy-szary-melanz-scaled-1.jpeg","contentUrl":"https:\/\/talia-fashion.pl\/wp-content\/uploads\/2025\/07\/welniany-plaszczyk-do-polowy-uda-dwurzedowy-szary-melanz-scaled-1.jpeg","width":1920,"height":2560,"caption":"We\u0142niany p\u0142aszczyk do po\u0142owy uda zapinany dwurz\u0119dowo. Oversizowy. Uszyty z we\u0142ny dziewiczej i kaszmiru."},{"@type":"BreadcrumbList","@id":"https:\/\/talia-fashion.pl\/produkt\/plaszczyk-dwurzedowy-do-polowy-uda-melanz-joy\/#breadcrumb","itemListElement":[{"@type":"ListItem","position":1,"name":"Strona g\u0142\u00f3wna","item":"https:\/\/talia-fashion.pl\/"},{"@type":"ListItem","position":2,"name":"Sklep","item":"https:\/\/talia-fashion.pl\/sklep\/"},{"@type":"ListItem","position":3,"name":"P\u0142aszczyk dwurz\u0119dowy do po\u0142owy uda melan\u017c Joy"}]},{"@type":"WebSite","@id":"https:\/\/talia-fashion.pl\/#website","url":"https:\/\/talia-fashion.pl\/","name":"Talia Fashion","description":"","potentialAction":[{"@type":"SearchAction","target":{"@type":"EntryPoint","urlTemplate":"https:\/\/talia-fashion.pl\/?s={search_term_string}"},"query-input":{"@type":"PropertyValueSpecification","valueRequired":true,"valueName":"search_term_string"}}],"inLanguage":"en-GB"}]}},"_links":{"self":[{"href":"https:\/\/talia-fashion.pl\/en\/wp-json\/wp\/v2\/product\/5657","targetHints":{"allow":["GET"]}}],"collection":[{"href":"https:\/\/talia-fashion.pl\/en\/wp-json\/wp\/v2\/product"}],"about":[{"href":"https:\/\/talia-fashion.pl\/en\/wp-json\/wp\/v2\/types\/product"}],"wp:featuredmedia":[{"embeddable":true,"href":"https:\/\/talia-fashion.pl\/en\/wp-json\/wp\/v2\/media\/5658"}],"wp:attachment":[{"href":"https:\/\/talia-fashion.pl\/en\/wp-json\/wp\/v2\/media?parent=5657"}],"wp:term":[{"taxonomy":"product_cat","embeddable":true,"href":"https:\/\/talia-fashion.pl\/en\/wp-json\/wp\/v2\/product_cat?post=5657"},{"taxonomy":"product_tag","embeddable":true,"href":"https:\/\/talia-fashion.pl\/en\/wp-json\/wp\/v2\/product_tag?post=5657"}],"curies":[{"name":"wp","href":"https:\/\/api.w.org\/{rel}","templated":true}]}}