{"id":5375,"date":"2024-03-03T06:53:13","date_gmt":"2024-03-03T05:53:13","guid":{"rendered":"http:\/\/talia-fashion.pl\/produkt\/blekitny-wiosenny-plaszcz-z-welna-ada\/"},"modified":"2026-04-10T12:52:19","modified_gmt":"2026-04-10T10:52:19","slug":"niebieski-zimowy-plaszcz-z-welna-ada","status":"publish","type":"product","link":"https:\/\/talia-fashion.pl\/en\/product\/niebieski-zimowy-plaszcz-z-welna-ada\/","title":{"rendered":"Blue winter coat with wool Ada"},"content":{"rendered":"<p><span lang=\"DE\"><strong>Niebieski zimowy p\u0142aszcz z we\u0142n\u0105<\/strong> Ada to <span data-huuid=\"16357298898802626101\">\u015bwietna <strong>alternatywa dla czerni czy br\u0105zu<\/strong>, wprowadzaj\u0105ca do stylizacji \u015bwie\u017co\u015b\u0107, elegancj\u0119 i oryginalno\u015b\u0107.<\/span> Niebieski i granat podbijaj\u0105 scen\u0119 jesienno-zimowych trend\u00f3w 2025. I nic dziwnego. <span data-huuid=\"16357298898802625818\">Niebieski p\u0142aszcz pasuje do wielu innych barw, co czyni go <strong>\u0142atwym w stylizacji elementem garderoby<\/strong>. Zestawisz go zar\u00f3wno z bazowymi kolorami: biel\u0105, be\u017cem, popielatym jak i pastelami (pudrowym r\u00f3\u017cem, mi\u0119t\u0105) lub barwami o \u017cywej tonacji (kobalt, fuksja, turkus). Jednak moje ukochane po\u0142\u0105czenie to to z kamelem, a dla bardziej odwa\u017cnych z czekolad\u0105.\u00a0<\/span><\/span><\/p>\n<p><strong>Minimalistyczna forma i mi\u0119kka tkanina<\/strong> z we\u0142nianej mieszanki sprawiaj\u0105, \u017ce ten p\u0142aszcz staje si\u0119 modowym pewniakiem \u2013 niezale\u017cnie od sezonu. <strong>Niebanalny i nieoczywisty odcie\u0144<\/strong> &#8211; dodaje \u015bwie\u017co\u015bci, a <strong>klasyczny kr\u00f3j<\/strong> daje ogromne mo\u017cliwo\u015bci stylizacyjne: od zwiewnych sukienek Boho po lu\u017ane garniturowe spodnie. Wystarczy doda\u0107 baleriny Mary Jane lub eleganckie botki na obcasie, by stworzy\u0107 look gotowy zar\u00f3wno na codzienne wyj\u015bcie, jak i wyj\u0105tkowe okazje. Baw si\u0119 i tw\u00f3rz looki, kt\u00f3re \u0142\u0105cz\u0105 wygod\u0119 z elegancj\u0105, codzienno\u015b\u0107 z wyj\u0105tkowo\u015bci\u0105.<\/p>\n<p><span lang=\"DE\">Niebieski zimowy p\u0142aszcz z we\u0142n\u0105 Ada zapinany jest na dwa <strong>guziki<\/strong>. <strong>Ty\u0142 taliowany i dopasowany do sylwetki<\/strong>, <strong>z<\/strong> <strong>strut<\/strong>. Prz\u00f3d jest profilowany. Tali\u0119 mo\u017cna dodatkowo podkre\u015bli\u0107 paskiem wykonanym z tej samej tkaniny. Kieszenie wszyte po bokach, dodaj\u0105 funkcjonalno\u015bci. <strong>Knee-length coat<\/strong> sprawia, i\u017c r\u00f3wnie\u017c ni\u017csze osoby wygl\u0105daj\u0105 w nim bardzo korzystnie. Model uszyty w ca\u0142o\u015bci na acetatowej podszewce. Dodatkowo <strong>insulated<\/strong>, r\u00f3wnie\u017c w r\u0119kawach. Na uwag\u0119 zas\u0142uguje <strong>ciekawie skonstruowany wyk\u0142adany ko\u0142nierz<\/strong> z delikatnymi, zszytymi r\u0119cznie, klapami. Poprzez ich zszycie uzyskalismy szalowe wyko\u0144czenie, kt\u00f3re optycznie wysmukla sylwetk\u0119 a po wywini\u0119ciu i podniesieniu &#8211; zapewnia ciep\u0142o i ochron\u0119 przed wiatrem. <\/span><\/p>\n<p>Idealnie sprawdzi si\u0119 <strong>na przej\u015bciow\u0105 pogod\u0119<\/strong> i w ch\u0142odne, <strong>zimowe dni<\/strong>, stanowi\u0105c doskona\u0142\u0105 alternatyw\u0119 dla r\u00f3\u017cnego rodzaju kurtek. Pasuje w\u0142a\u015bciwie do wszystkiego. Zak\u0142adasz go i wychodzisz. Zapinasz, wi\u0105\u017cesz na przodzie lub z ty\u0142u, lub po prostu nosisz rozpi\u0119ty &#8211; za ka\u017cdym razem b\u0119dziesz prezentowa\u0107 si\u0119 doskonale. Walor ten doceni\u0105 wszystkie osoby, kt\u00f3re nie lubi\u0105 zbyt d\u0142ugo zastanawia\u0107 si\u0119 nad swoim codziennym strojem.<\/p>\n<p><a href=\"https:\/\/talia-fashion.pl\/en\/jak-dobrac-plaszcz-do-sylwetki\/\">How do you choose a coat to suit your figure?<\/a> &#8211; skorzystaj z naszego kr\u00f3tkiego poradnika.<\/p>\n<p><span lang=\"DE\">Zdj\u0119cie rzeczywiste &#8211; pastelowy niebieski (niebieski z nut\u0105 szaro\u015bci)<\/span><\/p>\n<p>Available colours<span lang=\"DE\">: pastelowy niebieski, czarny melan\u017c, kamienny br\u0105z<\/span><\/p>\n<p><span lang=\"DE\">Kolory prezentujemy na zdj\u0119ciach p\u0142aszczy w r\u00f3\u017cnych fasonach. W razie w\u0105tpliwo\u015bci, prosimy o kontakt. Zach\u0119camy te\u017c do obejrzenia <a href=\"https:\/\/talia-fashion.pl\/en\/paleta-kolorow\/\">palety kolor\u00f3w<\/a>.\u00a0<\/span><\/p>\n<p><span lang=\"DE\">Available sizes: XS, S, M, L, XL<\/span><\/p>\n<p><span lang=\"DE\">Indicative dimensions:<\/span><\/p>\n<p><span lang=\"DE\">XS &#8211; biust: 86-88 \/ biodra 94-96 \/ szeroko\u015b\u0107 ramion 34,5-35 \/ d\u0142ugo\u015b\u0107: 97 \/ r\u0119kaw 61<br \/>\nS - bust: 90-92 \/ hips: 98-100 \/ length: 98 \/ shoulder width 35.5-36 \/ sleeve: 62<br \/>\nM - bust: 94-96 \/ hips: 102-104 \/ length: 98 \/ shoulder width 37.5 \/ sleeve: 62<br \/>\nL &#8211; biust: 98-100 \/ biodra: 106-108 \/ d\u0142ugo\u015b\u0107: 98 \/ szeroko\u015b\u0107 ramion 39,5-40 \/ r\u0119kaw: 63<br \/>\nXL - bust: 104-106 \/ hips: 112-114 \/ length: 98 \/ shoulder width 42-42.5 \/ sleeve: 64\u00a0<\/span><\/p>\n<p><span lang=\"DE\">How to measure yourself can be found under\u00a0<a href=\"https:\/\/talia-fashion.pl\/en\/jak-dobrac-rozmiar\/\">How do you choose the right size? <\/a><\/span><span lang=\"DE\">Oczywi\u015bcie, w razie w\u0105tpliwo\u015bci odno\u015bnie rozmiaru, prosimy o kontakt.<\/span><\/p>\n<p>The model is 172cm and a size S.<\/p>\n<p>Material: 80% wool, 20% polyamide<br \/>\nLining: 100 % acetate<br \/>\nAcetat podobnie jak wiskoza wytwarzany jest z celulozy. Prz\u0119dza acetatowa mo\u017ce by\u0107 wytworzona r\u00f3wnie\u017c z celulozy przetworzonej np. papieru. Podszewka acetatowa doskonale wch\u0142ania wilgo\u0107 i przepuszcza powietrze, dzi\u0119ki czemu dobrze si\u0119 nosi i zapewnia komfort. Jest powlekana apretur\u0105 antystatyczn\u0105 i posiada certyfikat OEKOtex\u00ae Standard 100.<\/p>\n<p><span lang=\"DE\">Niebieski zimowy p\u0142aszcz z we\u0142n\u0105 Ada zaprojektowali\u015bmy i uszyli\u015bmy<\/span><span lang=\"DE\"> w <strong>our family workshop<\/strong> w Poznaniu. Od wielu lat uprawiamy tradycyjne krawiectwo i ka\u017cdy nasz p\u0142aszczyk jest od pocz\u0105tku do ko\u0144ca <strong>wykonany r\u0119cznie<\/strong> w spos\u00f3b przyjazny \u015brodowisku. W\u0142a\u015bnie dlatego jest wyj\u0105tkowy i niepowtarzalny. A my mamy pewno\u015b\u0107, i\u017c otrzymujesz <strong>produkt najwy\u017cszej jako\u015bci<\/strong>, w kt\u00f3ry w\u0142o\u017cyli\u015bmy du\u017co serca i pracy.<br \/>\n<\/span><\/p>\n<p>P\u0142aszczyk nale\u017cy czy\u015bci\u0107 chemicznie. Podstawowe zasady jak dba\u0107 o odzie\u017c wierzchni\u0105 zebrali\u015bmy na naszej stronie, w zak\u0142adce <a href=\"https:\/\/talia-fashion.pl\/en\/jak-pielegnowac-i-dbac-o-plaszcz\/\">How to care for and maintain coats?<\/a> Dbaj\u0105c o swoj\u0105 odzie\u017c nie tylko przed\u0142u\u017casz jej \u017cywotno\u015b\u0107, ale jednocze\u015bnie dbasz o \u015brodowisko. Do cz\u0119stego od\u015bwie\u017cania we\u0142ny polecamy <a href=\"https:\/\/talia-fashion.pl\/en\/product\/szczotka-do-czyszczenia-i-pielegnacji-plaszcza\/\">Brush for cleaning and care of the coat<\/a>available in our shop.<\/p>\n<p><strong>Individual order - <\/strong>oferujemy Tobie mo\u017cliwo\u015b\u0107 wykonania pewnych personalizacji i wprowadzenia modyfikacji na \u017cyczenie Klienta: skr\u00f3cenie, wyd\u0142u\u017cenie r\u0119kawa, skr\u00f3cenie i wyd\u0142u\u017cenie p\u0142aszcza, uszycie <span lang=\"DE\">modelu p\u0142aszcza w rozmiarze 34 (XXS)<\/span>. Zam\u00f3wienia personalizowane wyceniamy oddzielnie i indywidualnie, po uprzednim kontakcie. <strong>An individual order is not subject to exchange or refund.<\/strong><\/p>\n<p><span lang=\"DE\">Czas realizacji zam\u00f3wienia uzale\u017cniamy od aktualnego stanu magazynowego w pracowni oraz dost\u0119pno\u015bci danego koloru materia\u0142u. Je\u015bli dany p\u0142aszcz jest dost\u0119pny w firmie realizacja zam\u00f3wienia nast\u0105pi bardzo szybko 2-5 dni roboczych. Je\u015bli konieczna jest indywidualizacja zam\u00f3wienia \u2013 wykonanie przer\u00f3bki lub uszycie nowego p\u0142aszcza \u2013 czas realizacji zam\u00f3wienia mo\u017ce ulec wyd\u0142u\u017ceniu, maksymalnie do 2 tygodni.\u00a0<\/span><\/p>\n<p>Poniewa\u017c nie szyjemy p\u0142aszczy ta\u015bmowo, ani na magazyn, prosimy o cierpliwo\u015b\u0107. Musimy uszy\u0107 ten p\u0142aszcz dla Ciebie. Dzi\u0119kujemy, \u017ce wspieracie lokalne rzemios\u0142o.<\/p>\n<p>B\u0105d\u017a na bie\u017c\u0105co i \u015bled\u017a nasz profil na <a href=\"https:\/\/www.instagram.com\/talia_plaszcze\/\">Instagram<\/a>.<\/p>","protected":false},"excerpt":{"rendered":"<p>Niebieski p\u0142aszcz, kt\u00f3ry wzbogaci ka\u017cd\u0105 stylizacj\u0119. Minimalistyczny, ciep\u0142y i bardzo wygodny.<\/p>","protected":false},"featured_media":258813,"template":"","meta":{"_acf_changed":false},"product_cat":[31,55],"product_tag":[267,247,78,32,33,37,349,34,39,74,41,297,42,67,109,43,44,68,47,122,137,50,86,143,60,53,63,88,110,147],"class_list":{"0":"post-5375","1":"product","2":"type-product","3":"status-publish","4":"has-post-thumbnail","6":"product_cat-nowosci","7":"product_cat-plaszcze-krotsze","8":"product_tag-blekitny-plaszcz","9":"product_tag-czarny-plaszczyk","10":"product_tag-dla-roznych-sylwetek","11":"product_tag-dopasowany-kroj","12":"product_tag-dwurzedowy","13":"product_tag-dyplomatka","14":"product_tag-granatowy-plaszcz","15":"product_tag-handmade","16":"product_tag-klasyczny","17":"product_tag-kurtka-damska","18":"product_tag-na-podszewce","19":"product_tag-niebieski-plaszcz","20":"product_tag-nowosc","21":"product_tag-ocieplany","22":"product_tag-plaszcz-camel","23":"product_tag-plaszcz-damski","24":"product_tag-plaszcz-damski-dlugi","25":"product_tag-plaszcz-jesienny","26":"product_tag-plaszcz-na-guziki","27":"product_tag-plaszcz-szlafrokowy","28":"product_tag-plaszcz-w-kolano","29":"product_tag-plaszcz-z-rewersem","30":"product_tag-plaszcz-zimowy-ocieplany","31":"product_tag-plaszczyk-damski","32":"product_tag-producent-plaszczy-damskich","33":"product_tag-welna","34":"product_tag-welniany","35":"product_tag-wiazany","36":"product_tag-z-paskiem","37":"product_tag-zrownowazona-produkcja","39":"first","40":"instock","41":"shipping-taxable","42":"purchasable","43":"product-type-variable","44":"has-default-attributes"},"acf":[],"yoast_head":"<!-- This site is optimized with the Yoast SEO plugin v25.7 - https:\/\/yoast.com\/wordpress\/plugins\/seo\/ -->\n<title>Niebieski zimowy p\u0142aszcz z we\u0142n\u0105 Ada - polski producent p\u0142aszczy<\/title>\n<meta name=\"description\" content=\"Niebieski zimowy p\u0142aszcz z we\u0142n\u0105 Ada wi\u0105zany w pasie i zapinany na guziki. R\u0119cznie szyty w Polsce. Wysoka jako\u015b\u0107. \u015awietna alternatywa dla czerni i br\u0105zu.\" \/>\n<meta name=\"robots\" content=\"index, follow, max-snippet:-1, max-image-preview:large, max-video-preview:-1\" \/>\n<link rel=\"canonical\" href=\"https:\/\/talia-fashion.pl\/en\/product\/niebieski-zimowy-plaszcz-z-welna-ada\/\" \/>\n<meta property=\"og:locale\" content=\"en_GB\" \/>\n<meta property=\"og:type\" content=\"article\" \/>\n<meta property=\"og:title\" content=\"Niebieski zimowy p\u0142aszcz z we\u0142n\u0105 Ada - polski producent p\u0142aszczy\" \/>\n<meta property=\"og:description\" content=\"Niebieski zimowy p\u0142aszcz z we\u0142n\u0105 Ada wi\u0105zany w pasie i zapinany na guziki. R\u0119cznie szyty w Polsce. Wysoka jako\u015b\u0107. \u015awietna alternatywa dla czerni i br\u0105zu.\" \/>\n<meta property=\"og:url\" content=\"https:\/\/talia-fashion.pl\/en\/product\/niebieski-zimowy-plaszcz-z-welna-ada\/\" \/>\n<meta property=\"og:site_name\" content=\"Talia Fashion\" \/>\n<meta property=\"article:modified_time\" content=\"2026-04-10T10:52:19+00:00\" \/>\n<meta property=\"og:image\" content=\"https:\/\/talia-fashion.pl\/wp-content\/uploads\/2024\/03\/niebieski-zimowy-plaszcz-welna-taliowany-wiazany.jpg\" \/>\n\t<meta property=\"og:image:width\" content=\"1300\" \/>\n\t<meta property=\"og:image:height\" content=\"1734\" \/>\n\t<meta property=\"og:image:type\" content=\"image\/jpeg\" \/>\n<meta name=\"twitter:card\" content=\"summary_large_image\" \/>\n<meta name=\"twitter:label1\" content=\"Estimated reading time\" \/>\n\t<meta name=\"twitter:data1\" content=\"4 minutes\" \/>\n<script type=\"application\/ld+json\" class=\"yoast-schema-graph\">{\"@context\":\"https:\/\/schema.org\",\"@graph\":[{\"@type\":\"WebPage\",\"@id\":\"https:\/\/talia-fashion.pl\/produkt\/niebieski-zimowy-plaszcz-z-welna-ada\/\",\"url\":\"https:\/\/talia-fashion.pl\/produkt\/niebieski-zimowy-plaszcz-z-welna-ada\/\",\"name\":\"Niebieski zimowy p\u0142aszcz z we\u0142n\u0105 Ada - polski producent p\u0142aszczy\",\"isPartOf\":{\"@id\":\"https:\/\/talia-fashion.pl\/#website\"},\"primaryImageOfPage\":{\"@id\":\"https:\/\/talia-fashion.pl\/produkt\/niebieski-zimowy-plaszcz-z-welna-ada\/#primaryimage\"},\"image\":{\"@id\":\"https:\/\/talia-fashion.pl\/produkt\/niebieski-zimowy-plaszcz-z-welna-ada\/#primaryimage\"},\"thumbnailUrl\":\"https:\/\/talia-fashion.pl\/wp-content\/uploads\/2024\/03\/niebieski-zimowy-plaszcz-welna-taliowany-wiazany.jpg\",\"datePublished\":\"2024-03-03T05:53:13+00:00\",\"dateModified\":\"2026-04-10T10:52:19+00:00\",\"description\":\"Niebieski zimowy p\u0142aszcz z we\u0142n\u0105 Ada wi\u0105zany w pasie i zapinany na guziki. R\u0119cznie szyty w Polsce. Wysoka jako\u015b\u0107. \u015awietna alternatywa dla czerni i br\u0105zu.\",\"breadcrumb\":{\"@id\":\"https:\/\/talia-fashion.pl\/produkt\/niebieski-zimowy-plaszcz-z-welna-ada\/#breadcrumb\"},\"inLanguage\":\"en-GB\",\"potentialAction\":[{\"@type\":\"ReadAction\",\"target\":[\"https:\/\/talia-fashion.pl\/produkt\/niebieski-zimowy-plaszcz-z-welna-ada\/\"]}]},{\"@type\":\"ImageObject\",\"inLanguage\":\"en-GB\",\"@id\":\"https:\/\/talia-fashion.pl\/produkt\/niebieski-zimowy-plaszcz-z-welna-ada\/#primaryimage\",\"url\":\"https:\/\/talia-fashion.pl\/wp-content\/uploads\/2024\/03\/niebieski-zimowy-plaszcz-welna-taliowany-wiazany.jpg\",\"contentUrl\":\"https:\/\/talia-fashion.pl\/wp-content\/uploads\/2024\/03\/niebieski-zimowy-plaszcz-welna-taliowany-wiazany.jpg\",\"width\":1300,\"height\":1734,\"caption\":\"Niebieski zimowy p\u0142aszcz o dopasowanym kroju. D\u0142ugo\u015b\u0107 w kolano. Zapinany na guziki i wi\u0105zany.\"},{\"@type\":\"BreadcrumbList\",\"@id\":\"https:\/\/talia-fashion.pl\/produkt\/niebieski-zimowy-plaszcz-z-welna-ada\/#breadcrumb\",\"itemListElement\":[{\"@type\":\"ListItem\",\"position\":1,\"name\":\"Strona g\u0142\u00f3wna\",\"item\":\"https:\/\/talia-fashion.pl\/\"},{\"@type\":\"ListItem\",\"position\":2,\"name\":\"Sklep\",\"item\":\"https:\/\/talia-fashion.pl\/sklep\/\"},{\"@type\":\"ListItem\",\"position\":3,\"name\":\"Niebieski zimowy p\u0142aszcz z we\u0142n\u0105 Ada\"}]},{\"@type\":\"WebSite\",\"@id\":\"https:\/\/talia-fashion.pl\/#website\",\"url\":\"https:\/\/talia-fashion.pl\/\",\"name\":\"Talia Fashion\",\"description\":\"\",\"potentialAction\":[{\"@type\":\"SearchAction\",\"target\":{\"@type\":\"EntryPoint\",\"urlTemplate\":\"https:\/\/talia-fashion.pl\/?s={search_term_string}\"},\"query-input\":{\"@type\":\"PropertyValueSpecification\",\"valueRequired\":true,\"valueName\":\"search_term_string\"}}],\"inLanguage\":\"en-GB\"}]}<\/script>\n<!-- \/ Yoast SEO plugin. -->","yoast_head_json":{"title":"Niebieski zimowy p\u0142aszcz z we\u0142n\u0105 Ada - polski producent p\u0142aszczy","description":"Niebieski zimowy p\u0142aszcz z we\u0142n\u0105 Ada wi\u0105zany w pasie i zapinany na guziki. R\u0119cznie szyty w Polsce. Wysoka jako\u015b\u0107. \u015awietna alternatywa dla czerni i br\u0105zu.","robots":{"index":"index","follow":"follow","max-snippet":"max-snippet:-1","max-image-preview":"max-image-preview:large","max-video-preview":"max-video-preview:-1"},"canonical":"https:\/\/talia-fashion.pl\/en\/product\/niebieski-zimowy-plaszcz-z-welna-ada\/","og_locale":"en_GB","og_type":"article","og_title":"Niebieski zimowy p\u0142aszcz z we\u0142n\u0105 Ada - polski producent p\u0142aszczy","og_description":"Niebieski zimowy p\u0142aszcz z we\u0142n\u0105 Ada wi\u0105zany w pasie i zapinany na guziki. R\u0119cznie szyty w Polsce. Wysoka jako\u015b\u0107. \u015awietna alternatywa dla czerni i br\u0105zu.","og_url":"https:\/\/talia-fashion.pl\/en\/product\/niebieski-zimowy-plaszcz-z-welna-ada\/","og_site_name":"Talia Fashion","article_modified_time":"2026-04-10T10:52:19+00:00","og_image":[{"width":1300,"height":1734,"url":"https:\/\/talia-fashion.pl\/wp-content\/uploads\/2024\/03\/niebieski-zimowy-plaszcz-welna-taliowany-wiazany.jpg","type":"image\/jpeg"}],"twitter_card":"summary_large_image","twitter_misc":{"Estimated reading time":"4 minutes"},"schema":{"@context":"https:\/\/schema.org","@graph":[{"@type":"WebPage","@id":"https:\/\/talia-fashion.pl\/produkt\/niebieski-zimowy-plaszcz-z-welna-ada\/","url":"https:\/\/talia-fashion.pl\/produkt\/niebieski-zimowy-plaszcz-z-welna-ada\/","name":"Niebieski zimowy p\u0142aszcz z we\u0142n\u0105 Ada - polski producent p\u0142aszczy","isPartOf":{"@id":"https:\/\/talia-fashion.pl\/#website"},"primaryImageOfPage":{"@id":"https:\/\/talia-fashion.pl\/produkt\/niebieski-zimowy-plaszcz-z-welna-ada\/#primaryimage"},"image":{"@id":"https:\/\/talia-fashion.pl\/produkt\/niebieski-zimowy-plaszcz-z-welna-ada\/#primaryimage"},"thumbnailUrl":"https:\/\/talia-fashion.pl\/wp-content\/uploads\/2024\/03\/niebieski-zimowy-plaszcz-welna-taliowany-wiazany.jpg","datePublished":"2024-03-03T05:53:13+00:00","dateModified":"2026-04-10T10:52:19+00:00","description":"Niebieski zimowy p\u0142aszcz z we\u0142n\u0105 Ada wi\u0105zany w pasie i zapinany na guziki. R\u0119cznie szyty w Polsce. Wysoka jako\u015b\u0107. \u015awietna alternatywa dla czerni i br\u0105zu.","breadcrumb":{"@id":"https:\/\/talia-fashion.pl\/produkt\/niebieski-zimowy-plaszcz-z-welna-ada\/#breadcrumb"},"inLanguage":"en-GB","potentialAction":[{"@type":"ReadAction","target":["https:\/\/talia-fashion.pl\/produkt\/niebieski-zimowy-plaszcz-z-welna-ada\/"]}]},{"@type":"ImageObject","inLanguage":"en-GB","@id":"https:\/\/talia-fashion.pl\/produkt\/niebieski-zimowy-plaszcz-z-welna-ada\/#primaryimage","url":"https:\/\/talia-fashion.pl\/wp-content\/uploads\/2024\/03\/niebieski-zimowy-plaszcz-welna-taliowany-wiazany.jpg","contentUrl":"https:\/\/talia-fashion.pl\/wp-content\/uploads\/2024\/03\/niebieski-zimowy-plaszcz-welna-taliowany-wiazany.jpg","width":1300,"height":1734,"caption":"Niebieski zimowy p\u0142aszcz o dopasowanym kroju. D\u0142ugo\u015b\u0107 w kolano. Zapinany na guziki i wi\u0105zany."},{"@type":"BreadcrumbList","@id":"https:\/\/talia-fashion.pl\/produkt\/niebieski-zimowy-plaszcz-z-welna-ada\/#breadcrumb","itemListElement":[{"@type":"ListItem","position":1,"name":"Strona g\u0142\u00f3wna","item":"https:\/\/talia-fashion.pl\/"},{"@type":"ListItem","position":2,"name":"Sklep","item":"https:\/\/talia-fashion.pl\/sklep\/"},{"@type":"ListItem","position":3,"name":"Niebieski zimowy p\u0142aszcz z we\u0142n\u0105 Ada"}]},{"@type":"WebSite","@id":"https:\/\/talia-fashion.pl\/#website","url":"https:\/\/talia-fashion.pl\/","name":"Talia Fashion","description":"","potentialAction":[{"@type":"SearchAction","target":{"@type":"EntryPoint","urlTemplate":"https:\/\/talia-fashion.pl\/?s={search_term_string}"},"query-input":{"@type":"PropertyValueSpecification","valueRequired":true,"valueName":"search_term_string"}}],"inLanguage":"en-GB"}]}},"_links":{"self":[{"href":"https:\/\/talia-fashion.pl\/en\/wp-json\/wp\/v2\/product\/5375","targetHints":{"allow":["GET"]}}],"collection":[{"href":"https:\/\/talia-fashion.pl\/en\/wp-json\/wp\/v2\/product"}],"about":[{"href":"https:\/\/talia-fashion.pl\/en\/wp-json\/wp\/v2\/types\/product"}],"wp:featuredmedia":[{"embeddable":true,"href":"https:\/\/talia-fashion.pl\/en\/wp-json\/wp\/v2\/media\/258813"}],"wp:attachment":[{"href":"https:\/\/talia-fashion.pl\/en\/wp-json\/wp\/v2\/media?parent=5375"}],"wp:term":[{"taxonomy":"product_cat","embeddable":true,"href":"https:\/\/talia-fashion.pl\/en\/wp-json\/wp\/v2\/product_cat?post=5375"},{"taxonomy":"product_tag","embeddable":true,"href":"https:\/\/talia-fashion.pl\/en\/wp-json\/wp\/v2\/product_tag?post=5375"}],"curies":[{"name":"wp","href":"https:\/\/api.w.org\/{rel}","templated":true}]}}