{"id":5076,"date":"2023-09-13T10:16:07","date_gmt":"2023-09-13T08:16:07","guid":{"rendered":"http:\/\/talia-fashion.pl\/produkt\/dwurzedowa-krotka-kurtka-z-mieszanki-welny-orla\/"},"modified":"2026-04-23T09:19:33","modified_gmt":"2026-04-23T07:19:33","slug":"dwurzedowa-krotka-kurtka-z-mieszanki-welny-orla","status":"publish","type":"product","link":"https:\/\/talia-fashion.pl\/en\/product\/dwurzedowa-krotka-kurtka-z-mieszanki-welny-orla\/","title":{"rendered":"Orla wool blend double-breasted short jacket"},"content":{"rendered":"<p><strong>Dwurz\u0119dowa kr\u00f3tka kurtka<\/strong> z mieszanki we\u0142ny Orla to ciep\u0142a wersja kr\u00f3tkiego trencza. Model ten ma <strong>ozdobne pagony na ramionach<\/strong>, mankiety z paskiem wyko\u0144czone kontrastowymi guzikami. Zapi\u0119cie na guziki. Dwie\u00a0 ozdobne kieszenie zwie\u0144czone szerokimi listewkami. Kurteczka ma <strong>raglanow\u0105 konstrukcj\u0119 r\u0119kaw\u00f3w<\/strong>, kt\u00f3ra zapewnia komfort noszenia. Z \u0142atwo\u015bci\u0105 zmie\u015bcisz pod ni\u0105 ciep\u0142\u0105 bluz\u0119 z kapturem czy we\u0142niany golf, a nawet ortalionowy ocieplacz. Cho\u0107 jest profilowana to propozycja <strong>w stylu oversize<\/strong>. Wyk\u0142adany, przepi\u0119kny ko\u0142nierz. <strong>Na podszewce. Kr\u00f3j cropped<\/strong>. Dwurz\u0119dowa kr\u00f3tka kurtka z mieszanki we\u0142ny Orla \u015bwietnie prezentuje si\u0119 zapi\u0119ta, jak i rozpi\u0119ta.<\/p>\n<p><span lang=\"DE\">Dwurz\u0119dowa kr\u00f3tka kurtka uszyta zosta\u0142a z ciep\u0142ej mieszanki we\u0142ny i znakomicie sprawdzi si\u0119 na jesie\u0144. To <span class=\"ILfuVd\" lang=\"pl\"><span class=\"hgKElc\">obowi\u0105zkowa pozycja w szafie kapsu\u0142owej, gdy\u017c <\/span><\/span><span class=\"ILfuVd\" lang=\"pl\"><span class=\"hgKElc\">pasuje w\u0142a\u015bciwie do wszystkiego. Idealne uzupe\u0142nienie codziennych stylizacji, zar\u00f3wno do d\u017cins\u00f3w i trampek, jak i do zwiewnej sukienki i loafers\u00f3w. A mo\u017ce chinosy damskie i najmodniejsze cz\u00f3\u0142enka Mary Jane. Stylizuj i \u0142\u0105cz jak tylko lubisz. <\/span><\/span><\/span><\/p>\n<p><span lang=\"DE\"><span class=\"ILfuVd\" lang=\"pl\"><span class=\"hgKElc\">Z powodzeniem te\u017c wcieli si\u0119 w <strong>rol\u0119 marynarki<\/strong> zastepuj\u0105c j\u0105 w biurowych outfitach. Nosi\u0107 mo\u017cna j\u0105 ca\u0142y rok &#8211; raz w roli okrycia wierzchniego a raz w roli typowej marynarki w wielowarstowych stylizacjach. I co w niej lubi\u0119 najbardziej &#8211; niezale\u017cnie od typu sylwetki wygl\u0105da si\u0119 w niej stylowo. Panie &#8222;Gruszki&#8221; &#8211; przy tej kr\u00f3tkiej kurtce nie musicie si\u0119 martwi\u0107 r\u00f3\u017cnic\u0105 mi\u0119dzy g\u00f3r\u0105 a do\u0142em Waszych sylwetek. Trzeba tylko pami\u0119ta\u0107, i\u017c je\u015bli po\u017c\u0105dany jest bardziej dopasowany efekt, to sugerujemy wyb\u00f3r mniejszego rozmiaru.<br \/>\n<\/span><\/span><\/span><\/p>\n<p>We recommend our tips: <a href=\"https:\/\/talia-fashion.pl\/en\/jak-dobrac-plaszcz-do-sylwetki\/\">How do you choose a coat to suit your figure?\u00a0<\/a><\/p>\n<p>The model is 172cm tall and a size S.<\/p>\n<p>Zdj\u0119cie rzeczywiste: jasny be\u017c<\/p>\n<p>P\u0142aszcz dost\u0119pny w nast\u0119puj\u0105cych kolorach: czarny, czekoladowy, jasny kamel, kremowo-be\u017cowy melan\u017c<\/p>\n<p>Available sizes: XS, S, M<\/p>\n<p>All available colours of materials are presented in the pictures of coats in various models and in our\u00a0<a href=\"https:\/\/talia-fashion.pl\/en\/paleta-kolorow\/\">Colour palette<\/a>. W razie w\u0105tpliwo\u015bci, prosimy o kontakt. Kr\u00f3tka kurtka Orla dost\u0119pna jest r\u00f3wnie\u017c w innych kolorach w pojedynczych egzemplarzach &#8211; zainteresowanych prosz\u0119 o kontakt emailowy, szczeg\u00f3lnie polecam <strong>jode\u0142ki<\/strong>.<\/p>\n<p>Indicative dimensions:<br \/>\nXS \u2013 biust: 86-88 \/ biodra: 94-96 \/ d\u0142ugo\u015b\u0107: 55 \/ r\u0119kaw: 62<br \/>\nS \u2013 biust: 90-92 \/ biodra: 98-100 \/ d\u0142ugo\u015b\u0107: 55 \/ r\u0119kaw: 62<br \/>\nM \u2013 biust: 94-96\u00a0\u00a0\/ biodra: 102-104 \/ d\u0142ugo\u015b\u0107: 55 \/ r\u0119kaw: 62<br \/>\nL \u2013 biust: 98-100 \/ biodra: 106-108 \/ d\u0142ugo\u015b\u0107: 55 \/ r\u0119kaw: 63<\/p>\n<p>Under\u00a0<a href=\"https:\/\/talia-fashion.pl\/en\/jak-dobrac-rozmiar\/\">How to choose a size?<\/a>\u00a0wyja\u015bniamy jak interpretowa\u0107 wymiary z powy\u017cszej tabeli a dodatkowo podpowiadamy w jaki spos\u00f3b si\u0119 zmierzy\u0107.<br \/>\nIf you are unsure of your size selection, please contact us.<\/p>\n<p><span lang=\"DE\">Materia\u0142 jasny be\u017c: 60% we\u0142na, 8% alpaka, 22% poliester, 10% wiskoza<\/span><\/p>\n<p>Kremowo-be\u017cowy melan\u017c: 70% we\u0142na, 30% poliester<\/p>\n<p>Czekoladowy, czarny, kamienny br\u0105z: 80% we\u0142na, 20% poliamid<\/p>\n<p>Lining: 100% acetate<\/p>\n<p>Like viscose, acetate is produced from cellulose. Acetate yarn can also be made from recycled cellulose such as paper. The acetate lining is excellent at absorbing moisture and allowing air to pass through. It is coated with an antistatic apprettee and is OEKOtex\u00ae Standard 100 certified.<\/p>\n<p>Dwurz\u0119dowa kr\u00f3tka kurtka z mieszanki we\u0142ny Orla zosta\u0142a zaprojektowana i uszyta w naszej rodzinnej pracowni. Od ponad 37 lat wierzymy w zr\u00f3wnowa\u017cony rozw\u00f3j i promujemy prac\u0119 ludzkich r\u0105k a rzemios\u0142o jest nasz\u0105 pasj\u0105.<\/p>\n<p>Dwurz\u0119dow\u0105 kr\u00f3tk\u0105 kurtk\u0119 z mieszanki we\u0142ny nale\u017cy czy\u015bci\u0107 chemicznie. \u00a0<a href=\"https:\/\/talia-fashion.pl\/en\/jak-pielegnowac-i-dbac-o-plaszcz\/\">How do you look after your coat?<\/a> &#8211; podpowiadamy w naszej zak\u0142adce. Dbanie o odzie\u017c i przed\u0142u\u017canie jej \u017cywotno\u015bci, to nie tylko oszcz\u0119dno\u015b\u0107 ale r\u00f3wnie\u017c wyraz troski o \u015brodowisko.<\/p>\n<p><strong>Individual order - <\/strong>Some modifications can be made at the client's request: shortening, lengthening of the sleeve, shortening and lengthening of the coat. Cost to be determined individually, after prior contact.<br \/>\n<strong>An individual order is not subject to exchange or refund.<\/strong><\/p>\n<p>Czas realizacji uzale\u017cniamy od aktualnego stanu magazynowego w pracowni oraz dost\u0119pno\u015bci danego koloru materia\u0142u. Je\u015bli dany p\u0142aszcz jest dost\u0119pny w pracowni realizacja zam\u00f3wienia nast\u0105pi bardzo szybko 2-5 dni roboczych. Je\u015bli konieczne jest uszycie p\u0142aszcza albo indywidualizacja zam\u00f3wienia \u2013 wykonanie przer\u00f3bki lub uszycie nowego p\u0142aszcza wed\u0142ug specyfikacji Klienta\u2013 czas realizacji zam\u00f3wienia mo\u017ce ulec wyd\u0142u\u017ceniu, maksymalnie do 2 tygodni.<\/p>\n<p>Uprawiamy tradycyjne rzemios\u0142o i nie szyjemy p\u0142aszczy na magazyn, dlatego prosimy o cierpliwo\u015b\u0107 w oczekiwaniu na zam\u00f3wienie. Dok\u0142adamy wszelkich stara\u0144 aby jak najszybciej uszy\u0107 t\u0119 kurtk\u0119 dla Ciebie.<\/p>\n<p>Thank you for supporting local crafts and please follow us on<a href=\"https:\/\/www.facebook.com\/talia.plaszcze\"> Facebook<\/a> i <a href=\"https:\/\/www.instagram.com\/talia_plaszcze\/\">Instagram<\/a>.<\/p>","protected":false},"excerpt":{"rendered":"<p>Dwurz\u0119dowa kr\u00f3tka kurtka z mieszanki we\u0142ny Orla to ciep\u0142a wersja kr\u00f3tkiego trencza. Model ten ma ozdobne pagony na ramionach, mankiety z paskiem&hellip;<\/p>","protected":false},"featured_media":807,"template":"","meta":{"_acf_changed":false},"product_cat":[55],"product_tag":[78,33,34,40,250,90,74,80,116,41,42,43,46,68,83,47,84,187,69,60,51,114,97],"class_list":{"0":"post-5076","1":"product","2":"type-product","3":"status-publish","4":"has-post-thumbnail","6":"product_cat-plaszcze-krotsze","7":"product_tag-dla-roznych-sylwetek","8":"product_tag-dwurzedowy","9":"product_tag-handmade","10":"product_tag-kolnierz","11":"product_tag-kroj-cropped","12":"product_tag-krotki-plaszcz","13":"product_tag-kurtka-damska","14":"product_tag-luzny-kroj","15":"product_tag-marynarka","16":"product_tag-na-podszewce","17":"product_tag-nowosc","18":"product_tag-plaszcz-damski","19":"product_tag-plaszcz-dwurzedowy","20":"product_tag-plaszcz-jesienny","21":"product_tag-plaszcz-luzny","22":"product_tag-plaszcz-na-guziki","23":"product_tag-plaszcz-oversizowy","24":"product_tag-plaszcz-trencz","25":"product_tag-prochowiec","26":"product_tag-producent-plaszczy-damskich","27":"product_tag-prosty","28":"product_tag-tencel","29":"product_tag-trencz","31":"first","32":"instock","33":"shipping-taxable","34":"purchasable","35":"product-type-variable","36":"has-default-attributes"},"acf":[],"yoast_head":"<!-- This site is optimized with the Yoast SEO plugin v25.7 - https:\/\/yoast.com\/wordpress\/plugins\/seo\/ -->\n<title>Dwurz\u0119dowa kr\u00f3tka kurtka z mieszanki we\u0142ny Orla - Talia Fashion - kurtki damskie<\/title>\n<meta name=\"description\" content=\"Dwurz\u0119dowa kr\u00f3tka kurtka z mieszanki we\u0142ny to ciep\u0142a wersja kr\u00f3tkiego trencza. Klasyka z twistem i obowi\u0105zkowa pozycja w szafie kapsu\u0142owej. Handmade.\" \/>\n<meta name=\"robots\" content=\"index, follow, max-snippet:-1, max-image-preview:large, max-video-preview:-1\" \/>\n<link rel=\"canonical\" href=\"https:\/\/talia-fashion.pl\/en\/product\/dwurzedowa-krotka-kurtka-z-mieszanki-welny-orla\/\" \/>\n<meta property=\"og:locale\" content=\"en_GB\" \/>\n<meta property=\"og:type\" content=\"article\" \/>\n<meta property=\"og:title\" content=\"Dwurz\u0119dowa kr\u00f3tka kurtka z mieszanki we\u0142ny Orla - Talia Fashion - kurtki damskie\" \/>\n<meta property=\"og:description\" content=\"Dwurz\u0119dowa kr\u00f3tka kurtka z mieszanki we\u0142ny to ciep\u0142a wersja kr\u00f3tkiego trencza. Klasyka z twistem i obowi\u0105zkowa pozycja w szafie kapsu\u0142owej. Handmade.\" \/>\n<meta property=\"og:url\" content=\"https:\/\/talia-fashion.pl\/en\/product\/dwurzedowa-krotka-kurtka-z-mieszanki-welny-orla\/\" \/>\n<meta property=\"og:site_name\" content=\"Talia Fashion\" \/>\n<meta property=\"article:modified_time\" content=\"2026-04-23T07:19:33+00:00\" \/>\n<meta property=\"og:image\" content=\"https:\/\/talia-fashion.pl\/wp-content\/uploads\/2024\/10\/dwurzedowa-krotka-kurtka-z-mieszanki-welny-podszewka-krotki-trencz.jpg\" \/>\n\t<meta property=\"og:image:width\" content=\"1500\" \/>\n\t<meta property=\"og:image:height\" content=\"2000\" \/>\n\t<meta property=\"og:image:type\" content=\"image\/jpeg\" \/>\n<meta name=\"twitter:card\" content=\"summary_large_image\" \/>\n<meta name=\"twitter:label1\" content=\"Estimated reading time\" \/>\n\t<meta name=\"twitter:data1\" content=\"4 minutes\" \/>\n<script type=\"application\/ld+json\" class=\"yoast-schema-graph\">{\"@context\":\"https:\/\/schema.org\",\"@graph\":[{\"@type\":\"WebPage\",\"@id\":\"https:\/\/talia-fashion.pl\/produkt\/dwurzedowa-krotka-kurtka-z-mieszanki-welny-orla\/\",\"url\":\"https:\/\/talia-fashion.pl\/produkt\/dwurzedowa-krotka-kurtka-z-mieszanki-welny-orla\/\",\"name\":\"Dwurz\u0119dowa kr\u00f3tka kurtka z mieszanki we\u0142ny Orla - Talia Fashion - kurtki damskie\",\"isPartOf\":{\"@id\":\"https:\/\/talia-fashion.pl\/#website\"},\"primaryImageOfPage\":{\"@id\":\"https:\/\/talia-fashion.pl\/produkt\/dwurzedowa-krotka-kurtka-z-mieszanki-welny-orla\/#primaryimage\"},\"image\":{\"@id\":\"https:\/\/talia-fashion.pl\/produkt\/dwurzedowa-krotka-kurtka-z-mieszanki-welny-orla\/#primaryimage\"},\"thumbnailUrl\":\"https:\/\/talia-fashion.pl\/wp-content\/uploads\/2024\/10\/dwurzedowa-krotka-kurtka-z-mieszanki-welny-podszewka-krotki-trencz.jpg\",\"datePublished\":\"2023-09-13T08:16:07+00:00\",\"dateModified\":\"2026-04-23T07:19:33+00:00\",\"description\":\"Dwurz\u0119dowa kr\u00f3tka kurtka z mieszanki we\u0142ny to ciep\u0142a wersja kr\u00f3tkiego trencza. Klasyka z twistem i obowi\u0105zkowa pozycja w szafie kapsu\u0142owej. Handmade.\",\"breadcrumb\":{\"@id\":\"https:\/\/talia-fashion.pl\/produkt\/dwurzedowa-krotka-kurtka-z-mieszanki-welny-orla\/#breadcrumb\"},\"inLanguage\":\"en-GB\",\"potentialAction\":[{\"@type\":\"ReadAction\",\"target\":[\"https:\/\/talia-fashion.pl\/produkt\/dwurzedowa-krotka-kurtka-z-mieszanki-welny-orla\/\"]}]},{\"@type\":\"ImageObject\",\"inLanguage\":\"en-GB\",\"@id\":\"https:\/\/talia-fashion.pl\/produkt\/dwurzedowa-krotka-kurtka-z-mieszanki-welny-orla\/#primaryimage\",\"url\":\"https:\/\/talia-fashion.pl\/wp-content\/uploads\/2024\/10\/dwurzedowa-krotka-kurtka-z-mieszanki-welny-podszewka-krotki-trencz.jpg\",\"contentUrl\":\"https:\/\/talia-fashion.pl\/wp-content\/uploads\/2024\/10\/dwurzedowa-krotka-kurtka-z-mieszanki-welny-podszewka-krotki-trencz.jpg\",\"width\":1500,\"height\":2000,\"caption\":\"Dwurz\u0119dowa, kr\u00f3tka kurtka z mieszanki we\u0142ny to ciep\u0142a wersja kr\u00f3tkiego trencza. Styl oversizowy.\"},{\"@type\":\"BreadcrumbList\",\"@id\":\"https:\/\/talia-fashion.pl\/produkt\/dwurzedowa-krotka-kurtka-z-mieszanki-welny-orla\/#breadcrumb\",\"itemListElement\":[{\"@type\":\"ListItem\",\"position\":1,\"name\":\"Strona g\u0142\u00f3wna\",\"item\":\"https:\/\/talia-fashion.pl\/\"},{\"@type\":\"ListItem\",\"position\":2,\"name\":\"Sklep\",\"item\":\"https:\/\/talia-fashion.pl\/sklep\/\"},{\"@type\":\"ListItem\",\"position\":3,\"name\":\"Dwurz\u0119dowa kr\u00f3tka kurtka z mieszanki we\u0142ny Orla\"}]},{\"@type\":\"WebSite\",\"@id\":\"https:\/\/talia-fashion.pl\/#website\",\"url\":\"https:\/\/talia-fashion.pl\/\",\"name\":\"Talia Fashion\",\"description\":\"\",\"potentialAction\":[{\"@type\":\"SearchAction\",\"target\":{\"@type\":\"EntryPoint\",\"urlTemplate\":\"https:\/\/talia-fashion.pl\/?s={search_term_string}\"},\"query-input\":{\"@type\":\"PropertyValueSpecification\",\"valueRequired\":true,\"valueName\":\"search_term_string\"}}],\"inLanguage\":\"en-GB\"}]}<\/script>\n<!-- \/ Yoast SEO plugin. -->","yoast_head_json":{"title":"Dwurz\u0119dowa kr\u00f3tka kurtka z mieszanki we\u0142ny Orla - Talia Fashion - kurtki damskie","description":"Dwurz\u0119dowa kr\u00f3tka kurtka z mieszanki we\u0142ny to ciep\u0142a wersja kr\u00f3tkiego trencza. Klasyka z twistem i obowi\u0105zkowa pozycja w szafie kapsu\u0142owej. Handmade.","robots":{"index":"index","follow":"follow","max-snippet":"max-snippet:-1","max-image-preview":"max-image-preview:large","max-video-preview":"max-video-preview:-1"},"canonical":"https:\/\/talia-fashion.pl\/en\/product\/dwurzedowa-krotka-kurtka-z-mieszanki-welny-orla\/","og_locale":"en_GB","og_type":"article","og_title":"Dwurz\u0119dowa kr\u00f3tka kurtka z mieszanki we\u0142ny Orla - Talia Fashion - kurtki damskie","og_description":"Dwurz\u0119dowa kr\u00f3tka kurtka z mieszanki we\u0142ny to ciep\u0142a wersja kr\u00f3tkiego trencza. Klasyka z twistem i obowi\u0105zkowa pozycja w szafie kapsu\u0142owej. Handmade.","og_url":"https:\/\/talia-fashion.pl\/en\/product\/dwurzedowa-krotka-kurtka-z-mieszanki-welny-orla\/","og_site_name":"Talia Fashion","article_modified_time":"2026-04-23T07:19:33+00:00","og_image":[{"width":1500,"height":2000,"url":"https:\/\/talia-fashion.pl\/wp-content\/uploads\/2024\/10\/dwurzedowa-krotka-kurtka-z-mieszanki-welny-podszewka-krotki-trencz.jpg","type":"image\/jpeg"}],"twitter_card":"summary_large_image","twitter_misc":{"Estimated reading time":"4 minutes"},"schema":{"@context":"https:\/\/schema.org","@graph":[{"@type":"WebPage","@id":"https:\/\/talia-fashion.pl\/produkt\/dwurzedowa-krotka-kurtka-z-mieszanki-welny-orla\/","url":"https:\/\/talia-fashion.pl\/produkt\/dwurzedowa-krotka-kurtka-z-mieszanki-welny-orla\/","name":"Dwurz\u0119dowa kr\u00f3tka kurtka z mieszanki we\u0142ny Orla - Talia Fashion - kurtki damskie","isPartOf":{"@id":"https:\/\/talia-fashion.pl\/#website"},"primaryImageOfPage":{"@id":"https:\/\/talia-fashion.pl\/produkt\/dwurzedowa-krotka-kurtka-z-mieszanki-welny-orla\/#primaryimage"},"image":{"@id":"https:\/\/talia-fashion.pl\/produkt\/dwurzedowa-krotka-kurtka-z-mieszanki-welny-orla\/#primaryimage"},"thumbnailUrl":"https:\/\/talia-fashion.pl\/wp-content\/uploads\/2024\/10\/dwurzedowa-krotka-kurtka-z-mieszanki-welny-podszewka-krotki-trencz.jpg","datePublished":"2023-09-13T08:16:07+00:00","dateModified":"2026-04-23T07:19:33+00:00","description":"Dwurz\u0119dowa kr\u00f3tka kurtka z mieszanki we\u0142ny to ciep\u0142a wersja kr\u00f3tkiego trencza. Klasyka z twistem i obowi\u0105zkowa pozycja w szafie kapsu\u0142owej. Handmade.","breadcrumb":{"@id":"https:\/\/talia-fashion.pl\/produkt\/dwurzedowa-krotka-kurtka-z-mieszanki-welny-orla\/#breadcrumb"},"inLanguage":"en-GB","potentialAction":[{"@type":"ReadAction","target":["https:\/\/talia-fashion.pl\/produkt\/dwurzedowa-krotka-kurtka-z-mieszanki-welny-orla\/"]}]},{"@type":"ImageObject","inLanguage":"en-GB","@id":"https:\/\/talia-fashion.pl\/produkt\/dwurzedowa-krotka-kurtka-z-mieszanki-welny-orla\/#primaryimage","url":"https:\/\/talia-fashion.pl\/wp-content\/uploads\/2024\/10\/dwurzedowa-krotka-kurtka-z-mieszanki-welny-podszewka-krotki-trencz.jpg","contentUrl":"https:\/\/talia-fashion.pl\/wp-content\/uploads\/2024\/10\/dwurzedowa-krotka-kurtka-z-mieszanki-welny-podszewka-krotki-trencz.jpg","width":1500,"height":2000,"caption":"Dwurz\u0119dowa, kr\u00f3tka kurtka z mieszanki we\u0142ny to ciep\u0142a wersja kr\u00f3tkiego trencza. Styl oversizowy."},{"@type":"BreadcrumbList","@id":"https:\/\/talia-fashion.pl\/produkt\/dwurzedowa-krotka-kurtka-z-mieszanki-welny-orla\/#breadcrumb","itemListElement":[{"@type":"ListItem","position":1,"name":"Strona g\u0142\u00f3wna","item":"https:\/\/talia-fashion.pl\/"},{"@type":"ListItem","position":2,"name":"Sklep","item":"https:\/\/talia-fashion.pl\/sklep\/"},{"@type":"ListItem","position":3,"name":"Dwurz\u0119dowa kr\u00f3tka kurtka z mieszanki we\u0142ny Orla"}]},{"@type":"WebSite","@id":"https:\/\/talia-fashion.pl\/#website","url":"https:\/\/talia-fashion.pl\/","name":"Talia Fashion","description":"","potentialAction":[{"@type":"SearchAction","target":{"@type":"EntryPoint","urlTemplate":"https:\/\/talia-fashion.pl\/?s={search_term_string}"},"query-input":{"@type":"PropertyValueSpecification","valueRequired":true,"valueName":"search_term_string"}}],"inLanguage":"en-GB"}]}},"_links":{"self":[{"href":"https:\/\/talia-fashion.pl\/en\/wp-json\/wp\/v2\/product\/5076","targetHints":{"allow":["GET"]}}],"collection":[{"href":"https:\/\/talia-fashion.pl\/en\/wp-json\/wp\/v2\/product"}],"about":[{"href":"https:\/\/talia-fashion.pl\/en\/wp-json\/wp\/v2\/types\/product"}],"wp:featuredmedia":[{"embeddable":true,"href":"https:\/\/talia-fashion.pl\/en\/wp-json\/wp\/v2\/media\/807"}],"wp:attachment":[{"href":"https:\/\/talia-fashion.pl\/en\/wp-json\/wp\/v2\/media?parent=5076"}],"wp:term":[{"taxonomy":"product_cat","embeddable":true,"href":"https:\/\/talia-fashion.pl\/en\/wp-json\/wp\/v2\/product_cat?post=5076"},{"taxonomy":"product_tag","embeddable":true,"href":"https:\/\/talia-fashion.pl\/en\/wp-json\/wp\/v2\/product_tag?post=5076"}],"curies":[{"name":"wp","href":"https:\/\/api.w.org\/{rel}","templated":true}]}}