{"id":4970,"date":"2023-09-09T12:03:25","date_gmt":"2023-09-09T10:03:25","guid":{"rendered":"http:\/\/talia-fashion.pl\/produkt\/czekoladowy-plaszcz-z-welny-i-alpaki-mira\/"},"modified":"2026-02-12T15:22:17","modified_gmt":"2026-02-12T14:22:17","slug":"czarny-plaszcz-z-welny-alpaki-i-moheru-mira","status":"publish","type":"product","link":"https:\/\/talia-fashion.pl\/en\/product\/czarny-plaszcz-z-welny-alpaki-i-moheru-mira\/","title":{"rendered":"Black wool, alpaca and mohair Mira coat"},"content":{"rendered":"<div id=\"tabs-list-description\" class=\"tab-pane active in\">\n<div class=\"description\">\n<p>Czarny p\u0142aszcz z we\u0142ny, alpaki i moheru Mira zosta\u0142 wykonany z wysokiej jako\u015bci mi\u0119sistej tkaniny z mieszanki we\u0142ny. Zapinany dwurz\u0119dowo na dobrane kolorystycznie guziki, kt\u00f3re stanowi\u0105 jedyn\u0105 ozdob\u0119 tego p\u0142aszcza. Model ten jest bardzo <strong>minimalist<\/strong>, dzi\u0119ki czemu zyskuje ponadczasowo\u015b\u0107 i elegancj\u0119. <strong>Linia ekskluzywna<\/strong>. Kr\u00f3j p\u0142aszcza dopasowany z ty\u0142u, z przodu profilowany, bez dodatkowych ci\u0119\u0107. Klasyczna linia ramion oraz wyk\u0142adany ko\u0142nierz z klapami podkre\u015blaj\u0105cy dekolt. Podniesiony ko\u0142nierz ochroni przed wiatrem. Wyjmowany pasek, uszyty z tej samej tkaniny, do wi\u0105zania i podkre\u015blenia talii. Dwie, boczne kieszenie zako\u0144czone listewk\u0105. <strong>Mid-calf length<\/strong>, z rozporkiem. P\u0142aszcz w ca\u0142o\u015bci <strong>insulated<\/strong>including sleeves.<\/p>\n<p>Dopracowany w najmniejszym detalu, idealnie sprawdzi si\u0119 w sezonie zimowym i z \u0142atwo\u015bci\u0105 stworzysz z nim najr\u00f3\u017cniejsze stylizacje. Wszystko zale\u017cy od Twojego stylu, upodoba\u0144 i pomys\u0142u. Sukienka, kozaki, kapelusz i p\u0142aszcz Mira i stylizacja gotowa. Jendak nic nie stoi na przeszkodzie, by do tego jak\u017ce wyrafinowanego p\u0142aszcza, za\u0142o\u017cy\u0107 ocieplane sneakersy oraz mi\u0119ciutki szalik i pogna\u0107 na d\u0142uuuugi spacer.<\/p>\n<p>If you're wondering which coat to choose, we suggest you take a look at our tips\u00a0<a href=\"https:\/\/talia-fashion.pl\/en\/jak-dobrac-plaszcz-do-sylwetki\/\">How do you choose a coat to suit your figure?<\/a><\/p>\n<p><span lang=\"DE\">Actual photo - black<\/span><\/p>\n<p>Available colours<span lang=\"DE\">: ciemna oliwka (po\u0142\u0105czeniu br\u0105zu i oliwki &#8211; tylko\u00a0 L), czarny<br \/>\n<\/span><\/p>\n<p>The colours are shown in the pictures of the coats in different cuts, in the other auctions and in the\u00a0<a href=\"https:\/\/talia-fashion.pl\/en\/paleta-kolorow\/\">colour palette<\/a>. If in doubt, please contact us.<\/p>\n<p><span lang=\"DE\">Available sizes: XS, S, M, L, XL<br \/>\n<\/span><\/p>\n<p>The model is 172 cm and a size S.<\/p>\n<p><span lang=\"DE\">Indicative dimensions:<\/span><\/p>\n<p><span lang=\"DE\">XS - bust: 86-88 \/ hips 94-96 \/ length: 117 \/ sleeve 61<br \/>\nS - bust: 90-92 \/ hips: 98-100 \/ length: 118\/ sleeve: 62<br \/>\nM - bust: 94-96 \/ hips: 102-104 \/ length: 118 \/ sleeve: 62<br \/>\nL \u2013 biust: 98-100 \/ biodra: 106-108 \/ d\u0142ugo\u015b\u0107: 118 \/ r\u0119kaw: 63<br \/>\nXL - bust: 104-106 \/ hips: 112-114 \/ length: 119 \/ sleeve: 64<\/span><\/p>\n<p><span lang=\"DE\">If you are unsure of your size selection, please contact us.<\/span><\/p>\n<p><span lang=\"DE\">Materia\u0142 kolor ciemna oliwka: 60<\/span><span lang=\"DE\">% alpaka, 30% we\u0142na, 10% poliamid<br \/>\n<\/span><\/p>\n<p>Czarny materia\u0142: 68% we\u0142na dziewicza, 11% moher, 11% alpaka, 10% poliamid<\/p>\n<p>Lining: 100% acetate<br \/>\nLike viscose, acetate is produced from cellulose. Acetate yarn can also be made from recycled cellulose such as paper. The acetate lining is excellent at absorbing moisture and allowing air to pass through. It is coated with an antistatic apprettee and is OEKOtex\u00ae Standard 100 certified.<\/p>\n<p>Insulation: 100% non-woven recycled polyester<br \/>\nOur coats are insulated with a compressed thermo-insulating quilted fleece on the lining. The fleece is made from recycled polyester fibres. The material is lightweight, thin and at the same time perfectly insulating. The insulating fleece we use is resistant to moisture (it retains its insulating properties and warming effect even in damp conditions), stops the wind, is hypoallergenic and breathable. It is OEKOtex\u00ae Standard 100 certified.<\/p>\n<p>Czarny p\u0142aszcz z we\u0142ny, alpaki i moheru Mira powsta\u0142 w <strong>our family tailor shop<\/strong> in Pozna\u0144, in an environmentally friendly and Fair Trade manner<span lang=\"DE\">. Our coat is an artisanal creation in which even the buttons have been sewn by hand. It has been sewn from deadstock material selected by us, previously produced for a well-known brand. The process of finding materials is very labour-intensive, but this allows us to offer very good quality materials at a good price and contribute to reducing global overproduction. Sustainability is very important to us.<br \/>\n<\/span><\/p>\n<p>The coat should be dry-cleaned. For frequent refreshing of the wool we recommend the following\u00a0<a href=\"https:\/\/talia-fashion.pl\/en\/product\/szczotka-do-czyszczenia-i-pielegnacji-plaszcza\/\">Brush for cleaning and care of the coat<\/a>, kt\u00f3r\u0105 mo\u017cna kupi\u0107 w naszym sklepie. Aby utrzyma\u0107 p\u0142aszcz w czysto\u015bci cz\u0119sto wystarczy wietrzy\u0107 go i regularnie szczotkowa\u0107. Ten proces jest delikatniejszy dla tkanin i pozwala unikn\u0105\u0107 zu\u017cycia wody i energii w procesach prania. Dbaj\u0105c o ubranie, chronisz \u015brodowisko. Zach\u0119camy do zapoznania si\u0119 z naszym poradnikiem: <a href=\"https:\/\/talia-fashion.pl\/en\/jak-pielegnowac-i-dbac-o-plaszcz\/\">How to care for and maintain coats?<\/a><\/p>\n<p>It is possible to make some modifications in the <strong>Individual orders<\/strong> \u2013 na \u017cyczenie Klienta: skr\u00f3cenie, wyd\u0142u\u017cenie r\u0119kawa, skr\u00f3cenie i wyd\u0142u\u017cenie p\u0142aszcza. <strong>An individual order is not subject to exchange or refund.<\/strong><\/p>\n<p><span lang=\"DE\">Czas realizacji zam\u00f3wienia uzale\u017cniamy od aktualnego stanu magazynowego w pracowni oraz dost\u0119pno\u015bci danego koloru materia\u0142u. Je\u015bli dany p\u0142aszcz jest dost\u0119pny w firmie realizacja zam\u00f3wienia nast\u0105pi bardzo szybko 2-5 dni roboczych. Je\u015bli konieczne jest uszycie nowego p\u0142aszcza lub indywidualizacja zam\u00f3wienia \u2013 wykonanie przer\u00f3bki lub uszycie nowego p\u0142aszcza wed\u0142ug specyfikacji Klienta \u2013 czas realizacji zam\u00f3wienia mo\u017ce ulec wyd\u0142u\u017ceniu, maksymalnie do 2 tygodni.<\/span><\/p>\n<p>We do our best to keep the waiting time as short as possible, but our coats are sewn by hand using traditional methods, so please be patient.<\/p>\n<p>We encourage you to like our fanpage on\u00a0<a href=\"https:\/\/www.facebook.com\/talia.plaszcze\">Facebook<\/a>\u00a0i\u00a0<a href=\"https:\/\/www.instagram.com\/talia_plaszcze\/\">Instagram<\/a><\/p>\n<\/div>\n<\/div>","protected":false},"excerpt":{"rendered":"<p>Luksusowa tkanina, elegancka podszewka i dopracowane detale tworz\u0105 wyj\u0105tkowy, klasyczny p\u0142aszcz damski z nut\u0105 nowoczesnej elegancji. Idealny na ch\u0142odne dni \u2013 zapewnia komfort, ciep\u0142o i wyrafinowany styl.<\/p>","protected":false},"featured_media":258614,"template":"","meta":{"_acf_changed":false},"product_cat":[36],"product_tag":[244,78,119,32,39,224,121,81,42,67,47,122,85,102,50,95,86,60,87,157,63,88],"class_list":{"0":"post-4970","1":"product","2":"type-product","3":"status-publish","4":"has-post-thumbnail","6":"product_cat-plaszcze-dluzsze","7":"product_tag-czekoladowy-plaszcz","8":"product_tag-dla-roznych-sylwetek","9":"product_tag-dlugi-plaszcz-zimowy","10":"product_tag-dopasowany-kroj","11":"product_tag-klasyczny","12":"product_tag-limited-edition","13":"product_tag-materialy-przyjazne-dla-srodowiska","14":"product_tag-naturalne-materialy","15":"product_tag-nowosc","16":"product_tag-ocieplany","17":"product_tag-plaszcz-na-guziki","18":"product_tag-plaszcz-szlafrokowy","19":"product_tag-plaszcz-welniany","20":"product_tag-plaszcz-z-alpaki","21":"product_tag-plaszcz-z-rewersem","22":"product_tag-plaszcz-zimowy","23":"product_tag-plaszcz-zimowy-ocieplany","24":"product_tag-producent-plaszczy-damskich","25":"product_tag-produkt-premium","26":"product_tag-teddy-bear","27":"product_tag-welniany","28":"product_tag-wiazany","30":"first","31":"instock","32":"shipping-taxable","33":"purchasable","34":"product-type-variable","35":"has-default-attributes"},"acf":[],"yoast_head":"<!-- This site is optimized with the Yoast SEO plugin v25.7 - https:\/\/yoast.com\/wordpress\/plugins\/seo\/ -->\n<title>Czarny p\u0142aszcz z we\u0142ny, alpaki i moheru Mira - Talia Fashion - Producent p\u0142aszczy<\/title>\n<meta name=\"description\" content=\"Czarny p\u0142aszcz z we\u0142ny, alpaki i moheru Mira - uszyty z wysokiej jako\u015bci mi\u0119sistego i mi\u0119kkiego materia\u0142u. Ocieplany. Wymarzony, zimowy, d\u0142ugi p\u0142aszcz.\" \/>\n<meta name=\"robots\" content=\"index, follow, max-snippet:-1, max-image-preview:large, max-video-preview:-1\" \/>\n<link rel=\"canonical\" href=\"https:\/\/talia-fashion.pl\/en\/product\/czarny-plaszcz-z-welny-alpaki-i-moheru-mira\/\" \/>\n<meta property=\"og:locale\" content=\"en_GB\" \/>\n<meta property=\"og:type\" content=\"article\" \/>\n<meta property=\"og:title\" content=\"Czarny p\u0142aszcz z we\u0142ny, alpaki i moheru Mira - Talia Fashion - Producent p\u0142aszczy\" \/>\n<meta property=\"og:description\" content=\"Czarny p\u0142aszcz z we\u0142ny, alpaki i moheru Mira - uszyty z wysokiej jako\u015bci mi\u0119sistego i mi\u0119kkiego materia\u0142u. Ocieplany. Wymarzony, zimowy, d\u0142ugi p\u0142aszcz.\" \/>\n<meta property=\"og:url\" content=\"https:\/\/talia-fashion.pl\/en\/product\/czarny-plaszcz-z-welny-alpaki-i-moheru-mira\/\" \/>\n<meta property=\"og:site_name\" content=\"Talia Fashion\" \/>\n<meta property=\"article:modified_time\" content=\"2026-02-12T14:22:17+00:00\" \/>\n<meta property=\"og:image\" content=\"https:\/\/talia-fashion.pl\/wp-content\/uploads\/2023\/09\/czarny-plaszcz-welna-alpaka-zimowy-ocieplany-wiazany-szlafrokowy-kroj.jpg\" \/>\n\t<meta property=\"og:image:width\" content=\"1500\" \/>\n\t<meta property=\"og:image:height\" content=\"2000\" \/>\n\t<meta property=\"og:image:type\" content=\"image\/jpeg\" \/>\n<meta name=\"twitter:card\" content=\"summary_large_image\" \/>\n<meta name=\"twitter:label1\" content=\"Estimated reading time\" \/>\n\t<meta name=\"twitter:data1\" content=\"4 minutes\" \/>\n<script type=\"application\/ld+json\" class=\"yoast-schema-graph\">{\"@context\":\"https:\/\/schema.org\",\"@graph\":[{\"@type\":\"WebPage\",\"@id\":\"https:\/\/talia-fashion.pl\/produkt\/czarny-plaszcz-z-welny-alpaki-i-moheru-mira\/\",\"url\":\"https:\/\/talia-fashion.pl\/produkt\/czarny-plaszcz-z-welny-alpaki-i-moheru-mira\/\",\"name\":\"Czarny p\u0142aszcz z we\u0142ny, alpaki i moheru Mira - Talia Fashion - Producent p\u0142aszczy\",\"isPartOf\":{\"@id\":\"https:\/\/talia-fashion.pl\/#website\"},\"primaryImageOfPage\":{\"@id\":\"https:\/\/talia-fashion.pl\/produkt\/czarny-plaszcz-z-welny-alpaki-i-moheru-mira\/#primaryimage\"},\"image\":{\"@id\":\"https:\/\/talia-fashion.pl\/produkt\/czarny-plaszcz-z-welny-alpaki-i-moheru-mira\/#primaryimage\"},\"thumbnailUrl\":\"https:\/\/talia-fashion.pl\/wp-content\/uploads\/2023\/09\/czarny-plaszcz-welna-alpaka-zimowy-ocieplany-wiazany-szlafrokowy-kroj.jpg\",\"datePublished\":\"2023-09-09T10:03:25+00:00\",\"dateModified\":\"2026-02-12T14:22:17+00:00\",\"description\":\"Czarny p\u0142aszcz z we\u0142ny, alpaki i moheru Mira - uszyty z wysokiej jako\u015bci mi\u0119sistego i mi\u0119kkiego materia\u0142u. Ocieplany. Wymarzony, zimowy, d\u0142ugi p\u0142aszcz.\",\"breadcrumb\":{\"@id\":\"https:\/\/talia-fashion.pl\/produkt\/czarny-plaszcz-z-welny-alpaki-i-moheru-mira\/#breadcrumb\"},\"inLanguage\":\"en-GB\",\"potentialAction\":[{\"@type\":\"ReadAction\",\"target\":[\"https:\/\/talia-fashion.pl\/produkt\/czarny-plaszcz-z-welny-alpaki-i-moheru-mira\/\"]}]},{\"@type\":\"ImageObject\",\"inLanguage\":\"en-GB\",\"@id\":\"https:\/\/talia-fashion.pl\/produkt\/czarny-plaszcz-z-welny-alpaki-i-moheru-mira\/#primaryimage\",\"url\":\"https:\/\/talia-fashion.pl\/wp-content\/uploads\/2023\/09\/czarny-plaszcz-welna-alpaka-zimowy-ocieplany-wiazany-szlafrokowy-kroj.jpg\",\"contentUrl\":\"https:\/\/talia-fashion.pl\/wp-content\/uploads\/2023\/09\/czarny-plaszcz-welna-alpaka-zimowy-ocieplany-wiazany-szlafrokowy-kroj.jpg\",\"width\":1500,\"height\":2000,\"caption\":\"Czarny p\u0142aszcz zimowy z ekskluzywnej mieszanki we\u0142ny. Klasyczny kr\u00f3j, wyrafinowany styl.\"},{\"@type\":\"BreadcrumbList\",\"@id\":\"https:\/\/talia-fashion.pl\/produkt\/czarny-plaszcz-z-welny-alpaki-i-moheru-mira\/#breadcrumb\",\"itemListElement\":[{\"@type\":\"ListItem\",\"position\":1,\"name\":\"Strona g\u0142\u00f3wna\",\"item\":\"https:\/\/talia-fashion.pl\/\"},{\"@type\":\"ListItem\",\"position\":2,\"name\":\"Sklep\",\"item\":\"https:\/\/talia-fashion.pl\/sklep\/\"},{\"@type\":\"ListItem\",\"position\":3,\"name\":\"Czarny p\u0142aszcz z we\u0142ny, alpaki i moheru Mira\"}]},{\"@type\":\"WebSite\",\"@id\":\"https:\/\/talia-fashion.pl\/#website\",\"url\":\"https:\/\/talia-fashion.pl\/\",\"name\":\"Talia Fashion\",\"description\":\"\",\"potentialAction\":[{\"@type\":\"SearchAction\",\"target\":{\"@type\":\"EntryPoint\",\"urlTemplate\":\"https:\/\/talia-fashion.pl\/?s={search_term_string}\"},\"query-input\":{\"@type\":\"PropertyValueSpecification\",\"valueRequired\":true,\"valueName\":\"search_term_string\"}}],\"inLanguage\":\"en-GB\"}]}<\/script>\n<!-- \/ Yoast SEO plugin. -->","yoast_head_json":{"title":"Czarny p\u0142aszcz z we\u0142ny, alpaki i moheru Mira - Talia Fashion - Producent p\u0142aszczy","description":"Czarny p\u0142aszcz z we\u0142ny, alpaki i moheru Mira - uszyty z wysokiej jako\u015bci mi\u0119sistego i mi\u0119kkiego materia\u0142u. Ocieplany. Wymarzony, zimowy, d\u0142ugi p\u0142aszcz.","robots":{"index":"index","follow":"follow","max-snippet":"max-snippet:-1","max-image-preview":"max-image-preview:large","max-video-preview":"max-video-preview:-1"},"canonical":"https:\/\/talia-fashion.pl\/en\/product\/czarny-plaszcz-z-welny-alpaki-i-moheru-mira\/","og_locale":"en_GB","og_type":"article","og_title":"Czarny p\u0142aszcz z we\u0142ny, alpaki i moheru Mira - Talia Fashion - Producent p\u0142aszczy","og_description":"Czarny p\u0142aszcz z we\u0142ny, alpaki i moheru Mira - uszyty z wysokiej jako\u015bci mi\u0119sistego i mi\u0119kkiego materia\u0142u. Ocieplany. Wymarzony, zimowy, d\u0142ugi p\u0142aszcz.","og_url":"https:\/\/talia-fashion.pl\/en\/product\/czarny-plaszcz-z-welny-alpaki-i-moheru-mira\/","og_site_name":"Talia Fashion","article_modified_time":"2026-02-12T14:22:17+00:00","og_image":[{"width":1500,"height":2000,"url":"https:\/\/talia-fashion.pl\/wp-content\/uploads\/2023\/09\/czarny-plaszcz-welna-alpaka-zimowy-ocieplany-wiazany-szlafrokowy-kroj.jpg","type":"image\/jpeg"}],"twitter_card":"summary_large_image","twitter_misc":{"Estimated reading time":"4 minutes"},"schema":{"@context":"https:\/\/schema.org","@graph":[{"@type":"WebPage","@id":"https:\/\/talia-fashion.pl\/produkt\/czarny-plaszcz-z-welny-alpaki-i-moheru-mira\/","url":"https:\/\/talia-fashion.pl\/produkt\/czarny-plaszcz-z-welny-alpaki-i-moheru-mira\/","name":"Czarny p\u0142aszcz z we\u0142ny, alpaki i moheru Mira - Talia Fashion - Producent p\u0142aszczy","isPartOf":{"@id":"https:\/\/talia-fashion.pl\/#website"},"primaryImageOfPage":{"@id":"https:\/\/talia-fashion.pl\/produkt\/czarny-plaszcz-z-welny-alpaki-i-moheru-mira\/#primaryimage"},"image":{"@id":"https:\/\/talia-fashion.pl\/produkt\/czarny-plaszcz-z-welny-alpaki-i-moheru-mira\/#primaryimage"},"thumbnailUrl":"https:\/\/talia-fashion.pl\/wp-content\/uploads\/2023\/09\/czarny-plaszcz-welna-alpaka-zimowy-ocieplany-wiazany-szlafrokowy-kroj.jpg","datePublished":"2023-09-09T10:03:25+00:00","dateModified":"2026-02-12T14:22:17+00:00","description":"Czarny p\u0142aszcz z we\u0142ny, alpaki i moheru Mira - uszyty z wysokiej jako\u015bci mi\u0119sistego i mi\u0119kkiego materia\u0142u. Ocieplany. Wymarzony, zimowy, d\u0142ugi p\u0142aszcz.","breadcrumb":{"@id":"https:\/\/talia-fashion.pl\/produkt\/czarny-plaszcz-z-welny-alpaki-i-moheru-mira\/#breadcrumb"},"inLanguage":"en-GB","potentialAction":[{"@type":"ReadAction","target":["https:\/\/talia-fashion.pl\/produkt\/czarny-plaszcz-z-welny-alpaki-i-moheru-mira\/"]}]},{"@type":"ImageObject","inLanguage":"en-GB","@id":"https:\/\/talia-fashion.pl\/produkt\/czarny-plaszcz-z-welny-alpaki-i-moheru-mira\/#primaryimage","url":"https:\/\/talia-fashion.pl\/wp-content\/uploads\/2023\/09\/czarny-plaszcz-welna-alpaka-zimowy-ocieplany-wiazany-szlafrokowy-kroj.jpg","contentUrl":"https:\/\/talia-fashion.pl\/wp-content\/uploads\/2023\/09\/czarny-plaszcz-welna-alpaka-zimowy-ocieplany-wiazany-szlafrokowy-kroj.jpg","width":1500,"height":2000,"caption":"Czarny p\u0142aszcz zimowy z ekskluzywnej mieszanki we\u0142ny. Klasyczny kr\u00f3j, wyrafinowany styl."},{"@type":"BreadcrumbList","@id":"https:\/\/talia-fashion.pl\/produkt\/czarny-plaszcz-z-welny-alpaki-i-moheru-mira\/#breadcrumb","itemListElement":[{"@type":"ListItem","position":1,"name":"Strona g\u0142\u00f3wna","item":"https:\/\/talia-fashion.pl\/"},{"@type":"ListItem","position":2,"name":"Sklep","item":"https:\/\/talia-fashion.pl\/sklep\/"},{"@type":"ListItem","position":3,"name":"Czarny p\u0142aszcz z we\u0142ny, alpaki i moheru Mira"}]},{"@type":"WebSite","@id":"https:\/\/talia-fashion.pl\/#website","url":"https:\/\/talia-fashion.pl\/","name":"Talia Fashion","description":"","potentialAction":[{"@type":"SearchAction","target":{"@type":"EntryPoint","urlTemplate":"https:\/\/talia-fashion.pl\/?s={search_term_string}"},"query-input":{"@type":"PropertyValueSpecification","valueRequired":true,"valueName":"search_term_string"}}],"inLanguage":"en-GB"}]}},"_links":{"self":[{"href":"https:\/\/talia-fashion.pl\/en\/wp-json\/wp\/v2\/product\/4970","targetHints":{"allow":["GET"]}}],"collection":[{"href":"https:\/\/talia-fashion.pl\/en\/wp-json\/wp\/v2\/product"}],"about":[{"href":"https:\/\/talia-fashion.pl\/en\/wp-json\/wp\/v2\/types\/product"}],"wp:featuredmedia":[{"embeddable":true,"href":"https:\/\/talia-fashion.pl\/en\/wp-json\/wp\/v2\/media\/258614"}],"wp:attachment":[{"href":"https:\/\/talia-fashion.pl\/en\/wp-json\/wp\/v2\/media?parent=4970"}],"wp:term":[{"taxonomy":"product_cat","embeddable":true,"href":"https:\/\/talia-fashion.pl\/en\/wp-json\/wp\/v2\/product_cat?post=4970"},{"taxonomy":"product_tag","embeddable":true,"href":"https:\/\/talia-fashion.pl\/en\/wp-json\/wp\/v2\/product_tag?post=4970"}],"curies":[{"name":"wp","href":"https:\/\/api.w.org\/{rel}","templated":true}]}}