{"id":4556,"date":"2022-09-15T18:04:09","date_gmt":"2022-09-15T16:04:09","guid":{"rendered":"http:\/\/talia-fashion.pl\/produkt\/ocieplany-plaszcz-z-kapturem-w-kolorze-sliwkowym-camilla\/"},"modified":"2026-03-23T12:19:19","modified_gmt":"2026-03-23T11:19:19","slug":"ocieplany-plaszcz-z-kapturem-w-kolorze-granatowym-camilla","status":"publish","type":"product","link":"https:\/\/talia-fashion.pl\/en\/product\/ocieplany-plaszcz-z-kapturem-w-kolorze-granatowym-camilla\/","title":{"rendered":"Camilla navy blue insulated hooded coat"},"content":{"rendered":"<p>Ocieplany p\u0142aszcz z kapturem w kolorze granatowym Camilla to bardzo komfortowa propozycja p\u0142aszcza zimowego. Model ten zapinany jest na trzy guziki. Zapi\u0119cie g\u00f3rnego guzika powoduje przyjemne otulenie dzi\u0119ki powsta\u0142ej st\u00f3jce. Linia p\u0142aszcza jest dopasowana, ty\u0142 jest taliowany, prz\u00f3d profilowany, jednak\u017ce dodatkowo mo\u017cna podkre\u015bli\u0107 tali\u0119 paskiem, uszytym z tego samego materia\u0142u. Dwie boczne, wpuszczane kieszenie. Uszyty zosta\u0142 z mi\u0119kkiego, mi\u0119sistego materia\u0142u dzi\u0119ki czemu jest bardzo plastyczny i ciep\u0142y. Ten we\u0142niany p\u0142aszcz z kapturem jest w ca\u0142o\u015bci ocieplany i b\u0119dzie idealny na zimowe ch\u0142ody.<\/p>\n<p>P\u0142aszcz z kapturem we\u0142niany Camila jest funkcjonalny i stylowy. Bez problemu mo\u017cemy wykorzysta\u0107 go na spacer w zimne dni i ubra\u0107 do niego lu\u017any str\u00f3j wraz z obuwiem sportowym b\u0105d\u017a traperami. Je\u015bli zapomnisz szala i czapki \u2013 to nic nie szkodzi! Ten model zapewni Ci ochron\u0119 g\u0142owy przed zimnem a wysokie podpi\u0119cie tworz\u0105ce st\u00f3jk\u0119 i otulaj\u0105ce szyj\u0119 zast\u0105pi szal. Oczywi\u015bcie to nie jest jedyna mo\u017cliwo\u015b\u0107 stylizacji. Gdy za\u015bwieci s\u0142o\u0144ce &#8211; kaptur mo\u017cna roz\u0142o\u017cy\u0107 w ca\u0142ej jego okaza\u0142o\u015bci i p\u0142aszcz zmieni charakter ze sportowego na bardzo stylowy i szykowny.\u00a0 Idealny do sukienki, garnituru\u00a0 i\u00a0 but\u00f3w na obcasie, opr\u00f3cz elegancji zapewniaj\u0105c komfort i wygod\u0119. Dodatkowo model ten jest ponadczasowy i b\u0119dzie towarzyszy\u0142 Ci latami.<\/p>\n<p>If you're wondering which coat to choose, we suggest you take a look at our tips\u00a0<a href=\"https:\/\/talia-fashion.pl\/en\/jak-dobrac-plaszcz-do-sylwetki\/\">How do you choose a coat to suit your figure?<\/a><\/p>\n<p>Zdj\u0119cie rzeczywiste \u2013 granatowy<\/p>\n<p>Dost\u0119pne kolory: wino (S), butelkowa ziele\u0144, granat, kamel<\/p>\n<p>Materia\u0142: 60% we\u0142na, 22% poliester, 10% wiskoza, 8% alpaka<\/p>\n<p>Lining: 100% acetate<\/p>\n<p>Like viscose, acetate is produced from cellulose. Acetate yarn can also be made from recycled cellulose such as paper. The acetate lining is excellent at absorbing moisture and allowing air to pass through. It is coated with an antistatic apprettee and is OEKOtex\u00ae Standard 100 certified.<\/p>\n<p>Insulation: 100% non-woven recycled polyester<br \/>\nNasze p\u0142aszcze ocieplane s\u0105 sprasowan\u0105 termoizoluj\u0105c\u0105 w\u0142\u00f3knin\u0105 pikowan\u0105 na podszewce. W\u0142\u00f3knina wytworzona jest z poliestrowych w\u0142\u00f3kien wyprodukowanych z surowc\u00f3w wt\u00f3rnych. Materia\u0142 jest lekki, cienki a zarazem doskonale izoluj\u0105cy. Stosowana przez nas ocieplina jest odporna na wilgo\u0107 (zachowuje w\u0142a\u015bciwo\u015bci izolacyjne i efekt grzania nawet w warunkach wilgotnych), zatrzymuje wiatr, jest hypoalergiczna i oddychaj\u0105ca. Posiada Certyfikat OEKOtex\u00ae Standard 100.<\/p>\n<p>Available sizes: XS, S, M, L, XL<\/p>\n<p>Indicative dimensions:<\/p>\n<p>XS \u2013 biust: 86-88 \/ biodra: 94-96 \/ d\u0142ugo\u015b\u0107: 96 \/ r\u0119kaw: 61<br \/>\nS \u2013 biust: 90-92 \/ biodra: 98-100 \/ d\u0142ugo\u015b\u0107: 97 \/ r\u0119kaw: 61,5<br \/>\nM \u2013 biust: 94-96 \/ biodra: 102-104 \/ d\u0142ugo\u015b\u0107: 97 \/ r\u0119kaw: 62<br \/>\nL - bust: 98-100 \/ hips: 106-108 \/ length: 98 \/ sleeve: 63<br \/>\nXL \u2013 biust: 104-106 \/ biodra: 112-114 \/ d\u0142ugo\u015b\u0107: 99 \/ r\u0119kaw: 64<\/p>\n<p>Ocieplany p\u0142aszcz z kapturem w kolorze granatowym Camilla ma do\u015b\u0107 du\u017cy zak\u0142ad i bardzo wygodn\u0105 lini\u0119, dzi\u0119ki czemu zawsze mo\u017cna przesun\u0105\u0107 guziki, aby zyska\u0107 dodatkowe centymetry, b\u0105d\u017a go odpowiednio zmniejszy\u0107, bez wp\u0142ywu na fason p\u0142aszcza. W razie w\u0105tpliwo\u015bci, prosimy o kontakt.<\/p>\n<p>P\u0142aszcz zaprojektowali\u015bmy i uszyli\u015bmy w naszej pracowni w Poznaniu. Wszystkie nasze p\u0142aszcze s\u0105 szyte r\u0119cznie tradycyjnymi, pracoch\u0142onnymi metodami. W ka\u017cdy egzemplarz wk\u0142adamy mn\u00f3stwo serca, a z my\u015bl\u0105 o przysz\u0142o\u015bci, dzia\u0142amy w spos\u00f3b przyjazny \u015brodowisku.<\/p>\n<p>P\u0142aszcz z kapturem we\u0142niany Camila nale\u017cy czy\u015bci\u0107 chemicznie. Do cz\u0119stego od\u015bwie\u017cania we\u0142ny polecamy\u00a0<a href=\"https:\/\/talia-fashion.pl\/en\/product\/szczotka-do-czyszczenia-i-pielegnacji-plaszcza\/\">Brush for cleaning and care of the coat<\/a>which can be purchased in our shop.<\/p>\n<p><strong>Individual order<\/strong>\u00a0\u2013 mo\u017cliwo\u015b\u0107 skr\u00f3cenia, b\u0105d\u017a wyd\u0142u\u017cenia r\u0119kaw\u00f3w, mo\u017cliwo\u015b\u0107 wyd\u0142u\u017cenia i skr\u00f3cenia p\u0142aszcza \u2013 koszt ustalany indywidualnie po uprzednim kontakcie.<\/p>\n<p><b>An individual order is not subject to exchange or refund.<\/b><\/p>\n<p>Czas realizacji zam\u00f3wienia uzale\u017cniamy od aktualnego stanu magazynowego w firmie oraz dost\u0119pno\u015bci danego koloru materia\u0142u. Je\u015bli dany p\u0142aszcz jest dost\u0119pny w pracowni realizacja zam\u00f3wienia nast\u0105pi bardzo szybko 2-5 dni roboczych. Je\u015bli konieczna jest uszycie p\u0142aszcza b\u0105d\u017a indywidualizacja zam\u00f3wienia \u2013 wykonanie przer\u00f3bki lub uszycie nowego p\u0142aszcza \u2013 czas realizacji zam\u00f3wienia mo\u017ce ulec wyd\u0142u\u017ceniu, maksymalnie do 2 tygodni.<\/p>\n<p>Prosimy o cierpliwo\u015b\u0107, musimy uszy\u0107 ten p\u0142aszcz dla Ciebie. Dzi\u0119kuj\u0119, \u017ce wspieracie lokalne rzemios\u0142o.<\/p>\n<p>We encourage you to like our\u00a0<a href=\"https:\/\/www.facebook.com\/talia.plaszcze\/\">fanpage\u2019a na facebook\u2019u<\/a>.<\/p>","protected":false},"excerpt":{"rendered":"<p>Ocieplany p\u0142aszcz z kapturem w kolorze granatowym Camilla to bardzo komfortowa propozycja p\u0142aszcza zimowego. Model ten zapinany jest na trzy guziki. Zapi\u0119cie&hellip;<\/p>","protected":false},"featured_media":258407,"template":"","meta":{"_acf_changed":false},"product_cat":[36],"product_tag":[78,34,39,93,42,67,43,91,164,68,96,47,85,95,86,125,53,175],"class_list":{"0":"post-4556","1":"product","2":"type-product","3":"status-publish","4":"has-post-thumbnail","6":"product_cat-plaszcze-dluzsze","7":"product_tag-dla-roznych-sylwetek","8":"product_tag-handmade","9":"product_tag-klasyczny","10":"product_tag-kurtka-zimowa","11":"product_tag-nowosc","12":"product_tag-ocieplany","13":"product_tag-plaszcz-damski","14":"product_tag-plaszcz-damski-zimowy","15":"product_tag-plaszcz-jednorzedowy","16":"product_tag-plaszcz-jesienny","17":"product_tag-plaszcz-na-chlodne-dni","18":"product_tag-plaszcz-na-guziki","19":"product_tag-plaszcz-welniany","20":"product_tag-plaszcz-zimowy","21":"product_tag-plaszcz-zimowy-ocieplany","22":"product_tag-polskie-rzemioslo","23":"product_tag-welna","24":"product_tag-welniany-plaszcz-z-kapturem","26":"first","27":"instock","28":"shipping-taxable","29":"purchasable","30":"product-type-variable","31":"has-default-attributes"},"acf":[],"yoast_head":"<!-- This site is optimized with the Yoast SEO plugin v25.7 - https:\/\/yoast.com\/wordpress\/plugins\/seo\/ -->\n<title>Ocieplany p\u0142aszcz z kapturem w kolorze granatowym Camilla - Talia Fashion - zimowe p\u0142aszcze<\/title>\n<meta name=\"description\" content=\"Ocieplany p\u0142aszcz z kapturem w kolorze granatowym - przepi\u0119kny kolor, mi\u0119kki materia\u0142, ponadczasowy kr\u00f3j. R\u0119cznie szyta pere\u0142ka. Polski producent.\" \/>\n<meta name=\"robots\" content=\"index, follow, max-snippet:-1, max-image-preview:large, max-video-preview:-1\" \/>\n<link rel=\"canonical\" href=\"https:\/\/talia-fashion.pl\/en\/product\/ocieplany-plaszcz-z-kapturem-w-kolorze-granatowym-camilla\/\" \/>\n<meta property=\"og:locale\" content=\"en_GB\" \/>\n<meta property=\"og:type\" content=\"article\" \/>\n<meta property=\"og:title\" content=\"Ocieplany p\u0142aszcz z kapturem w kolorze granatowym Camilla - Talia Fashion - zimowe p\u0142aszcze\" \/>\n<meta property=\"og:description\" content=\"Ocieplany p\u0142aszcz z kapturem w kolorze granatowym - przepi\u0119kny kolor, mi\u0119kki materia\u0142, ponadczasowy kr\u00f3j. R\u0119cznie szyta pere\u0142ka. Polski producent.\" \/>\n<meta property=\"og:url\" content=\"https:\/\/talia-fashion.pl\/en\/product\/ocieplany-plaszcz-z-kapturem-w-kolorze-granatowym-camilla\/\" \/>\n<meta property=\"og:site_name\" content=\"Talia Fashion\" \/>\n<meta property=\"article:modified_time\" content=\"2026-03-23T11:19:19+00:00\" \/>\n<meta property=\"og:image\" content=\"https:\/\/talia-fashion.pl\/wp-content\/uploads\/2022\/09\/ocieplany-plaszcz-z-kapturem-granatowy-welniany.jpg\" \/>\n\t<meta property=\"og:image:width\" content=\"732\" \/>\n\t<meta property=\"og:image:height\" content=\"1117\" \/>\n\t<meta property=\"og:image:type\" content=\"image\/jpeg\" \/>\n<meta name=\"twitter:card\" content=\"summary_large_image\" \/>\n<meta name=\"twitter:label1\" content=\"Estimated reading time\" \/>\n\t<meta name=\"twitter:data1\" content=\"3 minutes\" \/>\n<script type=\"application\/ld+json\" class=\"yoast-schema-graph\">{\"@context\":\"https:\/\/schema.org\",\"@graph\":[{\"@type\":\"WebPage\",\"@id\":\"https:\/\/talia-fashion.pl\/produkt\/ocieplany-plaszcz-z-kapturem-w-kolorze-granatowym-camilla\/\",\"url\":\"https:\/\/talia-fashion.pl\/produkt\/ocieplany-plaszcz-z-kapturem-w-kolorze-granatowym-camilla\/\",\"name\":\"Ocieplany p\u0142aszcz z kapturem w kolorze granatowym Camilla - Talia Fashion - zimowe p\u0142aszcze\",\"isPartOf\":{\"@id\":\"https:\/\/talia-fashion.pl\/#website\"},\"primaryImageOfPage\":{\"@id\":\"https:\/\/talia-fashion.pl\/produkt\/ocieplany-plaszcz-z-kapturem-w-kolorze-granatowym-camilla\/#primaryimage\"},\"image\":{\"@id\":\"https:\/\/talia-fashion.pl\/produkt\/ocieplany-plaszcz-z-kapturem-w-kolorze-granatowym-camilla\/#primaryimage\"},\"thumbnailUrl\":\"https:\/\/talia-fashion.pl\/wp-content\/uploads\/2022\/09\/ocieplany-plaszcz-z-kapturem-granatowy-welniany.jpg\",\"datePublished\":\"2022-09-15T16:04:09+00:00\",\"dateModified\":\"2026-03-23T11:19:19+00:00\",\"description\":\"Ocieplany p\u0142aszcz z kapturem w kolorze granatowym - przepi\u0119kny kolor, mi\u0119kki materia\u0142, ponadczasowy kr\u00f3j. R\u0119cznie szyta pere\u0142ka. Polski producent.\",\"breadcrumb\":{\"@id\":\"https:\/\/talia-fashion.pl\/produkt\/ocieplany-plaszcz-z-kapturem-w-kolorze-granatowym-camilla\/#breadcrumb\"},\"inLanguage\":\"en-GB\",\"potentialAction\":[{\"@type\":\"ReadAction\",\"target\":[\"https:\/\/talia-fashion.pl\/produkt\/ocieplany-plaszcz-z-kapturem-w-kolorze-granatowym-camilla\/\"]}]},{\"@type\":\"ImageObject\",\"inLanguage\":\"en-GB\",\"@id\":\"https:\/\/talia-fashion.pl\/produkt\/ocieplany-plaszcz-z-kapturem-w-kolorze-granatowym-camilla\/#primaryimage\",\"url\":\"https:\/\/talia-fashion.pl\/wp-content\/uploads\/2022\/09\/ocieplany-plaszcz-z-kapturem-granatowy-welniany.jpg\",\"contentUrl\":\"https:\/\/talia-fashion.pl\/wp-content\/uploads\/2022\/09\/ocieplany-plaszcz-z-kapturem-granatowy-welniany.jpg\",\"width\":732,\"height\":1117,\"caption\":\"Oplus_16908288\"},{\"@type\":\"BreadcrumbList\",\"@id\":\"https:\/\/talia-fashion.pl\/produkt\/ocieplany-plaszcz-z-kapturem-w-kolorze-granatowym-camilla\/#breadcrumb\",\"itemListElement\":[{\"@type\":\"ListItem\",\"position\":1,\"name\":\"Strona g\u0142\u00f3wna\",\"item\":\"https:\/\/talia-fashion.pl\/\"},{\"@type\":\"ListItem\",\"position\":2,\"name\":\"Sklep\",\"item\":\"https:\/\/talia-fashion.pl\/sklep\/\"},{\"@type\":\"ListItem\",\"position\":3,\"name\":\"Ocieplany p\u0142aszcz z kapturem w kolorze granatowym Camilla\"}]},{\"@type\":\"WebSite\",\"@id\":\"https:\/\/talia-fashion.pl\/#website\",\"url\":\"https:\/\/talia-fashion.pl\/\",\"name\":\"Talia Fashion\",\"description\":\"\",\"potentialAction\":[{\"@type\":\"SearchAction\",\"target\":{\"@type\":\"EntryPoint\",\"urlTemplate\":\"https:\/\/talia-fashion.pl\/?s={search_term_string}\"},\"query-input\":{\"@type\":\"PropertyValueSpecification\",\"valueRequired\":true,\"valueName\":\"search_term_string\"}}],\"inLanguage\":\"en-GB\"}]}<\/script>\n<!-- \/ Yoast SEO plugin. -->","yoast_head_json":{"title":"Ocieplany p\u0142aszcz z kapturem w kolorze granatowym Camilla - Talia Fashion - zimowe p\u0142aszcze","description":"Ocieplany p\u0142aszcz z kapturem w kolorze granatowym - przepi\u0119kny kolor, mi\u0119kki materia\u0142, ponadczasowy kr\u00f3j. R\u0119cznie szyta pere\u0142ka. Polski producent.","robots":{"index":"index","follow":"follow","max-snippet":"max-snippet:-1","max-image-preview":"max-image-preview:large","max-video-preview":"max-video-preview:-1"},"canonical":"https:\/\/talia-fashion.pl\/en\/product\/ocieplany-plaszcz-z-kapturem-w-kolorze-granatowym-camilla\/","og_locale":"en_GB","og_type":"article","og_title":"Ocieplany p\u0142aszcz z kapturem w kolorze granatowym Camilla - Talia Fashion - zimowe p\u0142aszcze","og_description":"Ocieplany p\u0142aszcz z kapturem w kolorze granatowym - przepi\u0119kny kolor, mi\u0119kki materia\u0142, ponadczasowy kr\u00f3j. R\u0119cznie szyta pere\u0142ka. Polski producent.","og_url":"https:\/\/talia-fashion.pl\/en\/product\/ocieplany-plaszcz-z-kapturem-w-kolorze-granatowym-camilla\/","og_site_name":"Talia Fashion","article_modified_time":"2026-03-23T11:19:19+00:00","og_image":[{"width":732,"height":1117,"url":"https:\/\/talia-fashion.pl\/wp-content\/uploads\/2022\/09\/ocieplany-plaszcz-z-kapturem-granatowy-welniany.jpg","type":"image\/jpeg"}],"twitter_card":"summary_large_image","twitter_misc":{"Estimated reading time":"3 minutes"},"schema":{"@context":"https:\/\/schema.org","@graph":[{"@type":"WebPage","@id":"https:\/\/talia-fashion.pl\/produkt\/ocieplany-plaszcz-z-kapturem-w-kolorze-granatowym-camilla\/","url":"https:\/\/talia-fashion.pl\/produkt\/ocieplany-plaszcz-z-kapturem-w-kolorze-granatowym-camilla\/","name":"Ocieplany p\u0142aszcz z kapturem w kolorze granatowym Camilla - Talia Fashion - zimowe p\u0142aszcze","isPartOf":{"@id":"https:\/\/talia-fashion.pl\/#website"},"primaryImageOfPage":{"@id":"https:\/\/talia-fashion.pl\/produkt\/ocieplany-plaszcz-z-kapturem-w-kolorze-granatowym-camilla\/#primaryimage"},"image":{"@id":"https:\/\/talia-fashion.pl\/produkt\/ocieplany-plaszcz-z-kapturem-w-kolorze-granatowym-camilla\/#primaryimage"},"thumbnailUrl":"https:\/\/talia-fashion.pl\/wp-content\/uploads\/2022\/09\/ocieplany-plaszcz-z-kapturem-granatowy-welniany.jpg","datePublished":"2022-09-15T16:04:09+00:00","dateModified":"2026-03-23T11:19:19+00:00","description":"Ocieplany p\u0142aszcz z kapturem w kolorze granatowym - przepi\u0119kny kolor, mi\u0119kki materia\u0142, ponadczasowy kr\u00f3j. R\u0119cznie szyta pere\u0142ka. Polski producent.","breadcrumb":{"@id":"https:\/\/talia-fashion.pl\/produkt\/ocieplany-plaszcz-z-kapturem-w-kolorze-granatowym-camilla\/#breadcrumb"},"inLanguage":"en-GB","potentialAction":[{"@type":"ReadAction","target":["https:\/\/talia-fashion.pl\/produkt\/ocieplany-plaszcz-z-kapturem-w-kolorze-granatowym-camilla\/"]}]},{"@type":"ImageObject","inLanguage":"en-GB","@id":"https:\/\/talia-fashion.pl\/produkt\/ocieplany-plaszcz-z-kapturem-w-kolorze-granatowym-camilla\/#primaryimage","url":"https:\/\/talia-fashion.pl\/wp-content\/uploads\/2022\/09\/ocieplany-plaszcz-z-kapturem-granatowy-welniany.jpg","contentUrl":"https:\/\/talia-fashion.pl\/wp-content\/uploads\/2022\/09\/ocieplany-plaszcz-z-kapturem-granatowy-welniany.jpg","width":732,"height":1117,"caption":"Oplus_16908288"},{"@type":"BreadcrumbList","@id":"https:\/\/talia-fashion.pl\/produkt\/ocieplany-plaszcz-z-kapturem-w-kolorze-granatowym-camilla\/#breadcrumb","itemListElement":[{"@type":"ListItem","position":1,"name":"Strona g\u0142\u00f3wna","item":"https:\/\/talia-fashion.pl\/"},{"@type":"ListItem","position":2,"name":"Sklep","item":"https:\/\/talia-fashion.pl\/sklep\/"},{"@type":"ListItem","position":3,"name":"Ocieplany p\u0142aszcz z kapturem w kolorze granatowym Camilla"}]},{"@type":"WebSite","@id":"https:\/\/talia-fashion.pl\/#website","url":"https:\/\/talia-fashion.pl\/","name":"Talia Fashion","description":"","potentialAction":[{"@type":"SearchAction","target":{"@type":"EntryPoint","urlTemplate":"https:\/\/talia-fashion.pl\/?s={search_term_string}"},"query-input":{"@type":"PropertyValueSpecification","valueRequired":true,"valueName":"search_term_string"}}],"inLanguage":"en-GB"}]}},"_links":{"self":[{"href":"https:\/\/talia-fashion.pl\/en\/wp-json\/wp\/v2\/product\/4556","targetHints":{"allow":["GET"]}}],"collection":[{"href":"https:\/\/talia-fashion.pl\/en\/wp-json\/wp\/v2\/product"}],"about":[{"href":"https:\/\/talia-fashion.pl\/en\/wp-json\/wp\/v2\/types\/product"}],"wp:featuredmedia":[{"embeddable":true,"href":"https:\/\/talia-fashion.pl\/en\/wp-json\/wp\/v2\/media\/258407"}],"wp:attachment":[{"href":"https:\/\/talia-fashion.pl\/en\/wp-json\/wp\/v2\/media?parent=4556"}],"wp:term":[{"taxonomy":"product_cat","embeddable":true,"href":"https:\/\/talia-fashion.pl\/en\/wp-json\/wp\/v2\/product_cat?post=4556"},{"taxonomy":"product_tag","embeddable":true,"href":"https:\/\/talia-fashion.pl\/en\/wp-json\/wp\/v2\/product_tag?post=4556"}],"curies":[{"name":"wp","href":"https:\/\/api.w.org\/{rel}","templated":true}]}}