{"id":4529,"date":"2022-09-14T18:04:14","date_gmt":"2022-09-14T16:04:14","guid":{"rendered":"http:\/\/talia-fashion.pl\/produkt\/plaszcz-kurtka-pudelkowa-w-pepitke-rita\/"},"modified":"2026-04-28T08:34:02","modified_gmt":"2026-04-28T06:34:02","slug":"plaszcz-kurtka-pudelkowa-do-polowy-uda-roma","status":"publish","type":"product","link":"https:\/\/talia-fashion.pl\/en\/product\/plaszcz-kurtka-pudelkowa-do-polowy-uda-roma\/","title":{"rendered":"Roma mid-thigh boxy jacket coat"},"content":{"rendered":"<p>Coat <strong>boxy mid-length jacket<\/strong> Roma thighs is a limited edition winter <strong>a short coat with a low shoulder line<\/strong>. Comfortable, relaxed fit with double-breasted button fastening. Fitted, <strong>extended reverse flange<\/strong>. Raised - will protect against chilly winds. <strong>Mid-thigh length<\/strong> - An ideal balance of elegance, functionality and comfort. Oversize coat. The lower sewn-in sleeve affects the entire construction of the coat and makes it appear wider, especially in the upper part. It will accommodate a woollen jumper, an orthopaedic warmer or a jacket. <strong>Oversize styles<\/strong> are very modern and, in addition, allow you to dress several layers freely, ensuring comfort in lower temperatures. So if you are a fan of <strong>layering styles<\/strong>, is a proposition for you. The jacket has been tailored from a soft material with a predominantly <strong>wools<\/strong>. As a natural fibre with excellent thermal properties, wool will wrap up, provide warmth and elegance. In addition, the overall <strong>insulated<\/strong>, excellent for autumn and winter.<\/p>\n<p>Coat <strong>boxy mid-length jacket<\/strong> thigh-high Roma will make you feel fashionable and comfortable. The coat in a stone shade - bordering on brown and grey - is a timeless choice for lovers of subdued elegance. Its <strong>classic<\/strong>but at the same time <strong>NEW COLOUR<\/strong> - pairs perfectly with both light and dark pieces of clothing to create a cohesive look. With this coat, the good look, does itself! Jeans, dress or leggings - you'll look gorgeous in anything. It looks perfect with a variety of accessories - a thick woollen scarf, a quilted shopper or a leather belt. Stripes are an absolute hit this season - especially when combined with oversize. Although I prefer it without a belt -<strong> simple, minimalist, austere.\u00a0<\/strong><\/p>\n<p>We recommend our tips: <a href=\"https:\/\/talia-fashion.pl\/en\/jak-dobrac-plaszcz-do-sylwetki\/\">How do you choose a coat to suit your figure?\u00a0<\/a><\/p>\n<p>Actual photo: stone brown (brown grey)<\/p>\n<p>Coat available in the following colours: stone brown<\/p>\n<p>Available sizes: XS, S, M, L<\/p>\n<p>All available colours of materials are presented in the pictures of coats in various models and in our\u00a0<a href=\"https:\/\/talia-fashion.pl\/en\/paleta-kolorow\/\">Colour palette<\/a>. If in doubt, please contact us.<\/p>\n<p>Indicative dimensions:<br \/>\nXS - bust: 86-88 \/ hips: 94-96 \/ length: 86 \/ sleeve: 61<br \/>\nS - bust: 90-92 \/ hips: 98-100 \/ length: 86 \/ sleeve: 62<br \/>\nM - bust: 94-96 \/ hips: 102-104 \/ length: 86 \/ sleeve: 62<br \/>\nL - bust: 98-100 \/ hips: 106-108 \/ length: 87\/ sleeve: 63<br \/>\nRita is an oversize coat - the straight cut and dropped sleeves make it appear looser and larger. For tips on how to measure and size your coat, see the <a href=\"https:\/\/talia-fashion.pl\/en\/jak-dobrac-rozmiar\/\">How to choose a size?<\/a>\u00a0 \u00a0If in doubt, please contact us.<\/p>\n<p>The model is 172 cm with a size S<\/p>\n<p>Material: 80% wool, 20% polyamide<\/p>\n<p>Lining: 50% viscose, 50% acetate<br \/>\nLike viscose, acetate is produced from cellulose. Acetate yarn can also be made from recycled cellulose such as paper. The acetate lining is excellent at absorbing moisture and permeable to air. It is coated with an antistatic apprettee and is OEKOtex\u00ae Standard 100 certified. It provides comfort and wears well.<\/p>\n<p>Insulation: 100% non-woven recycled polyester<br \/>\nOur coats are insulated with a compressed thermo-insulating quilted fleece on the lining. The fleece is made from recycled polyester fibres. The material is lightweight, thin and at the same time perfectly insulating. The insulating fleece we use is resistant to moisture (it retains its insulating properties and warming effect even in damp conditions), stops the wind, is hypoallergenic and breathable. It is OEKOtex\u00ae Standard 100 certified.<\/p>\n<p>Coat <strong>mid-thigh boxy jacket<\/strong> Roma was designed and sewn in <strong>our family workshop<\/strong>. For more than 37 years, we have believed in sustainability and promoted the work of human hands a <strong>craftsmanship is our passion<\/strong>.<\/p>\n<p>The jacket should be dry-cleaned. \u00a0<a href=\"https:\/\/talia-fashion.pl\/en\/jak-pielegnowac-i-dbac-o-plaszcz\/\">How do you look after your coat?<\/a> - We recommend our bookmark for tips on how to refresh your wool yourself.\u00a0<a href=\"https:\/\/talia-fashion.pl\/en\/product\/szczotka-do-czyszczenia-i-pielegnacji-plaszcza\/\">Brush for cleaning and care of the coat,<\/a> available in our shop. Taking care of the garments and prolonging their life is also an expression of concern for the environment. <strong data-start=\"163\" data-end=\"243\">The better we look after the things we love, the longer we can enjoy them.<\/strong> It is care and attention that allows us to preserve their beauty for years to come.<\/p>\n<p><strong>Individual order - <\/strong>Some modifications can be made at the client's request: shortening, lengthening of the sleeve, shortening and lengthening of the coat. Cost to be determined individually, after prior contact.<br \/>\n<strong>An individual order is not subject to exchange or refund.<\/strong><\/p>\n<p>The lead time depends on the company's current stock and the availability of the fabric colour in question. If a given coat is available in the company, the order will be realised very quickly - 2-5 working days. If individualisation of the order is required - making alterations or sewing a new coat - the lead time may be extended to a maximum of 2 weeks.<\/p>\n<p>We practice traditional craftsmanship and do not sew coats for stock, so please be patient while waiting for your order. We make every effort to sew this coat for you as soon as possible.<\/p>\n<p>Thank you for supporting local crafts and please follow us on<a href=\"https:\/\/www.facebook.com\/talia.plaszcze\"> Facebook<\/a> i <a href=\"https:\/\/www.instagram.com\/talia_plaszcze\/\">Instagram<\/a>.<\/p>","protected":false},"excerpt":{"rendered":"<p>Mid-thigh boxy jacket - casual, modern fit. Fashionable and comfortable.<\/p>","protected":false},"featured_media":258787,"template":"","meta":{"_acf_changed":false},"product_cat":[31,55],"product_tag":[89,78,33,34,337,40,65,93,80,42,67,82,135,43,91,46,68,83,47,75,84,95,86,51,316,53,63],"class_list":{"0":"post-4529","1":"product","2":"type-product","3":"status-publish","4":"has-post-thumbnail","6":"product_cat-nowosci","7":"product_cat-plaszcze-krotsze","8":"product_tag-cieply","9":"product_tag-dla-roznych-sylwetek","10":"product_tag-dwurzedowy","11":"product_tag-handmade","12":"product_tag-kamienny-kolor","13":"product_tag-kolnierz","14":"product_tag-kurtka-ocieplana","15":"product_tag-kurtka-zimowa","16":"product_tag-luzny-kroj","17":"product_tag-nowosc","18":"product_tag-ocieplany","19":"product_tag-oversize","20":"product_tag-plaszcz-brazowy","21":"product_tag-plaszcz-damski","22":"product_tag-plaszcz-damski-zimowy","23":"product_tag-plaszcz-dwurzedowy","24":"product_tag-plaszcz-jesienny","25":"product_tag-plaszcz-luzny","26":"product_tag-plaszcz-na-guziki","27":"product_tag-plaszcz-ocieplany","28":"product_tag-plaszcz-oversizowy","29":"product_tag-plaszcz-zimowy","30":"product_tag-plaszcz-zimowy-ocieplany","31":"product_tag-prosty","32":"product_tag-pudelkowy-fason","33":"product_tag-welna","34":"product_tag-welniany","36":"first","37":"instock","38":"shipping-taxable","39":"purchasable","40":"product-type-variable","41":"has-default-attributes"},"acf":[],"yoast_head":"<!-- This site is optimized with the Yoast SEO plugin v25.7 - https:\/\/yoast.com\/wordpress\/plugins\/seo\/ -->\n<title>P\u0142aszcz kurtka pude\u0142kowa do po\u0142owy uda Roma - Talia Fashion - zimowe p\u0142aszcze<\/title>\n<meta name=\"description\" content=\"P\u0142aszcz kurtka pude\u0142kowa do po\u0142owy uda to kr\u00f3tki p\u0142aszczyk zimowy typu oversize. Mi\u0119kka forma i mi\u0119sisty materia\u0142, perfekcyjne wykonanie. Jako\u015b\u0107 premium.\" \/>\n<meta name=\"robots\" content=\"index, follow, max-snippet:-1, max-image-preview:large, max-video-preview:-1\" \/>\n<link rel=\"canonical\" href=\"https:\/\/talia-fashion.pl\/en\/product\/plaszcz-kurtka-pudelkowa-do-polowy-uda-roma\/\" \/>\n<meta property=\"og:locale\" content=\"en_GB\" \/>\n<meta property=\"og:type\" content=\"article\" \/>\n<meta property=\"og:title\" content=\"P\u0142aszcz kurtka pude\u0142kowa do po\u0142owy uda Roma - Talia Fashion - zimowe p\u0142aszcze\" \/>\n<meta property=\"og:description\" content=\"P\u0142aszcz kurtka pude\u0142kowa do po\u0142owy uda to kr\u00f3tki p\u0142aszczyk zimowy typu oversize. Mi\u0119kka forma i mi\u0119sisty materia\u0142, perfekcyjne wykonanie. Jako\u015b\u0107 premium.\" \/>\n<meta property=\"og:url\" content=\"https:\/\/talia-fashion.pl\/en\/product\/plaszcz-kurtka-pudelkowa-do-polowy-uda-roma\/\" \/>\n<meta property=\"og:site_name\" content=\"Talia Fashion\" \/>\n<meta property=\"article:modified_time\" content=\"2026-04-28T06:34:02+00:00\" \/>\n<meta property=\"og:image\" content=\"https:\/\/talia-fashion.pl\/wp-content\/uploads\/2022\/09\/plaszcz-kurtka-pudelkowa-polowa-uda-bosmanka.jpg\" \/>\n\t<meta property=\"og:image:width\" content=\"1300\" \/>\n\t<meta property=\"og:image:height\" content=\"1733\" \/>\n\t<meta property=\"og:image:type\" content=\"image\/jpeg\" \/>\n<meta name=\"twitter:card\" content=\"summary_large_image\" \/>\n<meta name=\"twitter:label1\" content=\"Estimated reading time\" \/>\n\t<meta name=\"twitter:data1\" content=\"4 minutes\" \/>\n<script type=\"application\/ld+json\" class=\"yoast-schema-graph\">{\"@context\":\"https:\/\/schema.org\",\"@graph\":[{\"@type\":\"WebPage\",\"@id\":\"https:\/\/talia-fashion.pl\/produkt\/plaszcz-kurtka-pudelkowa-do-polowy-uda-roma\/\",\"url\":\"https:\/\/talia-fashion.pl\/produkt\/plaszcz-kurtka-pudelkowa-do-polowy-uda-roma\/\",\"name\":\"P\u0142aszcz kurtka pude\u0142kowa do po\u0142owy uda Roma - Talia Fashion - zimowe p\u0142aszcze\",\"isPartOf\":{\"@id\":\"https:\/\/talia-fashion.pl\/#website\"},\"primaryImageOfPage\":{\"@id\":\"https:\/\/talia-fashion.pl\/produkt\/plaszcz-kurtka-pudelkowa-do-polowy-uda-roma\/#primaryimage\"},\"image\":{\"@id\":\"https:\/\/talia-fashion.pl\/produkt\/plaszcz-kurtka-pudelkowa-do-polowy-uda-roma\/#primaryimage\"},\"thumbnailUrl\":\"https:\/\/talia-fashion.pl\/wp-content\/uploads\/2022\/09\/plaszcz-kurtka-pudelkowa-polowa-uda-bosmanka.jpg\",\"datePublished\":\"2022-09-14T16:04:14+00:00\",\"dateModified\":\"2026-04-28T06:34:02+00:00\",\"description\":\"P\u0142aszcz kurtka pude\u0142kowa do po\u0142owy uda to kr\u00f3tki p\u0142aszczyk zimowy typu oversize. Mi\u0119kka forma i mi\u0119sisty materia\u0142, perfekcyjne wykonanie. Jako\u015b\u0107 premium.\",\"breadcrumb\":{\"@id\":\"https:\/\/talia-fashion.pl\/produkt\/plaszcz-kurtka-pudelkowa-do-polowy-uda-roma\/#breadcrumb\"},\"inLanguage\":\"en-GB\",\"potentialAction\":[{\"@type\":\"ReadAction\",\"target\":[\"https:\/\/talia-fashion.pl\/produkt\/plaszcz-kurtka-pudelkowa-do-polowy-uda-roma\/\"]}]},{\"@type\":\"ImageObject\",\"inLanguage\":\"en-GB\",\"@id\":\"https:\/\/talia-fashion.pl\/produkt\/plaszcz-kurtka-pudelkowa-do-polowy-uda-roma\/#primaryimage\",\"url\":\"https:\/\/talia-fashion.pl\/wp-content\/uploads\/2022\/09\/plaszcz-kurtka-pudelkowa-polowa-uda-bosmanka.jpg\",\"contentUrl\":\"https:\/\/talia-fashion.pl\/wp-content\/uploads\/2022\/09\/plaszcz-kurtka-pudelkowa-polowa-uda-bosmanka.jpg\",\"width\":1300,\"height\":1733,\"caption\":\"P\u0142aszcz kr\u00f3tszy, pude\u0142kowa kurtka zimowa do uda w stylu oversize. Ocieplana.\"},{\"@type\":\"BreadcrumbList\",\"@id\":\"https:\/\/talia-fashion.pl\/produkt\/plaszcz-kurtka-pudelkowa-do-polowy-uda-roma\/#breadcrumb\",\"itemListElement\":[{\"@type\":\"ListItem\",\"position\":1,\"name\":\"Strona g\u0142\u00f3wna\",\"item\":\"https:\/\/talia-fashion.pl\/\"},{\"@type\":\"ListItem\",\"position\":2,\"name\":\"Sklep\",\"item\":\"https:\/\/talia-fashion.pl\/sklep\/\"},{\"@type\":\"ListItem\",\"position\":3,\"name\":\"P\u0142aszcz kurtka pude\u0142kowa do po\u0142owy uda Roma\"}]},{\"@type\":\"WebSite\",\"@id\":\"https:\/\/talia-fashion.pl\/#website\",\"url\":\"https:\/\/talia-fashion.pl\/\",\"name\":\"Talia Fashion\",\"description\":\"\",\"potentialAction\":[{\"@type\":\"SearchAction\",\"target\":{\"@type\":\"EntryPoint\",\"urlTemplate\":\"https:\/\/talia-fashion.pl\/?s={search_term_string}\"},\"query-input\":{\"@type\":\"PropertyValueSpecification\",\"valueRequired\":true,\"valueName\":\"search_term_string\"}}],\"inLanguage\":\"en-GB\"}]}<\/script>\n<!-- \/ Yoast SEO plugin. -->","yoast_head_json":{"title":"P\u0142aszcz kurtka pude\u0142kowa do po\u0142owy uda Roma - Talia Fashion - zimowe p\u0142aszcze","description":"P\u0142aszcz kurtka pude\u0142kowa do po\u0142owy uda to kr\u00f3tki p\u0142aszczyk zimowy typu oversize. Mi\u0119kka forma i mi\u0119sisty materia\u0142, perfekcyjne wykonanie. Jako\u015b\u0107 premium.","robots":{"index":"index","follow":"follow","max-snippet":"max-snippet:-1","max-image-preview":"max-image-preview:large","max-video-preview":"max-video-preview:-1"},"canonical":"https:\/\/talia-fashion.pl\/en\/product\/plaszcz-kurtka-pudelkowa-do-polowy-uda-roma\/","og_locale":"en_GB","og_type":"article","og_title":"P\u0142aszcz kurtka pude\u0142kowa do po\u0142owy uda Roma - Talia Fashion - zimowe p\u0142aszcze","og_description":"P\u0142aszcz kurtka pude\u0142kowa do po\u0142owy uda to kr\u00f3tki p\u0142aszczyk zimowy typu oversize. Mi\u0119kka forma i mi\u0119sisty materia\u0142, perfekcyjne wykonanie. Jako\u015b\u0107 premium.","og_url":"https:\/\/talia-fashion.pl\/en\/product\/plaszcz-kurtka-pudelkowa-do-polowy-uda-roma\/","og_site_name":"Talia Fashion","article_modified_time":"2026-04-28T06:34:02+00:00","og_image":[{"width":1300,"height":1733,"url":"https:\/\/talia-fashion.pl\/wp-content\/uploads\/2022\/09\/plaszcz-kurtka-pudelkowa-polowa-uda-bosmanka.jpg","type":"image\/jpeg"}],"twitter_card":"summary_large_image","twitter_misc":{"Estimated reading time":"4 minutes"},"schema":{"@context":"https:\/\/schema.org","@graph":[{"@type":"WebPage","@id":"https:\/\/talia-fashion.pl\/produkt\/plaszcz-kurtka-pudelkowa-do-polowy-uda-roma\/","url":"https:\/\/talia-fashion.pl\/produkt\/plaszcz-kurtka-pudelkowa-do-polowy-uda-roma\/","name":"P\u0142aszcz kurtka pude\u0142kowa do po\u0142owy uda Roma - Talia Fashion - zimowe p\u0142aszcze","isPartOf":{"@id":"https:\/\/talia-fashion.pl\/#website"},"primaryImageOfPage":{"@id":"https:\/\/talia-fashion.pl\/produkt\/plaszcz-kurtka-pudelkowa-do-polowy-uda-roma\/#primaryimage"},"image":{"@id":"https:\/\/talia-fashion.pl\/produkt\/plaszcz-kurtka-pudelkowa-do-polowy-uda-roma\/#primaryimage"},"thumbnailUrl":"https:\/\/talia-fashion.pl\/wp-content\/uploads\/2022\/09\/plaszcz-kurtka-pudelkowa-polowa-uda-bosmanka.jpg","datePublished":"2022-09-14T16:04:14+00:00","dateModified":"2026-04-28T06:34:02+00:00","description":"P\u0142aszcz kurtka pude\u0142kowa do po\u0142owy uda to kr\u00f3tki p\u0142aszczyk zimowy typu oversize. Mi\u0119kka forma i mi\u0119sisty materia\u0142, perfekcyjne wykonanie. Jako\u015b\u0107 premium.","breadcrumb":{"@id":"https:\/\/talia-fashion.pl\/produkt\/plaszcz-kurtka-pudelkowa-do-polowy-uda-roma\/#breadcrumb"},"inLanguage":"en-GB","potentialAction":[{"@type":"ReadAction","target":["https:\/\/talia-fashion.pl\/produkt\/plaszcz-kurtka-pudelkowa-do-polowy-uda-roma\/"]}]},{"@type":"ImageObject","inLanguage":"en-GB","@id":"https:\/\/talia-fashion.pl\/produkt\/plaszcz-kurtka-pudelkowa-do-polowy-uda-roma\/#primaryimage","url":"https:\/\/talia-fashion.pl\/wp-content\/uploads\/2022\/09\/plaszcz-kurtka-pudelkowa-polowa-uda-bosmanka.jpg","contentUrl":"https:\/\/talia-fashion.pl\/wp-content\/uploads\/2022\/09\/plaszcz-kurtka-pudelkowa-polowa-uda-bosmanka.jpg","width":1300,"height":1733,"caption":"P\u0142aszcz kr\u00f3tszy, pude\u0142kowa kurtka zimowa do uda w stylu oversize. Ocieplana."},{"@type":"BreadcrumbList","@id":"https:\/\/talia-fashion.pl\/produkt\/plaszcz-kurtka-pudelkowa-do-polowy-uda-roma\/#breadcrumb","itemListElement":[{"@type":"ListItem","position":1,"name":"Strona g\u0142\u00f3wna","item":"https:\/\/talia-fashion.pl\/"},{"@type":"ListItem","position":2,"name":"Sklep","item":"https:\/\/talia-fashion.pl\/sklep\/"},{"@type":"ListItem","position":3,"name":"P\u0142aszcz kurtka pude\u0142kowa do po\u0142owy uda Roma"}]},{"@type":"WebSite","@id":"https:\/\/talia-fashion.pl\/#website","url":"https:\/\/talia-fashion.pl\/","name":"Talia Fashion","description":"","potentialAction":[{"@type":"SearchAction","target":{"@type":"EntryPoint","urlTemplate":"https:\/\/talia-fashion.pl\/?s={search_term_string}"},"query-input":{"@type":"PropertyValueSpecification","valueRequired":true,"valueName":"search_term_string"}}],"inLanguage":"en-GB"}]}},"_links":{"self":[{"href":"https:\/\/talia-fashion.pl\/en\/wp-json\/wp\/v2\/product\/4529","targetHints":{"allow":["GET"]}}],"collection":[{"href":"https:\/\/talia-fashion.pl\/en\/wp-json\/wp\/v2\/product"}],"about":[{"href":"https:\/\/talia-fashion.pl\/en\/wp-json\/wp\/v2\/types\/product"}],"wp:featuredmedia":[{"embeddable":true,"href":"https:\/\/talia-fashion.pl\/en\/wp-json\/wp\/v2\/media\/258787"}],"wp:attachment":[{"href":"https:\/\/talia-fashion.pl\/en\/wp-json\/wp\/v2\/media?parent=4529"}],"wp:term":[{"taxonomy":"product_cat","embeddable":true,"href":"https:\/\/talia-fashion.pl\/en\/wp-json\/wp\/v2\/product_cat?post=4529"},{"taxonomy":"product_tag","embeddable":true,"href":"https:\/\/talia-fashion.pl\/en\/wp-json\/wp\/v2\/product_tag?post=4529"}],"curies":[{"name":"wp","href":"https:\/\/api.w.org\/{rel}","templated":true}]}}