{"id":4269,"date":"2021-09-15T18:09:20","date_gmt":"2021-09-15T16:09:20","guid":{"rendered":"http:\/\/talia-fashion.pl\/produkt\/damska-kurtka-welniana-bosmanka-francis\/"},"modified":"2026-02-13T10:09:19","modified_gmt":"2026-02-13T09:09:19","slug":"damska-kurtka-welniana-bosmanka-francis","status":"publish","type":"product","link":"https:\/\/talia-fashion.pl\/en\/product\/damska-kurtka-welniana-bosmanka-francis\/","title":{"rendered":"Women's Francis wool barefoot jacket"},"content":{"rendered":"<p><span lang=\"DE\">The Francis women's woolen petticoat jacket is our take on a short, mid-thigh length coat that is warm and comfortable - perfect for autumn and winter chills. The jacket is decorated with a beautiful collar, called a \"storm collar\" in sailor jargon, which can be worn raised up, as it is wide enough to shield the neck and neck from the cold wind. The coat is double-breasted and buttoned. The lowered shoulder line makes the coat oversized, a good size larger, to accommodate a thick jumper as well as a jacket. Pockets on the sides. Winter jacket, fully insulated. Made from a heavyweight fabric with a predominance of wool.<br \/>\n<\/span><\/p>\n<p><span lang=\"DE\">If classic long coats aren't for you, go for our petticoat style jacket.  In a slightly smaller size, even lovers of fitted coats will certainly find it to their liking. P<span class=\"ILfuVd\" lang=\"pl\"><span class=\"hgKElc\">a combination of elegance and casualness. <\/span><\/span>A jacket with a girly charm will go great with simple trousers or maxi dresses. Depending on what style you prefer, you can look a bit grunge by reaching for 'heavy' boots like clogs or trappers, or wear chic boots and go from rebel to subtle woman. If the coat is your everyday outfit, the barefoot option has the advantage of a mid-thigh length that will make you comfortable in the car, bus or other means of transport. My ideal ensemble: our navy blue Francis petticoat, a grey woollen turtleneck, topped off with mom fit jeans, sock boots, a knitted beanie - and winter is not intimidated!<br \/>\n<\/span><\/p>\n<p>All the elements mentioned create a cohesive peacoat style. It is a simple cut in which everything is well thought out.<\/p>\n<p>Wondering how to choose a coat to suit your figure? We recommend our tips: <a href=\"https:\/\/talia-fashion.pl\/en\/jak-dobrac-plaszcz-do-sylwetki\/\">How do you choose a coat to suit your figure?<\/a><\/p>\n<p><span lang=\"DE\">Real photo: navy blue<\/span><\/p>\n<p>Jacket<span lang=\"DE\"> available in the following colours: navy blue (S only)<\/span><\/p>\n<p>All available colours of materials are presented in the pictures of coats in various models and in our\u00a0<a href=\"https:\/\/talia-fashion.pl\/en\/paleta-kolorow\/\">Colour palette<\/a>. If in doubt, please contact us.<\/p>\n<p><span lang=\"DE\">Available sizes: XS, S, M, L<br \/>\n<\/span><\/p>\n<p><span lang=\"DE\">Indicative dimensions:<\/span><\/p>\n<p>XS - bust: 86-88 \/ hips 94-96 \/ length: 86\/sleeve 61<br \/>\nS - bust: 90-92 \/ hips: 98-100 \/ length: 86\/sleeve: 62<br \/>\nM - bust: 94-96 \/ hips: 102-104 \/ length: 86 \/ sleeve: 62<br \/>\nL - bust: 98-100 \/ hips: 106-108 \/ length: 87 \/ sleeve: 63<\/p>\n<p><span lang=\"DE\">It has quite a large overlap, hence it is easy to widen it by moving the buttons without affecting the cut. If you are unsure of the size, please contact us.<\/span><\/p>\n<p>The model is 172 cm with a size XS<\/p>\n<p>Material: 80% wool, 20% polyamide<br \/>\nLining: 100% acetate<br \/>\nInsulation: 100% non-woven recycled polyester<br \/>\nOur coats are insulated with a compressed thermo-insulating quilted fleece on the lining. The fleece is made from recycled polyester fibres. The material is lightweight, thin and at the same time perfectly insulating. The insulating fleece we use is resistant to moisture (it retains its insulating properties and warming effect even in damp conditions), stops the wind, is hypoallergenic and breathable. It is OEKOtex\u00ae Standard 100 certified.<\/p>\n<p>The Francis women's wool barefoot jacket has been designed and sewn by hand in our workshop, with Fair Trade principles and concern for the environment.<\/p>\n<p>The jacket should be dry-cleaned. For home wool restoration we recommend\u00a0<a href=\"https:\/\/talia-fashion.pl\/en\/product\/szczotka-do-czyszczenia-i-pielegnacji-plaszcza\/\">Brush for cleaning and care of the coat,<\/a> which can be purchased in our shop. Taking care of your clothing is also an expression of concern for the environment, use our tips:\u00a0<a href=\"https:\/\/talia-fashion.pl\/en\/jak-pielegnowac-i-dbac-o-plaszcz\/\">How do you look after your coat?\u00a0 <\/a>All you need to do is: air your coat regularly, hang it on a shaped hanger, brush it and store it properly, and you will enjoy it for years.<\/p>\n<p><strong>Individual order -\u00a0<\/strong>Some modifications can be made at the client's request: shortening, lengthening of the sleeve, shortening and lengthening of the coat. Cost to be determined individually, after prior contact.<br \/>\n<strong>An individual order is not subject to exchange or refund.<\/strong><\/p>\n<p>The lead time depends on the company's current stock and the availability of the fabric colour in question. If a given coat is available in the workshop, the order will be fulfilled very quickly - 2-5 working days. If it is necessary to sew a new coat or individualise the order - making alterations or sewing a new coat - the lead time may be extended, up to a maximum of 2 weeks.<\/p>\n<p>Our coats are sewn using traditional methods, so please be patient while waiting for your order to be realised, we do not sew coats \"to stock\".<br \/>\nWe process orders on a daily basis and do our best to ensure that you receive your order as soon as possible.<br \/>\nThank you for being with us and supporting local crafts.<\/p>\n<p>We encourage you to like our fanpage on\u00a0<a href=\"https:\/\/www.facebook.com\/talia.plaszcze\">Facebook<\/a>\u00a0i\u00a0<a href=\"https:\/\/www.instagram.com\/talia_plaszcze\/\">Instagram<\/a><\/p>","protected":false},"excerpt":{"rendered":"<p>Damska kurtka we\u0142niana bosmanka Francis to nasza propozycja kr\u00f3tkiego p\u0142aszczyka o d\u0142ugo\u015bci do po\u0142owy uda, ciep\u0142a i wygodna &#8211; idealna na jesienne&hellip;<\/p>","protected":false},"featured_media":528,"template":"","meta":{"_acf_changed":false},"product_cat":[55],"product_tag":[89,33,206,34,39,40,208,74,65,66,41,42,67,43,91,46,68,47,84,50,95,53,63,88],"class_list":{"0":"post-4269","1":"product","2":"type-product","3":"status-publish","4":"has-post-thumbnail","6":"product_cat-plaszcze-krotsze","7":"product_tag-cieply","8":"product_tag-dwurzedowy","9":"product_tag-granatowa-kurtka","10":"product_tag-handmade","11":"product_tag-klasyczny","12":"product_tag-kolnierz","13":"product_tag-kurtka-bosmanka","14":"product_tag-kurtka-damska","15":"product_tag-kurtka-ocieplana","16":"product_tag-kurtka-zimowa-ocieplana","17":"product_tag-na-podszewce","18":"product_tag-nowosc","19":"product_tag-ocieplany","20":"product_tag-plaszcz-damski","21":"product_tag-plaszcz-damski-zimowy","22":"product_tag-plaszcz-dwurzedowy","23":"product_tag-plaszcz-jesienny","24":"product_tag-plaszcz-na-guziki","25":"product_tag-plaszcz-oversizowy","26":"product_tag-plaszcz-z-rewersem","27":"product_tag-plaszcz-zimowy","28":"product_tag-welna","29":"product_tag-welniany","30":"product_tag-wiazany","32":"first","33":"instock","34":"shipping-taxable","35":"purchasable","36":"product-type-variable","37":"has-default-attributes"},"acf":[],"yoast_head":"<!-- This site is optimized with the Yoast SEO plugin v25.7 - https:\/\/yoast.com\/wordpress\/plugins\/seo\/ -->\n<title>Damska kurtka we\u0142niana bosmanka Francis - Talia Fashion - handmade<\/title>\n<meta name=\"description\" content=\"Damska kurtka we\u0142niana bosmanka. Oversizowa, z pi\u0119knym ko\u0142nierzem, r\u0119cznie szyta kurtka dwurz\u0119dowa, zimowa, ocieplana. Zaprojektowana i uszyta w Polsce.\" \/>\n<meta name=\"robots\" content=\"index, follow, max-snippet:-1, max-image-preview:large, max-video-preview:-1\" \/>\n<link rel=\"canonical\" href=\"https:\/\/talia-fashion.pl\/en\/product\/damska-kurtka-welniana-bosmanka-francis\/\" \/>\n<meta property=\"og:locale\" content=\"en_GB\" \/>\n<meta property=\"og:type\" content=\"article\" \/>\n<meta property=\"og:title\" content=\"Damska kurtka we\u0142niana bosmanka Francis - Talia Fashion - handmade\" \/>\n<meta property=\"og:description\" content=\"Damska kurtka we\u0142niana bosmanka. Oversizowa, z pi\u0119knym ko\u0142nierzem, r\u0119cznie szyta kurtka dwurz\u0119dowa, zimowa, ocieplana. Zaprojektowana i uszyta w Polsce.\" \/>\n<meta property=\"og:url\" content=\"https:\/\/talia-fashion.pl\/en\/product\/damska-kurtka-welniana-bosmanka-francis\/\" \/>\n<meta property=\"og:site_name\" content=\"Talia Fashion\" \/>\n<meta property=\"article:modified_time\" content=\"2026-02-13T09:09:19+00:00\" \/>\n<meta property=\"og:image\" content=\"https:\/\/talia-fashion.pl\/wp-content\/uploads\/2024\/10\/damska-kurka-welniana-bosmanka-granatowa-ciepla-oversizowa.jpg\" \/>\n\t<meta property=\"og:image:width\" content=\"1500\" \/>\n\t<meta property=\"og:image:height\" content=\"2000\" \/>\n\t<meta property=\"og:image:type\" content=\"image\/jpeg\" \/>\n<meta name=\"twitter:card\" content=\"summary_large_image\" \/>\n<meta name=\"twitter:label1\" content=\"Estimated reading time\" \/>\n\t<meta name=\"twitter:data1\" content=\"4 minutes\" \/>\n<script type=\"application\/ld+json\" class=\"yoast-schema-graph\">{\"@context\":\"https:\/\/schema.org\",\"@graph\":[{\"@type\":\"WebPage\",\"@id\":\"https:\/\/talia-fashion.pl\/produkt\/damska-kurtka-welniana-bosmanka-francis\/\",\"url\":\"https:\/\/talia-fashion.pl\/produkt\/damska-kurtka-welniana-bosmanka-francis\/\",\"name\":\"Damska kurtka we\u0142niana bosmanka Francis - Talia Fashion - handmade\",\"isPartOf\":{\"@id\":\"https:\/\/talia-fashion.pl\/#website\"},\"primaryImageOfPage\":{\"@id\":\"https:\/\/talia-fashion.pl\/produkt\/damska-kurtka-welniana-bosmanka-francis\/#primaryimage\"},\"image\":{\"@id\":\"https:\/\/talia-fashion.pl\/produkt\/damska-kurtka-welniana-bosmanka-francis\/#primaryimage\"},\"thumbnailUrl\":\"https:\/\/talia-fashion.pl\/wp-content\/uploads\/2024\/10\/damska-kurka-welniana-bosmanka-granatowa-ciepla-oversizowa.jpg\",\"datePublished\":\"2021-09-15T16:09:20+00:00\",\"dateModified\":\"2026-02-13T09:09:19+00:00\",\"description\":\"Damska kurtka we\u0142niana bosmanka. Oversizowa, z pi\u0119knym ko\u0142nierzem, r\u0119cznie szyta kurtka dwurz\u0119dowa, zimowa, ocieplana. Zaprojektowana i uszyta w Polsce.\",\"breadcrumb\":{\"@id\":\"https:\/\/talia-fashion.pl\/produkt\/damska-kurtka-welniana-bosmanka-francis\/#breadcrumb\"},\"inLanguage\":\"en-GB\",\"potentialAction\":[{\"@type\":\"ReadAction\",\"target\":[\"https:\/\/talia-fashion.pl\/produkt\/damska-kurtka-welniana-bosmanka-francis\/\"]}]},{\"@type\":\"ImageObject\",\"inLanguage\":\"en-GB\",\"@id\":\"https:\/\/talia-fashion.pl\/produkt\/damska-kurtka-welniana-bosmanka-francis\/#primaryimage\",\"url\":\"https:\/\/talia-fashion.pl\/wp-content\/uploads\/2024\/10\/damska-kurka-welniana-bosmanka-granatowa-ciepla-oversizowa.jpg\",\"contentUrl\":\"https:\/\/talia-fashion.pl\/wp-content\/uploads\/2024\/10\/damska-kurka-welniana-bosmanka-granatowa-ciepla-oversizowa.jpg\",\"width\":1500,\"height\":2000,\"caption\":\"Damska kurtka we\u0142niana bosmanka do po\u0142owy uda. W przepi\u0119knym granatowym kolorze. Wyk\u0142adany, du\u017cy otulaj\u0105cy ko\u0142nierz. Idealna na zim\u0119.\"},{\"@type\":\"BreadcrumbList\",\"@id\":\"https:\/\/talia-fashion.pl\/produkt\/damska-kurtka-welniana-bosmanka-francis\/#breadcrumb\",\"itemListElement\":[{\"@type\":\"ListItem\",\"position\":1,\"name\":\"Strona g\u0142\u00f3wna\",\"item\":\"https:\/\/talia-fashion.pl\/\"},{\"@type\":\"ListItem\",\"position\":2,\"name\":\"Sklep\",\"item\":\"https:\/\/talia-fashion.pl\/sklep\/\"},{\"@type\":\"ListItem\",\"position\":3,\"name\":\"Damska kurtka we\u0142niana bosmanka Francis\"}]},{\"@type\":\"WebSite\",\"@id\":\"https:\/\/talia-fashion.pl\/#website\",\"url\":\"https:\/\/talia-fashion.pl\/\",\"name\":\"Talia Fashion\",\"description\":\"\",\"potentialAction\":[{\"@type\":\"SearchAction\",\"target\":{\"@type\":\"EntryPoint\",\"urlTemplate\":\"https:\/\/talia-fashion.pl\/?s={search_term_string}\"},\"query-input\":{\"@type\":\"PropertyValueSpecification\",\"valueRequired\":true,\"valueName\":\"search_term_string\"}}],\"inLanguage\":\"en-GB\"}]}<\/script>\n<!-- \/ Yoast SEO plugin. -->","yoast_head_json":{"title":"Damska kurtka we\u0142niana bosmanka Francis - Talia Fashion - handmade","description":"Damska kurtka we\u0142niana bosmanka. Oversizowa, z pi\u0119knym ko\u0142nierzem, r\u0119cznie szyta kurtka dwurz\u0119dowa, zimowa, ocieplana. Zaprojektowana i uszyta w Polsce.","robots":{"index":"index","follow":"follow","max-snippet":"max-snippet:-1","max-image-preview":"max-image-preview:large","max-video-preview":"max-video-preview:-1"},"canonical":"https:\/\/talia-fashion.pl\/en\/product\/damska-kurtka-welniana-bosmanka-francis\/","og_locale":"en_GB","og_type":"article","og_title":"Damska kurtka we\u0142niana bosmanka Francis - Talia Fashion - handmade","og_description":"Damska kurtka we\u0142niana bosmanka. Oversizowa, z pi\u0119knym ko\u0142nierzem, r\u0119cznie szyta kurtka dwurz\u0119dowa, zimowa, ocieplana. Zaprojektowana i uszyta w Polsce.","og_url":"https:\/\/talia-fashion.pl\/en\/product\/damska-kurtka-welniana-bosmanka-francis\/","og_site_name":"Talia Fashion","article_modified_time":"2026-02-13T09:09:19+00:00","og_image":[{"width":1500,"height":2000,"url":"https:\/\/talia-fashion.pl\/wp-content\/uploads\/2024\/10\/damska-kurka-welniana-bosmanka-granatowa-ciepla-oversizowa.jpg","type":"image\/jpeg"}],"twitter_card":"summary_large_image","twitter_misc":{"Estimated reading time":"4 minutes"},"schema":{"@context":"https:\/\/schema.org","@graph":[{"@type":"WebPage","@id":"https:\/\/talia-fashion.pl\/produkt\/damska-kurtka-welniana-bosmanka-francis\/","url":"https:\/\/talia-fashion.pl\/produkt\/damska-kurtka-welniana-bosmanka-francis\/","name":"Damska kurtka we\u0142niana bosmanka Francis - Talia Fashion - handmade","isPartOf":{"@id":"https:\/\/talia-fashion.pl\/#website"},"primaryImageOfPage":{"@id":"https:\/\/talia-fashion.pl\/produkt\/damska-kurtka-welniana-bosmanka-francis\/#primaryimage"},"image":{"@id":"https:\/\/talia-fashion.pl\/produkt\/damska-kurtka-welniana-bosmanka-francis\/#primaryimage"},"thumbnailUrl":"https:\/\/talia-fashion.pl\/wp-content\/uploads\/2024\/10\/damska-kurka-welniana-bosmanka-granatowa-ciepla-oversizowa.jpg","datePublished":"2021-09-15T16:09:20+00:00","dateModified":"2026-02-13T09:09:19+00:00","description":"Damska kurtka we\u0142niana bosmanka. Oversizowa, z pi\u0119knym ko\u0142nierzem, r\u0119cznie szyta kurtka dwurz\u0119dowa, zimowa, ocieplana. Zaprojektowana i uszyta w Polsce.","breadcrumb":{"@id":"https:\/\/talia-fashion.pl\/produkt\/damska-kurtka-welniana-bosmanka-francis\/#breadcrumb"},"inLanguage":"en-GB","potentialAction":[{"@type":"ReadAction","target":["https:\/\/talia-fashion.pl\/produkt\/damska-kurtka-welniana-bosmanka-francis\/"]}]},{"@type":"ImageObject","inLanguage":"en-GB","@id":"https:\/\/talia-fashion.pl\/produkt\/damska-kurtka-welniana-bosmanka-francis\/#primaryimage","url":"https:\/\/talia-fashion.pl\/wp-content\/uploads\/2024\/10\/damska-kurka-welniana-bosmanka-granatowa-ciepla-oversizowa.jpg","contentUrl":"https:\/\/talia-fashion.pl\/wp-content\/uploads\/2024\/10\/damska-kurka-welniana-bosmanka-granatowa-ciepla-oversizowa.jpg","width":1500,"height":2000,"caption":"Damska kurtka we\u0142niana bosmanka do po\u0142owy uda. W przepi\u0119knym granatowym kolorze. Wyk\u0142adany, du\u017cy otulaj\u0105cy ko\u0142nierz. Idealna na zim\u0119."},{"@type":"BreadcrumbList","@id":"https:\/\/talia-fashion.pl\/produkt\/damska-kurtka-welniana-bosmanka-francis\/#breadcrumb","itemListElement":[{"@type":"ListItem","position":1,"name":"Strona g\u0142\u00f3wna","item":"https:\/\/talia-fashion.pl\/"},{"@type":"ListItem","position":2,"name":"Sklep","item":"https:\/\/talia-fashion.pl\/sklep\/"},{"@type":"ListItem","position":3,"name":"Damska kurtka we\u0142niana bosmanka Francis"}]},{"@type":"WebSite","@id":"https:\/\/talia-fashion.pl\/#website","url":"https:\/\/talia-fashion.pl\/","name":"Talia Fashion","description":"","potentialAction":[{"@type":"SearchAction","target":{"@type":"EntryPoint","urlTemplate":"https:\/\/talia-fashion.pl\/?s={search_term_string}"},"query-input":{"@type":"PropertyValueSpecification","valueRequired":true,"valueName":"search_term_string"}}],"inLanguage":"en-GB"}]}},"_links":{"self":[{"href":"https:\/\/talia-fashion.pl\/en\/wp-json\/wp\/v2\/product\/4269","targetHints":{"allow":["GET"]}}],"collection":[{"href":"https:\/\/talia-fashion.pl\/en\/wp-json\/wp\/v2\/product"}],"about":[{"href":"https:\/\/talia-fashion.pl\/en\/wp-json\/wp\/v2\/types\/product"}],"wp:featuredmedia":[{"embeddable":true,"href":"https:\/\/talia-fashion.pl\/en\/wp-json\/wp\/v2\/media\/528"}],"wp:attachment":[{"href":"https:\/\/talia-fashion.pl\/en\/wp-json\/wp\/v2\/media?parent=4269"}],"wp:term":[{"taxonomy":"product_cat","embeddable":true,"href":"https:\/\/talia-fashion.pl\/en\/wp-json\/wp\/v2\/product_cat?post=4269"},{"taxonomy":"product_tag","embeddable":true,"href":"https:\/\/talia-fashion.pl\/en\/wp-json\/wp\/v2\/product_tag?post=4269"}],"curies":[{"name":"wp","href":"https:\/\/api.w.org\/{rel}","templated":true}]}}