{"id":4004,"date":"2019-03-15T11:16:31","date_gmt":"2019-03-15T10:16:31","guid":{"rendered":"http:\/\/talia-fashion.pl\/produkt\/dlugi-trencz-oversize-z-paskiem-stella\/"},"modified":"2026-04-20T08:34:16","modified_gmt":"2026-04-20T06:34:16","slug":"dlugi-trencz-oversize-z-paskiem-stella","status":"publish","type":"product","link":"https:\/\/talia-fashion.pl\/en\/product\/dlugi-trencz-oversize-z-paskiem-stella\/","title":{"rendered":"Long oversize trench with belt Stella"},"content":{"rendered":"<p><span lang=\"DE\"><strong>D\u0142ugi trencz oversize z paskiem<\/strong> Stella o kroju klasycznego, <strong>dwurz\u0119dowego prochowca z peleryn\u0105 na plecach<\/strong>. P\u0142aszcz jest profilowany, jednak z uwagi na <strong>raglanowe wyko\u0144czenie r\u0119kaw\u00f3w<\/strong> wypada lu\u017aniejszy (<strong>oversizowy<\/strong>). Tali\u0119 mo\u017cna dodatkowo podkre\u015bli\u0107 paskiem. Z ty\u0142u na dole <strong>ma rozporek<\/strong>. Dobrane kolorystycznie szylkretowe guziki na froncie p\u0142aszcza oraz na mankietach. Na ramionach <strong>decorative epaulettes<\/strong> z naszytym guzikiem. <strong>Dwie uko\u015bne kieszenie<\/strong> zako\u0144czone szerok\u0105 listw\u0105. Trencz w ca\u0142o\u015bci <strong>on the lining<\/strong>. P\u0142aszcz jest lu\u017any, wi\u0119c je\u015bli po\u017c\u0105dany jest bardziej dopasowany efekt, to sugerujemy wyb\u00f3r mniejszego rozmiaru. <\/span><\/p>\n<p><span lang=\"DE\"><strong>Absolutny hit<\/strong> tej wiosny! Zakocha si\u0119 w nim ka\u017cda mi\u0142o\u015bniczka <span class=\"ILfuVd\" lang=\"pl\"><span class=\"hgKElc\">francuskiego sznytu i nonszalancji.<\/span><\/span> Lu\u017any trencz w ponadczasowym <strong>ciep\u0142ym be\u017cowym kolorze<\/strong> stanie si\u0119 Twoim ulubionym. Nasza Stella stylowo uzupe\u0142ni Twoj\u0105 codzienn\u0105 stylizacj\u0119 zar\u00f3wno z d\u017cinsami jak i zwiewn\u0105 sukienk\u0105. D\u0142ugo\u015b\u0107 p\u0142aszcza ochroni Ci\u0119 przed wiosennymi powiewami wiatru, dlatego \u015bmia\u0142o mo\u017cesz ubra\u0107 sp\u00f3dniczk\u0119 nawet o d\u0142ugo\u015bci mini. Ten klasyczny w swym kroju i historii p\u0142aszcz stanowi \u015bwietne t\u0142o dla wszelkich dodatk\u00f3w. Kapelusz, czapka czy beret? Sportowe buty, loafersy, baleriny? Szoperka a mo\u017ce wyrafinowana, sk\u00f3rzana torebka &#8211; wszystko zale\u017cy dok\u0105d si\u0119 w\u0142a\u015bnie wybierasz i jaki masz dzisiaj humor. Z ca\u0142\u0105 pewno\u015bci\u0105 ten trencz d\u0142ugo zago\u015bci w Twojej szafie.<br \/>\n<\/span><\/p>\n<p>Zobacz te\u017c nasze wskaz\u00f3wki <a href=\"https:\/\/talia-fashion.pl\/en\/jak-dobrac-plaszcz-do-sylwetki\/\">How do you choose a coat to suit your figure?<\/a><\/p>\n<p><span lang=\"DE\">Zdj\u0119cie rzeczywiste &#8211; be\u017cowy<\/span><\/p>\n<p>Dost\u0119pne kolory: be\u017cowy, czekoladowy br\u0105z<\/p>\n<p><span lang=\"DE\">The colours are presented in our <a href=\"https:\/\/talia-fashion.pl\/en\/paleta-kolorow\/\">Colour palette<\/a>. If in doubt, please contact us.<\/span><\/p>\n<p>Uprawiamy tradycyjne krawiectwo i w zwi\u0105zku z tym oferujemy produkt najwy\u017cszej jako\u015bci, jednak prosimy o cierpliwo\u015b\u0107 w oczekiwaniu na realizacj\u0119 zam\u00f3wienia. P\u0142aszczyk\u00f3w nie szyjemy na magazyn wi\u0119c czas realizacji mo\u017ce potrwa\u0107 do 14 dni.<\/p>\n<p><span lang=\"DE\">Available sizes: XS, S, M, L<\/span><\/p>\n<p><span lang=\"DE\">Indicative dimensions:<\/span><\/p>\n<p>XS &#8211; biust: 86-88 \/ biodra: 94-96 \/ d\u0142ugo\u015b\u0107: 108 \/ r\u0119kaw: 62<br \/>\nS &#8211; biust: 90-92 \/ biodra: 98-100 \/ d\u0142ugo\u015b\u0107: 108 \/ r\u0119kaw: 62<br \/>\nM &#8211; biust: 94-96\u00a0\u00a0\/ biodra: 102-104 \/ d\u0142ugo\u015b\u0107: 108 \/ r\u0119kaw: 62<br \/>\nL - bust: 98-100 \/ hips: 106-108 \/ length: 108 \/ sleeve: 63<br \/>\nXL - bust: 104-106 \/ hips: 112-114 \/ length: 108 \/ sleeve: 64<\/p>\n<p><span lang=\"DE\">Jak si\u0119 zmierzy\u0107 i jaki wybra\u0107 rozmiar podpowiadamy w naszym kr\u00f3tkim poradniku: <a href=\"https:\/\/talia-fashion.pl\/en\/jak-dobrac-rozmiar\/\">How to choose a size?<\/a><\/span><br \/>\n<span lang=\"DE\">If you are unsure of your size selection, please contact us.<\/span><\/p>\n<p><span lang=\"DE\">Materia\u0142:\u00a0 80% bawe\u0142na, 20% nylon<\/span><br \/>\nLining: 100% acetate<\/p>\n<p>Acetat podobnie jak wiskoza wytwarzany jest z celulozy. Prz\u0119dza acetatowa mo\u017ce by\u0107 wytworzona r\u00f3wnie\u017c z celulozy przetworzonej np. papieru. Podszewka acetatowa doskonale wch\u0142ania wilgo\u0107 i przepuszcza powietrze, dzi\u0119ki czemu dobrze si\u0119 nosi i zapewnia komfort termiczny. Jest powlekana apretur\u0105 antystatyczn\u0105 i posiada certyfikat OEKOtex\u00ae Standard 100.<\/p>\n<p><span lang=\"DE\">W naszej rodzinnej pracowni projektujemy i szyjemy wszystkie modele p\u0142aszczy znajduj\u0105ce si\u0119 w naszej ofercie, w tym tak\u017ce D\u0142ugi trencz oversize z paskiem Stella. Od 37 lat zajmujemy si\u0119 okryciami wierzchnimi. P\u0142aszcze i kurtki to nasza pasja.\u00a0<\/span><\/p>\n<p><span lang=\"DE\">D\u0142ugi trencz oversize z paskiem Stella nale\u017cy czy\u015bci\u0107 chemicznie. Nasze kr\u00f3tkie wskaz\u00f3wki pozwol\u0105 cieszy\u0107 si\u0119 nim d\u0142ugie lata <a href=\"https:\/\/talia-fashion.pl\/en\/jak-pielegnowac-i-dbac-o-plaszcz\/\">How to nurture and care for the coat? <\/a>Odpowiednie wieszanie, wietrzenie i unikanie zahacze\u0144 sprawi, \u017ce Tw\u00f3j p\u0142aszcz d\u0142ugo pozostanie pi\u0119kny.<\/span><\/p>\n<p><span lang=\"DE\">Oferujemy mo\u017cliwo\u015b\u0107 <strong>Individual orders<\/strong>, czyli z drobnymi modyfikacjami na \u017cyczenie Klienta. W p\u0142aszczyku mo\u017cemy skr\u00f3ci\u0107, b\u0105d\u017a wyd\u0142u\u017cy\u0107 r\u0119kawy, skr\u00f3ci\u0107 lub wyd\u0142u\u017cy\u0107 d\u0142ugo\u015b\u0107 p\u0142aszcza. Koszt takiej us\u0142ugi ustalamy indywidualnie po uprzednim kontakcie. Je\u015bli nie przepadacie za pagonami na ramionach &#8211; istnieje rownie\u017c mo\u017cliwo\u015b\u0107 ich usuni\u0119cia, przy indywidualnym zam\u00f3wieniu.<br \/>\n<\/span><\/p>\n<p><strong>An individual order is not subject to exchange or refund.<\/strong><\/p>\n<p><span lang=\"DE\">Czas realizacji zam\u00f3wienia zale\u017cy od aktualnego stanu magazynowego w pracowni oraz dost\u0119pno\u015bci danego koloru materia\u0142u. Je\u015bli dany p\u0142aszcz jest dost\u0119pny w firmie realizacja zam\u00f3wienia nast\u0105pi bardzo szybko 2-5 dni roboczych. Je\u015bli konieczne jest uszycie p\u0142aszcza lub indywidualizacja zam\u00f3wienia \u2013 wykonanie przer\u00f3bki lub uszycie nowego p\u0142aszcza \u2013 czas realizacji zam\u00f3wienia mo\u017ce ulec wyd\u0142u\u017ceniu, maksymalnie do 2 tygodni.<\/span><\/p>\n<p>Uprawiamy tradycyjne rzemios\u0142o i ka\u017cdy nasz p\u0142aszcz jest szyty r\u0119cznie, dlatego prosimy o cierpliwo\u015b\u0107 gdy\u017c musimy uszy\u0107 ten p\u0142aszcz dla Ciebie. Wi\u0119kszo\u015b\u0107 naszych p\u0142aszczy nie szyjemy na magazyn, wi\u0119c czas realizacji mo\u017ce potrwa\u0107 do 14 dni. Postaramy si\u0119 jednak jak najszybciej zrealizowa\u0107 zam\u00f3wienie.<\/p>\n<p>Follow our profiles on <a href=\"https:\/\/www.facebook.com\/talia.plaszcze\">Facebook<\/a>\u00a0and\u00a0<a href=\"https:\/\/www.instagram.com\/talia_plaszcze\/\">Instagram<\/a>.<\/p>","protected":false},"excerpt":{"rendered":"<p><span lang=\"DE\"><strong>D\u0142ugi trencz oversize z paskiem<\/strong> &#8211; <strong>dwurz\u0119dowy prochowiec z peleryn\u0105 na plecach<\/strong>. Swobodny, nowoczesny kr\u00f3j o perfekcyjnie wywa\u017conych proporcjach. Wysoko podpinany.<\/span><\/p>","protected":false},"featured_media":4015,"template":"","meta":{"_acf_changed":false},"product_cat":[36,27],"product_tag":[78,33,34,39,40,80,41,42,43,44,45,46,83,47,84,49,50,69,52,114,97,88],"class_list":{"0":"post-4004","1":"product","2":"type-product","3":"status-publish","4":"has-post-thumbnail","6":"product_cat-plaszcze-dluzsze","7":"product_cat-trencze","8":"product_tag-dla-roznych-sylwetek","9":"product_tag-dwurzedowy","10":"product_tag-handmade","11":"product_tag-klasyczny","12":"product_tag-kolnierz","13":"product_tag-luzny-kroj","14":"product_tag-na-podszewce","15":"product_tag-nowosc","16":"product_tag-plaszcz-damski","17":"product_tag-plaszcz-damski-dlugi","18":"product_tag-plaszcz-dlugi","19":"product_tag-plaszcz-dwurzedowy","20":"product_tag-plaszcz-luzny","21":"product_tag-plaszcz-na-guziki","22":"product_tag-plaszcz-oversizowy","23":"product_tag-plaszcz-wiosenny","24":"product_tag-plaszcz-z-rewersem","25":"product_tag-prochowiec","26":"product_tag-szylkretowe-guziki","27":"product_tag-tencel","28":"product_tag-trencz","29":"product_tag-wiazany","31":"first","32":"instock","33":"shipping-taxable","34":"purchasable","35":"product-type-variable","36":"has-default-attributes"},"acf":[],"yoast_head":"<!-- This site is optimized with the Yoast SEO plugin v25.7 - https:\/\/yoast.com\/wordpress\/plugins\/seo\/ -->\n<title>D\u0142ugi trencz oversize z paskiem Stella - Talia Fashion - p\u0142aszcze szyte r\u0119cznie<\/title>\n<meta name=\"description\" content=\"Trencz oversize z paskiem - raglanowe r\u0119kawy, wi\u0105zanie w pasie. Ponadczasowy kr\u00f3j i kolor. Uszyty w naszej pracowni, w Polsce. Francuski szyk.\" \/>\n<meta name=\"robots\" content=\"index, follow, max-snippet:-1, max-image-preview:large, max-video-preview:-1\" \/>\n<link rel=\"canonical\" href=\"https:\/\/talia-fashion.pl\/en\/product\/dlugi-trencz-oversize-z-paskiem-stella\/\" \/>\n<meta property=\"og:locale\" content=\"en_GB\" \/>\n<meta property=\"og:type\" content=\"article\" \/>\n<meta property=\"og:title\" content=\"D\u0142ugi trencz oversize z paskiem Stella - Talia Fashion - p\u0142aszcze szyte r\u0119cznie\" \/>\n<meta property=\"og:description\" content=\"Trencz oversize z paskiem - raglanowe r\u0119kawy, wi\u0105zanie w pasie. Ponadczasowy kr\u00f3j i kolor. Uszyty w naszej pracowni, w Polsce. Francuski szyk.\" \/>\n<meta property=\"og:url\" content=\"https:\/\/talia-fashion.pl\/en\/product\/dlugi-trencz-oversize-z-paskiem-stella\/\" \/>\n<meta property=\"og:site_name\" content=\"Talia Fashion\" \/>\n<meta property=\"article:modified_time\" content=\"2026-04-20T06:34:16+00:00\" \/>\n<meta property=\"og:image\" content=\"https:\/\/talia-fashion.pl\/wp-content\/uploads\/2025\/07\/dlugi_trencz_damski_oversize_bawelniany.jpg\" \/>\n\t<meta property=\"og:image:width\" content=\"1500\" \/>\n\t<meta property=\"og:image:height\" content=\"2000\" \/>\n\t<meta property=\"og:image:type\" content=\"image\/jpeg\" \/>\n<meta name=\"twitter:card\" content=\"summary_large_image\" \/>\n<meta name=\"twitter:label1\" content=\"Estimated reading time\" \/>\n\t<meta name=\"twitter:data1\" content=\"3 minutes\" \/>\n<script type=\"application\/ld+json\" class=\"yoast-schema-graph\">{\"@context\":\"https:\/\/schema.org\",\"@graph\":[{\"@type\":\"WebPage\",\"@id\":\"https:\/\/talia-fashion.pl\/produkt\/dlugi-trencz-oversize-z-paskiem-stella\/\",\"url\":\"https:\/\/talia-fashion.pl\/produkt\/dlugi-trencz-oversize-z-paskiem-stella\/\",\"name\":\"D\u0142ugi trencz oversize z paskiem Stella - Talia Fashion - p\u0142aszcze szyte r\u0119cznie\",\"isPartOf\":{\"@id\":\"https:\/\/talia-fashion.pl\/#website\"},\"primaryImageOfPage\":{\"@id\":\"https:\/\/talia-fashion.pl\/produkt\/dlugi-trencz-oversize-z-paskiem-stella\/#primaryimage\"},\"image\":{\"@id\":\"https:\/\/talia-fashion.pl\/produkt\/dlugi-trencz-oversize-z-paskiem-stella\/#primaryimage\"},\"thumbnailUrl\":\"https:\/\/talia-fashion.pl\/wp-content\/uploads\/2025\/07\/dlugi_trencz_damski_oversize_bawelniany.jpg\",\"datePublished\":\"2019-03-15T10:16:31+00:00\",\"dateModified\":\"2026-04-20T06:34:16+00:00\",\"description\":\"Trencz oversize z paskiem - raglanowe r\u0119kawy, wi\u0105zanie w pasie. Ponadczasowy kr\u00f3j i kolor. Uszyty w naszej pracowni, w Polsce. Francuski szyk.\",\"breadcrumb\":{\"@id\":\"https:\/\/talia-fashion.pl\/produkt\/dlugi-trencz-oversize-z-paskiem-stella\/#breadcrumb\"},\"inLanguage\":\"en-GB\",\"potentialAction\":[{\"@type\":\"ReadAction\",\"target\":[\"https:\/\/talia-fashion.pl\/produkt\/dlugi-trencz-oversize-z-paskiem-stella\/\"]}]},{\"@type\":\"ImageObject\",\"inLanguage\":\"en-GB\",\"@id\":\"https:\/\/talia-fashion.pl\/produkt\/dlugi-trencz-oversize-z-paskiem-stella\/#primaryimage\",\"url\":\"https:\/\/talia-fashion.pl\/wp-content\/uploads\/2025\/07\/dlugi_trencz_damski_oversize_bawelniany.jpg\",\"contentUrl\":\"https:\/\/talia-fashion.pl\/wp-content\/uploads\/2025\/07\/dlugi_trencz_damski_oversize_bawelniany.jpg\",\"width\":1500,\"height\":2000,\"caption\":\"D\u0142ugi trencz damski w lu\u017anym stylu z tkaniny bawe\u0142nianej z pow\u0142ok\u0105 hydrofobow\u0105 w ciep\u0142ym, be\u017cowym kolorze.\"},{\"@type\":\"BreadcrumbList\",\"@id\":\"https:\/\/talia-fashion.pl\/produkt\/dlugi-trencz-oversize-z-paskiem-stella\/#breadcrumb\",\"itemListElement\":[{\"@type\":\"ListItem\",\"position\":1,\"name\":\"Strona g\u0142\u00f3wna\",\"item\":\"https:\/\/talia-fashion.pl\/\"},{\"@type\":\"ListItem\",\"position\":2,\"name\":\"Sklep\",\"item\":\"https:\/\/talia-fashion.pl\/sklep\/\"},{\"@type\":\"ListItem\",\"position\":3,\"name\":\"D\u0142ugi trencz oversize z paskiem Stella\"}]},{\"@type\":\"WebSite\",\"@id\":\"https:\/\/talia-fashion.pl\/#website\",\"url\":\"https:\/\/talia-fashion.pl\/\",\"name\":\"Talia Fashion\",\"description\":\"\",\"potentialAction\":[{\"@type\":\"SearchAction\",\"target\":{\"@type\":\"EntryPoint\",\"urlTemplate\":\"https:\/\/talia-fashion.pl\/?s={search_term_string}\"},\"query-input\":{\"@type\":\"PropertyValueSpecification\",\"valueRequired\":true,\"valueName\":\"search_term_string\"}}],\"inLanguage\":\"en-GB\"}]}<\/script>\n<!-- \/ Yoast SEO plugin. -->","yoast_head_json":{"title":"D\u0142ugi trencz oversize z paskiem Stella - Talia Fashion - p\u0142aszcze szyte r\u0119cznie","description":"Trencz oversize z paskiem - raglanowe r\u0119kawy, wi\u0105zanie w pasie. Ponadczasowy kr\u00f3j i kolor. Uszyty w naszej pracowni, w Polsce. Francuski szyk.","robots":{"index":"index","follow":"follow","max-snippet":"max-snippet:-1","max-image-preview":"max-image-preview:large","max-video-preview":"max-video-preview:-1"},"canonical":"https:\/\/talia-fashion.pl\/en\/product\/dlugi-trencz-oversize-z-paskiem-stella\/","og_locale":"en_GB","og_type":"article","og_title":"D\u0142ugi trencz oversize z paskiem Stella - Talia Fashion - p\u0142aszcze szyte r\u0119cznie","og_description":"Trencz oversize z paskiem - raglanowe r\u0119kawy, wi\u0105zanie w pasie. Ponadczasowy kr\u00f3j i kolor. Uszyty w naszej pracowni, w Polsce. Francuski szyk.","og_url":"https:\/\/talia-fashion.pl\/en\/product\/dlugi-trencz-oversize-z-paskiem-stella\/","og_site_name":"Talia Fashion","article_modified_time":"2026-04-20T06:34:16+00:00","og_image":[{"width":1500,"height":2000,"url":"https:\/\/talia-fashion.pl\/wp-content\/uploads\/2025\/07\/dlugi_trencz_damski_oversize_bawelniany.jpg","type":"image\/jpeg"}],"twitter_card":"summary_large_image","twitter_misc":{"Estimated reading time":"3 minutes"},"schema":{"@context":"https:\/\/schema.org","@graph":[{"@type":"WebPage","@id":"https:\/\/talia-fashion.pl\/produkt\/dlugi-trencz-oversize-z-paskiem-stella\/","url":"https:\/\/talia-fashion.pl\/produkt\/dlugi-trencz-oversize-z-paskiem-stella\/","name":"D\u0142ugi trencz oversize z paskiem Stella - Talia Fashion - p\u0142aszcze szyte r\u0119cznie","isPartOf":{"@id":"https:\/\/talia-fashion.pl\/#website"},"primaryImageOfPage":{"@id":"https:\/\/talia-fashion.pl\/produkt\/dlugi-trencz-oversize-z-paskiem-stella\/#primaryimage"},"image":{"@id":"https:\/\/talia-fashion.pl\/produkt\/dlugi-trencz-oversize-z-paskiem-stella\/#primaryimage"},"thumbnailUrl":"https:\/\/talia-fashion.pl\/wp-content\/uploads\/2025\/07\/dlugi_trencz_damski_oversize_bawelniany.jpg","datePublished":"2019-03-15T10:16:31+00:00","dateModified":"2026-04-20T06:34:16+00:00","description":"Trencz oversize z paskiem - raglanowe r\u0119kawy, wi\u0105zanie w pasie. Ponadczasowy kr\u00f3j i kolor. Uszyty w naszej pracowni, w Polsce. Francuski szyk.","breadcrumb":{"@id":"https:\/\/talia-fashion.pl\/produkt\/dlugi-trencz-oversize-z-paskiem-stella\/#breadcrumb"},"inLanguage":"en-GB","potentialAction":[{"@type":"ReadAction","target":["https:\/\/talia-fashion.pl\/produkt\/dlugi-trencz-oversize-z-paskiem-stella\/"]}]},{"@type":"ImageObject","inLanguage":"en-GB","@id":"https:\/\/talia-fashion.pl\/produkt\/dlugi-trencz-oversize-z-paskiem-stella\/#primaryimage","url":"https:\/\/talia-fashion.pl\/wp-content\/uploads\/2025\/07\/dlugi_trencz_damski_oversize_bawelniany.jpg","contentUrl":"https:\/\/talia-fashion.pl\/wp-content\/uploads\/2025\/07\/dlugi_trencz_damski_oversize_bawelniany.jpg","width":1500,"height":2000,"caption":"D\u0142ugi trencz damski w lu\u017anym stylu z tkaniny bawe\u0142nianej z pow\u0142ok\u0105 hydrofobow\u0105 w ciep\u0142ym, be\u017cowym kolorze."},{"@type":"BreadcrumbList","@id":"https:\/\/talia-fashion.pl\/produkt\/dlugi-trencz-oversize-z-paskiem-stella\/#breadcrumb","itemListElement":[{"@type":"ListItem","position":1,"name":"Strona g\u0142\u00f3wna","item":"https:\/\/talia-fashion.pl\/"},{"@type":"ListItem","position":2,"name":"Sklep","item":"https:\/\/talia-fashion.pl\/sklep\/"},{"@type":"ListItem","position":3,"name":"D\u0142ugi trencz oversize z paskiem Stella"}]},{"@type":"WebSite","@id":"https:\/\/talia-fashion.pl\/#website","url":"https:\/\/talia-fashion.pl\/","name":"Talia Fashion","description":"","potentialAction":[{"@type":"SearchAction","target":{"@type":"EntryPoint","urlTemplate":"https:\/\/talia-fashion.pl\/?s={search_term_string}"},"query-input":{"@type":"PropertyValueSpecification","valueRequired":true,"valueName":"search_term_string"}}],"inLanguage":"en-GB"}]}},"_links":{"self":[{"href":"https:\/\/talia-fashion.pl\/en\/wp-json\/wp\/v2\/product\/4004","targetHints":{"allow":["GET"]}}],"collection":[{"href":"https:\/\/talia-fashion.pl\/en\/wp-json\/wp\/v2\/product"}],"about":[{"href":"https:\/\/talia-fashion.pl\/en\/wp-json\/wp\/v2\/types\/product"}],"wp:featuredmedia":[{"embeddable":true,"href":"https:\/\/talia-fashion.pl\/en\/wp-json\/wp\/v2\/media\/4015"}],"wp:attachment":[{"href":"https:\/\/talia-fashion.pl\/en\/wp-json\/wp\/v2\/media?parent=4004"}],"wp:term":[{"taxonomy":"product_cat","embeddable":true,"href":"https:\/\/talia-fashion.pl\/en\/wp-json\/wp\/v2\/product_cat?post=4004"},{"taxonomy":"product_tag","embeddable":true,"href":"https:\/\/talia-fashion.pl\/en\/wp-json\/wp\/v2\/product_tag?post=4004"}],"curies":[{"name":"wp","href":"https:\/\/api.w.org\/{rel}","templated":true}]}}