{"id":3976,"date":"2018-09-13T15:00:17","date_gmt":"2018-09-13T13:00:17","guid":{"rendered":"http:\/\/talia-fashion.pl\/produkt\/pudelkowa-kurtka-limited-edition-roma\/"},"modified":"2026-02-13T10:10:07","modified_gmt":"2026-02-13T09:10:07","slug":"pudelkowa-kurtka-limited-edition-roma","status":"publish","type":"product","link":"https:\/\/talia-fashion.pl\/en\/product\/pudelkowa-kurtka-limited-edition-roma\/","title":{"rendered":"Boxed jacket limited edition Roma"},"content":{"rendered":"<p>Pude\u0142kowa kurtka limited edition Roma to przepi\u0119kny kr\u00f3tki p\u0142aszczyk typu oversize w krat\u0119. P\u0142aszczyk ma obni\u017con\u0105 lini\u0119 ramion, dzi\u0119ki czemu w tej cz\u0119\u015bci p\u0142aszcz jest lu\u017aniejszy.\u00a0 Klasyczne dwurz\u0119dowe zapi\u0119cie na guziki. Wpuszczane kieszenie boczne zako\u0144czone ozdobnymi listewkami oraz szykowny ko\u0142nierz typu rewers. Kurtka w ca\u0142o\u015bci ocieplana.\u00a0 Znakomita na jesie\u0144 i zim\u0119.<\/p>\n<p>Proponujemy zestawi\u0107 nasz kr\u00f3tki p\u0142aszczyk z d\u017cinsami i wygodnymi butami a nie b\u0119dziesz chcia\u0142a si\u0119 z nim rozsta\u0107 ju\u017c \u017cadnego dnia. Mi\u0119kka tkanina we\u0142niana sprawi, \u017ce Tw\u00f3j codzienny str\u00f3j b\u0119dzie bardzo wygodny i ciep\u0142y. Polecamy g\u0142adkie wersje dodatk\u00f3w aby p\u0142aszczyk w krat\u0119 gra\u0142 pierwsze skrzypce. Niemniej jednak je\u015bli nie boisz si\u0119 \u0142\u0105czy\u0107 wzor\u00f3w &#8211; dzia\u0142aj! Pude\u0142kowa kurtka limited edition Roma otwiera przed Tob\u0105 wiele mo\u017cliwo\u015bci!<\/p>\n<p>If you're wondering how to choose a coat to suit your figure, we recommend our tips: <a href=\"https:\/\/talia-fashion.pl\/en\/jak-dobrac-plaszcz-do-sylwetki\/\">How do you choose a coat to suit your figure?<\/a><\/p>\n<p>Zdj\u0119cie rzeczywiste &#8211; krata r\u00f3\u017cowo-czarna<\/p>\n<p>P\u0142aszcz dost\u0119pny w nast\u0119puj\u0105cych kolorach: krata r\u00f3\u017cowo-czarna (tylko S), krata niebieska<\/p>\n<p>Available sizes: XS, S, M, L<\/p>\n<p>All available colours of materials are presented in the pictures of coats in various models and in our\u00a0<a href=\"https:\/\/talia-fashion.pl\/en\/paleta-kolorow\/\">Colour palette<\/a>. If in doubt, please contact us.<\/p>\n<p>Indicative dimensions:<br \/>\nXS - bust: 86-88 \/ hips: 94-96 \/ length: 86 \/ sleeve: 61<br \/>\nS - bust: 90-92 \/ hips: 98-100 \/ length: 86 \/ sleeve: 62<br \/>\nM - bust: 94-96 \/ hips: 102-104 \/ length: 86 \/ sleeve: 62<br \/>\nL - bust: 98-100 \/ hips: 106-108 \/ length: 87\/ sleeve: 63<br \/>\nJest to p\u0142aszcz w stylu oversize \u2013 prosty kr\u00f3j i opuszczane r\u0119kawy sprawiaj\u0105, i\u017c wypada lu\u017aniejszy i wi\u0119kszy. W razie w\u0105tpliwo\u015bci odno\u015bnie rozmiaru, prosimy o kontakt.<\/p>\n<p>Modelka ma 172 cm i rozmiar M<\/p>\n<p>Materia\u0142 zewn\u0119trzny: 80% we\u0142na, 20% poliamid<\/p>\n<p>Lining: acetate<br \/>\nLike viscose, acetate is produced from cellulose. Acetate yarn can also be made from recycled cellulose such as paper. The acetate lining is excellent at absorbing moisture and allowing air to pass through. It is coated with an antistatic apprettee and is OEKOtex\u00ae Standard 100 certified.<br \/>\nInsulation: 100% non-woven recycled polyester<br \/>\nOur coats are insulated with a compressed thermo-insulating quilted fleece on the lining. The fleece is made from recycled polyester fibres. The material is lightweight, thin and at the same time perfectly insulating. The insulating fleece we use is resistant to moisture (it retains its insulating properties and warming effect even in damp conditions), stops the wind, is hypoallergenic and breathable. It is OEKOtex\u00ae Standard 100 certified.<\/p>\n<p>Pude\u0142kowa kurtka limited edition Roma zosta\u0142a zaprojektowana i uszyta w naszej rodzinnej pracowni. P\u0142aszcze szyjemy wed\u0142ug tradycyjnej metody. Materia\u0142 jest k\u0142adziony r\u0119cznie i r\u0119cznie s\u0105 dopasowane elementy kraty, tak aby ka\u017cdy szczeg\u00f3\u0142 do siebie pasowa\u0142. Rzemios\u0142o jest nasz\u0105 pasj\u0105. Od 32 lat wierzymy w zr\u00f3wnowa\u017cony rozw\u00f3j i promujemy prac\u0119 ludzkich r\u0105k.<\/p>\n<p>The jacket should be dry-cleaned. For home wool restoration we recommend\u00a0<a href=\"https:\/\/talia-fashion.pl\/en\/product\/szczotka-do-czyszczenia-i-pielegnacji-plaszcza\/\">Brush for cleaning and care of the coat<\/a>, kt\u00f3r\u0105 mo\u017cna kupi\u0107 w naszym sklepie. Dbanie o odzie\u017c to r\u00f3wnie\u017c wyraz troski o \u015brodowisko, skorzystaj z naszych wskaz\u00f3wek:\u00a0<a href=\"https:\/\/talia-fashion.pl\/en\/jak-pielegnowac-i-dbac-o-plaszcz\/\">How do you look after your coat?<\/a><\/p>\n<p><strong>Individual order - <\/strong>Some modifications can be made at the client's request: shortening, lengthening of the sleeve, shortening and lengthening of the coat. Cost to be determined individually, after prior contact.<\/p>\n<p><strong>An individual order is not subject to exchange or refund.<\/strong><\/p>\n<p>The lead time depends on the company's current stock and the availability of the fabric colour in question. If a given coat is available in the company, the order will be realised very quickly - 2-5 working days. If individualisation of the order is required - making alterations or sewing a new coat - the lead time may be extended to a maximum of 2 weeks.<\/p>\n<p>Dok\u0142adamy wszelkich stara\u0144 aby zam\u00f3wienia by\u0142y realizowane jak najszybciej. Prosimy wi\u0119c o cierpliwo\u015b\u0107 &#8211; szyjemy dla Ciebie Tw\u00f3j p\u0142aszczyk \ud83d\ude42<\/p>\n<p>Thank you for supporting local crafts and please follow us on<a href=\"https:\/\/www.facebook.com\/talia.plaszcze\"> Facebook<\/a> i <a href=\"https:\/\/www.instagram.com\/talia_plaszcze\/\">Instagram<\/a>.<\/p>","protected":false},"excerpt":{"rendered":"<p>Pude\u0142kowa kurtka limited edition Roma to przepi\u0119kny kr\u00f3tki p\u0142aszczyk typu oversize w krat\u0119. P\u0142aszczyk ma obni\u017con\u0105 lini\u0119 ramion, dzi\u0119ki czemu w tej&hellip;<\/p>","protected":false},"featured_media":271,"template":"","meta":{"_acf_changed":false},"product_cat":[55],"product_tag":[89,78,33,34,40,65,93,80,42,67,43,91,46,68,83,47,75,84,94,95,86,51,53,63],"class_list":{"0":"post-3976","1":"product","2":"type-product","3":"status-publish","4":"has-post-thumbnail","6":"product_cat-plaszcze-krotsze","7":"product_tag-cieply","8":"product_tag-dla-roznych-sylwetek","9":"product_tag-dwurzedowy","10":"product_tag-handmade","11":"product_tag-kolnierz","12":"product_tag-kurtka-ocieplana","13":"product_tag-kurtka-zimowa","14":"product_tag-luzny-kroj","15":"product_tag-nowosc","16":"product_tag-ocieplany","17":"product_tag-plaszcz-damski","18":"product_tag-plaszcz-damski-zimowy","19":"product_tag-plaszcz-dwurzedowy","20":"product_tag-plaszcz-jesienny","21":"product_tag-plaszcz-luzny","22":"product_tag-plaszcz-na-guziki","23":"product_tag-plaszcz-ocieplany","24":"product_tag-plaszcz-oversizowy","25":"product_tag-plaszcz-w-krate","26":"product_tag-plaszcz-zimowy","27":"product_tag-plaszcz-zimowy-ocieplany","28":"product_tag-prosty","29":"product_tag-welna","30":"product_tag-welniany","32":"first","33":"instock","34":"shipping-taxable","35":"purchasable","36":"product-type-variable","37":"has-default-attributes"},"acf":[],"yoast_head":"<!-- This site is optimized with the Yoast SEO plugin v25.7 - https:\/\/yoast.com\/wordpress\/plugins\/seo\/ -->\n<title>Pude\u0142kowa kurtka limited edition Roma - Talia Fashion - handmade<\/title>\n<meta name=\"description\" content=\"Pude\u0142kowa kurtka limited edition to wersja prze\u015blicznego, kr\u00f3tkiego p\u0142aszczyka zimowego w krat\u0119. R\u0119cznie dopasowywany wz\u00f3r, perfekcyjne wykonanie.\" \/>\n<meta name=\"robots\" content=\"index, follow, max-snippet:-1, max-image-preview:large, max-video-preview:-1\" \/>\n<link rel=\"canonical\" href=\"https:\/\/talia-fashion.pl\/en\/product\/pudelkowa-kurtka-limited-edition-roma\/\" \/>\n<meta property=\"og:locale\" content=\"en_GB\" \/>\n<meta property=\"og:type\" content=\"article\" \/>\n<meta property=\"og:title\" content=\"Pude\u0142kowa kurtka limited edition Roma - Talia Fashion - handmade\" \/>\n<meta property=\"og:description\" content=\"Pude\u0142kowa kurtka limited edition to wersja prze\u015blicznego, kr\u00f3tkiego p\u0142aszczyka zimowego w krat\u0119. R\u0119cznie dopasowywany wz\u00f3r, perfekcyjne wykonanie.\" \/>\n<meta property=\"og:url\" content=\"https:\/\/talia-fashion.pl\/en\/product\/pudelkowa-kurtka-limited-edition-roma\/\" \/>\n<meta property=\"og:site_name\" content=\"Talia Fashion\" \/>\n<meta property=\"article:modified_time\" content=\"2026-02-13T09:10:07+00:00\" \/>\n<meta property=\"og:image\" content=\"https:\/\/talia-fashion.pl\/wp-content\/uploads\/2024\/10\/pudelkowa-kurtka-zimowa-limited-edition.jpg\" \/>\n\t<meta property=\"og:image:width\" content=\"1240\" \/>\n\t<meta property=\"og:image:height\" content=\"1654\" \/>\n\t<meta property=\"og:image:type\" content=\"image\/jpeg\" \/>\n<meta name=\"twitter:card\" content=\"summary_large_image\" \/>\n<meta name=\"twitter:label1\" content=\"Estimated reading time\" \/>\n\t<meta name=\"twitter:data1\" content=\"3 minutes\" \/>\n<script type=\"application\/ld+json\" class=\"yoast-schema-graph\">{\"@context\":\"https:\/\/schema.org\",\"@graph\":[{\"@type\":\"WebPage\",\"@id\":\"https:\/\/talia-fashion.pl\/produkt\/pudelkowa-kurtka-limited-edition-roma\/\",\"url\":\"https:\/\/talia-fashion.pl\/produkt\/pudelkowa-kurtka-limited-edition-roma\/\",\"name\":\"Pude\u0142kowa kurtka limited edition Roma - Talia Fashion - handmade\",\"isPartOf\":{\"@id\":\"https:\/\/talia-fashion.pl\/#website\"},\"primaryImageOfPage\":{\"@id\":\"https:\/\/talia-fashion.pl\/produkt\/pudelkowa-kurtka-limited-edition-roma\/#primaryimage\"},\"image\":{\"@id\":\"https:\/\/talia-fashion.pl\/produkt\/pudelkowa-kurtka-limited-edition-roma\/#primaryimage\"},\"thumbnailUrl\":\"https:\/\/talia-fashion.pl\/wp-content\/uploads\/2024\/10\/pudelkowa-kurtka-zimowa-limited-edition.jpg\",\"datePublished\":\"2018-09-13T13:00:17+00:00\",\"dateModified\":\"2026-02-13T09:10:07+00:00\",\"description\":\"Pude\u0142kowa kurtka limited edition to wersja prze\u015blicznego, kr\u00f3tkiego p\u0142aszczyka zimowego w krat\u0119. R\u0119cznie dopasowywany wz\u00f3r, perfekcyjne wykonanie.\",\"breadcrumb\":{\"@id\":\"https:\/\/talia-fashion.pl\/produkt\/pudelkowa-kurtka-limited-edition-roma\/#breadcrumb\"},\"inLanguage\":\"en-GB\",\"potentialAction\":[{\"@type\":\"ReadAction\",\"target\":[\"https:\/\/talia-fashion.pl\/produkt\/pudelkowa-kurtka-limited-edition-roma\/\"]}]},{\"@type\":\"ImageObject\",\"inLanguage\":\"en-GB\",\"@id\":\"https:\/\/talia-fashion.pl\/produkt\/pudelkowa-kurtka-limited-edition-roma\/#primaryimage\",\"url\":\"https:\/\/talia-fashion.pl\/wp-content\/uploads\/2024\/10\/pudelkowa-kurtka-zimowa-limited-edition.jpg\",\"contentUrl\":\"https:\/\/talia-fashion.pl\/wp-content\/uploads\/2024\/10\/pudelkowa-kurtka-zimowa-limited-edition.jpg\",\"width\":1240,\"height\":1654,\"caption\":\"Pude\u0142kowa kurtka zimowa ocieplana, oversizowa w r\u00f3\u017cowo-czarn\u0105 krat\u0119.\"},{\"@type\":\"BreadcrumbList\",\"@id\":\"https:\/\/talia-fashion.pl\/produkt\/pudelkowa-kurtka-limited-edition-roma\/#breadcrumb\",\"itemListElement\":[{\"@type\":\"ListItem\",\"position\":1,\"name\":\"Strona g\u0142\u00f3wna\",\"item\":\"https:\/\/talia-fashion.pl\/\"},{\"@type\":\"ListItem\",\"position\":2,\"name\":\"Sklep\",\"item\":\"https:\/\/talia-fashion.pl\/sklep\/\"},{\"@type\":\"ListItem\",\"position\":3,\"name\":\"Pude\u0142kowa kurtka limited edition Roma\"}]},{\"@type\":\"WebSite\",\"@id\":\"https:\/\/talia-fashion.pl\/#website\",\"url\":\"https:\/\/talia-fashion.pl\/\",\"name\":\"Talia Fashion\",\"description\":\"\",\"potentialAction\":[{\"@type\":\"SearchAction\",\"target\":{\"@type\":\"EntryPoint\",\"urlTemplate\":\"https:\/\/talia-fashion.pl\/?s={search_term_string}\"},\"query-input\":{\"@type\":\"PropertyValueSpecification\",\"valueRequired\":true,\"valueName\":\"search_term_string\"}}],\"inLanguage\":\"en-GB\"}]}<\/script>\n<!-- \/ Yoast SEO plugin. -->","yoast_head_json":{"title":"Pude\u0142kowa kurtka limited edition Roma - Talia Fashion - handmade","description":"Pude\u0142kowa kurtka limited edition to wersja prze\u015blicznego, kr\u00f3tkiego p\u0142aszczyka zimowego w krat\u0119. R\u0119cznie dopasowywany wz\u00f3r, perfekcyjne wykonanie.","robots":{"index":"index","follow":"follow","max-snippet":"max-snippet:-1","max-image-preview":"max-image-preview:large","max-video-preview":"max-video-preview:-1"},"canonical":"https:\/\/talia-fashion.pl\/en\/product\/pudelkowa-kurtka-limited-edition-roma\/","og_locale":"en_GB","og_type":"article","og_title":"Pude\u0142kowa kurtka limited edition Roma - Talia Fashion - handmade","og_description":"Pude\u0142kowa kurtka limited edition to wersja prze\u015blicznego, kr\u00f3tkiego p\u0142aszczyka zimowego w krat\u0119. R\u0119cznie dopasowywany wz\u00f3r, perfekcyjne wykonanie.","og_url":"https:\/\/talia-fashion.pl\/en\/product\/pudelkowa-kurtka-limited-edition-roma\/","og_site_name":"Talia Fashion","article_modified_time":"2026-02-13T09:10:07+00:00","og_image":[{"width":1240,"height":1654,"url":"https:\/\/talia-fashion.pl\/wp-content\/uploads\/2024\/10\/pudelkowa-kurtka-zimowa-limited-edition.jpg","type":"image\/jpeg"}],"twitter_card":"summary_large_image","twitter_misc":{"Estimated reading time":"3 minutes"},"schema":{"@context":"https:\/\/schema.org","@graph":[{"@type":"WebPage","@id":"https:\/\/talia-fashion.pl\/produkt\/pudelkowa-kurtka-limited-edition-roma\/","url":"https:\/\/talia-fashion.pl\/produkt\/pudelkowa-kurtka-limited-edition-roma\/","name":"Pude\u0142kowa kurtka limited edition Roma - Talia Fashion - handmade","isPartOf":{"@id":"https:\/\/talia-fashion.pl\/#website"},"primaryImageOfPage":{"@id":"https:\/\/talia-fashion.pl\/produkt\/pudelkowa-kurtka-limited-edition-roma\/#primaryimage"},"image":{"@id":"https:\/\/talia-fashion.pl\/produkt\/pudelkowa-kurtka-limited-edition-roma\/#primaryimage"},"thumbnailUrl":"https:\/\/talia-fashion.pl\/wp-content\/uploads\/2024\/10\/pudelkowa-kurtka-zimowa-limited-edition.jpg","datePublished":"2018-09-13T13:00:17+00:00","dateModified":"2026-02-13T09:10:07+00:00","description":"Pude\u0142kowa kurtka limited edition to wersja prze\u015blicznego, kr\u00f3tkiego p\u0142aszczyka zimowego w krat\u0119. R\u0119cznie dopasowywany wz\u00f3r, perfekcyjne wykonanie.","breadcrumb":{"@id":"https:\/\/talia-fashion.pl\/produkt\/pudelkowa-kurtka-limited-edition-roma\/#breadcrumb"},"inLanguage":"en-GB","potentialAction":[{"@type":"ReadAction","target":["https:\/\/talia-fashion.pl\/produkt\/pudelkowa-kurtka-limited-edition-roma\/"]}]},{"@type":"ImageObject","inLanguage":"en-GB","@id":"https:\/\/talia-fashion.pl\/produkt\/pudelkowa-kurtka-limited-edition-roma\/#primaryimage","url":"https:\/\/talia-fashion.pl\/wp-content\/uploads\/2024\/10\/pudelkowa-kurtka-zimowa-limited-edition.jpg","contentUrl":"https:\/\/talia-fashion.pl\/wp-content\/uploads\/2024\/10\/pudelkowa-kurtka-zimowa-limited-edition.jpg","width":1240,"height":1654,"caption":"Pude\u0142kowa kurtka zimowa ocieplana, oversizowa w r\u00f3\u017cowo-czarn\u0105 krat\u0119."},{"@type":"BreadcrumbList","@id":"https:\/\/talia-fashion.pl\/produkt\/pudelkowa-kurtka-limited-edition-roma\/#breadcrumb","itemListElement":[{"@type":"ListItem","position":1,"name":"Strona g\u0142\u00f3wna","item":"https:\/\/talia-fashion.pl\/"},{"@type":"ListItem","position":2,"name":"Sklep","item":"https:\/\/talia-fashion.pl\/sklep\/"},{"@type":"ListItem","position":3,"name":"Pude\u0142kowa kurtka limited edition Roma"}]},{"@type":"WebSite","@id":"https:\/\/talia-fashion.pl\/#website","url":"https:\/\/talia-fashion.pl\/","name":"Talia Fashion","description":"","potentialAction":[{"@type":"SearchAction","target":{"@type":"EntryPoint","urlTemplate":"https:\/\/talia-fashion.pl\/?s={search_term_string}"},"query-input":{"@type":"PropertyValueSpecification","valueRequired":true,"valueName":"search_term_string"}}],"inLanguage":"en-GB"}]}},"_links":{"self":[{"href":"https:\/\/talia-fashion.pl\/en\/wp-json\/wp\/v2\/product\/3976","targetHints":{"allow":["GET"]}}],"collection":[{"href":"https:\/\/talia-fashion.pl\/en\/wp-json\/wp\/v2\/product"}],"about":[{"href":"https:\/\/talia-fashion.pl\/en\/wp-json\/wp\/v2\/types\/product"}],"wp:featuredmedia":[{"embeddable":true,"href":"https:\/\/talia-fashion.pl\/en\/wp-json\/wp\/v2\/media\/271"}],"wp:attachment":[{"href":"https:\/\/talia-fashion.pl\/en\/wp-json\/wp\/v2\/media?parent=3976"}],"wp:term":[{"taxonomy":"product_cat","embeddable":true,"href":"https:\/\/talia-fashion.pl\/en\/wp-json\/wp\/v2\/product_cat?post=3976"},{"taxonomy":"product_tag","embeddable":true,"href":"https:\/\/talia-fashion.pl\/en\/wp-json\/wp\/v2\/product_tag?post=3976"}],"curies":[{"name":"wp","href":"https:\/\/api.w.org\/{rel}","templated":true}]}}