{"id":262112,"date":"2026-02-26T06:50:17","date_gmt":"2026-02-26T05:50:17","guid":{"rendered":"https:\/\/talia-fashion.pl\/?post_type=product&#038;p=262112"},"modified":"2026-04-30T21:15:57","modified_gmt":"2026-04-30T19:15:57","slug":"krotki-bawelniany-trencz-damski-o-dopasowanym-kroju-harper","status":"publish","type":"product","link":"https:\/\/talia-fashion.pl\/en\/product\/krotki-bawelniany-trencz-damski-o-dopasowanym-kroju-harper\/","title":{"rendered":"Women's short cotton trench with Harper fit"},"content":{"rendered":"<p><strong>Kr\u00f3tki bawe\u0142niany trencz damski o dopasowanym kroju<\/strong> Harper to nasza najnowsza ods\u0142ona ponadczasowego, dopasowanego p\u0142aszcza typu trencz. <strong>Klasycznie wszywany r\u0119kaw<\/strong>, <strong>collar with flaps<\/strong>, <strong>double-row fastening<\/strong>, i <strong>wi\u0105zanie w pasie<\/strong>. <strong>Boczne kieszenie<\/strong> uko\u015bnie wpuszczane, zako\u0144czone szerokimi listwami. Na ramionach oraz mankietach ozdobne pagony z naszytymi guzikami. <strong>Ozdobna peleryna<\/strong> na tyle. P\u0142aszcz <strong>with strut<\/strong>. Trencz ma precyzyjnie <strong>fitted back<\/strong> and<strong> profilowany prz\u00f3d<\/strong>. Dzi\u0119ki czemu wysmukla sylwetk\u0119 i jednocze\u015bnie zapewnia komfort noszenia. <strong>Belt<\/strong>, dodatkowo podkre\u015blaj\u0105cy tali\u0119. Uszyty z tej samej tkaniny. By uzyska\u0107 ciekawy efekt &#8211; \u015bmia\u0142o mo\u017cesz wi\u0105za\u0107 go r\u00f3wnie\u017c z ty\u0142u. Model w ca\u0142o\u015bci wyko\u0144czony <strong>podszewk\u0105<\/strong>including sleeves. <strong>Mid-thigh length<\/strong>. Kr\u00f3tsze p\u0142aszcze s\u0105 uniwersalne, stylowe i funkcjonalne. S\u0105 one \u015bwietnym wyborem na okresy przej\u015bciowe, kiedy potrzebujesz ochrony przed ch\u0142odem, gdy stawiasz na wygod\u0119, ale zale\u017cy Tobie, by wygl\u0105da\u0107 modnie.\u00a0<strong>Doskona\u0142e dope\u0142nienie stylizacji niezale\u017cnie czy to wiosna czy jesie\u0144<\/strong>.<\/p>\n<p><strong>Trencz damski<\/strong> it's <strong>kultowy<\/strong> dwurz\u0119dowy p\u0142aszcz, dopasowany do sylwetki i \u015bci\u0105gni\u0119ty paskiem. Wywodzi si\u0119 od lekkiego p\u0142aszcza wojennego uszytego dla Brytyjskiej armii. A dzi\u015b na sta\u0142e zago\u015bci\u0142 w naszych szafach i wi\u0119kszo\u015b\u0107 z nas nie wyobra\u017ca sobie wiosny i jesieni bez ukochanego trencza. A je\u015bli jeszcze postawimy na bazowy kolor (czekoladowy br\u0105z, be\u017c, szaro\u015b\u0107, khaki, czer\u0144 czy krem) stanie si\u0119 <strong>nieodzowym elementem r\u00f3\u017cnych stylizacji<\/strong>. Pi\u0119knie wsp\u00f3\u0142gra\u0107 b\u0119dzie zar\u00f3wno z jeansami z podwini\u0119t\u0105 nogawk\u0105, T-shirtem i trampkami, jak i sukienk\u0105, balernikami i beretem. Jakby tego wszystkiego by\u0142o ma\u0142o, idealnie sprawdzi si\u0119 w po\u0142\u0105czeniu z marynark\u0105 czy garniturem. Wybierz tylko odpowiedni dla siebie kolor p\u0142aszcza i ciesz si\u0119 wygod\u0105 oraz francuskim szykiem.<\/p>\n<p>Zdj\u0119cie rzeczywiste \u2013 ch\u0142odny be\u017c<br \/>\nDost\u0119pne kolory &#8211; ch\u0142odny be\u017c, be\u017cowy, czekoladowy br\u0105z<br \/>\nAll colours are presented in our <a href=\"https:\/\/talia-fashion.pl\/en\/paleta-kolorow\/\">Colour palette,<\/a> a tak\u017ce na zdj\u0119ciach produkt\u00f3w na odr\u0119bnych aukcjach. W tym sezonie stawiamy na stonowane kolory wyra\u017caj\u0105ce potrzeb\u0119 wyciszenia i prostoty w przebod\u017acowanym \u015bwiecie.<\/p>\n<p>Available sizes: XS, S, M, L, XL<\/p>\n<p>Modelka ma wzrost: 172cm i nosi rozmiar S.<\/p>\n<p>Indicative dimensions:<br \/>\n<span lang=\"DE\">XS \u2013 biust: 86-88 \/ biodra: 92-94 \/ d\u0142ugo\u015b\u0107: 87 \/ szeroko\u015b\u0107 ramion 34,5-35 \/ r\u0119kaw: 61<\/span><br \/>\n<span lang=\"DE\">S \u2013 biust: 90-92 \/ biodra: 96-98 \/ d\u0142ugo\u015b\u0107: 87 \/ szeroko\u015b\u0107 ramion 35,5-36 \/ r\u0119kaw: 61<br \/>\nM \u2013 biust: 94-96\u00a0\u00a0\/ biodra: 100-102 \/ d\u0142ugo\u015b\u0107: 88 \/ szeroko\u015b\u0107 ramion 37,5 \/ r\u0119kaw: 62<br \/>\nL \u2013 biust: 98-100 \/ biodra: 104-106 \/ d\u0142ugo\u015b\u0107: 88 \/ szeroko\u015b\u0107 ramion 39,5-40 \/ r\u0119kaw: 63<\/span><br \/>\nXL \u2013 biust: 102-104 \/ biodra: 110-112 \/ d\u0142ugo\u015b\u0107: 88 \/szeroko\u015b\u0107 ramion 42-42,5 \/\u00a0 r\u0119kaw: 64<\/p>\n<p>Under <a href=\"https:\/\/talia-fashion.pl\/en\/jak-dobrac-rozmiar\/\">How to choose a size?<\/a> wyja\u015bniamy, jak interpretowa\u0107 wymiary z powy\u017cszej tabeli a dodatkowo podpowiadamy w jaki spos\u00f3b si\u0119 zmierzy\u0107. W razie w\u0105tpliwo\u015bci odno\u015bnie wyboru rozmiaru, prosimy o kontakt.<\/p>\n<p><span lang=\"DE\">Material: 7<\/span><span lang=\"DE\">0% bawe\u0142na, 30% nylon<\/span><br \/>\nLining: 50% acetate, 50% viscose<\/p>\n<p>Acetat podobnie jak wiskoza wytwarzany jest z celulozy. Prz\u0119dza acetatowa mo\u017ce by\u0107 wytworzona r\u00f3wnie\u017c z celulozy przetworzonej np. papieru. Podszewka acetatowa doskonale wch\u0142ania wilgo\u0107 i przepuszcza powietrze. Dzi\u0119ki temu idealnie zapewnia komfort termiczny i wygodnie si\u0119 nosi. Jest powlekana apretur\u0105 antystatyczn\u0105 i posiada certyfikat OEKOtex\u00ae Standard 100.<\/p>\n<p><strong>Kr\u00f3tki bawe\u0142niany trencz damski o dopasowanym kroju<\/strong> Harper nale\u017cy czy\u015bci\u0107 chemicznie. Zapraszamy r\u00f3wnie\u017c po gar\u015b\u0107 porad <a href=\"https:\/\/talia-fashion.pl\/en\/jak-pielegnowac-i-dbac-o-plaszcz\/\">How to nurture and care for the coat?<\/a> , tak by cieszy\u0107 si\u0119 nim latami. W\u0142a\u015bciwe dbanie o odzie\u017c nie tylko przed\u0142u\u017ca jej trwa\u0142o\u015b\u0107. ale r\u00f3wnie\u017c przyczynia si\u0119 do ochrony \u015brodowiska naturalnego.<\/p>\n<p>Kr\u00f3tki bawe\u0142niany trencz damski o dopasowanym kroju Harper zaprojektowali\u015bmy i uszyli\u015bmy w <strong>our family workshop<\/strong> w Poznaniu. Wszystkie p\u0142aszcze szyjemy tradycyjnymi metodami, pocz\u0105wszy od r\u0119cznego uk\u0142adania tkanin po przyszywanie guzik\u00f3w. Pracujemy zgodnie z zasad\u0105 zero waste i staramy si\u0119 chroni\u0107 \u015brodowisko. <strong>Kochamy to co robimy, to nasza pasja.<\/strong><\/p>\n<p>Oferujemy mo\u017cliwo\u015b\u0107 <strong>Individual orders<\/strong>, czyli z drobnymi modyfikacjami na \u017cyczenie Klienta. W p\u0142aszczyku mo\u017cemy skr\u00f3ci\u0107, b\u0105d\u017a wyd\u0142u\u017cy\u0107 r\u0119kawy, skr\u00f3ci\u0107 lub wyd\u0142u\u017cy\u0107 d\u0142ugo\u015b\u0107 p\u0142aszcza. Koszt takiej us\u0142ugi ustalamy indywidualnie po uprzednim kontakcie i ustaleniu dost\u0119pnych opcji. <strong>An individual order is not subject to exchange or refund.<\/strong><\/p>\n<div class=\"html-div xdj266r x14z9mp xat24cr x1lziwak xexx8yu xyri2b x18d9i69 x1c1uobl x78zum5 x15zctf7\">\n<div class=\"html-div xdj266r x14z9mp xat24cr x1lziwak xexx8yu xyri2b x18d9i69 x1c1uobl xeuugli x1vjfegm\">\n<div>\n<div class=\"html-div xdj266r x14z9mp xat24cr x1lziwak xexx8yu xyri2b x18d9i69 x1c1uobl x78zum5 xh8yej3\" role=\"presentation\">\n<div class=\"x78zum5 xdt5ytf x193iq5w x1n2onr6 x1kxipp6 xuk3077\">\n<div class=\"x78zum5 xh8yej3\" role=\"none\">\n<div class=\"html-div xdj266r x14z9mp xat24cr x1lziwak xexx8yu xyri2b x18d9i69 x1c1uobl x6ikm8r x10wlt62\">\n<div class=\"html-div xdj266r x14z9mp xat24cr x1lziwak x14ctfv x13sv91t x6ikm8r x10wlt62 xerhiuh x1pn3fxy x10zy8in xm9bcq3 x1n2onr6 x1vjfegm x1k4qllp x1mzt3pk x13faqbe x11jlvup xpmdkuv xrmkrer x12z03op x9wyiwl x13fuv20 x18b5jzi x1q0q8m5 x1t7ytsu x12lizq0 x1nrdd72 x1ybe9c6 xx487zo xaymx6s x1lu5o8o x1ou5ly4 xofb2d2\" role=\"presentation\">\n<div class=\"html-div xexx8yu xyri2b x18d9i69 x1c1uobl x1gslohp x14z9mp x12nagc x1lziwak x1yc453h x126k92a xyk4ms5\" dir=\"auto\">Czas realizacji zam\u00f3wienia uzale\u017cniony jest od dost\u0119pno\u015bci danego produktu w naszej pracowni. Unikamy nadprodukcji, dlatego w wi\u0119kszo\u015bci przypadk\u00f3w nie szyjemy na magazyn, a dopiero po otrzymaniu danego zam\u00f3wienia. Widniej\u0105cy w sklepie stan magazynowy nie zawsze oznacza fizycznie dost\u0119pny produkt a r\u00f3wnie\u017c dost\u0119pny materia\u0142 i gotowo\u015b\u0107 do jego uszycia. Standardowo realizacja zam\u00f3wienia nast\u0105puje w ci\u0105gu 2-5 dni roboczych. Je\u015bli jednak konieczne jest uszycie p\u0142aszcza\/marynarki b\u0105d\u017a personalizacja zam\u00f3wienia \u2013 wykonanie przer\u00f3bki lub uszycie nowego p\u0142aszcza wed\u0142ug specyfikacji Klienta \u2013 czas realizacji zam\u00f3wienia mo\u017ce ulec wyd\u0142u\u017ceniu, maksymalnie do 2 tygodni. Dok\u0142adamy jednak wszelkich stara\u0144, by jak najszybciej zrealizowa\u0107 Twoje zam\u00f3wienie.<\/div>\n<\/div>\n<\/div>\n<\/div>\n<\/div>\n<\/div>\n<div class=\"html-div xdj266r x14z9mp xat24cr x1lziwak xexx8yu xyri2b x18d9i69 x1c1uobl x1h91t0o xkh2ocl x78zum5 xdt5ytf x13a6bvl x193iq5w x1c4vz4f x1eb86dx\" role=\"presentation\">\n<div class=\"html-div xdj266r x14z9mp xat24cr x1lziwak xexx8yu xyri2b x18d9i69 x1c1uobl\"><strong>Thank you for supporting local crafts.<\/strong><\/div>\n<\/div>\n<\/div>\n<\/div>\n<\/div>\n<p>We encourage you to like our fanpage on\u00a0<a href=\"https:\/\/www.facebook.com\/talia.plaszcze\">Facebook<\/a>\u00a0and <a href=\"https:\/\/www.instagram.com\/talia_plaszcze\/\">Instagram<\/a>.<\/p>","protected":false},"excerpt":{"rendered":"<p><strong>Ponadczasowy, klasyczny, kr\u00f3tki trencz damski o dopasowanym kroju<\/strong>. Precyzyjnie skrojony i uszyty w naszej pracowni. Kolor bazowy, kt\u00f3ry nadaje stylizacji uniwersalny i spokojny charakter.<\/p>","protected":false},"featured_media":262296,"template":"","meta":{"_acf_changed":false},"product_cat":[31,55,27],"product_tag":[396,391,32,33,34,39,290,40,90,257,41,42,43,46,68,47,49,50,324,143,69,60,61,52,97,292,402,88,147],"class_list":{"0":"post-262112","1":"product","2":"type-product","3":"status-publish","4":"has-post-thumbnail","6":"product_cat-nowosci","7":"product_cat-plaszcze-krotsze","8":"product_cat-trencze","9":"product_tag-bawelniany-trencz-damski","10":"product_tag-bezowy-trencz-damski","11":"product_tag-dopasowany-kroj","12":"product_tag-dwurzedowy","13":"product_tag-handmade","14":"product_tag-klasyczny","15":"product_tag-klasyczny-trencz","16":"product_tag-kolnierz","17":"product_tag-krotki-plaszcz","18":"product_tag-krotki-trencz-damski","19":"product_tag-na-podszewce","20":"product_tag-nowosc","21":"product_tag-plaszcz-damski","22":"product_tag-plaszcz-dwurzedowy","23":"product_tag-plaszcz-jesienny","24":"product_tag-plaszcz-na-guziki","25":"product_tag-plaszcz-wiosenny","26":"product_tag-plaszcz-z-rewersem","27":"product_tag-plaszcze-krotsze","28":"product_tag-plaszczyk-damski","29":"product_tag-prochowiec","30":"product_tag-producent-plaszczy-damskich","31":"product_tag-recznie-szyty","32":"product_tag-szylkretowe-guziki","33":"product_tag-trencz","34":"product_tag-trencz-dwurzedowy","35":"product_tag-trencze-damskie","36":"product_tag-wiazany","37":"product_tag-zrownowazona-produkcja","39":"first","40":"instock","41":"shipping-taxable","42":"purchasable","43":"product-type-variable","44":"has-default-attributes"},"acf":[],"yoast_head":"<!-- This site is optimized with the Yoast SEO plugin v25.7 - https:\/\/yoast.com\/wordpress\/plugins\/seo\/ -->\n<title>Kr\u00f3tki bawe\u0142niany trencz damski o dopasowanym kroju Harper - Talia Fashion - trencze damskie<\/title>\n<meta name=\"description\" content=\"Kr\u00f3tki bawe\u0142niany trencz damski o dopasowanym kroju to r\u0119cznie szyty trencz damski w ponadczasowym i eleganckim kolorze. Idealny na wiosn\u0119 i jesie\u0144.\" \/>\n<meta name=\"robots\" content=\"index, follow, max-snippet:-1, max-image-preview:large, max-video-preview:-1\" \/>\n<link rel=\"canonical\" href=\"https:\/\/talia-fashion.pl\/en\/product\/krotki-bawelniany-trencz-damski-o-dopasowanym-kroju-harper\/\" \/>\n<meta property=\"og:locale\" content=\"en_GB\" \/>\n<meta property=\"og:type\" content=\"article\" \/>\n<meta property=\"og:title\" content=\"Kr\u00f3tki bawe\u0142niany trencz damski o dopasowanym kroju Harper - Talia Fashion - trencze damskie\" \/>\n<meta property=\"og:description\" content=\"Kr\u00f3tki bawe\u0142niany trencz damski o dopasowanym kroju to r\u0119cznie szyty trencz damski w ponadczasowym i eleganckim kolorze. Idealny na wiosn\u0119 i jesie\u0144.\" \/>\n<meta property=\"og:url\" content=\"https:\/\/talia-fashion.pl\/en\/product\/krotki-bawelniany-trencz-damski-o-dopasowanym-kroju-harper\/\" \/>\n<meta property=\"og:site_name\" content=\"Talia Fashion\" \/>\n<meta property=\"article:modified_time\" content=\"2026-04-30T19:15:57+00:00\" \/>\n<meta property=\"og:image\" content=\"https:\/\/talia-fashion.pl\/wp-content\/uploads\/2026\/02\/krotki-bawelniany-trencz-damski-dopasowany-kroj.jpg\" \/>\n\t<meta property=\"og:image:width\" content=\"1200\" \/>\n\t<meta property=\"og:image:height\" content=\"1600\" \/>\n\t<meta property=\"og:image:type\" content=\"image\/jpeg\" \/>\n<meta name=\"twitter:card\" content=\"summary_large_image\" \/>\n<meta name=\"twitter:label1\" content=\"Estimated reading time\" \/>\n\t<meta name=\"twitter:data1\" content=\"4 minutes\" \/>\n<script type=\"application\/ld+json\" class=\"yoast-schema-graph\">{\"@context\":\"https:\/\/schema.org\",\"@graph\":[{\"@type\":\"WebPage\",\"@id\":\"https:\/\/talia-fashion.pl\/produkt\/krotki-bawelniany-trencz-damski-o-dopasowanym-kroju-harper\/\",\"url\":\"https:\/\/talia-fashion.pl\/produkt\/krotki-bawelniany-trencz-damski-o-dopasowanym-kroju-harper\/\",\"name\":\"Kr\u00f3tki bawe\u0142niany trencz damski o dopasowanym kroju Harper - Talia Fashion - trencze damskie\",\"isPartOf\":{\"@id\":\"https:\/\/talia-fashion.pl\/#website\"},\"primaryImageOfPage\":{\"@id\":\"https:\/\/talia-fashion.pl\/produkt\/krotki-bawelniany-trencz-damski-o-dopasowanym-kroju-harper\/#primaryimage\"},\"image\":{\"@id\":\"https:\/\/talia-fashion.pl\/produkt\/krotki-bawelniany-trencz-damski-o-dopasowanym-kroju-harper\/#primaryimage\"},\"thumbnailUrl\":\"https:\/\/talia-fashion.pl\/wp-content\/uploads\/2026\/02\/krotki-bawelniany-trencz-damski-dopasowany-kroj.jpg\",\"datePublished\":\"2026-02-26T05:50:17+00:00\",\"dateModified\":\"2026-04-30T19:15:57+00:00\",\"description\":\"Kr\u00f3tki bawe\u0142niany trencz damski o dopasowanym kroju to r\u0119cznie szyty trencz damski w ponadczasowym i eleganckim kolorze. Idealny na wiosn\u0119 i jesie\u0144.\",\"breadcrumb\":{\"@id\":\"https:\/\/talia-fashion.pl\/produkt\/krotki-bawelniany-trencz-damski-o-dopasowanym-kroju-harper\/#breadcrumb\"},\"inLanguage\":\"en-GB\",\"potentialAction\":[{\"@type\":\"ReadAction\",\"target\":[\"https:\/\/talia-fashion.pl\/produkt\/krotki-bawelniany-trencz-damski-o-dopasowanym-kroju-harper\/\"]}]},{\"@type\":\"ImageObject\",\"inLanguage\":\"en-GB\",\"@id\":\"https:\/\/talia-fashion.pl\/produkt\/krotki-bawelniany-trencz-damski-o-dopasowanym-kroju-harper\/#primaryimage\",\"url\":\"https:\/\/talia-fashion.pl\/wp-content\/uploads\/2026\/02\/krotki-bawelniany-trencz-damski-dopasowany-kroj.jpg\",\"contentUrl\":\"https:\/\/talia-fashion.pl\/wp-content\/uploads\/2026\/02\/krotki-bawelniany-trencz-damski-dopasowany-kroj.jpg\",\"width\":1200,\"height\":1600,\"caption\":\"Kr\u00f3tki bawe\u0142niany trencz damski o dopasowanym kroju do po\u0142owy uda w be\u017cowym kolorze.\"},{\"@type\":\"BreadcrumbList\",\"@id\":\"https:\/\/talia-fashion.pl\/produkt\/krotki-bawelniany-trencz-damski-o-dopasowanym-kroju-harper\/#breadcrumb\",\"itemListElement\":[{\"@type\":\"ListItem\",\"position\":1,\"name\":\"Strona g\u0142\u00f3wna\",\"item\":\"https:\/\/talia-fashion.pl\/\"},{\"@type\":\"ListItem\",\"position\":2,\"name\":\"Sklep\",\"item\":\"https:\/\/talia-fashion.pl\/sklep\/\"},{\"@type\":\"ListItem\",\"position\":3,\"name\":\"Kr\u00f3tki bawe\u0142niany trencz damski o dopasowanym kroju Harper\"}]},{\"@type\":\"WebSite\",\"@id\":\"https:\/\/talia-fashion.pl\/#website\",\"url\":\"https:\/\/talia-fashion.pl\/\",\"name\":\"Talia Fashion\",\"description\":\"\",\"potentialAction\":[{\"@type\":\"SearchAction\",\"target\":{\"@type\":\"EntryPoint\",\"urlTemplate\":\"https:\/\/talia-fashion.pl\/?s={search_term_string}\"},\"query-input\":{\"@type\":\"PropertyValueSpecification\",\"valueRequired\":true,\"valueName\":\"search_term_string\"}}],\"inLanguage\":\"en-GB\"}]}<\/script>\n<!-- \/ Yoast SEO plugin. -->","yoast_head_json":{"title":"Kr\u00f3tki bawe\u0142niany trencz damski o dopasowanym kroju Harper - Talia Fashion - trencze damskie","description":"Kr\u00f3tki bawe\u0142niany trencz damski o dopasowanym kroju to r\u0119cznie szyty trencz damski w ponadczasowym i eleganckim kolorze. Idealny na wiosn\u0119 i jesie\u0144.","robots":{"index":"index","follow":"follow","max-snippet":"max-snippet:-1","max-image-preview":"max-image-preview:large","max-video-preview":"max-video-preview:-1"},"canonical":"https:\/\/talia-fashion.pl\/en\/product\/krotki-bawelniany-trencz-damski-o-dopasowanym-kroju-harper\/","og_locale":"en_GB","og_type":"article","og_title":"Kr\u00f3tki bawe\u0142niany trencz damski o dopasowanym kroju Harper - Talia Fashion - trencze damskie","og_description":"Kr\u00f3tki bawe\u0142niany trencz damski o dopasowanym kroju to r\u0119cznie szyty trencz damski w ponadczasowym i eleganckim kolorze. Idealny na wiosn\u0119 i jesie\u0144.","og_url":"https:\/\/talia-fashion.pl\/en\/product\/krotki-bawelniany-trencz-damski-o-dopasowanym-kroju-harper\/","og_site_name":"Talia Fashion","article_modified_time":"2026-04-30T19:15:57+00:00","og_image":[{"width":1200,"height":1600,"url":"https:\/\/talia-fashion.pl\/wp-content\/uploads\/2026\/02\/krotki-bawelniany-trencz-damski-dopasowany-kroj.jpg","type":"image\/jpeg"}],"twitter_card":"summary_large_image","twitter_misc":{"Estimated reading time":"4 minutes"},"schema":{"@context":"https:\/\/schema.org","@graph":[{"@type":"WebPage","@id":"https:\/\/talia-fashion.pl\/produkt\/krotki-bawelniany-trencz-damski-o-dopasowanym-kroju-harper\/","url":"https:\/\/talia-fashion.pl\/produkt\/krotki-bawelniany-trencz-damski-o-dopasowanym-kroju-harper\/","name":"Kr\u00f3tki bawe\u0142niany trencz damski o dopasowanym kroju Harper - Talia Fashion - trencze damskie","isPartOf":{"@id":"https:\/\/talia-fashion.pl\/#website"},"primaryImageOfPage":{"@id":"https:\/\/talia-fashion.pl\/produkt\/krotki-bawelniany-trencz-damski-o-dopasowanym-kroju-harper\/#primaryimage"},"image":{"@id":"https:\/\/talia-fashion.pl\/produkt\/krotki-bawelniany-trencz-damski-o-dopasowanym-kroju-harper\/#primaryimage"},"thumbnailUrl":"https:\/\/talia-fashion.pl\/wp-content\/uploads\/2026\/02\/krotki-bawelniany-trencz-damski-dopasowany-kroj.jpg","datePublished":"2026-02-26T05:50:17+00:00","dateModified":"2026-04-30T19:15:57+00:00","description":"Kr\u00f3tki bawe\u0142niany trencz damski o dopasowanym kroju to r\u0119cznie szyty trencz damski w ponadczasowym i eleganckim kolorze. Idealny na wiosn\u0119 i jesie\u0144.","breadcrumb":{"@id":"https:\/\/talia-fashion.pl\/produkt\/krotki-bawelniany-trencz-damski-o-dopasowanym-kroju-harper\/#breadcrumb"},"inLanguage":"en-GB","potentialAction":[{"@type":"ReadAction","target":["https:\/\/talia-fashion.pl\/produkt\/krotki-bawelniany-trencz-damski-o-dopasowanym-kroju-harper\/"]}]},{"@type":"ImageObject","inLanguage":"en-GB","@id":"https:\/\/talia-fashion.pl\/produkt\/krotki-bawelniany-trencz-damski-o-dopasowanym-kroju-harper\/#primaryimage","url":"https:\/\/talia-fashion.pl\/wp-content\/uploads\/2026\/02\/krotki-bawelniany-trencz-damski-dopasowany-kroj.jpg","contentUrl":"https:\/\/talia-fashion.pl\/wp-content\/uploads\/2026\/02\/krotki-bawelniany-trencz-damski-dopasowany-kroj.jpg","width":1200,"height":1600,"caption":"Kr\u00f3tki bawe\u0142niany trencz damski o dopasowanym kroju do po\u0142owy uda w be\u017cowym kolorze."},{"@type":"BreadcrumbList","@id":"https:\/\/talia-fashion.pl\/produkt\/krotki-bawelniany-trencz-damski-o-dopasowanym-kroju-harper\/#breadcrumb","itemListElement":[{"@type":"ListItem","position":1,"name":"Strona g\u0142\u00f3wna","item":"https:\/\/talia-fashion.pl\/"},{"@type":"ListItem","position":2,"name":"Sklep","item":"https:\/\/talia-fashion.pl\/sklep\/"},{"@type":"ListItem","position":3,"name":"Kr\u00f3tki bawe\u0142niany trencz damski o dopasowanym kroju Harper"}]},{"@type":"WebSite","@id":"https:\/\/talia-fashion.pl\/#website","url":"https:\/\/talia-fashion.pl\/","name":"Talia Fashion","description":"","potentialAction":[{"@type":"SearchAction","target":{"@type":"EntryPoint","urlTemplate":"https:\/\/talia-fashion.pl\/?s={search_term_string}"},"query-input":{"@type":"PropertyValueSpecification","valueRequired":true,"valueName":"search_term_string"}}],"inLanguage":"en-GB"}]}},"_links":{"self":[{"href":"https:\/\/talia-fashion.pl\/en\/wp-json\/wp\/v2\/product\/262112","targetHints":{"allow":["GET"]}}],"collection":[{"href":"https:\/\/talia-fashion.pl\/en\/wp-json\/wp\/v2\/product"}],"about":[{"href":"https:\/\/talia-fashion.pl\/en\/wp-json\/wp\/v2\/types\/product"}],"wp:featuredmedia":[{"embeddable":true,"href":"https:\/\/talia-fashion.pl\/en\/wp-json\/wp\/v2\/media\/262296"}],"wp:attachment":[{"href":"https:\/\/talia-fashion.pl\/en\/wp-json\/wp\/v2\/media?parent=262112"}],"wp:term":[{"taxonomy":"product_cat","embeddable":true,"href":"https:\/\/talia-fashion.pl\/en\/wp-json\/wp\/v2\/product_cat?post=262112"},{"taxonomy":"product_tag","embeddable":true,"href":"https:\/\/talia-fashion.pl\/en\/wp-json\/wp\/v2\/product_tag?post=262112"}],"curies":[{"name":"wp","href":"https:\/\/api.w.org\/{rel}","templated":true}]}}