{"id":261770,"date":"2026-01-17T15:05:59","date_gmt":"2026-01-17T14:05:59","guid":{"rendered":"https:\/\/talia-fashion.pl\/?post_type=product&#038;p=261770"},"modified":"2026-04-13T11:46:33","modified_gmt":"2026-04-13T09:46:33","slug":"blezer-jednorzedowy-welniany-w-szarym-melanzu-brooklyn","status":"publish","type":"product","link":"https:\/\/talia-fashion.pl\/en\/product\/blezer-jednorzedowy-welniany-w-szarym-melanzu-brooklyn\/","title":{"rendered":"Single-breasted wool blazer in grey melange Brooklyn"},"content":{"rendered":"<p><strong>Blezer jednorz\u0119dowy we\u0142niany w szarym melan\u017cu<\/strong> Brooklyn to<strong> tweedowa<\/strong> we\u0142niana marynarka utrzymana w estetyce<strong> Poet Core<\/strong> inspirowanej poetyck\u0105 wra\u017cliwo\u015bci\u0105, kt\u00f3ra \u0142\u0105czy klasyczne elementy z nostalgicznymi akcentami. St\u0105d <strong>swobodny<\/strong>, <span lang=\"DE\">niekr\u0119puj\u0105cy ruch\u00f3w i <strong>zapewniaj\u0105cy komfort noszenia kr\u00f3j<\/strong> z delikatnie taliowanym ty\u0142em oraz zaszewkami z przodu. Bez rozporka z ty\u0142u. Zale\u017ca\u0142o nam, by marynarka by\u0142a wygodna i jednocze\u015bnie podkre\u015bla\u0142a sylwetk\u0119. Prosta forma i subtelne zaszewki. Dla os\u00f3b preferuj\u0105cych wyra\u017aniejsze dopasowanie idealnym rozwi\u0105zaniem jest powr\u00f3t pask\u00f3w do \u0142ask \u2013 sk\u00f3rzany pasek za\u0142o\u017cony na blezer doda stylizacji nonszalancji. <strong>Navy collar<\/strong> modeluj\u0105cy dekolt w szpic. <strong>Dwie przednie i funkcjonalne kieszenie<\/strong>. Model <strong>bez zb\u0119dnych ozd\u00f3b<\/strong>, jedynie z ponadczasowymi elementami, jak: <strong>bruschetta<\/strong> (kieszonka na piersi). Blezer uszyli\u015bmy z we\u0142nianego tweedu &#8211; mi\u0119kkiego i malowniczo utkanego. A wszystko utrzymane w stonowanych odcieniach szaro\u015bci i be\u017cu, kt\u00f3re nie tylko uspakajaj\u0105, s\u0105 praktyczne, ale i <strong>idealnie sprawdz\u0105 si\u0119 w stylizacjach wielowarstwowych<\/strong>.\u00a0<\/span><\/p>\n<p><strong>Blezer jednorz\u0119dowy we\u0142niany w szarym melan\u017cu<\/strong> Brooklyn to <strong>ca\u0142oroczny klasyk &#8211; od marynarki po stylowe okrycie wierzchnie<\/strong>, kt\u00f3ry pos\u0142u\u017cy Tobie na lata. Jego oszcz\u0119dna forma, \u015bwietnej jako\u015bci tkanina i stonowany kolor daj\u0105 ogromne mo\u017cliwo\u015bci stylizacyjne. To doskona\u0142a baza dla mi\u0142o\u015bnik\u00f3w minimalizmu oraz tych, kt\u00f3rzy lubi\u0105 bardziej wyraziste akcenty. Uniwersalny charakter marynarki sprawia, \u017ce odnajdzie si\u0119 w stylizacjach formalnych i casualowych. Z we\u0142nianym golfem i szerokimi spodniami, z koszul\u0105 z ko\u0142nierzykiem i we\u0142nian\u0105 kamizelk\u0105, z kaszkietem, do loafers\u00f3w, czy pod szeroki, oversizowy trencz. No\u015b tak, jak lubisz!<\/p>\n<p>Zdj\u0119cie rzeczywiste \u2013 szaro-be\u017cowy melan\u017c tweed<\/p>\n<p>Dost\u0119pne kolory &#8211; szaro-be\u017cowy melan\u017c tweed<\/p>\n<p>The colours are shown in the pictures of the coats in different cuts, in the other auctions and in the <a href=\"https:\/\/talia-fashion.pl\/en\/paleta-kolorow\/\">colour palette<\/a>. If in doubt, please contact us. <strong>Podczas tkania tweedu miesza si\u0119 kilka odcieni<\/strong>, co daje tweedowi charakterystyczne, melan\u017cowe wybarwienie i g\u0142\u0119bi\u0119. Powstaje przepi\u0119kny i nieregularny dese\u0144. Dzi\u0119ki czemu ka\u017cdy blezer jest unikatowy &#8211; nie ma dw\u00f3ch takich samych.<\/p>\n<p>Available sizes: XS, S, M, L<\/p>\n<p>Indicative dimensions:<\/p>\n<p>XS &#8211; biust: 86-88 \/ biodra: 94-96 \/ d\u0142ugo\u015b\u0107: 75 \/ r\u0119kaw: 61<br \/>\nS &#8211; biust: 90-92 \/ biodra: 98-100 \/ d\u0142ugo\u015b\u0107: 75 \/ r\u0119kaw: 62<br \/>\nM &#8211; biust: 94-96 \/ biodra: 102-104 \/ d\u0142ugo\u015b\u0107: 75\u00a0 \/ r\u0119kaw: 62<br \/>\nL &#8211; biust: 98-100 \/ biodra: 106-108 \/ d\u0142ugo\u015b\u0107: 75 \/ r\u0119kaw: 63<\/p>\n<p>If you are unsure about the size, please contact us.<\/p>\n<p>The model is 172cm and a size S.<\/p>\n<p>Materia\u0142: 70% we\u0142na, 20% jedwab, 10% poliamid<\/p>\n<p>Lining: 50% acetate, 50% viscose<\/p>\n<p>Like viscose, acetate is produced from cellulose. Acetate yarn can also be made from recycled cellulose such as paper. The acetate lining is excellent at absorbing moisture and permeable to air. It is coated with an antistatic apprettee and is OEKOtex\u00ae Standard 100 certified. It ideally provides thermal comfort and is comfortable to wear.<\/p>\n<p><strong>Blezer jednorz\u0119dowy we\u0142niany w szarym melan\u017cu<\/strong> Brooklyn zaprojektowali\u015bmy i od pocz\u0105tku do ko\u0144ca uszyli\u015bmy <strong>in our family workshop<\/strong> w Poznaniu. <strong>Od ponad 37 lat<\/strong> pracujemy zgodnie z zasadami zr\u00f3wnowa\u017conego rozwoju a tak\u017ce promujemy polskie, tradycyjne rzemios\u0142o. Nie uznajemy nadprodukcji, dlatego cz\u0119sto si\u0119gamy po materia\u0142y z deadstocku &#8211; wyszukujemy tkaniny premium ju\u017c wyprodukowane, cz\u0119sto dla znanych marek i przekszta\u0142camy jest w p\u0142aszcze limitowanej ilo\u015bci.<\/p>\n<p>The jacket should be dry-cleaned. For frequent refreshing of the wool we recommend the following <a href=\"https:\/\/talia-fashion.pl\/en\/product\/szczotka-do-czyszczenia-i-pielegnacji-plaszcza\/\">Brush for cleaning and care of the coat<\/a><a href=\"https:\/\/talia-fashion.pl\/en\/product\/szczotka-do-czyszczenia-i-pielegnacji-plaszcza\/\">, <\/a>which you can buy in our shop. Caring for clothing is caring for the environment.<\/p>\n<p><strong>Individual order - <\/strong>Some modifications can be made at the client's request: shortening, lengthening of sleeves, shortening and lengthening of the jacket. Cost to be determined individually, after prior contact. <strong>An individual order is not subject to exchange or refund.<\/strong><\/p>\n<p>Czas realizacji zam\u00f3wienia uzale\u017cniony jest od dost\u0119pno\u015bci danego produktu w naszej pracowni. W wi\u0119kszo\u015bci przypadk\u00f3w nie szyjemy na magazyn, a dopiero po otrzymaniu danego zam\u00f3wienia. Widniej\u0105cy w sklepie stan magazynowy nie zawsze oznacza fizycznie dost\u0119pny produkt a r\u00f3wnie\u017c dost\u0119pny materia\u0142 i gotowo\u015b\u0107 do jego uszycia. Standardowo realizacja zam\u00f3wienia nast\u0105puje w ci\u0105gu 2-5 dni roboczych. Je\u015bli jednak konieczne jest uszycie p\u0142aszcza\/marynarki b\u0105d\u017a personalizacja zam\u00f3wienia \u2013 wykonanie przer\u00f3bki lub uszycie nowego p\u0142aszcza wed\u0142ug specyfikacji Klienta \u2013 czas realizacji zam\u00f3wienia mo\u017ce ulec wyd\u0142u\u017ceniu, maksymalnie do 2 tygodni.<\/p>\n<p><strong>Uszycie p\u0142aszcza, marynarki czy trencza wymaga czasu i precyzji<\/strong>, dlatego prosimy o cierpliwo\u015b\u0107. Dok\u0142adamy wszelkich stara\u0144, by jak najszybciej zrealizowa\u0107 Twoje zam\u00f3wienie.<\/p>\n<p>Thank you for supporting local crafts. Stay with us for longer and like our fanpage on <a href=\"https:\/\/www.facebook.com\/talia.plaszcze\">Facebook<\/a>\u00a0i\u00a0<a href=\"https:\/\/www.instagram.com\/talia_plaszcze\/\">Instagram<\/a><\/p>","protected":false},"excerpt":{"rendered":"<p><strong>Blezer jednorz\u0119dowy we\u0142niany w szarym melan\u017cu<\/strong> &#8211; <strong>swobodna marynarka<\/strong> uszyta ze <strong>szlachetnej tkaniny tweedowej<\/strong> w <strong>szaro-be\u017cowym melan\u017cu<\/strong>. Idealna do tworzenia wielowarstowych stylizacji. Ca\u0142oroczny klasyk, kt\u00f3ry pos\u0142u\u017cy Tobie na lata.<\/p>","protected":false},"featured_media":262302,"template":"","meta":{"_acf_changed":false},"product_cat":[28,31,55],"product_tag":[153,397,405,89,78,37,34,90,256,257,74,80,116,387,406,121,41,42,43,44,45,68,47,84,49,50,69,407,53,63,88,117],"class_list":{"0":"post-261770","1":"product","2":"type-product","3":"status-publish","4":"has-post-thumbnail","6":"product_cat-marynarki-damskie","7":"product_cat-nowosci","8":"product_cat-plaszcze-krotsze","9":"product_tag-blazer","10":"product_tag-blezer-damski","11":"product_tag-blezer-tweedowy","12":"product_tag-cieply","13":"product_tag-dla-roznych-sylwetek","14":"product_tag-dyplomatka","15":"product_tag-handmade","16":"product_tag-krotki-plaszcz","17":"product_tag-krotki-prochowiec","18":"product_tag-krotki-trencz-damski","19":"product_tag-kurtka-damska","20":"product_tag-luzny-kroj","21":"product_tag-marynarka","22":"product_tag-marynarka-damska","23":"product_tag-marynarka-tweedowa","24":"product_tag-materialy-przyjazne-dla-srodowiska","25":"product_tag-na-podszewce","26":"product_tag-nowosc","27":"product_tag-plaszcz-damski","28":"product_tag-plaszcz-damski-dlugi","29":"product_tag-plaszcz-dlugi","30":"product_tag-plaszcz-jesienny","31":"product_tag-plaszcz-na-guziki","32":"product_tag-plaszcz-oversizowy","33":"product_tag-plaszcz-wiosenny","34":"product_tag-plaszcz-z-rewersem","35":"product_tag-prochowiec","36":"product_tag-szary-melanz","37":"product_tag-welna","38":"product_tag-welniany","39":"product_tag-wiazany","40":"product_tag-zakiet","42":"first","43":"instock","44":"shipping-taxable","45":"purchasable","46":"product-type-variable","47":"has-default-attributes"},"acf":[],"yoast_head":"<!-- This site is optimized with the Yoast SEO plugin v25.7 - https:\/\/yoast.com\/wordpress\/plugins\/seo\/ -->\n<title>Blezer jednorz\u0119dowy we\u0142niany w szarym melan\u017cu Brooklyn - produkt premium<\/title>\n<meta name=\"description\" content=\"Blezer jednorz\u0119dowy we\u0142niany w szarym melan\u017cu to ca\u0142oroczny must-have \u2014 od marynarki po stylowe okrycie wierzchnie, kt\u00f3ry zostanie z Tob\u0105 na lata.\" \/>\n<meta name=\"robots\" content=\"index, follow, max-snippet:-1, max-image-preview:large, max-video-preview:-1\" \/>\n<link rel=\"canonical\" href=\"https:\/\/talia-fashion.pl\/en\/product\/blezer-jednorzedowy-welniany-w-szarym-melanzu-brooklyn\/\" \/>\n<meta property=\"og:locale\" content=\"en_GB\" \/>\n<meta property=\"og:type\" content=\"article\" \/>\n<meta property=\"og:title\" content=\"Blezer jednorz\u0119dowy we\u0142niany w szarym melan\u017cu Brooklyn - produkt premium\" \/>\n<meta property=\"og:description\" content=\"Blezer jednorz\u0119dowy we\u0142niany w szarym melan\u017cu to ca\u0142oroczny must-have \u2014 od marynarki po stylowe okrycie wierzchnie, kt\u00f3ry zostanie z Tob\u0105 na lata.\" \/>\n<meta property=\"og:url\" content=\"https:\/\/talia-fashion.pl\/en\/product\/blezer-jednorzedowy-welniany-w-szarym-melanzu-brooklyn\/\" \/>\n<meta property=\"og:site_name\" content=\"Talia Fashion\" \/>\n<meta property=\"article:modified_time\" content=\"2026-04-13T09:46:33+00:00\" \/>\n<meta property=\"og:image\" content=\"https:\/\/talia-fashion.pl\/wp-content\/uploads\/2026\/01\/blezer-jednorzedowy-welniany-szary-melanz.jpg\" \/>\n\t<meta property=\"og:image:width\" content=\"1200\" \/>\n\t<meta property=\"og:image:height\" content=\"1600\" \/>\n\t<meta property=\"og:image:type\" content=\"image\/jpeg\" \/>\n<meta name=\"twitter:card\" content=\"summary_large_image\" \/>\n<meta name=\"twitter:label1\" content=\"Estimated reading time\" \/>\n\t<meta name=\"twitter:data1\" content=\"4 minutes\" \/>\n<script type=\"application\/ld+json\" class=\"yoast-schema-graph\">{\"@context\":\"https:\/\/schema.org\",\"@graph\":[{\"@type\":\"WebPage\",\"@id\":\"https:\/\/talia-fashion.pl\/produkt\/blezer-jednorzedowy-welniany-w-szarym-melanzu-brooklyn\/\",\"url\":\"https:\/\/talia-fashion.pl\/produkt\/blezer-jednorzedowy-welniany-w-szarym-melanzu-brooklyn\/\",\"name\":\"Blezer jednorz\u0119dowy we\u0142niany w szarym melan\u017cu Brooklyn - produkt premium\",\"isPartOf\":{\"@id\":\"https:\/\/talia-fashion.pl\/#website\"},\"primaryImageOfPage\":{\"@id\":\"https:\/\/talia-fashion.pl\/produkt\/blezer-jednorzedowy-welniany-w-szarym-melanzu-brooklyn\/#primaryimage\"},\"image\":{\"@id\":\"https:\/\/talia-fashion.pl\/produkt\/blezer-jednorzedowy-welniany-w-szarym-melanzu-brooklyn\/#primaryimage\"},\"thumbnailUrl\":\"https:\/\/talia-fashion.pl\/wp-content\/uploads\/2026\/01\/blezer-jednorzedowy-welniany-szary-melanz.jpg\",\"datePublished\":\"2026-01-17T14:05:59+00:00\",\"dateModified\":\"2026-04-13T09:46:33+00:00\",\"description\":\"Blezer jednorz\u0119dowy we\u0142niany w szarym melan\u017cu to ca\u0142oroczny must-have \u2014 od marynarki po stylowe okrycie wierzchnie, kt\u00f3ry zostanie z Tob\u0105 na lata.\",\"breadcrumb\":{\"@id\":\"https:\/\/talia-fashion.pl\/produkt\/blezer-jednorzedowy-welniany-w-szarym-melanzu-brooklyn\/#breadcrumb\"},\"inLanguage\":\"en-GB\",\"potentialAction\":[{\"@type\":\"ReadAction\",\"target\":[\"https:\/\/talia-fashion.pl\/produkt\/blezer-jednorzedowy-welniany-w-szarym-melanzu-brooklyn\/\"]}]},{\"@type\":\"ImageObject\",\"inLanguage\":\"en-GB\",\"@id\":\"https:\/\/talia-fashion.pl\/produkt\/blezer-jednorzedowy-welniany-w-szarym-melanzu-brooklyn\/#primaryimage\",\"url\":\"https:\/\/talia-fashion.pl\/wp-content\/uploads\/2026\/01\/blezer-jednorzedowy-welniany-szary-melanz.jpg\",\"contentUrl\":\"https:\/\/talia-fashion.pl\/wp-content\/uploads\/2026\/01\/blezer-jednorzedowy-welniany-szary-melanz.jpg\",\"width\":1200,\"height\":1600,\"caption\":\"Blezer jednorz\u0119dowy we\u0142niany w szaro-be\u017cowym melan\u017cu w stylu heritage. Ponadczasowa klasyka w nowoczesnym wydaniu. Jako\u015b\u0107 pierwsza.\"},{\"@type\":\"BreadcrumbList\",\"@id\":\"https:\/\/talia-fashion.pl\/produkt\/blezer-jednorzedowy-welniany-w-szarym-melanzu-brooklyn\/#breadcrumb\",\"itemListElement\":[{\"@type\":\"ListItem\",\"position\":1,\"name\":\"Strona g\u0142\u00f3wna\",\"item\":\"https:\/\/talia-fashion.pl\/\"},{\"@type\":\"ListItem\",\"position\":2,\"name\":\"Sklep\",\"item\":\"https:\/\/talia-fashion.pl\/sklep\/\"},{\"@type\":\"ListItem\",\"position\":3,\"name\":\"Blezer jednorz\u0119dowy we\u0142niany w szarym melan\u017cu Brooklyn\"}]},{\"@type\":\"WebSite\",\"@id\":\"https:\/\/talia-fashion.pl\/#website\",\"url\":\"https:\/\/talia-fashion.pl\/\",\"name\":\"Talia Fashion\",\"description\":\"\",\"potentialAction\":[{\"@type\":\"SearchAction\",\"target\":{\"@type\":\"EntryPoint\",\"urlTemplate\":\"https:\/\/talia-fashion.pl\/?s={search_term_string}\"},\"query-input\":{\"@type\":\"PropertyValueSpecification\",\"valueRequired\":true,\"valueName\":\"search_term_string\"}}],\"inLanguage\":\"en-GB\"}]}<\/script>\n<!-- \/ Yoast SEO plugin. -->","yoast_head_json":{"title":"Blezer jednorz\u0119dowy we\u0142niany w szarym melan\u017cu Brooklyn - produkt premium","description":"Blezer jednorz\u0119dowy we\u0142niany w szarym melan\u017cu to ca\u0142oroczny must-have \u2014 od marynarki po stylowe okrycie wierzchnie, kt\u00f3ry zostanie z Tob\u0105 na lata.","robots":{"index":"index","follow":"follow","max-snippet":"max-snippet:-1","max-image-preview":"max-image-preview:large","max-video-preview":"max-video-preview:-1"},"canonical":"https:\/\/talia-fashion.pl\/en\/product\/blezer-jednorzedowy-welniany-w-szarym-melanzu-brooklyn\/","og_locale":"en_GB","og_type":"article","og_title":"Blezer jednorz\u0119dowy we\u0142niany w szarym melan\u017cu Brooklyn - produkt premium","og_description":"Blezer jednorz\u0119dowy we\u0142niany w szarym melan\u017cu to ca\u0142oroczny must-have \u2014 od marynarki po stylowe okrycie wierzchnie, kt\u00f3ry zostanie z Tob\u0105 na lata.","og_url":"https:\/\/talia-fashion.pl\/en\/product\/blezer-jednorzedowy-welniany-w-szarym-melanzu-brooklyn\/","og_site_name":"Talia Fashion","article_modified_time":"2026-04-13T09:46:33+00:00","og_image":[{"width":1200,"height":1600,"url":"https:\/\/talia-fashion.pl\/wp-content\/uploads\/2026\/01\/blezer-jednorzedowy-welniany-szary-melanz.jpg","type":"image\/jpeg"}],"twitter_card":"summary_large_image","twitter_misc":{"Estimated reading time":"4 minutes"},"schema":{"@context":"https:\/\/schema.org","@graph":[{"@type":"WebPage","@id":"https:\/\/talia-fashion.pl\/produkt\/blezer-jednorzedowy-welniany-w-szarym-melanzu-brooklyn\/","url":"https:\/\/talia-fashion.pl\/produkt\/blezer-jednorzedowy-welniany-w-szarym-melanzu-brooklyn\/","name":"Blezer jednorz\u0119dowy we\u0142niany w szarym melan\u017cu Brooklyn - produkt premium","isPartOf":{"@id":"https:\/\/talia-fashion.pl\/#website"},"primaryImageOfPage":{"@id":"https:\/\/talia-fashion.pl\/produkt\/blezer-jednorzedowy-welniany-w-szarym-melanzu-brooklyn\/#primaryimage"},"image":{"@id":"https:\/\/talia-fashion.pl\/produkt\/blezer-jednorzedowy-welniany-w-szarym-melanzu-brooklyn\/#primaryimage"},"thumbnailUrl":"https:\/\/talia-fashion.pl\/wp-content\/uploads\/2026\/01\/blezer-jednorzedowy-welniany-szary-melanz.jpg","datePublished":"2026-01-17T14:05:59+00:00","dateModified":"2026-04-13T09:46:33+00:00","description":"Blezer jednorz\u0119dowy we\u0142niany w szarym melan\u017cu to ca\u0142oroczny must-have \u2014 od marynarki po stylowe okrycie wierzchnie, kt\u00f3ry zostanie z Tob\u0105 na lata.","breadcrumb":{"@id":"https:\/\/talia-fashion.pl\/produkt\/blezer-jednorzedowy-welniany-w-szarym-melanzu-brooklyn\/#breadcrumb"},"inLanguage":"en-GB","potentialAction":[{"@type":"ReadAction","target":["https:\/\/talia-fashion.pl\/produkt\/blezer-jednorzedowy-welniany-w-szarym-melanzu-brooklyn\/"]}]},{"@type":"ImageObject","inLanguage":"en-GB","@id":"https:\/\/talia-fashion.pl\/produkt\/blezer-jednorzedowy-welniany-w-szarym-melanzu-brooklyn\/#primaryimage","url":"https:\/\/talia-fashion.pl\/wp-content\/uploads\/2026\/01\/blezer-jednorzedowy-welniany-szary-melanz.jpg","contentUrl":"https:\/\/talia-fashion.pl\/wp-content\/uploads\/2026\/01\/blezer-jednorzedowy-welniany-szary-melanz.jpg","width":1200,"height":1600,"caption":"Blezer jednorz\u0119dowy we\u0142niany w szaro-be\u017cowym melan\u017cu w stylu heritage. Ponadczasowa klasyka w nowoczesnym wydaniu. Jako\u015b\u0107 pierwsza."},{"@type":"BreadcrumbList","@id":"https:\/\/talia-fashion.pl\/produkt\/blezer-jednorzedowy-welniany-w-szarym-melanzu-brooklyn\/#breadcrumb","itemListElement":[{"@type":"ListItem","position":1,"name":"Strona g\u0142\u00f3wna","item":"https:\/\/talia-fashion.pl\/"},{"@type":"ListItem","position":2,"name":"Sklep","item":"https:\/\/talia-fashion.pl\/sklep\/"},{"@type":"ListItem","position":3,"name":"Blezer jednorz\u0119dowy we\u0142niany w szarym melan\u017cu Brooklyn"}]},{"@type":"WebSite","@id":"https:\/\/talia-fashion.pl\/#website","url":"https:\/\/talia-fashion.pl\/","name":"Talia Fashion","description":"","potentialAction":[{"@type":"SearchAction","target":{"@type":"EntryPoint","urlTemplate":"https:\/\/talia-fashion.pl\/?s={search_term_string}"},"query-input":{"@type":"PropertyValueSpecification","valueRequired":true,"valueName":"search_term_string"}}],"inLanguage":"en-GB"}]}},"_links":{"self":[{"href":"https:\/\/talia-fashion.pl\/en\/wp-json\/wp\/v2\/product\/261770","targetHints":{"allow":["GET"]}}],"collection":[{"href":"https:\/\/talia-fashion.pl\/en\/wp-json\/wp\/v2\/product"}],"about":[{"href":"https:\/\/talia-fashion.pl\/en\/wp-json\/wp\/v2\/types\/product"}],"wp:featuredmedia":[{"embeddable":true,"href":"https:\/\/talia-fashion.pl\/en\/wp-json\/wp\/v2\/media\/262302"}],"wp:attachment":[{"href":"https:\/\/talia-fashion.pl\/en\/wp-json\/wp\/v2\/media?parent=261770"}],"wp:term":[{"taxonomy":"product_cat","embeddable":true,"href":"https:\/\/talia-fashion.pl\/en\/wp-json\/wp\/v2\/product_cat?post=261770"},{"taxonomy":"product_tag","embeddable":true,"href":"https:\/\/talia-fashion.pl\/en\/wp-json\/wp\/v2\/product_tag?post=261770"}],"curies":[{"name":"wp","href":"https:\/\/api.w.org\/{rel}","templated":true}]}}