{"id":259084,"date":"2025-09-19T14:08:17","date_gmt":"2025-09-19T12:08:17","guid":{"rendered":"https:\/\/talia-fashion.pl\/?post_type=product&#038;p=259084"},"modified":"2026-04-23T09:03:52","modified_gmt":"2026-04-23T07:03:52","slug":"dlugi-plaszcz-z-welny-i-kaszmiru-grafitowy-melanz-sky","status":"publish","type":"product","link":"https:\/\/talia-fashion.pl\/en\/product\/dlugi-plaszcz-z-welny-i-kaszmiru-grafitowy-melanz-sky\/","title":{"rendered":"Long coat in wool and cashmere graphite melange Sky"},"content":{"rendered":"<p><span lang=\"DE\"><strong>Long coat in wool and cashmere graphite melange Sky<\/strong> is a minimalist and iconic model, sewn from a beautiful fabric in a neutral yet characterful colouring. <strong>Melanges<\/strong> is obtained by spinning together fibres of different shades of one colour. The result is a yarn and then a fabric with a distinctive appearance - as if it were shaded or flecked. Melanges are more interesting than plain fabrics and mask dirt and creases well. They are ideally suited to <strong>casual style<\/strong> i <strong>smart casual<\/strong>or even sporty. They are also perfect for elegant outfits. Whether you pair the Sky coat with a grey wool turtleneck and khaki wide leg trousers, a white shirt and tweed jacket, or perhaps a mustard dress, you will always look great. Sky wool and cashmere melange long coat <strong>an investment for years<\/strong> - its <strong>timeless design<\/strong> i <strong>versatility<\/strong> make sure it never goes out of fashion.\u00a0<\/span><\/p>\n<p><span lang=\"DE\">Melange long coat in tweed with wool and cashmere Sky<\/span> has long, <strong>classic sewn-in sleeves<\/strong> and wide, lined, pointed lapels. <strong>Waisted back with two slits<\/strong>adding lightness and style. <strong>Profiled front<\/strong>, <strong>double-breasted buttoned closure<\/strong>. <strong>Two practical pockets<\/strong>. C<span lang=\"DE\">bundled property <strong>belt<\/strong>It is made of the same material. The coat hugs and accentuates the silhouette without hugging it. <strong>Mid-calf length<\/strong>. The front of the coat has been additionally lined with very fine glue, stabilising the fibres, emphasising the properties of the fabric and the luxurious look of the coat. Coat <strong>fully insulated<\/strong>including sleeves. <\/span><\/p>\n<p>The Sky coat has been perfected in every detail. And designed to meet your expectations. The waistband builds up perfectly and the raised collar protects against the wind. The woollen fabric will ensure optimum thermal comfort, protecting you from the cold and damp. The perfect choice for winter. Delight in the quality of workmanship and enjoy the warmth.<\/p>\n<p>The model is 168cm tall and a size S.<\/p>\n<p>Available colours<span lang=\"DE\">: graphite, black, herringbone chocolate black<\/span><\/p>\n<p><span lang=\"DE\">Available sizes: XS, S, M, L, XL<\/span><\/p>\n<p><span lang=\"DE\">Indicative dimensions:<\/span><\/p>\n<p><span lang=\"DE\">XS - bust: 86-88 \/ hips 94-96 \/ length: 120 \/ sleeve 61<br \/>\nS - bust: 90-92 \/ hips: 98-100 \/ length: 121 \/ sleeve: 62<br \/>\nM - bust: 94-96 \/ hips: 102-104 \/ length: 122\/ sleeve: 62<br \/>\nL - bust: 98-100 \/ hips: 106-108 \/ length: 122 \/ sleeve: 63<br \/>\nXL - bust: 104-106 \/ hips: 112-114 \/ length: 122 \/ sleeve: 64<\/span><\/p>\n<p><span lang=\"DE\">If you are unsure of your size selection, please contact us.<\/span><\/p>\n<p><span lang=\"DE\">Material: colour: graphite, black: 85% virgin wool, 10% polyamide, 5% cashmere<\/span><span lang=\"DE\"><br \/>\n<\/span><\/p>\n<p>Chocolate black herringbone colour: 90% virgin wool, 10% polyamide<\/p>\n<p>Lining: 100% acetate<\/p>\n<p>Like viscose, acetate is produced from cellulose. Acetate yarn can also be made from recycled cellulose such as paper. The acetate lining is excellent at absorbing moisture and allowing air to pass through, so it provides thermal comfort and wears well. It is coated with an antistatic apprette and is OEKOtex\u00ae Standard 100 certified.<br \/>\nInsulation: 100% non-woven recycled polyester<br \/>\nOur coats are insulated with a compressed thermo-insulating quilted fleece on the lining. The fleece is made from recycled polyester fibres. The material is lightweight, thin and at the same time perfectly insulating. The insulating fleece we use is resistant to moisture (it retains its insulating properties and warming effect even in damp conditions), stops the wind, is hypoallergenic and breathable. It is OEKOtex\u00ae Standard 100 certified.<\/p>\n<p><span lang=\"DE\">Long coat in wool and cashmere graphite melange Sky<\/span> originated in <strong>our family tailor shop<\/strong> in Pozna\u0144. We sewed it<span lang=\"DE\">\u00a0z <strong data-start=\"103\" data-end=\"164\">high quality deadstock material<\/strong> - surplus production of a renowned brand. Although <strong data-start=\"214\" data-end=\"273\">sourcing such fabrics takes time and commitment<\/strong>allows us to offer premium materials at a favourable price, while at the same time <strong data-start=\"353\" data-end=\"398\">reducing the scale of global overproduction<\/strong>. We believe that fashion can and should go hand in hand with <strong data-start=\"448\" data-end=\"476\">a balanced approach<\/strong>, which is why we carefully select each fabric before it comes into your hands.<\/span><\/p>\n<p>All coats are made in our workshop, so there is the possibility of certain modifications being made at the client's request as part of the<strong> Individual Order. <\/strong>The extent of personalisation and its cost is agreed separately. <strong>An individual order is not subject to exchange or refund.<\/strong><\/p>\n<p><span lang=\"DE\">The lead time depends on the current stock in the atelier and the availability of a given colour of material. If the given coat is available in the atelier, the order will be realised very quickly within 2-5 working days. If it is necessary to sew the coat or to individualise the order according to the customer's specifications - making alterations or sewing a new coat - the lead time may be extended, up to a maximum of 2 weeks.<\/span><\/p>\n<p>The coat should be dry-cleaned. For frequent refreshing of the coat we recommend the following <a href=\"https:\/\/talia-fashion.pl\/en\/product\/szczotka-do-czyszczenia-i-pielegnacji-plaszcza\/\">Brush for cleaning and care of the coat<\/a>available in our shop.  We also encourage you to read our advice on proper care: <a href=\"https:\/\/talia-fashion.pl\/en\/jak-pielegnowac-i-dbac-o-plaszcz\/\">How to care for and maintain coats? \u00a0<\/a>To keep jackets and coats clean, it is often enough to air them regularly and clean them with a dedicated brush. The process is gentler on the fabrics and avoids using water and energy. Remember that by taking care of your clothes you are protecting our environment.<\/p>\n<p>We encourage you to like our fanpage on\u00a0<a href=\"https:\/\/www.facebook.com\/talia.plaszcze\">Facebook<\/a>\u00a0i\u00a0<a href=\"https:\/\/www.instagram.com\/talia_plaszcze\/\">Instagram<\/a><\/p>","protected":false},"excerpt":{"rendered":"<p>Classic cut, versatile melange colour, fine fabric. A warm coat for years to come.<\/p>","protected":false},"featured_media":260261,"template":"","meta":{"_acf_changed":false},"product_cat":[31,36],"product_tag":[89,78,119,32,34,121,239,41,81,42,67,109,43,44,47,75,122,86,123,124,138,125,69,60,87,53,270,275,63,88,126,272],"class_list":{"0":"post-259084","1":"product","2":"type-product","3":"status-publish","4":"has-post-thumbnail","6":"product_cat-nowosci","7":"product_cat-plaszcze-dluzsze","8":"product_tag-cieply","9":"product_tag-dla-roznych-sylwetek","10":"product_tag-dlugi-plaszcz-zimowy","11":"product_tag-dopasowany-kroj","12":"product_tag-handmade","13":"product_tag-materialy-przyjazne-dla-srodowiska","14":"product_tag-melanzowy-plaszcz","15":"product_tag-na-podszewce","16":"product_tag-naturalne-materialy","17":"product_tag-nowosc","18":"product_tag-ocieplany","19":"product_tag-plaszcz-camel","20":"product_tag-plaszcz-damski","21":"product_tag-plaszcz-damski-dlugi","22":"product_tag-plaszcz-na-guziki","23":"product_tag-plaszcz-ocieplany","24":"product_tag-plaszcz-szlafrokowy","25":"product_tag-plaszcz-zimowy-ocieplany","26":"product_tag-plaszcze-damskie","27":"product_tag-polska-marka","28":"product_tag-polski-produkt","29":"product_tag-polskie-rzemioslo","30":"product_tag-prochowiec","31":"product_tag-producent-plaszczy-damskich","32":"product_tag-produkt-premium","33":"product_tag-welna","34":"product_tag-welna-jagnieca","35":"product_tag-welna-z-kaszmirem","36":"product_tag-welniany","37":"product_tag-wiazany","38":"product_tag-wysoka-jakosc","39":"product_tag-zibellino","41":"first","42":"instock","43":"shipping-taxable","44":"purchasable","45":"product-type-variable","46":"has-default-attributes"},"acf":[],"yoast_head":"<!-- This site is optimized with the Yoast SEO plugin v25.7 - https:\/\/yoast.com\/wordpress\/plugins\/seo\/ -->\n<title>D\u0142ugi p\u0142aszcz z we\u0142ny i kaszmiru grafitowy melan\u017c Sky - Talia Fashion - p\u0142aszcz zimowy<\/title>\n<meta name=\"description\" content=\"D\u0142ugi p\u0142aszcz z we\u0142ny i kaszmiru grafitowy melan\u017c Sky - ponadczasowy kr\u00f3j i uniwersalny kolor. \u015awietne po\u0142\u0105czenie elegancji, komfortu i wysokiej jako\u015bci.\" \/>\n<meta name=\"robots\" content=\"index, follow, max-snippet:-1, max-image-preview:large, max-video-preview:-1\" \/>\n<link rel=\"canonical\" href=\"https:\/\/talia-fashion.pl\/en\/product\/dlugi-plaszcz-z-welny-i-kaszmiru-grafitowy-melanz-sky\/\" \/>\n<meta property=\"og:locale\" content=\"en_GB\" \/>\n<meta property=\"og:type\" content=\"article\" \/>\n<meta property=\"og:title\" content=\"D\u0142ugi p\u0142aszcz z we\u0142ny i kaszmiru grafitowy melan\u017c Sky - Talia Fashion - p\u0142aszcz zimowy\" \/>\n<meta property=\"og:description\" content=\"D\u0142ugi p\u0142aszcz z we\u0142ny i kaszmiru grafitowy melan\u017c Sky - ponadczasowy kr\u00f3j i uniwersalny kolor. \u015awietne po\u0142\u0105czenie elegancji, komfortu i wysokiej jako\u015bci.\" \/>\n<meta property=\"og:url\" content=\"https:\/\/talia-fashion.pl\/en\/product\/dlugi-plaszcz-z-welny-i-kaszmiru-grafitowy-melanz-sky\/\" \/>\n<meta property=\"og:site_name\" content=\"Talia Fashion\" \/>\n<meta property=\"article:modified_time\" content=\"2026-04-23T07:03:52+00:00\" \/>\n<meta property=\"og:image\" content=\"https:\/\/talia-fashion.pl\/wp-content\/uploads\/2025\/09\/dlugi-plaszcz-zimowy-welna-kaszmir-grafitowy-melanz.jpg\" \/>\n\t<meta property=\"og:image:width\" content=\"1333\" \/>\n\t<meta property=\"og:image:height\" content=\"2000\" \/>\n\t<meta property=\"og:image:type\" content=\"image\/jpeg\" \/>\n<meta name=\"twitter:card\" content=\"summary_large_image\" \/>\n<meta name=\"twitter:label1\" content=\"Estimated reading time\" \/>\n\t<meta name=\"twitter:data1\" content=\"4 minutes\" \/>\n<script type=\"application\/ld+json\" class=\"yoast-schema-graph\">{\"@context\":\"https:\/\/schema.org\",\"@graph\":[{\"@type\":\"WebPage\",\"@id\":\"https:\/\/talia-fashion.pl\/produkt\/dlugi-plaszcz-z-welny-i-kaszmiru-grafitowy-melanz-sky\/\",\"url\":\"https:\/\/talia-fashion.pl\/produkt\/dlugi-plaszcz-z-welny-i-kaszmiru-grafitowy-melanz-sky\/\",\"name\":\"D\u0142ugi p\u0142aszcz z we\u0142ny i kaszmiru grafitowy melan\u017c Sky - Talia Fashion - p\u0142aszcz zimowy\",\"isPartOf\":{\"@id\":\"https:\/\/talia-fashion.pl\/#website\"},\"primaryImageOfPage\":{\"@id\":\"https:\/\/talia-fashion.pl\/produkt\/dlugi-plaszcz-z-welny-i-kaszmiru-grafitowy-melanz-sky\/#primaryimage\"},\"image\":{\"@id\":\"https:\/\/talia-fashion.pl\/produkt\/dlugi-plaszcz-z-welny-i-kaszmiru-grafitowy-melanz-sky\/#primaryimage\"},\"thumbnailUrl\":\"https:\/\/talia-fashion.pl\/wp-content\/uploads\/2025\/09\/dlugi-plaszcz-zimowy-welna-kaszmir-grafitowy-melanz.jpg\",\"datePublished\":\"2025-09-19T12:08:17+00:00\",\"dateModified\":\"2026-04-23T07:03:52+00:00\",\"description\":\"D\u0142ugi p\u0142aszcz z we\u0142ny i kaszmiru grafitowy melan\u017c Sky - ponadczasowy kr\u00f3j i uniwersalny kolor. \u015awietne po\u0142\u0105czenie elegancji, komfortu i wysokiej jako\u015bci.\",\"breadcrumb\":{\"@id\":\"https:\/\/talia-fashion.pl\/produkt\/dlugi-plaszcz-z-welny-i-kaszmiru-grafitowy-melanz-sky\/#breadcrumb\"},\"inLanguage\":\"en-GB\",\"potentialAction\":[{\"@type\":\"ReadAction\",\"target\":[\"https:\/\/talia-fashion.pl\/produkt\/dlugi-plaszcz-z-welny-i-kaszmiru-grafitowy-melanz-sky\/\"]}]},{\"@type\":\"ImageObject\",\"inLanguage\":\"en-GB\",\"@id\":\"https:\/\/talia-fashion.pl\/produkt\/dlugi-plaszcz-z-welny-i-kaszmiru-grafitowy-melanz-sky\/#primaryimage\",\"url\":\"https:\/\/talia-fashion.pl\/wp-content\/uploads\/2025\/09\/dlugi-plaszcz-zimowy-welna-kaszmir-grafitowy-melanz.jpg\",\"contentUrl\":\"https:\/\/talia-fashion.pl\/wp-content\/uploads\/2025\/09\/dlugi-plaszcz-zimowy-welna-kaszmir-grafitowy-melanz.jpg\",\"width\":1333,\"height\":2000,\"caption\":\"D\u0142ugi p\u0142aszcz zimowy z we\u0142ny i kaszmiru w kolorze grafitowym.\"},{\"@type\":\"BreadcrumbList\",\"@id\":\"https:\/\/talia-fashion.pl\/produkt\/dlugi-plaszcz-z-welny-i-kaszmiru-grafitowy-melanz-sky\/#breadcrumb\",\"itemListElement\":[{\"@type\":\"ListItem\",\"position\":1,\"name\":\"Strona g\u0142\u00f3wna\",\"item\":\"https:\/\/talia-fashion.pl\/\"},{\"@type\":\"ListItem\",\"position\":2,\"name\":\"Sklep\",\"item\":\"https:\/\/talia-fashion.pl\/sklep\/\"},{\"@type\":\"ListItem\",\"position\":3,\"name\":\"D\u0142ugi p\u0142aszcz z we\u0142ny i kaszmiru grafitowy melan\u017c Sky\"}]},{\"@type\":\"WebSite\",\"@id\":\"https:\/\/talia-fashion.pl\/#website\",\"url\":\"https:\/\/talia-fashion.pl\/\",\"name\":\"Talia Fashion\",\"description\":\"\",\"potentialAction\":[{\"@type\":\"SearchAction\",\"target\":{\"@type\":\"EntryPoint\",\"urlTemplate\":\"https:\/\/talia-fashion.pl\/?s={search_term_string}\"},\"query-input\":{\"@type\":\"PropertyValueSpecification\",\"valueRequired\":true,\"valueName\":\"search_term_string\"}}],\"inLanguage\":\"en-GB\"}]}<\/script>\n<!-- \/ Yoast SEO plugin. -->","yoast_head_json":{"title":"D\u0142ugi p\u0142aszcz z we\u0142ny i kaszmiru grafitowy melan\u017c Sky - Talia Fashion - p\u0142aszcz zimowy","description":"D\u0142ugi p\u0142aszcz z we\u0142ny i kaszmiru grafitowy melan\u017c Sky - ponadczasowy kr\u00f3j i uniwersalny kolor. \u015awietne po\u0142\u0105czenie elegancji, komfortu i wysokiej jako\u015bci.","robots":{"index":"index","follow":"follow","max-snippet":"max-snippet:-1","max-image-preview":"max-image-preview:large","max-video-preview":"max-video-preview:-1"},"canonical":"https:\/\/talia-fashion.pl\/en\/product\/dlugi-plaszcz-z-welny-i-kaszmiru-grafitowy-melanz-sky\/","og_locale":"en_GB","og_type":"article","og_title":"D\u0142ugi p\u0142aszcz z we\u0142ny i kaszmiru grafitowy melan\u017c Sky - Talia Fashion - p\u0142aszcz zimowy","og_description":"D\u0142ugi p\u0142aszcz z we\u0142ny i kaszmiru grafitowy melan\u017c Sky - ponadczasowy kr\u00f3j i uniwersalny kolor. \u015awietne po\u0142\u0105czenie elegancji, komfortu i wysokiej jako\u015bci.","og_url":"https:\/\/talia-fashion.pl\/en\/product\/dlugi-plaszcz-z-welny-i-kaszmiru-grafitowy-melanz-sky\/","og_site_name":"Talia Fashion","article_modified_time":"2026-04-23T07:03:52+00:00","og_image":[{"width":1333,"height":2000,"url":"https:\/\/talia-fashion.pl\/wp-content\/uploads\/2025\/09\/dlugi-plaszcz-zimowy-welna-kaszmir-grafitowy-melanz.jpg","type":"image\/jpeg"}],"twitter_card":"summary_large_image","twitter_misc":{"Estimated reading time":"4 minutes"},"schema":{"@context":"https:\/\/schema.org","@graph":[{"@type":"WebPage","@id":"https:\/\/talia-fashion.pl\/produkt\/dlugi-plaszcz-z-welny-i-kaszmiru-grafitowy-melanz-sky\/","url":"https:\/\/talia-fashion.pl\/produkt\/dlugi-plaszcz-z-welny-i-kaszmiru-grafitowy-melanz-sky\/","name":"D\u0142ugi p\u0142aszcz z we\u0142ny i kaszmiru grafitowy melan\u017c Sky - Talia Fashion - p\u0142aszcz zimowy","isPartOf":{"@id":"https:\/\/talia-fashion.pl\/#website"},"primaryImageOfPage":{"@id":"https:\/\/talia-fashion.pl\/produkt\/dlugi-plaszcz-z-welny-i-kaszmiru-grafitowy-melanz-sky\/#primaryimage"},"image":{"@id":"https:\/\/talia-fashion.pl\/produkt\/dlugi-plaszcz-z-welny-i-kaszmiru-grafitowy-melanz-sky\/#primaryimage"},"thumbnailUrl":"https:\/\/talia-fashion.pl\/wp-content\/uploads\/2025\/09\/dlugi-plaszcz-zimowy-welna-kaszmir-grafitowy-melanz.jpg","datePublished":"2025-09-19T12:08:17+00:00","dateModified":"2026-04-23T07:03:52+00:00","description":"D\u0142ugi p\u0142aszcz z we\u0142ny i kaszmiru grafitowy melan\u017c Sky - ponadczasowy kr\u00f3j i uniwersalny kolor. \u015awietne po\u0142\u0105czenie elegancji, komfortu i wysokiej jako\u015bci.","breadcrumb":{"@id":"https:\/\/talia-fashion.pl\/produkt\/dlugi-plaszcz-z-welny-i-kaszmiru-grafitowy-melanz-sky\/#breadcrumb"},"inLanguage":"en-GB","potentialAction":[{"@type":"ReadAction","target":["https:\/\/talia-fashion.pl\/produkt\/dlugi-plaszcz-z-welny-i-kaszmiru-grafitowy-melanz-sky\/"]}]},{"@type":"ImageObject","inLanguage":"en-GB","@id":"https:\/\/talia-fashion.pl\/produkt\/dlugi-plaszcz-z-welny-i-kaszmiru-grafitowy-melanz-sky\/#primaryimage","url":"https:\/\/talia-fashion.pl\/wp-content\/uploads\/2025\/09\/dlugi-plaszcz-zimowy-welna-kaszmir-grafitowy-melanz.jpg","contentUrl":"https:\/\/talia-fashion.pl\/wp-content\/uploads\/2025\/09\/dlugi-plaszcz-zimowy-welna-kaszmir-grafitowy-melanz.jpg","width":1333,"height":2000,"caption":"D\u0142ugi p\u0142aszcz zimowy z we\u0142ny i kaszmiru w kolorze grafitowym."},{"@type":"BreadcrumbList","@id":"https:\/\/talia-fashion.pl\/produkt\/dlugi-plaszcz-z-welny-i-kaszmiru-grafitowy-melanz-sky\/#breadcrumb","itemListElement":[{"@type":"ListItem","position":1,"name":"Strona g\u0142\u00f3wna","item":"https:\/\/talia-fashion.pl\/"},{"@type":"ListItem","position":2,"name":"Sklep","item":"https:\/\/talia-fashion.pl\/sklep\/"},{"@type":"ListItem","position":3,"name":"D\u0142ugi p\u0142aszcz z we\u0142ny i kaszmiru grafitowy melan\u017c Sky"}]},{"@type":"WebSite","@id":"https:\/\/talia-fashion.pl\/#website","url":"https:\/\/talia-fashion.pl\/","name":"Talia Fashion","description":"","potentialAction":[{"@type":"SearchAction","target":{"@type":"EntryPoint","urlTemplate":"https:\/\/talia-fashion.pl\/?s={search_term_string}"},"query-input":{"@type":"PropertyValueSpecification","valueRequired":true,"valueName":"search_term_string"}}],"inLanguage":"en-GB"}]}},"_links":{"self":[{"href":"https:\/\/talia-fashion.pl\/en\/wp-json\/wp\/v2\/product\/259084","targetHints":{"allow":["GET"]}}],"collection":[{"href":"https:\/\/talia-fashion.pl\/en\/wp-json\/wp\/v2\/product"}],"about":[{"href":"https:\/\/talia-fashion.pl\/en\/wp-json\/wp\/v2\/types\/product"}],"wp:featuredmedia":[{"embeddable":true,"href":"https:\/\/talia-fashion.pl\/en\/wp-json\/wp\/v2\/media\/260261"}],"wp:attachment":[{"href":"https:\/\/talia-fashion.pl\/en\/wp-json\/wp\/v2\/media?parent=259084"}],"wp:term":[{"taxonomy":"product_cat","embeddable":true,"href":"https:\/\/talia-fashion.pl\/en\/wp-json\/wp\/v2\/product_cat?post=259084"},{"taxonomy":"product_tag","embeddable":true,"href":"https:\/\/talia-fashion.pl\/en\/wp-json\/wp\/v2\/product_tag?post=259084"}],"curies":[{"name":"wp","href":"https:\/\/api.w.org\/{rel}","templated":true}]}}