{"id":3074,"date":"2025-03-11T22:22:40","date_gmt":"2025-03-11T21:22:40","guid":{"rendered":"http:\/\/talia-fashion.pl\/?page_id=3074"},"modified":"2026-03-12T08:57:43","modified_gmt":"2026-03-12T07:57:43","slug":"kampania","status":"publish","type":"page","link":"https:\/\/talia-fashion.pl\/en\/kampania\/","title":{"rendered":"Campaign"},"content":{"rendered":"<div data-elementor-type=\"wp-page\" data-elementor-id=\"3074\" class=\"elementor elementor-3074\" data-elementor-post-type=\"page\">\n\t\t\t\t<div class=\"elementor-element elementor-element-f029cdf e-con-full e-flex e-con e-parent\" data-id=\"f029cdf\" data-element_type=\"container\">\n\t\t\t\t<div class=\"elementor-element elementor-element-0cb691a elementor-widget elementor-widget-image\" data-id=\"0cb691a\" data-element_type=\"widget\" data-widget_type=\"image.default\">\n\t\t\t\t<div class=\"elementor-widget-container\">\n\t\t\t\t\t\t\t\t\t\t\t\t\t\t\t<img fetchpriority=\"high\" decoding=\"async\" width=\"1733\" height=\"1300\" src=\"https:\/\/talia-fashion.pl\/wp-content\/uploads\/2026\/03\/producent-plaszczy-damskich-trencze-marynarki.jpg\" class=\"attachment-full size-full wp-image-262503\" alt=\"Producent p\u0142aszczy damskich pd 1988r. Trencze damskie, marynarki we\u0142niane, p\u0142aszcze przej\u015bciowe, p\u0142aszcze na wiosn\u0119.\" srcset=\"https:\/\/talia-fashion.pl\/wp-content\/uploads\/2026\/03\/producent-plaszczy-damskich-trencze-marynarki.jpg 1733w, https:\/\/talia-fashion.pl\/wp-content\/uploads\/2026\/03\/producent-plaszczy-damskich-trencze-marynarki-300x225.jpg 300w, https:\/\/talia-fashion.pl\/wp-content\/uploads\/2026\/03\/producent-plaszczy-damskich-trencze-marynarki-960x720.jpg 960w, https:\/\/talia-fashion.pl\/wp-content\/uploads\/2026\/03\/producent-plaszczy-damskich-trencze-marynarki-600x450.jpg 600w, https:\/\/talia-fashion.pl\/wp-content\/uploads\/2026\/03\/producent-plaszczy-damskich-trencze-marynarki-145x109.jpg 145w\" sizes=\"(max-width: 1733px) 100vw, 1733px\" \/>\t\t\t\t\t\t\t\t\t\t\t\t\t\t\t<\/div>\n\t\t\t\t<\/div>\n\t\t\t\t<\/div>\n\t\t<div class=\"elementor-element elementor-element-f00062f e-con-full e-flex e-con e-parent\" data-id=\"f00062f\" data-element_type=\"container\">\n\t\t<div class=\"elementor-element elementor-element-5b3eb47 e-con-full e-flex e-con e-child\" data-id=\"5b3eb47\" data-element_type=\"container\" data-settings=\"{&quot;background_background&quot;:&quot;classic&quot;}\">\n\t\t\t\t<div class=\"elementor-element elementor-element-7ee7a2f elementor-widget elementor-widget-image\" data-id=\"7ee7a2f\" data-element_type=\"widget\" data-widget_type=\"image.default\">\n\t\t\t\t<div class=\"elementor-widget-container\">\n\t\t\t\t\t\t\t\t\t\t\t\t\t\t\t<img decoding=\"async\" width=\"960\" height=\"1280\" src=\"https:\/\/talia-fashion.pl\/wp-content\/uploads\/2026\/03\/marynarka-welniana-recznie-szyta-zrownowazona-moda-960x1280.jpg\" class=\"attachment-large size-large wp-image-262531\" alt=\"Marynarka we\u0142niana r\u0119cznie szyta. Zr\u00f3wnowa\u017cona moda od 1988r.\" srcset=\"https:\/\/talia-fashion.pl\/wp-content\/uploads\/2026\/03\/marynarka-welniana-recznie-szyta-zrownowazona-moda-960x1280.jpg 960w, https:\/\/talia-fashion.pl\/wp-content\/uploads\/2026\/03\/marynarka-welniana-recznie-szyta-zrownowazona-moda-300x400.jpg 300w, https:\/\/talia-fashion.pl\/wp-content\/uploads\/2026\/03\/marynarka-welniana-recznie-szyta-zrownowazona-moda-600x800.jpg 600w, https:\/\/talia-fashion.pl\/wp-content\/uploads\/2026\/03\/marynarka-welniana-recznie-szyta-zrownowazona-moda-145x193.jpg 145w, https:\/\/talia-fashion.pl\/wp-content\/uploads\/2026\/03\/marynarka-welniana-recznie-szyta-zrownowazona-moda.jpg 1200w\" sizes=\"(max-width: 960px) 100vw, 960px\" \/>\t\t\t\t\t\t\t\t\t\t\t\t\t\t\t<\/div>\n\t\t\t\t<\/div>\n\t\t\t\t<\/div>\n\t\t<div class=\"elementor-element elementor-element-115744a e-con-full e-flex e-con e-child\" data-id=\"115744a\" data-element_type=\"container\" data-settings=\"{&quot;background_background&quot;:&quot;classic&quot;}\">\n\t\t\t\t<div class=\"elementor-element elementor-element-77f9525 elementor-widget elementor-widget-image\" data-id=\"77f9525\" data-element_type=\"widget\" data-widget_type=\"image.default\">\n\t\t\t\t<div class=\"elementor-widget-container\">\n\t\t\t\t\t\t\t\t\t\t\t\t\t\t\t<img decoding=\"async\" width=\"960\" height=\"1280\" src=\"https:\/\/talia-fashion.pl\/wp-content\/uploads\/2026\/03\/rodzinna-pracownia-butikowa-zrownowazona-produkcja-plaszcze-damskie-kurtki-960x1280.jpg\" class=\"attachment-large size-large wp-image-262533\" alt=\"Rodzinna pracownia, butikowa zr\u00f3wnowa\u017cona produkcja. R\u0119cznie szyte p\u0142aszcze, kurtki, trencz i marynarki.\" srcset=\"https:\/\/talia-fashion.pl\/wp-content\/uploads\/2026\/03\/rodzinna-pracownia-butikowa-zrownowazona-produkcja-plaszcze-damskie-kurtki-960x1280.jpg 960w, https:\/\/talia-fashion.pl\/wp-content\/uploads\/2026\/03\/rodzinna-pracownia-butikowa-zrownowazona-produkcja-plaszcze-damskie-kurtki-300x400.jpg 300w, https:\/\/talia-fashion.pl\/wp-content\/uploads\/2026\/03\/rodzinna-pracownia-butikowa-zrownowazona-produkcja-plaszcze-damskie-kurtki-600x800.jpg 600w, https:\/\/talia-fashion.pl\/wp-content\/uploads\/2026\/03\/rodzinna-pracownia-butikowa-zrownowazona-produkcja-plaszcze-damskie-kurtki-145x193.jpg 145w, https:\/\/talia-fashion.pl\/wp-content\/uploads\/2026\/03\/rodzinna-pracownia-butikowa-zrownowazona-produkcja-plaszcze-damskie-kurtki.jpg 1200w\" sizes=\"(max-width: 960px) 100vw, 960px\" \/>\t\t\t\t\t\t\t\t\t\t\t\t\t\t\t<\/div>\n\t\t\t\t<\/div>\n\t\t\t\t<\/div>\n\t\t\t\t<\/div>\n\t\t<div class=\"elementor-element elementor-element-44616dc e-con-full e-flex e-con e-parent\" data-id=\"44616dc\" data-element_type=\"container\">\n\t\t<div class=\"elementor-element elementor-element-d94249b e-con-full e-flex e-con e-child\" data-id=\"d94249b\" data-element_type=\"container\" data-settings=\"{&quot;background_background&quot;:&quot;classic&quot;}\">\n\t\t\t\t<div class=\"elementor-element elementor-element-a889d53 elementor-widget elementor-widget-image\" data-id=\"a889d53\" data-element_type=\"widget\" data-widget_type=\"image.default\">\n\t\t\t\t<div class=\"elementor-widget-container\">\n\t\t\t\t\t\t\t\t\t\t\t\t\t\t\t<img loading=\"lazy\" decoding=\"async\" width=\"960\" height=\"1280\" src=\"https:\/\/talia-fashion.pl\/wp-content\/uploads\/2026\/03\/kurtki-damskie-szyte-recznie-w-Polsce-produkt-premium-960x1280.jpg\" class=\"attachment-large size-large wp-image-262509\" alt=\"Kurtki damskie szyte r\u0119cznie w Polsce od 1988r. w rodzinnej pracowni. Produkt premium.\" srcset=\"https:\/\/talia-fashion.pl\/wp-content\/uploads\/2026\/03\/kurtki-damskie-szyte-recznie-w-Polsce-produkt-premium-960x1280.jpg 960w, https:\/\/talia-fashion.pl\/wp-content\/uploads\/2026\/03\/kurtki-damskie-szyte-recznie-w-Polsce-produkt-premium-300x400.jpg 300w, https:\/\/talia-fashion.pl\/wp-content\/uploads\/2026\/03\/kurtki-damskie-szyte-recznie-w-Polsce-produkt-premium-600x800.jpg 600w, https:\/\/talia-fashion.pl\/wp-content\/uploads\/2026\/03\/kurtki-damskie-szyte-recznie-w-Polsce-produkt-premium-145x193.jpg 145w, https:\/\/talia-fashion.pl\/wp-content\/uploads\/2026\/03\/kurtki-damskie-szyte-recznie-w-Polsce-produkt-premium.jpg 1300w\" sizes=\"(max-width: 960px) 100vw, 960px\" \/>\t\t\t\t\t\t\t\t\t\t\t\t\t\t\t<\/div>\n\t\t\t\t<\/div>\n\t\t\t\t<\/div>\n\t\t<div class=\"elementor-element elementor-element-c50fa7b e-con-full e-flex e-con e-child\" data-id=\"c50fa7b\" data-element_type=\"container\" data-settings=\"{&quot;background_background&quot;:&quot;classic&quot;}\">\n\t\t\t\t<div class=\"elementor-element elementor-element-be3d2d4 elementor-widget elementor-widget-image\" data-id=\"be3d2d4\" data-element_type=\"widget\" data-widget_type=\"image.default\">\n\t\t\t\t<div class=\"elementor-widget-container\">\n\t\t\t\t\t\t\t\t\t\t\t\t\t\t\t<img loading=\"lazy\" decoding=\"async\" width=\"1300\" height=\"1733\" src=\"https:\/\/talia-fashion.pl\/wp-content\/uploads\/2026\/03\/marynarki-welniane-nowoczesne-kroje-naturalne-materialy.jpg\" class=\"attachment-full size-full wp-image-262508\" alt=\"Marynarki we\u0142niane z naturalnych materia\u0142\u00f3w o nowoczesnych krojach. \u015awietna alternatywa dla trencza. Prawdziwe rzemios\u0142o od 1988r.\" srcset=\"https:\/\/talia-fashion.pl\/wp-content\/uploads\/2026\/03\/marynarki-welniane-nowoczesne-kroje-naturalne-materialy.jpg 1300w, https:\/\/talia-fashion.pl\/wp-content\/uploads\/2026\/03\/marynarki-welniane-nowoczesne-kroje-naturalne-materialy-300x400.jpg 300w, https:\/\/talia-fashion.pl\/wp-content\/uploads\/2026\/03\/marynarki-welniane-nowoczesne-kroje-naturalne-materialy-960x1280.jpg 960w, https:\/\/talia-fashion.pl\/wp-content\/uploads\/2026\/03\/marynarki-welniane-nowoczesne-kroje-naturalne-materialy-600x800.jpg 600w, https:\/\/talia-fashion.pl\/wp-content\/uploads\/2026\/03\/marynarki-welniane-nowoczesne-kroje-naturalne-materialy-145x193.jpg 145w\" sizes=\"(max-width: 1300px) 100vw, 1300px\" \/>\t\t\t\t\t\t\t\t\t\t\t\t\t\t\t<\/div>\n\t\t\t\t<\/div>\n\t\t\t\t<\/div>\n\t\t\t\t<\/div>\n\t\t<div class=\"elementor-element elementor-element-7f3f034 e-con-full e-flex e-con e-parent\" data-id=\"7f3f034\" data-element_type=\"container\">\n\t\t\t\t<div class=\"elementor-element elementor-element-3fceb82 elementor-widget elementor-widget-image\" data-id=\"3fceb82\" data-element_type=\"widget\" data-widget_type=\"image.default\">\n\t\t\t\t<div class=\"elementor-widget-container\">\n\t\t\t\t\t\t\t\t\t\t\t\t\t\t\t<img loading=\"lazy\" decoding=\"async\" width=\"2311\" height=\"1300\" src=\"https:\/\/talia-fashion.pl\/wp-content\/uploads\/2026\/03\/wysokiej-jakosci-trencze-damskie-marynarki-w-jodelke-welniane-plaszcze.jpg\" class=\"attachment-full size-full wp-image-262507\" alt=\"Wysokiej jako\u015bci trencze damskie, marynarki w jode\u0142k\u0119, kr\u00f3tsze p\u0142aszcze przej\u015bciowe i kurtki damskie.\" srcset=\"https:\/\/talia-fashion.pl\/wp-content\/uploads\/2026\/03\/wysokiej-jakosci-trencze-damskie-marynarki-w-jodelke-welniane-plaszcze.jpg 2311w, https:\/\/talia-fashion.pl\/wp-content\/uploads\/2026\/03\/wysokiej-jakosci-trencze-damskie-marynarki-w-jodelke-welniane-plaszcze-300x169.jpg 300w, https:\/\/talia-fashion.pl\/wp-content\/uploads\/2026\/03\/wysokiej-jakosci-trencze-damskie-marynarki-w-jodelke-welniane-plaszcze-960x540.jpg 960w, https:\/\/talia-fashion.pl\/wp-content\/uploads\/2026\/03\/wysokiej-jakosci-trencze-damskie-marynarki-w-jodelke-welniane-plaszcze-600x338.jpg 600w, https:\/\/talia-fashion.pl\/wp-content\/uploads\/2026\/03\/wysokiej-jakosci-trencze-damskie-marynarki-w-jodelke-welniane-plaszcze-145x82.jpg 145w\" sizes=\"(max-width: 2311px) 100vw, 2311px\" \/>\t\t\t\t\t\t\t\t\t\t\t\t\t\t\t<\/div>\n\t\t\t\t<\/div>\n\t\t\t\t<\/div>\n\t\t<div class=\"elementor-element elementor-element-297a755 e-con-full e-flex e-con e-parent\" data-id=\"297a755\" data-element_type=\"container\">\n\t\t<div class=\"elementor-element elementor-element-2585084 e-con-full e-flex e-con e-child\" data-id=\"2585084\" data-element_type=\"container\" data-settings=\"{&quot;background_background&quot;:&quot;classic&quot;}\">\n\t\t\t\t<div class=\"elementor-element elementor-element-fe50971 elementor-widget elementor-widget-image\" data-id=\"fe50971\" data-element_type=\"widget\" data-widget_type=\"image.default\">\n\t\t\t\t<div class=\"elementor-widget-container\">\n\t\t\t\t\t\t\t\t\t\t\t\t\t\t\t<img loading=\"lazy\" decoding=\"async\" width=\"960\" height=\"1280\" src=\"https:\/\/talia-fashion.pl\/wp-content\/uploads\/2026\/03\/plaszcze-szyte-recznie-szlachetne-materialy-autorskie-projekty-960x1280.jpg\" class=\"attachment-large size-large wp-image-262505\" alt=\"P\u0142aszcze szyte r\u0119cznie z wysokiej jako\u015bci materia\u0142\u00f3w w oparciu o autorskiej projekty. Zr\u00f3wnowa\u017cona, butikowa produkcja. Prawdziwe rzemios\u0142o.\" srcset=\"https:\/\/talia-fashion.pl\/wp-content\/uploads\/2026\/03\/plaszcze-szyte-recznie-szlachetne-materialy-autorskie-projekty-960x1280.jpg 960w, https:\/\/talia-fashion.pl\/wp-content\/uploads\/2026\/03\/plaszcze-szyte-recznie-szlachetne-materialy-autorskie-projekty-300x400.jpg 300w, https:\/\/talia-fashion.pl\/wp-content\/uploads\/2026\/03\/plaszcze-szyte-recznie-szlachetne-materialy-autorskie-projekty-600x800.jpg 600w, https:\/\/talia-fashion.pl\/wp-content\/uploads\/2026\/03\/plaszcze-szyte-recznie-szlachetne-materialy-autorskie-projekty-145x193.jpg 145w, https:\/\/talia-fashion.pl\/wp-content\/uploads\/2026\/03\/plaszcze-szyte-recznie-szlachetne-materialy-autorskie-projekty.jpg 1300w\" sizes=\"(max-width: 960px) 100vw, 960px\" \/>\t\t\t\t\t\t\t\t\t\t\t\t\t\t\t<\/div>\n\t\t\t\t<\/div>\n\t\t\t\t<\/div>\n\t\t<div class=\"elementor-element elementor-element-4dfa079 e-con-full e-flex e-con e-child\" data-id=\"4dfa079\" data-element_type=\"container\" data-settings=\"{&quot;background_background&quot;:&quot;classic&quot;}\">\n\t\t\t\t<div class=\"elementor-element elementor-element-bf74eab elementor-widget elementor-widget-image\" data-id=\"bf74eab\" data-element_type=\"widget\" data-widget_type=\"image.default\">\n\t\t\t\t<div class=\"elementor-widget-container\">\n\t\t\t\t\t\t\t\t\t\t\t\t\t\t\t<img loading=\"lazy\" decoding=\"async\" width=\"1300\" height=\"1733\" src=\"https:\/\/talia-fashion.pl\/wp-content\/uploads\/2026\/03\/plaszcz-damski-przejsciowy-zrownowazona-moda.jpg\" class=\"attachment-full size-full wp-image-262506\" alt=\"Przej\u015bciowy, p\u0142aszcz damski. Zr\u00f3wnowa\u017cona moda. Produkt premium.\" srcset=\"https:\/\/talia-fashion.pl\/wp-content\/uploads\/2026\/03\/plaszcz-damski-przejsciowy-zrownowazona-moda.jpg 1300w, https:\/\/talia-fashion.pl\/wp-content\/uploads\/2026\/03\/plaszcz-damski-przejsciowy-zrownowazona-moda-300x400.jpg 300w, https:\/\/talia-fashion.pl\/wp-content\/uploads\/2026\/03\/plaszcz-damski-przejsciowy-zrownowazona-moda-960x1280.jpg 960w, https:\/\/talia-fashion.pl\/wp-content\/uploads\/2026\/03\/plaszcz-damski-przejsciowy-zrownowazona-moda-600x800.jpg 600w, https:\/\/talia-fashion.pl\/wp-content\/uploads\/2026\/03\/plaszcz-damski-przejsciowy-zrownowazona-moda-145x193.jpg 145w\" sizes=\"(max-width: 1300px) 100vw, 1300px\" \/>\t\t\t\t\t\t\t\t\t\t\t\t\t\t\t<\/div>\n\t\t\t\t<\/div>\n\t\t\t\t<\/div>\n\t\t\t\t<\/div>\n\t\t<div class=\"elementor-element elementor-element-c8fb80b e-con-full e-flex e-con e-parent\" data-id=\"c8fb80b\" data-element_type=\"container\">\n\t\t\t\t<div class=\"elementor-element elementor-element-ab173f6 elementor-widget elementor-widget-image\" data-id=\"ab173f6\" data-element_type=\"widget\" data-widget_type=\"image.default\">\n\t\t\t\t<div class=\"elementor-widget-container\">\n\t\t\t\t\t\t\t\t\t\t\t\t\t\t\t<img loading=\"lazy\" decoding=\"async\" width=\"1733\" height=\"1300\" src=\"https:\/\/talia-fashion.pl\/wp-content\/uploads\/2026\/03\/nowa-kolekcja-trenczy-plaszczy-wiosennych-marynarek-welnianych.jpg\" class=\"attachment-full size-full wp-image-262504\" alt=\"Nowa kolekcja p\u0142aszczy wiosennych, trenczy, marynarek we\u0142nianych. P\u0142aszcze i kurtki damskie szyte r\u0119cznie w rodzinnej pracowni w Poznaniu.\" srcset=\"https:\/\/talia-fashion.pl\/wp-content\/uploads\/2026\/03\/nowa-kolekcja-trenczy-plaszczy-wiosennych-marynarek-welnianych.jpg 1733w, https:\/\/talia-fashion.pl\/wp-content\/uploads\/2026\/03\/nowa-kolekcja-trenczy-plaszczy-wiosennych-marynarek-welnianych-300x225.jpg 300w, https:\/\/talia-fashion.pl\/wp-content\/uploads\/2026\/03\/nowa-kolekcja-trenczy-plaszczy-wiosennych-marynarek-welnianych-960x720.jpg 960w, https:\/\/talia-fashion.pl\/wp-content\/uploads\/2026\/03\/nowa-kolekcja-trenczy-plaszczy-wiosennych-marynarek-welnianych-600x450.jpg 600w, https:\/\/talia-fashion.pl\/wp-content\/uploads\/2026\/03\/nowa-kolekcja-trenczy-plaszczy-wiosennych-marynarek-welnianych-145x109.jpg 145w\" sizes=\"(max-width: 1733px) 100vw, 1733px\" \/>\t\t\t\t\t\t\t\t\t\t\t\t\t\t\t<\/div>\n\t\t\t\t<\/div>\n\t\t\t\t<\/div>\n\t\t\t\t<\/div>","protected":false},"excerpt":{"rendered":"","protected":false},"author":1,"featured_media":0,"parent":0,"menu_order":0,"comment_status":"closed","ping_status":"closed","template":"elementor_header_footer","meta":{"_acf_changed":false,"footnotes":""},"class_list":["post-3074","page","type-page","status-publish","hentry"],"acf":[],"yoast_head":"<!-- This site is optimized with the Yoast SEO plugin v25.7 - https:\/\/yoast.com\/wordpress\/plugins\/seo\/ -->\n<title>Kampania - Talia Fashion<\/title>\n<meta name=\"description\" content=\"Zobacz nasz\u0105 najnowsz\u0105 kampani\u0119 \u2013 p\u0142aszcze, kt\u00f3re opowiadaj\u0105 histori\u0119. Zanurz si\u0119 w \u015bwiecie detali, faktur i sylwetek. Klasyka z twistem.\" \/>\n<meta name=\"robots\" content=\"index, follow, max-snippet:-1, max-image-preview:large, max-video-preview:-1\" \/>\n<link rel=\"canonical\" href=\"https:\/\/talia-fashion.pl\/en\/kampania\/\" \/>\n<meta property=\"og:locale\" content=\"en_GB\" \/>\n<meta property=\"og:type\" content=\"article\" \/>\n<meta property=\"og:title\" content=\"Kampania - Talia Fashion\" \/>\n<meta property=\"og:description\" content=\"Zobacz nasz\u0105 najnowsz\u0105 kampani\u0119 \u2013 p\u0142aszcze, kt\u00f3re opowiadaj\u0105 histori\u0119. Zanurz si\u0119 w \u015bwiecie detali, faktur i sylwetek. Klasyka z twistem.\" \/>\n<meta property=\"og:url\" content=\"https:\/\/talia-fashion.pl\/en\/kampania\/\" \/>\n<meta property=\"og:site_name\" content=\"Talia Fashion\" \/>\n<meta property=\"article:modified_time\" content=\"2026-03-12T07:57:43+00:00\" \/>\n<meta property=\"og:image\" content=\"https:\/\/talia-fashion.pl\/wp-content\/uploads\/2026\/03\/producent-plaszczy-damskich-trencze-marynarki.jpg\" \/>\n\t<meta property=\"og:image:width\" content=\"1733\" \/>\n\t<meta property=\"og:image:height\" content=\"1300\" \/>\n\t<meta property=\"og:image:type\" content=\"image\/jpeg\" \/>\n<meta name=\"twitter:card\" content=\"summary_large_image\" \/>\n<meta name=\"twitter:label1\" content=\"Estimated reading time\" \/>\n\t<meta name=\"twitter:data1\" content=\"2 minutes\" \/>\n<script type=\"application\/ld+json\" class=\"yoast-schema-graph\">{\"@context\":\"https:\/\/schema.org\",\"@graph\":[{\"@type\":\"WebPage\",\"@id\":\"https:\/\/talia-fashion.pl\/kampania\/\",\"url\":\"https:\/\/talia-fashion.pl\/kampania\/\",\"name\":\"Kampania - Talia Fashion\",\"isPartOf\":{\"@id\":\"https:\/\/talia-fashion.pl\/#website\"},\"primaryImageOfPage\":{\"@id\":\"https:\/\/talia-fashion.pl\/kampania\/#primaryimage\"},\"image\":{\"@id\":\"https:\/\/talia-fashion.pl\/kampania\/#primaryimage\"},\"thumbnailUrl\":\"https:\/\/talia-fashion.pl\/wp-content\/uploads\/2026\/03\/producent-plaszczy-damskich-trencze-marynarki.jpg\",\"datePublished\":\"2025-03-11T21:22:40+00:00\",\"dateModified\":\"2026-03-12T07:57:43+00:00\",\"description\":\"Zobacz nasz\u0105 najnowsz\u0105 kampani\u0119 \u2013 p\u0142aszcze, kt\u00f3re opowiadaj\u0105 histori\u0119. Zanurz si\u0119 w \u015bwiecie detali, faktur i sylwetek. Klasyka z twistem.\",\"breadcrumb\":{\"@id\":\"https:\/\/talia-fashion.pl\/kampania\/#breadcrumb\"},\"inLanguage\":\"en-GB\",\"potentialAction\":[{\"@type\":\"ReadAction\",\"target\":[\"https:\/\/talia-fashion.pl\/kampania\/\"]}]},{\"@type\":\"ImageObject\",\"inLanguage\":\"en-GB\",\"@id\":\"https:\/\/talia-fashion.pl\/kampania\/#primaryimage\",\"url\":\"https:\/\/talia-fashion.pl\/wp-content\/uploads\/2026\/03\/producent-plaszczy-damskich-trencze-marynarki.jpg\",\"contentUrl\":\"https:\/\/talia-fashion.pl\/wp-content\/uploads\/2026\/03\/producent-plaszczy-damskich-trencze-marynarki.jpg\"},{\"@type\":\"BreadcrumbList\",\"@id\":\"https:\/\/talia-fashion.pl\/kampania\/#breadcrumb\",\"itemListElement\":[{\"@type\":\"ListItem\",\"position\":1,\"name\":\"Strona g\u0142\u00f3wna\",\"item\":\"https:\/\/talia-fashion.pl\/\"},{\"@type\":\"ListItem\",\"position\":2,\"name\":\"Kampania\"}]},{\"@type\":\"WebSite\",\"@id\":\"https:\/\/talia-fashion.pl\/#website\",\"url\":\"https:\/\/talia-fashion.pl\/\",\"name\":\"Talia Fashion\",\"description\":\"\",\"potentialAction\":[{\"@type\":\"SearchAction\",\"target\":{\"@type\":\"EntryPoint\",\"urlTemplate\":\"https:\/\/talia-fashion.pl\/?s={search_term_string}\"},\"query-input\":{\"@type\":\"PropertyValueSpecification\",\"valueRequired\":true,\"valueName\":\"search_term_string\"}}],\"inLanguage\":\"en-GB\"}]}<\/script>\n<!-- \/ Yoast SEO plugin. -->","yoast_head_json":{"title":"Kampania - Talia Fashion","description":"Zobacz nasz\u0105 najnowsz\u0105 kampani\u0119 \u2013 p\u0142aszcze, kt\u00f3re opowiadaj\u0105 histori\u0119. Zanurz si\u0119 w \u015bwiecie detali, faktur i sylwetek. Klasyka z twistem.","robots":{"index":"index","follow":"follow","max-snippet":"max-snippet:-1","max-image-preview":"max-image-preview:large","max-video-preview":"max-video-preview:-1"},"canonical":"https:\/\/talia-fashion.pl\/en\/kampania\/","og_locale":"en_GB","og_type":"article","og_title":"Kampania - Talia Fashion","og_description":"Zobacz nasz\u0105 najnowsz\u0105 kampani\u0119 \u2013 p\u0142aszcze, kt\u00f3re opowiadaj\u0105 histori\u0119. Zanurz si\u0119 w \u015bwiecie detali, faktur i sylwetek. Klasyka z twistem.","og_url":"https:\/\/talia-fashion.pl\/en\/kampania\/","og_site_name":"Talia Fashion","article_modified_time":"2026-03-12T07:57:43+00:00","og_image":[{"width":1733,"height":1300,"url":"https:\/\/talia-fashion.pl\/wp-content\/uploads\/2026\/03\/producent-plaszczy-damskich-trencze-marynarki.jpg","type":"image\/jpeg"}],"twitter_card":"summary_large_image","twitter_misc":{"Estimated reading time":"2 minutes"},"schema":{"@context":"https:\/\/schema.org","@graph":[{"@type":"WebPage","@id":"https:\/\/talia-fashion.pl\/kampania\/","url":"https:\/\/talia-fashion.pl\/kampania\/","name":"Kampania - Talia Fashion","isPartOf":{"@id":"https:\/\/talia-fashion.pl\/#website"},"primaryImageOfPage":{"@id":"https:\/\/talia-fashion.pl\/kampania\/#primaryimage"},"image":{"@id":"https:\/\/talia-fashion.pl\/kampania\/#primaryimage"},"thumbnailUrl":"https:\/\/talia-fashion.pl\/wp-content\/uploads\/2026\/03\/producent-plaszczy-damskich-trencze-marynarki.jpg","datePublished":"2025-03-11T21:22:40+00:00","dateModified":"2026-03-12T07:57:43+00:00","description":"Zobacz nasz\u0105 najnowsz\u0105 kampani\u0119 \u2013 p\u0142aszcze, kt\u00f3re opowiadaj\u0105 histori\u0119. Zanurz si\u0119 w \u015bwiecie detali, faktur i sylwetek. Klasyka z twistem.","breadcrumb":{"@id":"https:\/\/talia-fashion.pl\/kampania\/#breadcrumb"},"inLanguage":"en-GB","potentialAction":[{"@type":"ReadAction","target":["https:\/\/talia-fashion.pl\/kampania\/"]}]},{"@type":"ImageObject","inLanguage":"en-GB","@id":"https:\/\/talia-fashion.pl\/kampania\/#primaryimage","url":"https:\/\/talia-fashion.pl\/wp-content\/uploads\/2026\/03\/producent-plaszczy-damskich-trencze-marynarki.jpg","contentUrl":"https:\/\/talia-fashion.pl\/wp-content\/uploads\/2026\/03\/producent-plaszczy-damskich-trencze-marynarki.jpg"},{"@type":"BreadcrumbList","@id":"https:\/\/talia-fashion.pl\/kampania\/#breadcrumb","itemListElement":[{"@type":"ListItem","position":1,"name":"Strona g\u0142\u00f3wna","item":"https:\/\/talia-fashion.pl\/"},{"@type":"ListItem","position":2,"name":"Kampania"}]},{"@type":"WebSite","@id":"https:\/\/talia-fashion.pl\/#website","url":"https:\/\/talia-fashion.pl\/","name":"Talia Fashion","description":"","potentialAction":[{"@type":"SearchAction","target":{"@type":"EntryPoint","urlTemplate":"https:\/\/talia-fashion.pl\/?s={search_term_string}"},"query-input":{"@type":"PropertyValueSpecification","valueRequired":true,"valueName":"search_term_string"}}],"inLanguage":"en-GB"}]}},"_links":{"self":[{"href":"https:\/\/talia-fashion.pl\/en\/wp-json\/wp\/v2\/pages\/3074","targetHints":{"allow":["GET"]}}],"collection":[{"href":"https:\/\/talia-fashion.pl\/en\/wp-json\/wp\/v2\/pages"}],"about":[{"href":"https:\/\/talia-fashion.pl\/en\/wp-json\/wp\/v2\/types\/page"}],"author":[{"embeddable":true,"href":"https:\/\/talia-fashion.pl\/en\/wp-json\/wp\/v2\/users\/1"}],"replies":[{"embeddable":true,"href":"https:\/\/talia-fashion.pl\/en\/wp-json\/wp\/v2\/comments?post=3074"}],"version-history":[{"count":0,"href":"https:\/\/talia-fashion.pl\/en\/wp-json\/wp\/v2\/pages\/3074\/revisions"}],"wp:attachment":[{"href":"https:\/\/talia-fashion.pl\/en\/wp-json\/wp\/v2\/media?parent=3074"}],"curies":[{"name":"wp","href":"https:\/\/api.w.org\/{rel}","templated":true}]}}