{"id":2834,"date":"2025-01-02T17:24:28","date_gmt":"2025-01-02T16:24:28","guid":{"rendered":"http:\/\/talia-fashion.pl\/?page_id=2834"},"modified":"2025-08-23T12:47:46","modified_gmt":"2025-08-23T10:47:46","slug":"jak-dobrac-plaszcz-do-sylwetki","status":"publish","type":"page","link":"https:\/\/talia-fashion.pl\/en\/jak-dobrac-plaszcz-do-sylwetki\/","title":{"rendered":"How do you choose a coat to suit your figure?"},"content":{"rendered":"<div data-elementor-type=\"wp-post\" data-elementor-id=\"2834\" class=\"elementor elementor-2834\" data-elementor-post-type=\"page\">\n\t\t\t\t<div class=\"elementor-element elementor-element-6afb04c e-con-full e-flex e-con e-parent\" data-id=\"6afb04c\" data-element_type=\"container\" data-settings=\"{&quot;background_background&quot;:&quot;classic&quot;}\">\n\t\t\t\t<\/div>\n\t\t<div class=\"elementor-element elementor-element-cc18378 e-con-full e-flex e-con e-parent\" data-id=\"cc18378\" data-element_type=\"container\">\n\t\t<div class=\"elementor-element elementor-element-6b6f0a1 e-con-full e-flex e-con e-child\" data-id=\"6b6f0a1\" data-element_type=\"container\">\n\t\t\t\t<div class=\"elementor-element elementor-element-30b3bda elementor-widget elementor-widget-heading\" data-id=\"30b3bda\" data-element_type=\"widget\" data-widget_type=\"heading.default\">\n\t\t\t\t<div class=\"elementor-widget-container\">\n\t\t\t\t\t<h1 class=\"elementor-heading-title elementor-size-default\">How do you choose a coat to suit your figure?<\/h1>\t\t\t\t<\/div>\n\t\t\t\t<\/div>\n\t\t\t\t<div class=\"elementor-element elementor-element-8f80cfe elementor-widget elementor-widget-text-editor\" data-id=\"8f80cfe\" data-element_type=\"widget\" data-widget_type=\"text-editor.default\">\n\t\t\t\t<div class=\"elementor-widget-container\">\n\t\t\t\t\t\t\t\t\t<p>Jak dobra\u0107 p\u0142aszcz do sylwetki? To najcz\u0119\u015bciej zadawane pytanie i cho\u0107 istnieje kilka zasad, kt\u00f3rymi warto si\u0119 kierowa\u0107, najwa\u017cniejsza jest jedna \u2013 w p\u0142aszczu musimy czu\u0107 si\u0119 dobrze.<\/p><p>Dobrze dobrany p\u0142aszcz powinien podkre\u015bla\u0107 walory naszej sylwetki, r\u00f3wnocze\u015bnie tuszuj\u0105c niedoskona\u0142o\u015bci. Odzie\u017c wierzchnia ukryje brak talii, masywniejsze uda czy r\u0119ce. Niekt\u00f3re kroje zniweluj\u0105 optycznie r\u00f3\u017cnic\u0119 mi\u0119dzy g\u00f3rn\u0105 a doln\u0105 cz\u0119\u015bci\u0105 cia\u0142a. Inne sprawi\u0105, i\u017c staniemy si\u0119 wy\u017csze, l\u017cejsze.<\/p><p>Jednak nawet gdy p\u0142aszcz krojem nie do ko\u0144ca idealnie pasuje do Twojej sylwetki, ale Ty go uwielbiasz \u2013 jest to najlepszy wyb\u00f3r. Wed\u0142ug mnie to najwa\u017cniejsze kryterium wyboru p\u0142aszcza. Oczywi\u015bcie czasami ci\u0119\u017cko to stwierdzi\u0107 ogl\u0105daj\u0105c zdj\u0119cia w Internecie i podejmuj\u0105c decyzj\u0119 o kupnie. St\u0105d poni\u017cej postaram si\u0119 opisa\u0107 najwa\u017cniejsze zasady, dzi\u0119ki kt\u00f3rym \u0142atwiej dobierzesz p\u0142aszcz do swojej sylwetki. Przy okazji mam nadziej\u0119 obali\u0107 kilka mit\u00f3w.<\/p><p>Przy kupnie p\u0142aszcza nie wszystkie paramatery naszego cia\u0142a maj\u0105 istotne znaczenie, dlatego przy opisie sylwetek ogranicz\u0119 si\u0119 do 5 g\u0142\u00f3wnych typ\u00f3w. Z bogatej nomenklatury wybra\u0142am te najbardziej popularne nazwy typ\u00f3w sylwetek: jab\u0142ko, gruszka, prostok\u0105t, ro\u017cek i klepsydra.<\/p>\t\t\t\t\t\t\t\t<\/div>\n\t\t\t\t<\/div>\n\t\t\t\t<div class=\"elementor-element elementor-element-111f508 elementor-widget elementor-widget-html\" data-id=\"111f508\" data-element_type=\"widget\" data-widget_type=\"html.default\">\n\t\t\t\t<div class=\"elementor-widget-container\">\n\t\t\t\t\t<script>\n\n\/* Code from https:\/\/element.how\/elementor-accordion-scroll-to-top\/\n * Copyright 2023 Element.How\n *\/\n \ndocument.addEventListener(\"DOMContentLoaded\", function () {\n\n    let accordionTitles = document.querySelectorAll('.e-n-accordion-item-title, .elementor-widget-accordion .elementor-tab-title');\n\n    accordionTitles.forEach(title => {\n        title.addEventListener('click', function (event) {\n            \n            document.documentElement.style.scrollBehavior = 'auto';\n            setTimeout(() => {\n                document.documentElement.style.removeProperty('scroll-behavior');\n            }, 500);\n\n            let initialTopOffset = title.getBoundingClientRect().top;\n\n            let startTime;\n\n            function scrollAnimation(currentTime) {\n                if (!startTime) startTime = currentTime;\n\n                let elapsedTime = currentTime - startTime;\n\n                if (elapsedTime < 600) { \/* 0.6s stabilization duration *\/\n                    let currentTopOffset = title.getBoundingClientRect().top;\n                    let offset = currentTopOffset - initialTopOffset;\n                    window.scrollBy(0, offset);\n                    requestAnimationFrame(scrollAnimation);\n                }\n            }\n\n            requestAnimationFrame(scrollAnimation);\n        });\n    });\n});\n<\/script>\n\t\t\t\t<\/div>\n\t\t\t\t<\/div>\n\t\t\t\t<div class=\"elementor-element elementor-element-9e37300 elementor-widget elementor-widget-accordion\" data-id=\"9e37300\" data-element_type=\"widget\" data-widget_type=\"accordion.default\">\n\t\t\t\t<div class=\"elementor-widget-container\">\n\t\t\t\t\t\t\t<div class=\"elementor-accordion\">\n\t\t\t\t\t\t\t<div class=\"elementor-accordion-item\">\n\t\t\t\t\t<div id=\"elementor-tab-title-1651\" class=\"elementor-tab-title\" data-tab=\"1\" role=\"button\" aria-controls=\"elementor-tab-content-1651\" aria-expanded=\"false\">\n\t\t\t\t\t\t\t\t\t\t\t\t\t<span class=\"elementor-accordion-icon elementor-accordion-icon-left\" aria-hidden=\"true\">\n\t\t\t\t\t\t\t\t\t\t\t\t\t\t\t<span class=\"elementor-accordion-icon-closed\"><svg xmlns=\"http:\/\/www.w3.org\/2000\/svg\" width=\"800px\" height=\"800px\" viewbox=\"0 0 24 24\" fill=\"none\"><rect width=\"24\" height=\"24\" fill=\"white\"><\/rect><path d=\"M12 6V18\" stroke=\"#000000\" stroke-linecap=\"round\" stroke-linejoin=\"round\"><\/path><path d=\"M6 12H18\" stroke=\"#000000\" stroke-linecap=\"round\" stroke-linejoin=\"round\"><\/path><\/svg><\/span>\n\t\t\t\t\t\t\t\t<span class=\"elementor-accordion-icon-opened\"><svg xmlns=\"http:\/\/www.w3.org\/2000\/svg\" width=\"800px\" height=\"800px\" viewbox=\"0 0 24 24\" fill=\"none\"><rect width=\"24\" height=\"24\" fill=\"white\"><\/rect><path d=\"M6 12H18\" stroke=\"#000000\" stroke-linecap=\"round\" stroke-linejoin=\"round\"><\/path><\/svg><\/span>\n\t\t\t\t\t\t\t\t\t\t\t\t\t\t<\/span>\n\t\t\t\t\t\t\t\t\t\t\t\t<a class=\"elementor-accordion-title\" tabindex=\"0\">Ro\u017cek<\/a>\n\t\t\t\t\t<\/div>\n\t\t\t\t\t<div id=\"elementor-tab-content-1651\" class=\"elementor-tab-content elementor-clearfix\" data-tab=\"1\" role=\"region\" aria-labelledby=\"elementor-tab-title-1651\"><p>Zaczniemy od <strong>sylwetki typu ro\u017cek<\/strong>, czyli takiej, w kt\u00f3rej <strong>ramiona s\u0105 szersze od bioder<\/strong>.<\/p><p>W przypadku sylwetki typu ro\u017cek nie nale\u017cy nadmiernie podkre\u015bla\u0107 szerokich ramion i jednocze\u015bnie dobiera\u0107 p\u0142aszcze tak, by optycznie \u015bci\u0105ga\u0107 wzrok ku do\u0142owi. Stawiamy zatem na p\u0142aszcze z r\u0119kawami typu kimono lub raglan, kt\u00f3re z\u0142agodz\u0105 zarys ramion. Unikamy marszczonych r\u0119kaw\u00f3w, bufek, a przy bardzo wyra\u017anie zaznaczonej linii ramion nawet klasycznie wszywanych r\u0119kaw\u00f3w. Zdecydowanie te\u017c odradzam p\u0142aszcze zw\u0119\u017cane ku do\u0142owi, kt\u00f3re sprawi\u0105, i\u017c g\u00f3rna cz\u0119\u015b\u0107 cia\u0142a zostanie bardzo wyeksponowana. Idealne b\u0119d\u0105 te o linii trapezu lub proste (z paskiem lub bez). Si\u0119gnij zatem po p\u0142aszcze z g\u0142adkich tkanin, w ciemniejszych kolorach, z dekoltem w liter\u0119 V \u2013 wysmuklaj\u0105cy ko\u0142nierz typu rewers, z widocznymi kieszeniami (naszywane kieszenie, patka \u2013 przykuwaj\u0105ce wzrok w dolnych partiach). \u015awietn\u0105 propozycj\u0105 b\u0119dzie przyk\u0142adowo jednorz\u0119dowy p\u0142aszcz z ko\u0142nierzem typu rewers zapinany na jeden guzik \u2013 podkre\u015bli biust, zrobi tali\u0119 i \u015bci\u0105gnie wzrok ku szczup\u0142emu do\u0142owi.<\/p><p>Je\u015bli jeste\u015b szczup\u0142ym ro\u017ckiem (ramiona nie s\u0105 szerokie, ale nadal szersze od bioder) i lubisz dopasowane p\u0142aszcze z klasycznie wszywanym r\u0119kawem, skontaktuj si\u0119 z nami. Przy zam\u00f3wieniach indywidualnych jeste\u015bmy w stanie zmodyfikowa\u0107 konstrukcj\u0119 p\u0142aszcza, tak, by poszerzy\u0107 lini\u0119 ramion. W niekt\u00f3rych fasonach takie modyfikacje s\u0105 mo\u017cliwe.<\/p><p>Warto pami\u0119ta\u0107, i\u017c w p\u0142aszczu czy kurtce powinni\u015bmy czu\u0107 si\u0119 swobodnie. Nasze ruchy nie mog\u0105 by\u0107 skr\u0119powane. W odzie\u017cy wierzchniej najwa\u017cniejszy jest komfort, szczeg\u00f3lnie w obr\u0119bie ramion. W standardowo uszytym p\u0142aszczu modyfikacje na tej p\u0142aszczy\u017anie s\u0105 mocno ograniczone. Je\u015bli p\u0142aszcz jest dobry w ramionach, reszta mo\u017ce zosta\u0107 dopasowana poprzez wprowadzenie drobnych zmian, chocia\u017cby poprzez przesuni\u0119cie guzika (by zmniejszy\u0107 p\u0142aszcz na obwodzie) czy podkre\u015blenie talii paskiem. To s\u0105 drobne zmiany, kt\u00f3re mo\u017cesz wprowadzi\u0107 sama.<\/p><p>Przyk\u0142ady:<a href=\"https:\/\/talia-fashion.pl\/en\/product\/ocieplany-jednorzedowy-plaszcz-w-jodelke-simone\/\"> Simone<\/a>, <a href=\"https:\/\/talia-fashion.pl\/en\/product\/zimowy-plaszcz-trencz-w-kolorze-ecru-z-welny-vanda\/\">Vanda,<\/a> <a href=\"https:\/\/talia-fashion.pl\/en\/product\/oversize-plaszcz-jednorzedowy-zimowy-kler\/\">Kler<\/a>, <a href=\"https:\/\/talia-fashion.pl\/en\/product\/kurtka-z-kimonowym-rekawem-handmade-roma\/\">Roma<\/a>, <a href=\"https:\/\/talia-fashion.pl\/en\/product\/plaszcz-przejsciowy-w-bezowa-jodelke-verona\/\">Verona<\/a>, <a href=\"https:\/\/talia-fashion.pl\/en\/product\/plaszcz-z-delikatnymi-polami-ocieplany-anna\/\">Anna<\/a>, <a href=\"https:\/\/talia-fashion.pl\/en\/product\/plaszcz-midi-z-welna-mokka-helena\/\">Helena,<\/a> <a href=\"https:\/\/talia-fashion.pl\/en\/product\/dwurzedowy-trencz-z-hydrofobowej-bawelny-marcela\/\">Marcela<\/a><\/p><\/div>\n\t\t\t\t<\/div>\n\t\t\t\t\t\t\t<div class=\"elementor-accordion-item\">\n\t\t\t\t\t<div id=\"elementor-tab-title-1652\" class=\"elementor-tab-title\" data-tab=\"2\" role=\"button\" aria-controls=\"elementor-tab-content-1652\" aria-expanded=\"false\">\n\t\t\t\t\t\t\t\t\t\t\t\t\t<span class=\"elementor-accordion-icon elementor-accordion-icon-left\" aria-hidden=\"true\">\n\t\t\t\t\t\t\t\t\t\t\t\t\t\t\t<span class=\"elementor-accordion-icon-closed\"><svg xmlns=\"http:\/\/www.w3.org\/2000\/svg\" width=\"800px\" height=\"800px\" viewbox=\"0 0 24 24\" fill=\"none\"><rect width=\"24\" height=\"24\" fill=\"white\"><\/rect><path d=\"M12 6V18\" stroke=\"#000000\" stroke-linecap=\"round\" stroke-linejoin=\"round\"><\/path><path d=\"M6 12H18\" stroke=\"#000000\" stroke-linecap=\"round\" stroke-linejoin=\"round\"><\/path><\/svg><\/span>\n\t\t\t\t\t\t\t\t<span class=\"elementor-accordion-icon-opened\"><svg xmlns=\"http:\/\/www.w3.org\/2000\/svg\" width=\"800px\" height=\"800px\" viewbox=\"0 0 24 24\" fill=\"none\"><rect width=\"24\" height=\"24\" fill=\"white\"><\/rect><path d=\"M6 12H18\" stroke=\"#000000\" stroke-linecap=\"round\" stroke-linejoin=\"round\"><\/path><\/svg><\/span>\n\t\t\t\t\t\t\t\t\t\t\t\t\t\t<\/span>\n\t\t\t\t\t\t\t\t\t\t\t\t<a class=\"elementor-accordion-title\" tabindex=\"0\">Gruszka<\/a>\n\t\t\t\t\t<\/div>\n\t\t\t\t\t<div id=\"elementor-tab-content-1652\" class=\"elementor-tab-content elementor-clearfix\" data-tab=\"2\" role=\"region\" aria-labelledby=\"elementor-tab-title-1652\"><p>Kolejnym typem sylwetki jest bardzo kobieca i seksowna sylwetka <strong>typu gruszka.<\/strong> Najpro\u015bciej mo\u017cna j\u0105 zdefiniowa\u0107 nast\u0119puj\u0105co: w\u0105skie ramiona, wyra\u017anie zarysowana talia, do\u015b\u0107 szerokie biodra i masywne uda. Czasami niestety bywa problematyczna z uwagi na dysproporcj\u0119 mi\u0119dzy <strong>szerokim do\u0142em a w\u0105sk\u0105 g\u00f3r\u0105. <\/strong>Jednak ze wzgl\u0119du, \u017ce jest najcz\u0119\u015bciej spotykana na \u015bwiecie, ta r\u00f3\u017cnica cz\u0119sto bywa uwzgl\u0119dniana w krojach ubra\u0144. St\u0105d przy ma\u0142ej r\u00f3\u017cnicy mi\u0119dzy obwodem ramion i bioder (nie wi\u0119cej ni\u017c o jeden rozmiar) wyb\u00f3r p\u0142aszczy jest do\u015b\u0107 du\u017cy.<\/p><p>W figurze typu gruszka w\u0142a\u015bnie dzi\u0119ki p\u0142aszczom w \u0142atwy spos\u00f3b mo\u017cna wymodelowa\u0107 sylwetk\u0119. Na szcz\u0119\u015bcie w p\u0142aszczu \u0142atwo ukry\u0107 masywne uda, k\u0142ad\u0105c nacisk na tali\u0119 i podkre\u015blaj\u0105c j\u0105 paskiem. Tudzie\u017c wybieraj\u0105c p\u0142aszcze z asymetrzycznym przodem \u2013 wtedy mo\u017cna pokusi\u0107 si\u0119 o wyb\u00f3r mniejszego rozmiaru, odpowiadaj\u0105cego ramionom, gdy\u017c asymetryczny p\u0142aszcz i tak b\u0119dzie si\u0119 naturalnie rozchyla\u0142 na biodrach, optycznie je zmniejszaj\u0105c. Dodatkowo du\u017cy ko\u0142nierz na g\u00f3rze zr\u00f3wnowa\u017cy dysproporcje. Tak\u017ce wyb\u00f3r d\u0142u\u017cszego p\u0142aszcza, z podkre\u015blon\u0105 tali\u0105 ukazuj\u0105cy w\u0105sk\u0105 cz\u0119\u015b\u0107 n\u00f3g np. kostki, optycznie wyszczupli i wyd\u0142u\u017cy sylwetk\u0119 (nawet jak nie jeste\u015b wysok\u0105 osob\u0105). W kwestii r\u0119kaw\u00f3w pasowa\u0107 b\u0119d\u0105 zar\u00f3wno te wszywane klasycznie, jak i raglan (wtedy ko\u0142nierz w \u0142\u00f3dk\u0119). Cho\u0107 wed\u0142ug mnie te klasyczne prezentuj\u0105 si\u0119 lepiej. \u00a0<\/p><p>Najwa\u017cniejsze, by unika\u0107 odstaj\u0105cych kieszeni i aplikacji na wysoko\u015bci bioder oraz zw\u0119\u017canych ku do\u0142owi i prostych kroj\u00f3w, kt\u00f3re mog\u0105 nie\u0142adnie opina\u0107 si\u0119 na biodrach. Oczywi\u015bcie, tak, jak pisa\u0142am wy\u017cej, od ka\u017cdej zasady s\u0105 wyj\u0105tki. I tak Pani gruszka mo\u017ce \u015bwietnie wygl\u0105da\u0107 w prostych krojach je\u015bli z za\u0142o\u017cenia nie zapina p\u0142aszczy i nosi je rozpi\u0119te \u2013 wtedy wyb\u00f3r rozmiaru dobrego w ramionach (z regu\u0142y mniejszego i nieznacznie opi\u0119tego na biodrach) optycznie wyszczupla sylwetk\u0119.<\/p><p>Problem pojawia si\u0119, gdy r\u00f3\u017cnica mi\u0119dzy g\u00f3r\u0105 a do\u0142em jest wi\u0119ksza ni\u017c jeden rozmiar, wtedy niestety zostaj\u0105 kroje w linii trapezu i cz\u0119sto szycie miarowe.<\/p><p>Przy ma\u0142ej r\u00f3\u017cnicy: <a href=\"https:\/\/talia-fashion.pl\/en\/product\/czekoladowy-dlugi-plaszcz-zimowy-atena\/\">Atena<\/a>, <a href=\"https:\/\/talia-fashion.pl\/en\/product\/szary-welniany-plaszcz-z-paskiem-sredniej-dlugosci-ada\/\">Ada<\/a>, <a href=\"https:\/\/talia-fashion.pl\/en\/product\/plaszcz-zimowy-z-alpaka-kamelowy-ola\/\">Ola<\/a>, <a href=\"https:\/\/talia-fashion.pl\/en\/product\/dlugi-plaszcz-damski-w-jodelke-z-welny-dziewiczej-lukka\/\">Lukka<\/a>, <a href=\"https:\/\/talia-fashion.pl\/en\/product\/dwurzedowy-plaszcz-o-fasonie-trencza-karla\/\">Karla<\/a>, <a href=\"https:\/\/talia-fashion.pl\/en\/product\/dlugi-zimowy-plaszcz-w-bezowa-jodelke-kira\/\">Kira<\/a>, <a href=\"https:\/\/talia-fashion.pl\/en\/product\/czarny-dopasowany-dlugi-plaszcz-como\/\">Como<\/a>, <a href=\"https:\/\/talia-fashion.pl\/en\/product\/ocieplany-plaszcz-z-kapturem-w-kolorze-sliwkowym-camilla\/\">Camilla<\/a><\/p><p>Przy wi\u0119kszej r\u00f3\u017cnicy: <a href=\"https:\/\/talia-fashion.pl\/en\/product\/wysoko-zapinany-plaszcz-zimowy-nikki\/\">Nikki<\/a>,<a href=\"https:\/\/talia-fashion.pl\/en\/product\/plaszcz-alpaka-z-kapturem-camila\/\">Camila<\/a><\/p><p>Te modele skonstruowane s\u0105 tak, by m\u00f3c dostosowa\u0107 je do sylwetki poprzez wprowadzenie delikatnych zmian, jak przesuni\u0119cie guzika czy zatrzasku. Czasami zyskanie 2 dodatkowych centymert\u00f3w na obwodzie bioder wystarczy, by w p\u0142aszczu czu\u015b si\u0119 komfortowo i dobrze wygl\u0105da\u0107.<\/p><\/div>\n\t\t\t\t<\/div>\n\t\t\t\t\t\t\t<div class=\"elementor-accordion-item\">\n\t\t\t\t\t<div id=\"elementor-tab-title-1653\" class=\"elementor-tab-title\" data-tab=\"3\" role=\"button\" aria-controls=\"elementor-tab-content-1653\" aria-expanded=\"false\">\n\t\t\t\t\t\t\t\t\t\t\t\t\t<span class=\"elementor-accordion-icon elementor-accordion-icon-left\" aria-hidden=\"true\">\n\t\t\t\t\t\t\t\t\t\t\t\t\t\t\t<span class=\"elementor-accordion-icon-closed\"><svg xmlns=\"http:\/\/www.w3.org\/2000\/svg\" width=\"800px\" height=\"800px\" viewbox=\"0 0 24 24\" fill=\"none\"><rect width=\"24\" height=\"24\" fill=\"white\"><\/rect><path d=\"M12 6V18\" stroke=\"#000000\" stroke-linecap=\"round\" stroke-linejoin=\"round\"><\/path><path d=\"M6 12H18\" stroke=\"#000000\" stroke-linecap=\"round\" stroke-linejoin=\"round\"><\/path><\/svg><\/span>\n\t\t\t\t\t\t\t\t<span class=\"elementor-accordion-icon-opened\"><svg xmlns=\"http:\/\/www.w3.org\/2000\/svg\" width=\"800px\" height=\"800px\" viewbox=\"0 0 24 24\" fill=\"none\"><rect width=\"24\" height=\"24\" fill=\"white\"><\/rect><path d=\"M6 12H18\" stroke=\"#000000\" stroke-linecap=\"round\" stroke-linejoin=\"round\"><\/path><\/svg><\/span>\n\t\t\t\t\t\t\t\t\t\t\t\t\t\t<\/span>\n\t\t\t\t\t\t\t\t\t\t\t\t<a class=\"elementor-accordion-title\" tabindex=\"0\">Klepsydra<\/a>\n\t\t\t\t\t<\/div>\n\t\t\t\t\t<div id=\"elementor-tab-content-1653\" class=\"elementor-tab-content elementor-clearfix\" data-tab=\"3\" role=\"region\" aria-labelledby=\"elementor-tab-title-1653\"><p><strong>Panie klepsydry <\/strong>charakteryzuje <strong>wywa\u017cona proporcja biustu, talii i bioder<\/strong>. Podobnie jak Panie gruszki najlepiej prezentuj\u0105 si\u0119 w klasycznych, nieudziwnionych krojach, kt\u00f3re nie zaburzaj\u0105 proporcji \u2013 nie maskuj\u0105 ani nadmiernie nie nadbudowuj\u0105. Im mniej tym lepiej \u2013 zatem brak przeskalowa\u0144, falban, pufek, marszcze\u0144, du\u017cych kieszeni. Wystarczy mi\u0119kka linia, wysmuklaj\u0105ce ko\u0142nierze w liter\u0119 V, podkre\u015blona paskiem talia i Pani klepsydra urzeknie ka\u017cdego swoj\u0105 kobieco\u015bci\u0105 i zmys\u0142owo\u015bci\u0105.<\/p><p><a href=\"https:\/\/talia-fashion.pl\/en\/product\/ocieplany-plaszcz-damski-z-paskiem-taupe-ada\/\">Ada<\/a>, <a href=\"https:\/\/talia-fashion.pl\/en\/product\/brazowy-plaszcz-zimowy-z-welny-z-delikatnym-wlosem-kira\/\">Kira<\/a>,\u00a0 <a href=\"https:\/\/talia-fashion.pl\/en\/product\/czekoladowy-dlugi-plaszcz-zimowy-atena\/\">Atena<\/a>, <a href=\"https:\/\/talia-fashion.pl\/en\/product\/dwurzedowy-plaszcz-w-jodelke-ocieplany-florence\/\">Florence<\/a>, <a href=\"https:\/\/talia-fashion.pl\/en\/product\/dlugi-bezowy-plaszcz-z-welnianej-mieszanki-como\/\">Como<\/a>, <a href=\"https:\/\/talia-fashion.pl\/en\/product\/dlugi-plaszcz-z-welny-dziewiczej-i-suri-alpaki-czerwone-wino-lana\/\">Lana<\/a><\/p><p>Przy bardzo du\u017cym biu\u015bcie idealnie sprawdzi si\u0119 r\u0119kaw typu kimono lub raglan. W przypadku Pani klepsydry dodatkowo kobiec\u0105 sylwetk\u0119 nale\u017cy wtedy podkre\u015bli\u0107 modelem z paskiem. Je\u015bli nie lubisz pask\u00f3w, wi\u0119kszo\u015b\u0107 naszych p\u0142aszczy z paskiem jest tak wyprofilowana, by r\u00f3wnie dobrze prezentowa\u0142y si\u0119 bez niego (szlufki od paska naszywane s\u0105 na materia\u0142 wierzchni tak, by \u0142atwo je mo\u017cna by\u0142o usun\u0105\u0107).<\/p><\/div>\n\t\t\t\t<\/div>\n\t\t\t\t\t\t\t<div class=\"elementor-accordion-item\">\n\t\t\t\t\t<div id=\"elementor-tab-title-1654\" class=\"elementor-tab-title\" data-tab=\"4\" role=\"button\" aria-controls=\"elementor-tab-content-1654\" aria-expanded=\"false\">\n\t\t\t\t\t\t\t\t\t\t\t\t\t<span class=\"elementor-accordion-icon elementor-accordion-icon-left\" aria-hidden=\"true\">\n\t\t\t\t\t\t\t\t\t\t\t\t\t\t\t<span class=\"elementor-accordion-icon-closed\"><svg xmlns=\"http:\/\/www.w3.org\/2000\/svg\" width=\"800px\" height=\"800px\" viewbox=\"0 0 24 24\" fill=\"none\"><rect width=\"24\" height=\"24\" fill=\"white\"><\/rect><path d=\"M12 6V18\" stroke=\"#000000\" stroke-linecap=\"round\" stroke-linejoin=\"round\"><\/path><path d=\"M6 12H18\" stroke=\"#000000\" stroke-linecap=\"round\" stroke-linejoin=\"round\"><\/path><\/svg><\/span>\n\t\t\t\t\t\t\t\t<span class=\"elementor-accordion-icon-opened\"><svg xmlns=\"http:\/\/www.w3.org\/2000\/svg\" width=\"800px\" height=\"800px\" viewbox=\"0 0 24 24\" fill=\"none\"><rect width=\"24\" height=\"24\" fill=\"white\"><\/rect><path d=\"M6 12H18\" stroke=\"#000000\" stroke-linecap=\"round\" stroke-linejoin=\"round\"><\/path><\/svg><\/span>\n\t\t\t\t\t\t\t\t\t\t\t\t\t\t<\/span>\n\t\t\t\t\t\t\t\t\t\t\t\t<a class=\"elementor-accordion-title\" tabindex=\"0\">Prostok\u0105t<\/a>\n\t\t\t\t\t<\/div>\n\t\t\t\t\t<div id=\"elementor-tab-content-1654\" class=\"elementor-tab-content elementor-clearfix\" data-tab=\"4\" role=\"region\" aria-labelledby=\"elementor-tab-title-1654\"><p><strong>Figura prostok\u0105t<\/strong> \u2013 prosta, proporcjonalna, tworz\u0105ca kszta\u0142 prostok\u0105ta z uwagi na <strong>podobny obw\u00f3d biustu, talii i bioder<\/strong>. Oznacza to zgrabne ramiona, brak wci\u0119cia w talii, w\u0105skie biodra i brak kr\u0105g\u0142o\u015bci. Je\u015bli chodzi o p\u0142aszcze \u2013 figura idealna. Ka\u017cdy kr\u00f3j b\u0119dzie odpowiedni. Zar\u00f3wno prosty, zw\u0119\u017cany, jak i linia trapezu. Jest to figura, kt\u00f3ra mo\u017ce bawi\u0107 si\u0119 przeskalowanymi krojami. Nosi\u0107 m\u0119skie fasony. Wszystko zale\u017cy od efektu, jaki chcemy uzyska\u0107. Osobi\u015bcie polecam kroje zmi\u0119kczaj\u0105ce sylwetk\u0119, o \u0142agodnych liniach, modele z paskiem, kt\u00f3re zbuduj\u0105 tali\u0119. Unika\u0142abym te\u017c workowatych i szerokich p\u0142aszczy, ukrywaj\u0105cych proporcje, a skupi\u0142a na tych dopasowanych do linii cia\u0142a.<\/p><p>Wysokie prostok\u0105ty mog\u0105 mie\u0107 problem z d\u0142ugo\u015bci\u0105 r\u0119kaw\u00f3w \u2013 pewnie wi\u0119kszo\u015b\u0107 jest za kr\u00f3tka \u2013 je\u015bli zatem chcesz, by Tw\u00f3j p\u0142aszcz czy r\u0119kaw by\u0142 d\u0142u\u017cszy \u2013 napisz do nas.<\/p><p><a href=\"https:\/\/talia-fashion.pl\/en\/product\/dyplomatka-dwurzedowa-krotka-welniana-maya\/\">Maya<\/a>, <a href=\"https:\/\/talia-fashion.pl\/en\/product\/welniany-plaszcz-w-stylu-szlafrokowym-helena\/\">Helena<\/a>,\u00a0 <a href=\"https:\/\/talia-fashion.pl\/en\/product\/szara-welniana-dyplomatka-zimowa-mia\/\">Mia<\/a>, <a href=\"https:\/\/talia-fashion.pl\/en\/product\/plaszcz-przejsciowy-w-bezowa-jodelke-verona\/\">Verona<\/a>, <a href=\"https:\/\/talia-fashion.pl\/en\/product\/dwurzedowa-marynarka-z-welny-szetlandzkiej-alma\/\">Alma\u00a0<\/a><\/p><\/div>\n\t\t\t\t<\/div>\n\t\t\t\t\t\t\t<div class=\"elementor-accordion-item\">\n\t\t\t\t\t<div id=\"elementor-tab-title-1655\" class=\"elementor-tab-title\" data-tab=\"5\" role=\"button\" aria-controls=\"elementor-tab-content-1655\" aria-expanded=\"false\">\n\t\t\t\t\t\t\t\t\t\t\t\t\t<span class=\"elementor-accordion-icon elementor-accordion-icon-left\" aria-hidden=\"true\">\n\t\t\t\t\t\t\t\t\t\t\t\t\t\t\t<span class=\"elementor-accordion-icon-closed\"><svg xmlns=\"http:\/\/www.w3.org\/2000\/svg\" width=\"800px\" height=\"800px\" viewbox=\"0 0 24 24\" fill=\"none\"><rect width=\"24\" height=\"24\" fill=\"white\"><\/rect><path d=\"M12 6V18\" stroke=\"#000000\" stroke-linecap=\"round\" stroke-linejoin=\"round\"><\/path><path d=\"M6 12H18\" stroke=\"#000000\" stroke-linecap=\"round\" stroke-linejoin=\"round\"><\/path><\/svg><\/span>\n\t\t\t\t\t\t\t\t<span class=\"elementor-accordion-icon-opened\"><svg xmlns=\"http:\/\/www.w3.org\/2000\/svg\" width=\"800px\" height=\"800px\" viewbox=\"0 0 24 24\" fill=\"none\"><rect width=\"24\" height=\"24\" fill=\"white\"><\/rect><path d=\"M6 12H18\" stroke=\"#000000\" stroke-linecap=\"round\" stroke-linejoin=\"round\"><\/path><\/svg><\/span>\n\t\t\t\t\t\t\t\t\t\t\t\t\t\t<\/span>\n\t\t\t\t\t\t\t\t\t\t\t\t<a class=\"elementor-accordion-title\" tabindex=\"0\">Jab\u0142ko<\/a>\n\t\t\t\t\t<\/div>\n\t\t\t\t\t<div id=\"elementor-tab-content-1655\" class=\"elementor-tab-content elementor-clearfix\" data-tab=\"5\" role=\"region\" aria-labelledby=\"elementor-tab-title-1655\"><p>I ostatnia ju\u017c figura, wed\u0142ug mnie najtrudniejsza i jednocze\u015bnie najbardziej podatna na odpowiedni\u0105 stylizacj\u0119 \u2013 sylwetka typu jab\u0142ko. Charakteryzuje si\u0119 ona mocno <strong>zarysowanym brzuszkiem, brakiem wci\u0119cia w talii, stosunkowo ma\u0142ymi biodrami, du\u017cym biustem oraz bardzo zgrabnymi nogami<\/strong>, kt\u00f3re nale\u017cy pokazywa\u0107. St\u0105d figura jab\u0142ko powinna nosi\u0107 p\u0142aszcze przed kolano. Wi\u0119kszo\u015b\u0107 naszych modeli mo\u017cna skr\u00f3ci\u0107 z d\u0142ugo\u015bci bez wp\u0142ywu na fason. Unika\u0107 nale\u017cy bardzo dopasowanych p\u0142aszczy oraz p\u0142aszczy z paskiem. Naszywane kieszenie nie b\u0119d\u0105 przeszkod\u0105, je\u015bli zostan\u0105 uszyte z tkaniny w tym samym kolorze. Tej figurze s\u0142u\u017cy umiar, dlatego wskazane s\u0105 ma\u0142e, wysmuklaj\u0105ce ko\u0142nierze, fasony bez ko\u0142nierza lub z ko\u0142nierzem szalowym. Przy doborze rozmiaru nale\u017cy wybra\u0107 taki, kt\u00f3ry idealnie le\u017cy w ramionach. Je\u015bli p\u0142aszcz b\u0119dzie ciut ciasny w okolicach brzucha, zawsze mo\u017cna przesun\u0105\u0107 delikatnie guziki (lub uszy\u0107 p\u0142aszcz na zam\u00f3wienie, troszk\u0119 szerszy na obwodzie). W przypadku bardzo obfitego biustu warto inwestowa\u0107 w p\u0142aszcz z r\u0119kawem typu kimono lub raglan (cho\u0107 wed\u0142ug mnie klasyczny r\u0119kaw mo\u017ce optycznie wyszczupli\u0107 sylwetk\u0119).<\/p><p>Cz\u0119sto Panie o figurze jab\u0142ka maj\u0105 kr\u00f3tsze r\u0119ce \u2013 r\u0119kaw zawsze mo\u017cna skr\u00f3ci\u0107, by uchwyci\u0107 proporcje sylwetki. Przy zakupie naszego p\u0142aszcza, daj nam zna\u0107 jakiej d\u0142ugo\u015bci ma by\u0107 r\u0119kaw, a my uszyjemy Tw\u00f3j p\u0142aszcz z idealn\u0105 d\u0142ugo\u015bci\u0105 r\u0119kawa.<\/p><p>Panie jab\u0142ka \u015bwietnie wygl\u0105daj\u0105 w rozpi\u0119tym p\u0142aszczu, z szalem zarzuconym wzd\u0142u\u017c tu\u0142owia (nie wok\u00f3\u0142 szyi), co optycznie znacznie wyd\u0142u\u017ca sylwetk\u0119. Pami\u0119taj, i\u017c warto tworzy\u0107 pionowe bloki kolorystyczne i dobiera\u0107 p\u0142aszcz w kolorze kontrastuj\u0105cym do koloru przewa\u017caj\u0105cego w Twojej garderobie. Rewelacyjnie sprawdzi si\u0119 kamelowy p\u0142aszcz do ciemnych spodni i bluzki lub na odwr\u00f3t czarny, granatowy p\u0142aszcz do be\u017cowych ubra\u0144. \u00a0Istot\u0105 w zestawianiu kolor\u00f3w jest tworzenie pionowych, wysmuklaj\u0105cych linii kolorystycznych. Je\u015bli jeszcze do p\u0142aszcza za\u0142o\u017cysz buty na obcasie, Twoja sylwetka dodatkowo na tym zyska.\u00a0<\/p><p><a href=\"https:\/\/talia-fashion.pl\/en\/product\/plaszcz-damski-zimowy-w-jodelke-florence\/\">Florence<\/a>, <a href=\"https:\/\/talia-fashion.pl\/en\/product\/pudelkowa-kurtka-limited-edition-roma\/\">Roma<\/a>, <a href=\"https:\/\/talia-fashion.pl\/en\/product\/dwurzedowy-plaszcz-z-welna-do-kolan-mokka-melanz-amalfi\/\">Amalfi,<\/a> <a href=\"https:\/\/talia-fashion.pl\/en\/product\/dyplomatka-klasyczna-dwurzedowa-grafitowa-maya\/\">Maya<\/a>, <a href=\"https:\/\/talia-fashion.pl\/en\/product\/oversizowy-plaszcz-zimowy-w-brazowa-jodelke-milano\/\">Milano\u00a0<\/a><\/p><\/div>\n\t\t\t\t<\/div>\n\t\t\t\t\t\t\t\t<\/div>\n\t\t\t\t\t\t<\/div>\n\t\t\t\t<\/div>\n\t\t\t\t<div class=\"elementor-element elementor-element-688b819 elementor-widget elementor-widget-heading\" data-id=\"688b819\" data-element_type=\"widget\" data-widget_type=\"heading.default\">\n\t\t\t\t<div class=\"elementor-widget-container\">\n\t\t\t\t\t<h3 class=\"elementor-heading-title elementor-size-default\">OBALAMY MITY<\/h3>\t\t\t\t<\/div>\n\t\t\t\t<\/div>\n\t\t\t\t<div class=\"elementor-element elementor-element-0f78ce9 elementor-widget elementor-widget-text-editor\" data-id=\"0f78ce9\" data-element_type=\"widget\" data-widget_type=\"text-editor.default\">\n\t\t\t\t<div class=\"elementor-widget-container\">\n\t\t\t\t\t\t\t\t\t<p>Obieca\u0142am te\u017c obali\u0107 kilka mit\u00f3w:<\/p><p><strong>Niska osoba \u2013 d\u0142ugi p\u0142aszcz<\/strong><\/p><p>Nie jest prawd\u0105, \u017ce niska osoba \u017ale wygl\u0105da w d\u0142ugim p\u0142aszczu. Szczeg\u00f3lnie przy asymetrycznym przodzie, d\u0142ugi p\u0142aszcz dodaje lekko\u015bci i wyd\u0142u\u017ca. Taki sam efekt zyskamy przy rozpi\u0119tym p\u0142aszczu lub z przewi\u0105zanym na tyle pasku. Je\u015bli jeszcze dodatkowo za\u0142o\u017cymy buty na obcasie, efekt b\u0119dzie wzmocniony.<\/p><p>Wa\u017cne jest jednak, by nie przyt\u0142oczy\u0107 sylwetki. Szczeg\u00f3lnie przy pe\u0142niejszej figurze warto wybiera\u0107 p\u0142aszcze do kolan, by nie sta\u0142a si\u0119 ona ci\u0119\u017cka.<\/p><p><strong>Brak talii \u2013 p\u0142aszcz z paskiem<\/strong><\/p><p>P\u0142aszcz z paskiem zbuduje tali\u0119, je\u015bli jej nie masz. Dzi\u0119ki niemu Twoja sylwetka zyska proporcje.<\/p><p><strong>P\u0142aszcz dwurz\u0119dowy \u2013 a du\u017cy rozmiar<\/strong><\/p><p>Osobi\u015bcie uwielbiam p\u0142aszcze dwurz\u0119dowe w ka\u017cdym rozmiarze. Niekt\u00f3rzy twierdza, \u017ce lepiej jak maj\u0105 wtedy r\u0119kaw typu kimono lub raglan. Pewnie i tak. Wystarczy jednak stworzy\u0107 pionowe bloki kolorystyczne, przewi\u0105za\u0107 pasek z ty\u0142u i w dwurz\u0119dowym p\u0142aszczu wygl\u0105da\u0107 b\u0119dziemy szczup\u0142o i bardzo ciekawie.<\/p><p><strong>Kolor p\u0142aszcza a typ urody<\/strong><\/p><p>Wyb\u00f3r koloru p\u0142aszcza jest bardzo wa\u017cny. Nie w ka\u017cdym b\u0119dzie nam twarzowo. Nie oznacza to jednak, \u017ce osoba o ch\u0142odnym typie urody nie mo\u017ce kupi\u0107 sobie p\u0142aszcza w klasycznym kamelowym kolorze (jasny kamel). Pami\u0119taj, \u017ce wystarczy do p\u0142aszcza za\u0142o\u017cy\u0107 szal czy apaszk\u0119 w pasuj\u0105cej tonacji i odzieli\u0107 twarz \u2013 i w ten spos\u00f3b zmieni\u0107 postrzeganie ca\u0142o\u015bci stylizacji.<\/p><p>Wiele modeli naszych p\u0142aszczy maj\u0105 tak skonstruowany kr\u00f3j, \u017ce \u0142atwo mo\u017cna go dostosowa\u0107 do danej sylwetki. Czasami jednak konieczne jest wprowadzenie modyfikacji w konstrukcji p\u0142aszcza. Je\u015bli zatem podoba si\u0119 Tobie p\u0142aszcz, skontaktuj si\u0119 z nami, czy istnieje mo\u017cliwo\u015b\u0107 wprowadzenia pewnych personalizacji na indywidualne zam\u00f3wienie. W niekt\u00f3rych fasonach mo\u017cna poszerzy\u0107 ramiona, wyd\u0142u\u017cy\u0107 lub skr\u00f3ci\u0107 p\u0142aszcz, poszerzy\u0107 biodra, poszerzy\u0107 czy wyd\u0142u\u017cy\u0107 r\u0119kaw, itp.<\/p><p>Problem z doborem rozmiaru i modelu p\u0142aszcza dotyczy ka\u017cdej z nas, ale i dla ka\u017cdej z nas s\u0105 rozwi\u0105zania. Ka\u017cda sylwetka ma wady i zalety. A na ko\u0144cu i tak najwa\u017cniejsze jest \u2013 jak Ty si\u0119 czujesz w p\u0142aszczu czy kurtce. Ja mog\u0119 jedynie sugerowa\u0107 i podpowiada\u0107, a to Ty dokonujesz wyboru.<\/p><p><span style=\"color: #000000;\"><strong>W razie jakichkolwiek w\u0105tpliwo\u015bci, zach\u0119camy do kontaktu z nami.\u00a0<\/strong> \u00a0<\/span><\/p>\t\t\t\t\t\t\t\t<\/div>\n\t\t\t\t<\/div>\n\t\t<div class=\"elementor-element elementor-element-f715692 e-grid e-con-full e-con e-child\" data-id=\"f715692\" data-element_type=\"container\">\n\t\t\t\t<div class=\"elementor-element elementor-element-9e7e3ac elementor-widget__width-auto elementor-widget elementor-widget-ideapark-button\" data-id=\"9e7e3ac\" data-element_type=\"widget\" data-widget_type=\"ideapark-button.default\">\n\t\t\t\t<div class=\"elementor-widget-container\">\n\t\t\t\t\t\t\t<div class=\"c-ip-button__wrap\">\n\t\t\t<a href=\"mailto:office@talia-fashion.pl\" class=\"c-button c-ip-button c-button--outline\" role=\"button\">\n\t\t\t\t\t\t\t\t<span class=\"c-ip-button__text\">office@talia-fashion.pl<\/span>\n\t\t\t\t\t\t\t<\/a>\n\t\t<\/div>\n\t\t\t\t\t\t<\/div>\n\t\t\t\t<\/div>\n\t\t\t\t<div class=\"elementor-element elementor-element-d2ca0b7 elementor-widget__width-auto elementor-widget elementor-widget-ideapark-button\" data-id=\"d2ca0b7\" data-element_type=\"widget\" data-widget_type=\"ideapark-button.default\">\n\t\t\t\t<div class=\"elementor-widget-container\">\n\t\t\t\t\t\t\t<div class=\"c-ip-button__wrap\">\n\t\t\t<a href=\"tel:+48618488091\" class=\"c-button c-ip-button c-button--outline\" role=\"button\">\n\t\t\t\t\t\t\t\t<span class=\"c-ip-button__text\">+48 61 848 80 91<\/span>\n\t\t\t\t\t\t\t<\/a>\n\t\t<\/div>\n\t\t\t\t\t\t<\/div>\n\t\t\t\t<\/div>\n\t\t\t\t<\/div>\n\t\t\t\t<\/div>\n\t\t\t\t<\/div>\n\t\t\t\t<\/div>","protected":false},"excerpt":{"rendered":"<p>Jak dobra\u0107 p\u0142aszcz do sylwetki? Jak dobra\u0107 p\u0142aszcz do sylwetki? To najcz\u0119\u015bciej zadawane pytanie i cho\u0107 istnieje kilka zasad, kt\u00f3rymi warto si\u0119&hellip;<\/p>","protected":false},"author":1,"featured_media":0,"parent":0,"menu_order":0,"comment_status":"closed","ping_status":"closed","template":"elementor_header_footer","meta":{"_acf_changed":false,"footnotes":""},"class_list":["post-2834","page","type-page","status-publish","hentry"],"acf":[],"yoast_head":"<!-- This site is optimized with the Yoast SEO plugin v25.7 - https:\/\/yoast.com\/wordpress\/plugins\/seo\/ -->\n<title>Jak dobra\u0107 p\u0142aszcz do sylwetki? - Talia Fashion - sprawd\u017a nasze porady<\/title>\n<meta name=\"description\" content=\"Jak dobra\u0107 p\u0142aszcz do sylwetki - wybierz fason dopasowany do Twojej sylwetki, podkre\u015bl atuty figury i zapewnij sobie komfort oraz styl.\" \/>\n<meta name=\"robots\" content=\"index, follow, max-snippet:-1, max-image-preview:large, max-video-preview:-1\" \/>\n<link rel=\"canonical\" href=\"https:\/\/talia-fashion.pl\/en\/jak-dobrac-plaszcz-do-sylwetki\/\" \/>\n<meta property=\"og:locale\" content=\"en_GB\" \/>\n<meta property=\"og:type\" content=\"article\" \/>\n<meta property=\"og:title\" content=\"Jak dobra\u0107 p\u0142aszcz do sylwetki? - Talia Fashion - sprawd\u017a nasze porady\" \/>\n<meta property=\"og:description\" content=\"Jak dobra\u0107 p\u0142aszcz do sylwetki - wybierz fason dopasowany do Twojej sylwetki, podkre\u015bl atuty figury i zapewnij sobie komfort oraz styl.\" \/>\n<meta property=\"og:url\" content=\"https:\/\/talia-fashion.pl\/en\/jak-dobrac-plaszcz-do-sylwetki\/\" \/>\n<meta property=\"og:site_name\" content=\"Talia Fashion\" \/>\n<meta property=\"article:modified_time\" content=\"2025-08-23T10:47:46+00:00\" \/>\n<meta name=\"twitter:card\" content=\"summary_large_image\" \/>\n<meta name=\"twitter:label1\" content=\"Estimated reading time\" \/>\n\t<meta name=\"twitter:data1\" content=\"8 minutes\" \/>\n<script type=\"application\/ld+json\" class=\"yoast-schema-graph\">{\"@context\":\"https:\/\/schema.org\",\"@graph\":[{\"@type\":\"WebPage\",\"@id\":\"https:\/\/talia-fashion.pl\/jak-dobrac-plaszcz-do-sylwetki\/\",\"url\":\"https:\/\/talia-fashion.pl\/jak-dobrac-plaszcz-do-sylwetki\/\",\"name\":\"Jak dobra\u0107 p\u0142aszcz do sylwetki? - Talia Fashion - sprawd\u017a nasze porady\",\"isPartOf\":{\"@id\":\"https:\/\/talia-fashion.pl\/#website\"},\"datePublished\":\"2025-01-02T16:24:28+00:00\",\"dateModified\":\"2025-08-23T10:47:46+00:00\",\"description\":\"Jak dobra\u0107 p\u0142aszcz do sylwetki - wybierz fason dopasowany do Twojej sylwetki, podkre\u015bl atuty figury i zapewnij sobie komfort oraz styl.\",\"breadcrumb\":{\"@id\":\"https:\/\/talia-fashion.pl\/jak-dobrac-plaszcz-do-sylwetki\/#breadcrumb\"},\"inLanguage\":\"en-GB\",\"potentialAction\":[{\"@type\":\"ReadAction\",\"target\":[\"https:\/\/talia-fashion.pl\/jak-dobrac-plaszcz-do-sylwetki\/\"]}]},{\"@type\":\"BreadcrumbList\",\"@id\":\"https:\/\/talia-fashion.pl\/jak-dobrac-plaszcz-do-sylwetki\/#breadcrumb\",\"itemListElement\":[{\"@type\":\"ListItem\",\"position\":1,\"name\":\"Strona g\u0142\u00f3wna\",\"item\":\"https:\/\/talia-fashion.pl\/\"},{\"@type\":\"ListItem\",\"position\":2,\"name\":\"Jak dobra\u0107 p\u0142aszcz do sylwetki?\"}]},{\"@type\":\"WebSite\",\"@id\":\"https:\/\/talia-fashion.pl\/#website\",\"url\":\"https:\/\/talia-fashion.pl\/\",\"name\":\"Talia Fashion\",\"description\":\"\",\"potentialAction\":[{\"@type\":\"SearchAction\",\"target\":{\"@type\":\"EntryPoint\",\"urlTemplate\":\"https:\/\/talia-fashion.pl\/?s={search_term_string}\"},\"query-input\":{\"@type\":\"PropertyValueSpecification\",\"valueRequired\":true,\"valueName\":\"search_term_string\"}}],\"inLanguage\":\"en-GB\"}]}<\/script>\n<!-- \/ Yoast SEO plugin. -->","yoast_head_json":{"title":"Jak dobra\u0107 p\u0142aszcz do sylwetki? - Talia Fashion - sprawd\u017a nasze porady","description":"Jak dobra\u0107 p\u0142aszcz do sylwetki - wybierz fason dopasowany do Twojej sylwetki, podkre\u015bl atuty figury i zapewnij sobie komfort oraz styl.","robots":{"index":"index","follow":"follow","max-snippet":"max-snippet:-1","max-image-preview":"max-image-preview:large","max-video-preview":"max-video-preview:-1"},"canonical":"https:\/\/talia-fashion.pl\/en\/jak-dobrac-plaszcz-do-sylwetki\/","og_locale":"en_GB","og_type":"article","og_title":"Jak dobra\u0107 p\u0142aszcz do sylwetki? - Talia Fashion - sprawd\u017a nasze porady","og_description":"Jak dobra\u0107 p\u0142aszcz do sylwetki - wybierz fason dopasowany do Twojej sylwetki, podkre\u015bl atuty figury i zapewnij sobie komfort oraz styl.","og_url":"https:\/\/talia-fashion.pl\/en\/jak-dobrac-plaszcz-do-sylwetki\/","og_site_name":"Talia Fashion","article_modified_time":"2025-08-23T10:47:46+00:00","twitter_card":"summary_large_image","twitter_misc":{"Estimated reading time":"8 minutes"},"schema":{"@context":"https:\/\/schema.org","@graph":[{"@type":"WebPage","@id":"https:\/\/talia-fashion.pl\/jak-dobrac-plaszcz-do-sylwetki\/","url":"https:\/\/talia-fashion.pl\/jak-dobrac-plaszcz-do-sylwetki\/","name":"Jak dobra\u0107 p\u0142aszcz do sylwetki? - Talia Fashion - sprawd\u017a nasze porady","isPartOf":{"@id":"https:\/\/talia-fashion.pl\/#website"},"datePublished":"2025-01-02T16:24:28+00:00","dateModified":"2025-08-23T10:47:46+00:00","description":"Jak dobra\u0107 p\u0142aszcz do sylwetki - wybierz fason dopasowany do Twojej sylwetki, podkre\u015bl atuty figury i zapewnij sobie komfort oraz styl.","breadcrumb":{"@id":"https:\/\/talia-fashion.pl\/jak-dobrac-plaszcz-do-sylwetki\/#breadcrumb"},"inLanguage":"en-GB","potentialAction":[{"@type":"ReadAction","target":["https:\/\/talia-fashion.pl\/jak-dobrac-plaszcz-do-sylwetki\/"]}]},{"@type":"BreadcrumbList","@id":"https:\/\/talia-fashion.pl\/jak-dobrac-plaszcz-do-sylwetki\/#breadcrumb","itemListElement":[{"@type":"ListItem","position":1,"name":"Strona g\u0142\u00f3wna","item":"https:\/\/talia-fashion.pl\/"},{"@type":"ListItem","position":2,"name":"Jak dobra\u0107 p\u0142aszcz do sylwetki?"}]},{"@type":"WebSite","@id":"https:\/\/talia-fashion.pl\/#website","url":"https:\/\/talia-fashion.pl\/","name":"Talia Fashion","description":"","potentialAction":[{"@type":"SearchAction","target":{"@type":"EntryPoint","urlTemplate":"https:\/\/talia-fashion.pl\/?s={search_term_string}"},"query-input":{"@type":"PropertyValueSpecification","valueRequired":true,"valueName":"search_term_string"}}],"inLanguage":"en-GB"}]}},"_links":{"self":[{"href":"https:\/\/talia-fashion.pl\/en\/wp-json\/wp\/v2\/pages\/2834","targetHints":{"allow":["GET"]}}],"collection":[{"href":"https:\/\/talia-fashion.pl\/en\/wp-json\/wp\/v2\/pages"}],"about":[{"href":"https:\/\/talia-fashion.pl\/en\/wp-json\/wp\/v2\/types\/page"}],"author":[{"embeddable":true,"href":"https:\/\/talia-fashion.pl\/en\/wp-json\/wp\/v2\/users\/1"}],"replies":[{"embeddable":true,"href":"https:\/\/talia-fashion.pl\/en\/wp-json\/wp\/v2\/comments?post=2834"}],"version-history":[{"count":0,"href":"https:\/\/talia-fashion.pl\/en\/wp-json\/wp\/v2\/pages\/2834\/revisions"}],"wp:attachment":[{"href":"https:\/\/talia-fashion.pl\/en\/wp-json\/wp\/v2\/media?parent=2834"}],"curies":[{"name":"wp","href":"https:\/\/api.w.org\/{rel}","templated":true}]}}